{"id":5680,"date":"2022-02-21T15:39:41","date_gmt":"2022-02-21T15:39:41","guid":{"rendered":"https:\/\/andermattmusic.ch\/?page_id=5680"},"modified":"2022-02-21T16:56:23","modified_gmt":"2022-02-21T16:56:23","slug":"konzertarchiv","status":"publish","type":"page","link":"https:\/\/andermattmusic.ch\/de\/medien\/konzertarchiv\/","title":{"rendered":"Konzertarchiv"},"content":{"rendered":"\t\t<div data-elementor-type=\"wp-page\" data-elementor-id=\"5680\" class=\"elementor elementor-5680\" data-elementor-post-type=\"page\">\n\t\t\t\t\t\t<section class=\"elementor-section elementor-top-section elementor-element elementor-element-f514a2f elementor-section-full_width elementor-section-height-default elementor-section-height-default\" data-id=\"f514a2f\" data-element_type=\"section\" data-settings=\"{&quot;background_background&quot;:&quot;classic&quot;}\">\n\t\t\t\t\t\t<div class=\"elementor-container elementor-column-gap-no\">\n\t\t\t\t\t<div class=\"elementor-column elementor-col-100 elementor-top-column elementor-element elementor-element-3a0a12e\" data-id=\"3a0a12e\" data-element_type=\"column\">\n\t\t\t<div class=\"elementor-widget-wrap elementor-element-populated\">\n\t\t\t\t\t\t<div class=\"elementor-element elementor-element-c09d48c elementor-widget elementor-widget-template\" data-id=\"c09d48c\" data-element_type=\"widget\" data-widget_type=\"template.default\">\n\t\t\t\t<div class=\"elementor-widget-container\">\n\t\t\t\t\t\t\t<div class=\"elementor-template\">\n\t\t\t\t\t<div data-elementor-type=\"page\" data-elementor-id=\"5686\" class=\"elementor elementor-5686\" data-elementor-post-type=\"elementor_library\">\n\t\t\t\t\t\t<section class=\"elementor-section elementor-top-section elementor-element elementor-element-4ac93a04 elementor-section-boxed elementor-section-height-default elementor-section-height-default\" data-id=\"4ac93a04\" data-element_type=\"section\" data-settings=\"{&quot;background_background&quot;:&quot;classic&quot;}\">\n\t\t\t\t\t\t<div class=\"elementor-container elementor-column-gap-wide\">\n\t\t\t\t\t<div class=\"elementor-column elementor-col-100 elementor-top-column elementor-element elementor-element-3fd1c13\" data-id=\"3fd1c13\" data-element_type=\"column\">\n\t\t\t<div class=\"elementor-widget-wrap elementor-element-populated\">\n\t\t\t\t\t\t<div class=\"elementor-element elementor-element-3667edea elementor-widget elementor-widget-heading\" data-id=\"3667edea\" data-element_type=\"widget\" data-widget_type=\"heading.default\">\n\t\t\t\t<div class=\"elementor-widget-container\">\n\t\t\t\t\t<h1 class=\"elementor-heading-title elementor-size-default\">Medien<\/h1>\t\t\t\t<\/div>\n\t\t\t\t<\/div>\n\t\t\t\t\t<\/div>\n\t\t<\/div>\n\t\t\t\t\t<\/div>\n\t\t<\/section>\n\t\t\t\t<section class=\"elementor-section elementor-top-section elementor-element elementor-element-24d4de08 elementor-section-boxed elementor-section-height-default elementor-section-height-default\" data-id=\"24d4de08\" data-element_type=\"section\" data-settings=\"{&quot;background_background&quot;:&quot;classic&quot;}\">\n\t\t\t\t\t\t<div class=\"elementor-container elementor-column-gap-wide\">\n\t\t\t\t\t<div class=\"elementor-column elementor-col-100 elementor-top-column elementor-element elementor-element-4fb5b1f9\" data-id=\"4fb5b1f9\" data-element_type=\"column\">\n\t\t\t<div class=\"elementor-widget-wrap elementor-element-populated\">\n\t\t\t\t\t\t<div class=\"elementor-element elementor-element-38df2a7f elementor-nav-menu--dropdown-none elementor-widget elementor-widget-nav-menu\" data-id=\"38df2a7f\" data-element_type=\"widget\" data-settings=\"{&quot;layout&quot;:&quot;horizontal&quot;,&quot;submenu_icon&quot;:{&quot;value&quot;:&quot;&lt;i class=\\&quot;fas fa-caret-down\\&quot; aria-hidden=\\&quot;true\\&quot;&gt;&lt;\\\/i&gt;&quot;,&quot;library&quot;:&quot;fa-solid&quot;}}\" data-widget_type=\"nav-menu.default\">\n\t\t\t\t<div class=\"elementor-widget-container\">\n\t\t\t\t\t\t\t\t<nav aria-label=\"Men\u00fc\" class=\"elementor-nav-menu--main elementor-nav-menu__container elementor-nav-menu--layout-horizontal e--pointer-underline e--animation-fade\">\n\t\t\t\t<ul id=\"menu-1-38df2a7f\" class=\"elementor-nav-menu\"><li class=\"menu-item menu-item-type-post_type menu-item-object-page menu-item-5691\"><a href=\"https:\/\/andermattmusic.ch\/de\/medien\/\" class=\"elementor-item\">Mitteilungen<\/a><\/li>\n<li class=\"menu-item menu-item-type-post_type menu-item-object-page menu-item-5708\"><a href=\"https:\/\/andermattmusic.ch\/de\/medien\/medienecho\/\" class=\"elementor-item\">Medienecho<\/a><\/li>\n<li class=\"menu-item menu-item-type-post_type menu-item-object-page menu-item-5692\"><a href=\"https:\/\/andermattmusic.ch\/de\/medien\/konzertarchiv\/\" class=\"elementor-item\">Konzertarchiv<\/a><\/li>\n<\/ul>\t\t\t<\/nav>\n\t\t\t\t\t\t<nav class=\"elementor-nav-menu--dropdown elementor-nav-menu__container\" aria-hidden=\"true\">\n\t\t\t\t<ul id=\"menu-2-38df2a7f\" class=\"elementor-nav-menu\"><li class=\"menu-item menu-item-type-post_type menu-item-object-page menu-item-5691\"><a href=\"https:\/\/andermattmusic.ch\/de\/medien\/\" class=\"elementor-item\" tabindex=\"-1\">Mitteilungen<\/a><\/li>\n<li class=\"menu-item menu-item-type-post_type menu-item-object-page menu-item-5708\"><a href=\"https:\/\/andermattmusic.ch\/de\/medien\/medienecho\/\" class=\"elementor-item\" tabindex=\"-1\">Medienecho<\/a><\/li>\n<li class=\"menu-item menu-item-type-post_type menu-item-object-page menu-item-5692\"><a href=\"https:\/\/andermattmusic.ch\/de\/medien\/konzertarchiv\/\" class=\"elementor-item\" tabindex=\"-1\">Konzertarchiv<\/a><\/li>\n<\/ul>\t\t\t<\/nav>\n\t\t\t\t\t\t<\/div>\n\t\t\t\t<\/div>\n\t\t\t\t\t<\/div>\n\t\t<\/div>\n\t\t\t\t\t<\/div>\n\t\t<\/section>\n\t\t\t\t<\/div>\n\t\t\t\t<\/div>\n\t\t\t\t\t\t<\/div>\n\t\t\t\t<\/div>\n\t\t\t\t<section class=\"elementor-section elementor-inner-section elementor-element elementor-element-feb26d9 elementor-section-boxed elementor-section-height-default elementor-section-height-default\" data-id=\"feb26d9\" data-element_type=\"section\">\n\t\t\t\t\t\t<div class=\"elementor-container elementor-column-gap-default\">\n\t\t\t\t\t<div class=\"elementor-column elementor-col-100 elementor-inner-column elementor-element elementor-element-d49442d\" data-id=\"d49442d\" data-element_type=\"column\">\n\t\t\t<div class=\"elementor-widget-wrap\">\n\t\t\t\t\t\t\t<\/div>\n\t\t<\/div>\n\t\t\t\t\t<\/div>\n\t\t<\/section>\n\t\t\t\t<div class=\"elementor-element elementor-element-e102780 elementor-grid-1 elementor-grid-tablet-1 elementor-posts--thumbnail-top elementor-grid-mobile-1 elementor-widget elementor-widget-posts\" data-id=\"e102780\" data-element_type=\"widget\" data-settings=\"{&quot;custom_columns&quot;:&quot;1&quot;,&quot;custom_row_gap&quot;:{&quot;unit&quot;:&quot;px&quot;,&quot;size&quot;:0,&quot;sizes&quot;:[]},&quot;custom_columns_tablet&quot;:&quot;1&quot;,&quot;custom_columns_mobile&quot;:&quot;1&quot;,&quot;custom_row_gap_tablet&quot;:{&quot;unit&quot;:&quot;px&quot;,&quot;size&quot;:&quot;&quot;,&quot;sizes&quot;:[]},&quot;custom_row_gap_mobile&quot;:{&quot;unit&quot;:&quot;px&quot;,&quot;size&quot;:&quot;&quot;,&quot;sizes&quot;:[]}}\" data-widget_type=\"posts.custom\">\n\t\t\t\t<div class=\"elementor-widget-container\">\n\t\t\t\t\t      <div class=\"ecs-posts elementor-posts-container elementor-posts   elementor-grid elementor-posts--skin-custom\" data-settings=\"{&quot;current_page&quot;:1,&quot;max_num_pages&quot;:1,&quot;load_method&quot;:&quot;&quot;,&quot;widget_id&quot;:&quot;e102780&quot;,&quot;post_id&quot;:5680,&quot;theme_id&quot;:5680,&quot;change_url&quot;:false,&quot;reinit_js&quot;:false}\">\n      \t\t<article id=\"post-11028\" class=\"elementor-post elementor-grid-item ecs-post-loop post-11028 event type-event status-publish has-post-thumbnail hentry\">\n\t\t\t\t<div data-elementor-type=\"loop\" data-elementor-id=\"5729\" class=\"elementor elementor-5729 post-11028 event type-event status-publish has-post-thumbnail hentry\" data-elementor-post-type=\"elementor_library\">\n\t\t\t\t\t<section class=\"elementor-section elementor-top-section elementor-element elementor-element-4acc5669 elementor-section-boxed elementor-section-height-default elementor-section-height-default\" data-id=\"4acc5669\" data-element_type=\"section\">\n\t\t\t\t\t\t<div class=\"elementor-container elementor-column-gap-wide\">\n\t\t\t\t\t<div class=\"elementor-column elementor-col-33 elementor-top-column elementor-element elementor-element-2c329341\" data-id=\"2c329341\" data-element_type=\"column\">\n\t\t\t<div class=\"elementor-widget-wrap elementor-element-populated\">\n\t\t\t\t\t\t<div class=\"elementor-element elementor-element-3327e9c5 elementor-widget elementor-widget-text-editor\" data-id=\"3327e9c5\" data-element_type=\"widget\" data-widget_type=\"text-editor.default\">\n\t\t\t\t<div class=\"elementor-widget-container\">\n\t\t\t\t\t\t\t\t\tSonntag, 5.4.2026\t\t\t\t\t\t\t\t<\/div>\n\t\t\t\t<\/div>\n\t\t\t\t<div class=\"elementor-element elementor-element-2faffde7 elementor-widget elementor-widget-text-editor\" data-id=\"2faffde7\" data-element_type=\"widget\" data-widget_type=\"text-editor.default\">\n\t\t\t\t<div class=\"elementor-widget-container\">\n\t\t\t\t\t\t\t\t\t16.00 Uhr\t\t\t\t\t\t\t\t<\/div>\n\t\t\t\t<\/div>\n\t\t\t\t<div class=\"elementor-element elementor-element-16b635aa elementor-widget elementor-widget-image\" data-id=\"16b635aa\" data-element_type=\"widget\" data-widget_type=\"image.default\">\n\t\t\t\t<div class=\"elementor-widget-container\">\n\t\t\t\t\t\t\t\t\t\t\t\t\t\t\t\t<a href=\"https:\/\/andermattmusic.ch\/de\/event\/donnerklang-wirbelwind\/\">\n\t\t\t\t\t\t\t<img fetchpriority=\"high\" decoding=\"async\" width=\"700\" height=\"700\" src=\"https:\/\/andermattmusic.ch\/wp-content\/uploads\/2025\/04\/AM_2026_04_05-700x700.jpg\" class=\"attachment-performers_list_image size-performers_list_image wp-image-11088\" alt=\"Familienkonzert, Lena-Lisa W\u00fcstend\u00f6rfer, Swiss Orchestra, Andermatt Music, Schlagzeugensemble Uri, Christoph Gautschi\" srcset=\"https:\/\/andermattmusic.ch\/wp-content\/uploads\/2025\/04\/AM_2026_04_05-700x700.jpg 700w, https:\/\/andermattmusic.ch\/wp-content\/uploads\/2025\/04\/AM_2026_04_05-150x150.jpg 150w\" sizes=\"(max-width: 700px) 100vw, 700px\" \/>\t\t\t\t\t\t\t\t<\/a>\n\t\t\t\t\t\t\t\t\t\t\t\t\t\t\t<\/div>\n\t\t\t\t<\/div>\n\t\t\t\t\t<\/div>\n\t\t<\/div>\n\t\t\t\t<div class=\"elementor-column elementor-col-66 elementor-top-column elementor-element elementor-element-79fd2a9d\" data-id=\"79fd2a9d\" data-element_type=\"column\">\n\t\t\t<div class=\"elementor-widget-wrap elementor-element-populated\">\n\t\t\t\t\t\t<div class=\"elementor-element elementor-element-767765d2 elementor-widget elementor-widget-heading\" data-id=\"767765d2\" data-element_type=\"widget\" data-widget_type=\"heading.default\">\n\t\t\t\t<div class=\"elementor-widget-container\">\n\t\t\t\t\t<h2 class=\"elementor-heading-title elementor-size-default\"><a href=\"https:\/\/andermattmusic.ch\/de\/event\/donnerklang-wirbelwind\/\">Donnerklang &#038; Wirbelwind<\/a><\/h2>\t\t\t\t<\/div>\n\t\t\t\t<\/div>\n\t\t\t\t<div class=\"elementor-element elementor-element-3d0bc17 elementor-widget elementor-widget-text-editor\" data-id=\"3d0bc17\" data-element_type=\"widget\" data-widget_type=\"text-editor.default\">\n\t\t\t\t<div class=\"elementor-widget-container\">\n\t\t\t\t\t\t\t\t\t<p><strong>FAMILIENKONZERT<\/strong><\/p>\n<p>Swiss Orchestra<br \/>\nSchlagzeugensemble Uri mit Christoph Gautschi<br \/>\nNe\u017eka Prosenjak, Marimba<br \/>\nLena-Lisa W\u00fcstend\u00f6rfer, Leitung<\/p>\n<p>Im Familienkonzert mit dem Schlagzeugensemble Uri und dem Swiss Orchestra unter der Leitung von Lena-Lisa W\u00fcstend\u00f6rfer wird ordentlich auf die Pauken gehauen. Doch nicht nur das, denn auch sch\u00f6ne Melodien werden erklingen. Ein musikalischer Spass f\u00fcr Kinder ab 5 Jahren.<\/p>\n&mdash;\t\t\t\t\t\t\t\t<\/div>\n\t\t\t\t<\/div>\n\t\t\t\t<section class=\"elementor-section elementor-inner-section elementor-element elementor-element-5b459e1 elementor-section-full_width elementor-section-height-default elementor-section-height-default\" data-id=\"5b459e1\" data-element_type=\"section\">\n\t\t\t\t\t\t<div class=\"elementor-container elementor-column-gap-no\">\n\t\t\t\t\t<div class=\"elementor-column elementor-col-100 elementor-inner-column elementor-element elementor-element-599d41ac\" data-id=\"599d41ac\" data-element_type=\"column\">\n\t\t\t<div class=\"elementor-widget-wrap elementor-element-populated\">\n\t\t\t\t\t\t<div class=\"elementor-element elementor-element-2e8a5eeb elementor-widget__width-auto elementor-widget elementor-widget-button\" data-id=\"2e8a5eeb\" data-element_type=\"widget\" data-widget_type=\"button.default\">\n\t\t\t\t<div class=\"elementor-widget-container\">\n\t\t\t\t\t\t\t\t\t<div class=\"elementor-button-wrapper\">\n\t\t\t\t\t<a class=\"elementor-button elementor-button-link elementor-size-lg\" href=\"https:\/\/andermattmusic.ch\/de\/event\/donnerklang-wirbelwind\/\">\n\t\t\t\t\t\t<span class=\"elementor-button-content-wrapper\">\n\t\t\t\t\t\t<span class=\"elementor-button-icon\">\n\t\t\t\t<svg xmlns=\"http:\/\/www.w3.org\/2000\/svg\" xmlns:xlink=\"http:\/\/www.w3.org\/1999\/xlink\" x=\"0px\" y=\"0px\" viewBox=\"0 0 35 35.2\" xml:space=\"preserve\"><path fill=\"currentColor\" d=\"M17.5,0.9C8.387,0.9,1,8.287,1,17.4c0,9.113,7.387,16.5,16.5,16.5S34,26.513,34,17.4 C34,8.287,26.613,0.9,17.5,0.9z M14.3,30l-1.2-1.2l11.1-11.1l-10.9-11l1.3-1.3l12.2,12.2L14.3,30z\"><\/path><\/svg>\t\t\t<\/span>\n\t\t\t\t\t\t\t\t\t<span class=\"elementor-button-text\">Programm<\/span>\n\t\t\t\t\t<\/span>\n\t\t\t\t\t<\/a>\n\t\t\t\t<\/div>\n\t\t\t\t\t\t\t\t<\/div>\n\t\t\t\t<\/div>\n\t\t\t\t\t<\/div>\n\t\t<\/div>\n\t\t\t\t\t<\/div>\n\t\t<\/section>\n\t\t\t\t\t<\/div>\n\t\t<\/div>\n\t\t\t\t\t<\/div>\n\t\t<\/section>\n\t\t\t\t<\/div>\n\t\t\t\t<\/article>\n\t\t\t\t<article id=\"post-11025\" class=\"elementor-post elementor-grid-item ecs-post-loop post-11025 event type-event status-publish has-post-thumbnail hentry\">\n\t\t\t\t<div data-elementor-type=\"loop\" data-elementor-id=\"5729\" class=\"elementor elementor-5729 post-11025 event type-event status-publish has-post-thumbnail hentry\" data-elementor-post-type=\"elementor_library\">\n\t\t\t\t\t<section class=\"elementor-section elementor-top-section elementor-element elementor-element-4acc5669 elementor-section-boxed elementor-section-height-default elementor-section-height-default\" data-id=\"4acc5669\" data-element_type=\"section\">\n\t\t\t\t\t\t<div class=\"elementor-container elementor-column-gap-wide\">\n\t\t\t\t\t<div class=\"elementor-column elementor-col-33 elementor-top-column elementor-element elementor-element-2c329341\" data-id=\"2c329341\" data-element_type=\"column\">\n\t\t\t<div class=\"elementor-widget-wrap elementor-element-populated\">\n\t\t\t\t\t\t<div class=\"elementor-element elementor-element-3327e9c5 elementor-widget elementor-widget-text-editor\" data-id=\"3327e9c5\" data-element_type=\"widget\" data-widget_type=\"text-editor.default\">\n\t\t\t\t<div class=\"elementor-widget-container\">\n\t\t\t\t\t\t\t\t\tSonntag, 15.3.2026\t\t\t\t\t\t\t\t<\/div>\n\t\t\t\t<\/div>\n\t\t\t\t<div class=\"elementor-element elementor-element-2faffde7 elementor-widget elementor-widget-text-editor\" data-id=\"2faffde7\" data-element_type=\"widget\" data-widget_type=\"text-editor.default\">\n\t\t\t\t<div class=\"elementor-widget-container\">\n\t\t\t\t\t\t\t\t\t17.00 Uhr\t\t\t\t\t\t\t\t<\/div>\n\t\t\t\t<\/div>\n\t\t\t\t<div class=\"elementor-element elementor-element-16b635aa elementor-widget elementor-widget-image\" data-id=\"16b635aa\" data-element_type=\"widget\" data-widget_type=\"image.default\">\n\t\t\t\t<div class=\"elementor-widget-container\">\n\t\t\t\t\t\t\t\t\t\t\t\t\t\t\t\t<a href=\"https:\/\/andermattmusic.ch\/de\/event\/pirmin-huber-swiss-folk\/\">\n\t\t\t\t\t\t\t<img decoding=\"async\" width=\"700\" height=\"700\" src=\"https:\/\/andermattmusic.ch\/wp-content\/uploads\/2025\/04\/AM_2026_03_15-700x700.jpg\" class=\"attachment-performers_list_image size-performers_list_image wp-image-11986\" alt=\"Pirmin Huber Swiss Folk, Pirmin Huber, Gehrig, Dimitri Monstein, Andreas Gabriel, Lukas V. Gernet, Andermatt Music, Andermatt Konzerthalle\" srcset=\"https:\/\/andermattmusic.ch\/wp-content\/uploads\/2025\/04\/AM_2026_03_15-700x700.jpg 700w, https:\/\/andermattmusic.ch\/wp-content\/uploads\/2025\/04\/AM_2026_03_15-150x150.jpg 150w\" sizes=\"(max-width: 700px) 100vw, 700px\" \/>\t\t\t\t\t\t\t\t<\/a>\n\t\t\t\t\t\t\t\t\t\t\t\t\t\t\t<\/div>\n\t\t\t\t<\/div>\n\t\t\t\t\t<\/div>\n\t\t<\/div>\n\t\t\t\t<div class=\"elementor-column elementor-col-66 elementor-top-column elementor-element elementor-element-79fd2a9d\" data-id=\"79fd2a9d\" data-element_type=\"column\">\n\t\t\t<div class=\"elementor-widget-wrap elementor-element-populated\">\n\t\t\t\t\t\t<div class=\"elementor-element elementor-element-767765d2 elementor-widget elementor-widget-heading\" data-id=\"767765d2\" data-element_type=\"widget\" data-widget_type=\"heading.default\">\n\t\t\t\t<div class=\"elementor-widget-container\">\n\t\t\t\t\t<h2 class=\"elementor-heading-title elementor-size-default\"><a href=\"https:\/\/andermattmusic.ch\/de\/event\/pirmin-huber-swiss-folk\/\">Pirmin Huber Swiss Folk<\/a><\/h2>\t\t\t\t<\/div>\n\t\t\t\t<\/div>\n\t\t\t\t<div class=\"elementor-element elementor-element-3d0bc17 elementor-widget elementor-widget-text-editor\" data-id=\"3d0bc17\" data-element_type=\"widget\" data-widget_type=\"text-editor.default\">\n\t\t\t\t<div class=\"elementor-widget-container\">\n\t\t\t\t\t\t\t\t\t<p><strong>NEUE VOLKSMUSIK<\/strong><\/p>\n<p>Pirmin Huber Swiss Folk<\/p>\n<p>Pirmin Huber, Kontrabass<br \/>\nFr\u00e4nggi Gehrig, Akkordeon<br \/>\nDimitri Monstein, Schlagzeug<br \/>\nAndreas Gabriel, Violine<br \/>\nLukas V. Gernet, Klavier<\/p>\n<p>Alpenpower trifft Groove \u2013 \u00abPirmin Huber Swiss Folk\u00bb verbindet traditionelle Schweizer Kl\u00e4nge mit Pop- und Jazzelementen und nimmt das Publikum mit auf eine spannende Klangreise.<\/p>\n&mdash;\t\t\t\t\t\t\t\t<\/div>\n\t\t\t\t<\/div>\n\t\t\t\t<section class=\"elementor-section elementor-inner-section elementor-element elementor-element-5b459e1 elementor-section-full_width elementor-section-height-default elementor-section-height-default\" data-id=\"5b459e1\" data-element_type=\"section\">\n\t\t\t\t\t\t<div class=\"elementor-container elementor-column-gap-no\">\n\t\t\t\t\t<div class=\"elementor-column elementor-col-100 elementor-inner-column elementor-element elementor-element-599d41ac\" data-id=\"599d41ac\" data-element_type=\"column\">\n\t\t\t<div class=\"elementor-widget-wrap elementor-element-populated\">\n\t\t\t\t\t\t<div class=\"elementor-element elementor-element-2e8a5eeb elementor-widget__width-auto elementor-widget elementor-widget-button\" data-id=\"2e8a5eeb\" data-element_type=\"widget\" data-widget_type=\"button.default\">\n\t\t\t\t<div class=\"elementor-widget-container\">\n\t\t\t\t\t\t\t\t\t<div class=\"elementor-button-wrapper\">\n\t\t\t\t\t<a class=\"elementor-button elementor-button-link elementor-size-lg\" href=\"https:\/\/andermattmusic.ch\/de\/event\/pirmin-huber-swiss-folk\/\">\n\t\t\t\t\t\t<span class=\"elementor-button-content-wrapper\">\n\t\t\t\t\t\t<span class=\"elementor-button-icon\">\n\t\t\t\t<svg xmlns=\"http:\/\/www.w3.org\/2000\/svg\" xmlns:xlink=\"http:\/\/www.w3.org\/1999\/xlink\" x=\"0px\" y=\"0px\" viewBox=\"0 0 35 35.2\" xml:space=\"preserve\"><path fill=\"currentColor\" d=\"M17.5,0.9C8.387,0.9,1,8.287,1,17.4c0,9.113,7.387,16.5,16.5,16.5S34,26.513,34,17.4 C34,8.287,26.613,0.9,17.5,0.9z M14.3,30l-1.2-1.2l11.1-11.1l-10.9-11l1.3-1.3l12.2,12.2L14.3,30z\"><\/path><\/svg>\t\t\t<\/span>\n\t\t\t\t\t\t\t\t\t<span class=\"elementor-button-text\">Programm<\/span>\n\t\t\t\t\t<\/span>\n\t\t\t\t\t<\/a>\n\t\t\t\t<\/div>\n\t\t\t\t\t\t\t\t<\/div>\n\t\t\t\t<\/div>\n\t\t\t\t\t<\/div>\n\t\t<\/div>\n\t\t\t\t\t<\/div>\n\t\t<\/section>\n\t\t\t\t\t<\/div>\n\t\t<\/div>\n\t\t\t\t\t<\/div>\n\t\t<\/section>\n\t\t\t\t<\/div>\n\t\t\t\t<\/article>\n\t\t\t\t<article id=\"post-11021\" class=\"elementor-post elementor-grid-item ecs-post-loop post-11021 event type-event status-publish has-post-thumbnail hentry composer-antonio-vivaldi composer-camille-saint-saens composer-edvard-grieg composer-felix-mendelssohn-bartholdy composer-frank-martin composer-george-templeton-strong composer-isaac-albeniz composer-paul-juon\">\n\t\t\t\t<div data-elementor-type=\"loop\" data-elementor-id=\"5729\" class=\"elementor elementor-5729 post-11021 event type-event status-publish has-post-thumbnail hentry composer-antonio-vivaldi composer-camille-saint-saens composer-edvard-grieg composer-felix-mendelssohn-bartholdy composer-frank-martin composer-george-templeton-strong composer-isaac-albeniz composer-paul-juon\" data-elementor-post-type=\"elementor_library\">\n\t\t\t\t\t<section class=\"elementor-section elementor-top-section elementor-element elementor-element-4acc5669 elementor-section-boxed elementor-section-height-default elementor-section-height-default\" data-id=\"4acc5669\" data-element_type=\"section\">\n\t\t\t\t\t\t<div class=\"elementor-container elementor-column-gap-wide\">\n\t\t\t\t\t<div class=\"elementor-column elementor-col-33 elementor-top-column elementor-element elementor-element-2c329341\" data-id=\"2c329341\" data-element_type=\"column\">\n\t\t\t<div class=\"elementor-widget-wrap elementor-element-populated\">\n\t\t\t\t\t\t<div class=\"elementor-element elementor-element-3327e9c5 elementor-widget elementor-widget-text-editor\" data-id=\"3327e9c5\" data-element_type=\"widget\" data-widget_type=\"text-editor.default\">\n\t\t\t\t<div class=\"elementor-widget-container\">\n\t\t\t\t\t\t\t\t\tSamstag, 14.3.2026\t\t\t\t\t\t\t\t<\/div>\n\t\t\t\t<\/div>\n\t\t\t\t<div class=\"elementor-element elementor-element-2faffde7 elementor-widget elementor-widget-text-editor\" data-id=\"2faffde7\" data-element_type=\"widget\" data-widget_type=\"text-editor.default\">\n\t\t\t\t<div class=\"elementor-widget-container\">\n\t\t\t\t\t\t\t\t\t18.00 Uhr\t\t\t\t\t\t\t\t<\/div>\n\t\t\t\t<\/div>\n\t\t\t\t<div class=\"elementor-element elementor-element-16b635aa elementor-widget elementor-widget-image\" data-id=\"16b635aa\" data-element_type=\"widget\" data-widget_type=\"image.default\">\n\t\t\t\t<div class=\"elementor-widget-container\">\n\t\t\t\t\t\t\t\t\t\t\t\t\t\t\t\t<a href=\"https:\/\/andermattmusic.ch\/de\/event\/dances-and-dreams\/\">\n\t\t\t\t\t\t\t<img decoding=\"async\" width=\"700\" height=\"700\" src=\"https:\/\/andermattmusic.ch\/wp-content\/uploads\/2025\/04\/13_CHARITY-KONZERT_SO_SEBASTIAN_BOHREN-700x700.jpg\" class=\"attachment-performers_list_image size-performers_list_image wp-image-11022\" alt=\"Sebastian Bohren, Alexander Boldachev, Swiss Orchestra, Lena-Lisa W\u00fcstend\u00f6rfer, Andermatt Music, Andermatt Konzerthalle\" srcset=\"https:\/\/andermattmusic.ch\/wp-content\/uploads\/2025\/04\/13_CHARITY-KONZERT_SO_SEBASTIAN_BOHREN-700x700.jpg 700w, https:\/\/andermattmusic.ch\/wp-content\/uploads\/2025\/04\/13_CHARITY-KONZERT_SO_SEBASTIAN_BOHREN-150x150.jpg 150w\" sizes=\"(max-width: 700px) 100vw, 700px\" \/>\t\t\t\t\t\t\t\t<\/a>\n\t\t\t\t\t\t\t\t\t\t\t\t\t\t\t<\/div>\n\t\t\t\t<\/div>\n\t\t\t\t\t<\/div>\n\t\t<\/div>\n\t\t\t\t<div class=\"elementor-column elementor-col-66 elementor-top-column elementor-element elementor-element-79fd2a9d\" data-id=\"79fd2a9d\" data-element_type=\"column\">\n\t\t\t<div class=\"elementor-widget-wrap elementor-element-populated\">\n\t\t\t\t\t\t<div class=\"elementor-element elementor-element-767765d2 elementor-widget elementor-widget-heading\" data-id=\"767765d2\" data-element_type=\"widget\" data-widget_type=\"heading.default\">\n\t\t\t\t<div class=\"elementor-widget-container\">\n\t\t\t\t\t<h2 class=\"elementor-heading-title elementor-size-default\"><a href=\"https:\/\/andermattmusic.ch\/de\/event\/dances-and-dreams\/\">Dances and Dreams<\/a><\/h2>\t\t\t\t<\/div>\n\t\t\t\t<\/div>\n\t\t\t\t<div class=\"elementor-element elementor-element-3d0bc17 elementor-widget elementor-widget-text-editor\" data-id=\"3d0bc17\" data-element_type=\"widget\" data-widget_type=\"text-editor.default\">\n\t\t\t\t<div class=\"elementor-widget-container\">\n\t\t\t\t\t\t\t\t\t<p><strong>ROTARY-BENEFIZKONZERT ZUGUNSTEN VON SAO ASSOCIATION<\/strong><\/p>\n<p>Sebastian Bohren, Violine<br \/>\nAlexander Boldachev, Harfe<br \/>\nSwiss Orchestra<br \/>\nLena-Lisa W\u00fcstend\u00f6rfer, Leitung<\/p>\n<p>Traumhafte Melodien bringen der Schweizer Stargeiger Sebastian Bohren, der Harfenist Alexander Boldachev und das Swiss Orchestra in die Andermatt Konzerthalle. Und dies zu einem guten Zweck: Das Charity-Konzert findet in Kooperation des Rotary Clubs \u00dcetliberg mit ANDERMATT MUSIC zugunsten von SAO Association f\u00fcr Frauen auf der Flucht statt.<\/p>\n&mdash;\t\t\t\t\t\t\t\t<\/div>\n\t\t\t\t<\/div>\n\t\t\t\t<section class=\"elementor-section elementor-inner-section elementor-element elementor-element-5b459e1 elementor-section-full_width elementor-section-height-default elementor-section-height-default\" data-id=\"5b459e1\" data-element_type=\"section\">\n\t\t\t\t\t\t<div class=\"elementor-container elementor-column-gap-no\">\n\t\t\t\t\t<div class=\"elementor-column elementor-col-100 elementor-inner-column elementor-element elementor-element-599d41ac\" data-id=\"599d41ac\" data-element_type=\"column\">\n\t\t\t<div class=\"elementor-widget-wrap elementor-element-populated\">\n\t\t\t\t\t\t<div class=\"elementor-element elementor-element-2e8a5eeb elementor-widget__width-auto elementor-widget elementor-widget-button\" data-id=\"2e8a5eeb\" data-element_type=\"widget\" data-widget_type=\"button.default\">\n\t\t\t\t<div class=\"elementor-widget-container\">\n\t\t\t\t\t\t\t\t\t<div class=\"elementor-button-wrapper\">\n\t\t\t\t\t<a class=\"elementor-button elementor-button-link elementor-size-lg\" href=\"https:\/\/andermattmusic.ch\/de\/event\/dances-and-dreams\/\">\n\t\t\t\t\t\t<span class=\"elementor-button-content-wrapper\">\n\t\t\t\t\t\t<span class=\"elementor-button-icon\">\n\t\t\t\t<svg xmlns=\"http:\/\/www.w3.org\/2000\/svg\" xmlns:xlink=\"http:\/\/www.w3.org\/1999\/xlink\" x=\"0px\" y=\"0px\" viewBox=\"0 0 35 35.2\" xml:space=\"preserve\"><path fill=\"currentColor\" d=\"M17.5,0.9C8.387,0.9,1,8.287,1,17.4c0,9.113,7.387,16.5,16.5,16.5S34,26.513,34,17.4 C34,8.287,26.613,0.9,17.5,0.9z M14.3,30l-1.2-1.2l11.1-11.1l-10.9-11l1.3-1.3l12.2,12.2L14.3,30z\"><\/path><\/svg>\t\t\t<\/span>\n\t\t\t\t\t\t\t\t\t<span class=\"elementor-button-text\">Programm<\/span>\n\t\t\t\t\t<\/span>\n\t\t\t\t\t<\/a>\n\t\t\t\t<\/div>\n\t\t\t\t\t\t\t\t<\/div>\n\t\t\t\t<\/div>\n\t\t\t\t\t<\/div>\n\t\t<\/div>\n\t\t\t\t\t<\/div>\n\t\t<\/section>\n\t\t\t\t\t<\/div>\n\t\t<\/div>\n\t\t\t\t\t<\/div>\n\t\t<\/section>\n\t\t\t\t<\/div>\n\t\t\t\t<\/article>\n\t\t\t\t<article id=\"post-11018\" class=\"elementor-post elementor-grid-item ecs-post-loop post-11018 event type-event status-publish has-post-thumbnail hentry\">\n\t\t\t\t<div data-elementor-type=\"loop\" data-elementor-id=\"5729\" class=\"elementor elementor-5729 post-11018 event type-event status-publish has-post-thumbnail hentry\" data-elementor-post-type=\"elementor_library\">\n\t\t\t\t\t<section class=\"elementor-section elementor-top-section elementor-element elementor-element-4acc5669 elementor-section-boxed elementor-section-height-default elementor-section-height-default\" data-id=\"4acc5669\" data-element_type=\"section\">\n\t\t\t\t\t\t<div class=\"elementor-container elementor-column-gap-wide\">\n\t\t\t\t\t<div class=\"elementor-column elementor-col-33 elementor-top-column elementor-element elementor-element-2c329341\" data-id=\"2c329341\" data-element_type=\"column\">\n\t\t\t<div class=\"elementor-widget-wrap elementor-element-populated\">\n\t\t\t\t\t\t<div class=\"elementor-element elementor-element-3327e9c5 elementor-widget elementor-widget-text-editor\" data-id=\"3327e9c5\" data-element_type=\"widget\" data-widget_type=\"text-editor.default\">\n\t\t\t\t<div class=\"elementor-widget-container\">\n\t\t\t\t\t\t\t\t\tSonntag, 8.2.2026\t\t\t\t\t\t\t\t<\/div>\n\t\t\t\t<\/div>\n\t\t\t\t<div class=\"elementor-element elementor-element-2faffde7 elementor-widget elementor-widget-text-editor\" data-id=\"2faffde7\" data-element_type=\"widget\" data-widget_type=\"text-editor.default\">\n\t\t\t\t<div class=\"elementor-widget-container\">\n\t\t\t\t\t\t\t\t\t17.00 Uhr\t\t\t\t\t\t\t\t<\/div>\n\t\t\t\t<\/div>\n\t\t\t\t<div class=\"elementor-element elementor-element-16b635aa elementor-widget elementor-widget-image\" data-id=\"16b635aa\" data-element_type=\"widget\" data-widget_type=\"image.default\">\n\t\t\t\t<div class=\"elementor-widget-container\">\n\t\t\t\t\t\t\t\t\t\t\t\t\t\t\t\t<a href=\"https:\/\/andermattmusic.ch\/de\/event\/schaebyschigg-2\/\">\n\t\t\t\t\t\t\t<img loading=\"lazy\" decoding=\"async\" width=\"700\" height=\"700\" src=\"https:\/\/andermattmusic.ch\/wp-content\/uploads\/2025\/04\/12_SCHAeBYSCHIGG-700x700.jpg\" class=\"attachment-performers_list_image size-performers_list_image wp-image-11019\" alt=\"Sch\u00e4byschigg, David Jud, Guillermo Casillas, Fabian Jud, J\u00e9r\u00f4me M\u00fcller, Tobi Zwyer, Andermatt Music, Andermatt Konzerthalle\" srcset=\"https:\/\/andermattmusic.ch\/wp-content\/uploads\/2025\/04\/12_SCHAeBYSCHIGG-700x700.jpg 700w, https:\/\/andermattmusic.ch\/wp-content\/uploads\/2025\/04\/12_SCHAeBYSCHIGG-150x150.jpg 150w\" sizes=\"(max-width: 700px) 100vw, 700px\" \/>\t\t\t\t\t\t\t\t<\/a>\n\t\t\t\t\t\t\t\t\t\t\t\t\t\t\t<\/div>\n\t\t\t\t<\/div>\n\t\t\t\t\t<\/div>\n\t\t<\/div>\n\t\t\t\t<div class=\"elementor-column elementor-col-66 elementor-top-column elementor-element elementor-element-79fd2a9d\" data-id=\"79fd2a9d\" data-element_type=\"column\">\n\t\t\t<div class=\"elementor-widget-wrap elementor-element-populated\">\n\t\t\t\t\t\t<div class=\"elementor-element elementor-element-767765d2 elementor-widget elementor-widget-heading\" data-id=\"767765d2\" data-element_type=\"widget\" data-widget_type=\"heading.default\">\n\t\t\t\t<div class=\"elementor-widget-container\">\n\t\t\t\t\t<h2 class=\"elementor-heading-title elementor-size-default\"><a href=\"https:\/\/andermattmusic.ch\/de\/event\/schaebyschigg-2\/\">Sch\u00e4byschigg<\/a><\/h2>\t\t\t\t<\/div>\n\t\t\t\t<\/div>\n\t\t\t\t<div class=\"elementor-element elementor-element-3d0bc17 elementor-widget elementor-widget-text-editor\" data-id=\"3d0bc17\" data-element_type=\"widget\" data-widget_type=\"text-editor.default\">\n\t\t\t\t<div class=\"elementor-widget-container\">\n\t\t\t\t\t\t\t\t\t<p><strong>NEUE VOLKSMUSIK<\/strong><\/p>\n<p>Sch\u00e4byschigg<\/p>\n<p>David Jud, Klarinette<br \/>\nGuillermo Casillas, Trompete<br \/>\nFabian Jud, Trompete<br \/>\nJ\u00e9r\u00f4me M\u00fcller, Basstrompete<br \/>\nTobi Zwyer, Tuba, Akkordeon &#038; Stimme<\/p>\n<p>Die f\u00fcnf unerschrockenen und weltoffenen Musiker der Blasdampfkapelle Sch\u00e4byschigg erfreuen mit ihrer Musik die Herzen von nah und fern. Mal groovig, mal l\u00fcpfig, mal melancholisch, mal urchig, immer jedoch authentisch und frisch.<\/p>\n&mdash;\t\t\t\t\t\t\t\t<\/div>\n\t\t\t\t<\/div>\n\t\t\t\t<section class=\"elementor-section elementor-inner-section elementor-element elementor-element-5b459e1 elementor-section-full_width elementor-section-height-default elementor-section-height-default\" data-id=\"5b459e1\" data-element_type=\"section\">\n\t\t\t\t\t\t<div class=\"elementor-container elementor-column-gap-no\">\n\t\t\t\t\t<div class=\"elementor-column elementor-col-100 elementor-inner-column elementor-element elementor-element-599d41ac\" data-id=\"599d41ac\" data-element_type=\"column\">\n\t\t\t<div class=\"elementor-widget-wrap elementor-element-populated\">\n\t\t\t\t\t\t<div class=\"elementor-element elementor-element-2e8a5eeb elementor-widget__width-auto elementor-widget elementor-widget-button\" data-id=\"2e8a5eeb\" data-element_type=\"widget\" data-widget_type=\"button.default\">\n\t\t\t\t<div class=\"elementor-widget-container\">\n\t\t\t\t\t\t\t\t\t<div class=\"elementor-button-wrapper\">\n\t\t\t\t\t<a class=\"elementor-button elementor-button-link elementor-size-lg\" href=\"https:\/\/andermattmusic.ch\/de\/event\/schaebyschigg-2\/\">\n\t\t\t\t\t\t<span class=\"elementor-button-content-wrapper\">\n\t\t\t\t\t\t<span class=\"elementor-button-icon\">\n\t\t\t\t<svg xmlns=\"http:\/\/www.w3.org\/2000\/svg\" xmlns:xlink=\"http:\/\/www.w3.org\/1999\/xlink\" x=\"0px\" y=\"0px\" viewBox=\"0 0 35 35.2\" xml:space=\"preserve\"><path fill=\"currentColor\" d=\"M17.5,0.9C8.387,0.9,1,8.287,1,17.4c0,9.113,7.387,16.5,16.5,16.5S34,26.513,34,17.4 C34,8.287,26.613,0.9,17.5,0.9z M14.3,30l-1.2-1.2l11.1-11.1l-10.9-11l1.3-1.3l12.2,12.2L14.3,30z\"><\/path><\/svg>\t\t\t<\/span>\n\t\t\t\t\t\t\t\t\t<span class=\"elementor-button-text\">Programm<\/span>\n\t\t\t\t\t<\/span>\n\t\t\t\t\t<\/a>\n\t\t\t\t<\/div>\n\t\t\t\t\t\t\t\t<\/div>\n\t\t\t\t<\/div>\n\t\t\t\t\t<\/div>\n\t\t<\/div>\n\t\t\t\t\t<\/div>\n\t\t<\/section>\n\t\t\t\t\t<\/div>\n\t\t<\/div>\n\t\t\t\t\t<\/div>\n\t\t<\/section>\n\t\t\t\t<\/div>\n\t\t\t\t<\/article>\n\t\t\t\t<article id=\"post-11011\" class=\"elementor-post elementor-grid-item ecs-post-loop post-11011 event type-event status-publish has-post-thumbnail hentry composer-luigi-boccherini composer-wolfgang-amadeus-mozart\">\n\t\t\t\t<div data-elementor-type=\"loop\" data-elementor-id=\"5729\" class=\"elementor elementor-5729 post-11011 event type-event status-publish has-post-thumbnail hentry composer-luigi-boccherini composer-wolfgang-amadeus-mozart\" data-elementor-post-type=\"elementor_library\">\n\t\t\t\t\t<section class=\"elementor-section elementor-top-section elementor-element elementor-element-4acc5669 elementor-section-boxed elementor-section-height-default elementor-section-height-default\" data-id=\"4acc5669\" data-element_type=\"section\">\n\t\t\t\t\t\t<div class=\"elementor-container elementor-column-gap-wide\">\n\t\t\t\t\t<div class=\"elementor-column elementor-col-33 elementor-top-column elementor-element elementor-element-2c329341\" data-id=\"2c329341\" data-element_type=\"column\">\n\t\t\t<div class=\"elementor-widget-wrap elementor-element-populated\">\n\t\t\t\t\t\t<div class=\"elementor-element elementor-element-3327e9c5 elementor-widget elementor-widget-text-editor\" data-id=\"3327e9c5\" data-element_type=\"widget\" data-widget_type=\"text-editor.default\">\n\t\t\t\t<div class=\"elementor-widget-container\">\n\t\t\t\t\t\t\t\t\tSamstag, 7.2.2026\t\t\t\t\t\t\t\t<\/div>\n\t\t\t\t<\/div>\n\t\t\t\t<div class=\"elementor-element elementor-element-2faffde7 elementor-widget elementor-widget-text-editor\" data-id=\"2faffde7\" data-element_type=\"widget\" data-widget_type=\"text-editor.default\">\n\t\t\t\t<div class=\"elementor-widget-container\">\n\t\t\t\t\t\t\t\t\t19.30 Uhr\t\t\t\t\t\t\t\t<\/div>\n\t\t\t\t<\/div>\n\t\t\t\t<div class=\"elementor-element elementor-element-16b635aa elementor-widget elementor-widget-image\" data-id=\"16b635aa\" data-element_type=\"widget\" data-widget_type=\"image.default\">\n\t\t\t\t<div class=\"elementor-widget-container\">\n\t\t\t\t\t\t\t\t\t\t\t\t\t\t\t\t<a href=\"https:\/\/andermattmusic.ch\/de\/event\/camerata-salzburg\/\">\n\t\t\t\t\t\t\t<img loading=\"lazy\" decoding=\"async\" width=\"700\" height=\"700\" src=\"https:\/\/andermattmusic.ch\/wp-content\/uploads\/2025\/04\/Kian-Soltani-700x700.png\" class=\"attachment-performers_list_image size-performers_list_image wp-image-11014\" alt=\"Kian Soltani, Andermatt Music\" srcset=\"https:\/\/andermattmusic.ch\/wp-content\/uploads\/2025\/04\/Kian-Soltani-700x700.png 700w, https:\/\/andermattmusic.ch\/wp-content\/uploads\/2025\/04\/Kian-Soltani-150x150.png 150w\" sizes=\"(max-width: 700px) 100vw, 700px\" \/>\t\t\t\t\t\t\t\t<\/a>\n\t\t\t\t\t\t\t\t\t\t\t\t\t\t\t<\/div>\n\t\t\t\t<\/div>\n\t\t\t\t\t<\/div>\n\t\t<\/div>\n\t\t\t\t<div class=\"elementor-column elementor-col-66 elementor-top-column elementor-element elementor-element-79fd2a9d\" data-id=\"79fd2a9d\" data-element_type=\"column\">\n\t\t\t<div class=\"elementor-widget-wrap elementor-element-populated\">\n\t\t\t\t\t\t<div class=\"elementor-element elementor-element-767765d2 elementor-widget elementor-widget-heading\" data-id=\"767765d2\" data-element_type=\"widget\" data-widget_type=\"heading.default\">\n\t\t\t\t<div class=\"elementor-widget-container\">\n\t\t\t\t\t<h2 class=\"elementor-heading-title elementor-size-default\"><a href=\"https:\/\/andermattmusic.ch\/de\/event\/camerata-salzburg\/\">Camerata Salzburg<\/a><\/h2>\t\t\t\t<\/div>\n\t\t\t\t<\/div>\n\t\t\t\t<div class=\"elementor-element elementor-element-3d0bc17 elementor-widget elementor-widget-text-editor\" data-id=\"3d0bc17\" data-element_type=\"widget\" data-widget_type=\"text-editor.default\">\n\t\t\t\t<div class=\"elementor-widget-container\">\n\t\t\t\t\t\t\t\t\t<p><strong>SINFONIEKONZERT<\/strong><\/p>\n<p>Kian Soltani, Violoncello<br \/>\nCamerata Salzburg<br \/>\nBaptiste Lopez, Violine &#038; Leitung<\/p>\n<p>Kaiserflair und Dolce Vita: Mozart trifft auf Boccherini, gespielt von den ausgewiesenen Klassikexpert*innen der Camerata Salzburg unter Baptiste Lopez (Violine &#038; Leitung) und mit dem grandiosen Cellisten Kian Soltani.<\/p>\n&mdash;\t\t\t\t\t\t\t\t<\/div>\n\t\t\t\t<\/div>\n\t\t\t\t<section class=\"elementor-section elementor-inner-section elementor-element elementor-element-5b459e1 elementor-section-full_width elementor-section-height-default elementor-section-height-default\" data-id=\"5b459e1\" data-element_type=\"section\">\n\t\t\t\t\t\t<div class=\"elementor-container elementor-column-gap-no\">\n\t\t\t\t\t<div class=\"elementor-column elementor-col-100 elementor-inner-column elementor-element elementor-element-599d41ac\" data-id=\"599d41ac\" data-element_type=\"column\">\n\t\t\t<div class=\"elementor-widget-wrap elementor-element-populated\">\n\t\t\t\t\t\t<div class=\"elementor-element elementor-element-2e8a5eeb elementor-widget__width-auto elementor-widget elementor-widget-button\" data-id=\"2e8a5eeb\" data-element_type=\"widget\" data-widget_type=\"button.default\">\n\t\t\t\t<div class=\"elementor-widget-container\">\n\t\t\t\t\t\t\t\t\t<div class=\"elementor-button-wrapper\">\n\t\t\t\t\t<a class=\"elementor-button elementor-button-link elementor-size-lg\" href=\"https:\/\/andermattmusic.ch\/de\/event\/camerata-salzburg\/\">\n\t\t\t\t\t\t<span class=\"elementor-button-content-wrapper\">\n\t\t\t\t\t\t<span class=\"elementor-button-icon\">\n\t\t\t\t<svg xmlns=\"http:\/\/www.w3.org\/2000\/svg\" xmlns:xlink=\"http:\/\/www.w3.org\/1999\/xlink\" x=\"0px\" y=\"0px\" viewBox=\"0 0 35 35.2\" xml:space=\"preserve\"><path fill=\"currentColor\" d=\"M17.5,0.9C8.387,0.9,1,8.287,1,17.4c0,9.113,7.387,16.5,16.5,16.5S34,26.513,34,17.4 C34,8.287,26.613,0.9,17.5,0.9z M14.3,30l-1.2-1.2l11.1-11.1l-10.9-11l1.3-1.3l12.2,12.2L14.3,30z\"><\/path><\/svg>\t\t\t<\/span>\n\t\t\t\t\t\t\t\t\t<span class=\"elementor-button-text\">Programm<\/span>\n\t\t\t\t\t<\/span>\n\t\t\t\t\t<\/a>\n\t\t\t\t<\/div>\n\t\t\t\t\t\t\t\t<\/div>\n\t\t\t\t<\/div>\n\t\t\t\t\t<\/div>\n\t\t<\/div>\n\t\t\t\t\t<\/div>\n\t\t<\/section>\n\t\t\t\t\t<\/div>\n\t\t<\/div>\n\t\t\t\t\t<\/div>\n\t\t<\/section>\n\t\t\t\t<\/div>\n\t\t\t\t<\/article>\n\t\t\t\t<article id=\"post-11007\" class=\"elementor-post elementor-grid-item ecs-post-loop post-11007 event type-event status-publish has-post-thumbnail hentry composer-carl-maria-von-weber composer-johannes-brahms composer-joseph-haydn\">\n\t\t\t\t<div data-elementor-type=\"loop\" data-elementor-id=\"5729\" class=\"elementor elementor-5729 post-11007 event type-event status-publish has-post-thumbnail hentry composer-carl-maria-von-weber composer-johannes-brahms composer-joseph-haydn\" data-elementor-post-type=\"elementor_library\">\n\t\t\t\t\t<section class=\"elementor-section elementor-top-section elementor-element elementor-element-4acc5669 elementor-section-boxed elementor-section-height-default elementor-section-height-default\" data-id=\"4acc5669\" data-element_type=\"section\">\n\t\t\t\t\t\t<div class=\"elementor-container elementor-column-gap-wide\">\n\t\t\t\t\t<div class=\"elementor-column elementor-col-33 elementor-top-column elementor-element elementor-element-2c329341\" data-id=\"2c329341\" data-element_type=\"column\">\n\t\t\t<div class=\"elementor-widget-wrap elementor-element-populated\">\n\t\t\t\t\t\t<div class=\"elementor-element elementor-element-3327e9c5 elementor-widget elementor-widget-text-editor\" data-id=\"3327e9c5\" data-element_type=\"widget\" data-widget_type=\"text-editor.default\">\n\t\t\t\t<div class=\"elementor-widget-container\">\n\t\t\t\t\t\t\t\t\tFreitag, 6.2.2026\t\t\t\t\t\t\t\t<\/div>\n\t\t\t\t<\/div>\n\t\t\t\t<div class=\"elementor-element elementor-element-2faffde7 elementor-widget elementor-widget-text-editor\" data-id=\"2faffde7\" data-element_type=\"widget\" data-widget_type=\"text-editor.default\">\n\t\t\t\t<div class=\"elementor-widget-container\">\n\t\t\t\t\t\t\t\t\t19.30 Uhr\t\t\t\t\t\t\t\t<\/div>\n\t\t\t\t<\/div>\n\t\t\t\t<div class=\"elementor-element elementor-element-16b635aa elementor-widget elementor-widget-image\" data-id=\"16b635aa\" data-element_type=\"widget\" data-widget_type=\"image.default\">\n\t\t\t\t<div class=\"elementor-widget-container\">\n\t\t\t\t\t\t\t\t\t\t\t\t\t\t\t\t<a href=\"https:\/\/andermattmusic.ch\/de\/event\/orchestra-della-svizzera-italiana\/\">\n\t\t\t\t\t\t\t<img loading=\"lazy\" decoding=\"async\" width=\"700\" height=\"700\" src=\"https:\/\/andermattmusic.ch\/wp-content\/uploads\/2025\/04\/10_ORCHESTRA_DELLA_SVIZZERA-ITALIANA-700x700.jpg\" class=\"attachment-performers_list_image size-performers_list_image wp-image-11008\" alt=\"Antoine Tamestit, Orchestra della Svizzera italiana, Andermatt Music, Andermatt Konzerthalle\" srcset=\"https:\/\/andermattmusic.ch\/wp-content\/uploads\/2025\/04\/10_ORCHESTRA_DELLA_SVIZZERA-ITALIANA-700x700.jpg 700w, https:\/\/andermattmusic.ch\/wp-content\/uploads\/2025\/04\/10_ORCHESTRA_DELLA_SVIZZERA-ITALIANA-150x150.jpg 150w\" sizes=\"(max-width: 700px) 100vw, 700px\" \/>\t\t\t\t\t\t\t\t<\/a>\n\t\t\t\t\t\t\t\t\t\t\t\t\t\t\t<\/div>\n\t\t\t\t<\/div>\n\t\t\t\t\t<\/div>\n\t\t<\/div>\n\t\t\t\t<div class=\"elementor-column elementor-col-66 elementor-top-column elementor-element elementor-element-79fd2a9d\" data-id=\"79fd2a9d\" data-element_type=\"column\">\n\t\t\t<div class=\"elementor-widget-wrap elementor-element-populated\">\n\t\t\t\t\t\t<div class=\"elementor-element elementor-element-767765d2 elementor-widget elementor-widget-heading\" data-id=\"767765d2\" data-element_type=\"widget\" data-widget_type=\"heading.default\">\n\t\t\t\t<div class=\"elementor-widget-container\">\n\t\t\t\t\t<h2 class=\"elementor-heading-title elementor-size-default\"><a href=\"https:\/\/andermattmusic.ch\/de\/event\/orchestra-della-svizzera-italiana\/\">Orchestra della Svizzera italiana<\/a><\/h2>\t\t\t\t<\/div>\n\t\t\t\t<\/div>\n\t\t\t\t<div class=\"elementor-element elementor-element-3d0bc17 elementor-widget elementor-widget-text-editor\" data-id=\"3d0bc17\" data-element_type=\"widget\" data-widget_type=\"text-editor.default\">\n\t\t\t\t<div class=\"elementor-widget-container\">\n\t\t\t\t\t\t\t\t\t<p><strong>SINFONIEKONZERT<\/strong><\/p>\n<p>Antoine Tamestit, Viola (Play &#038; Conduct)<br \/>\nOrchestra della Svizzera italiana <\/p>\n<p>Der weltweit gefeierte Bratschist Antoine Tamestit (Play &#038; Conduct) spielt Carl Maria von Webers Andante e Rondo ungarese. Ausserdem auf dem Programm: Haydns dramatische Sinfonie Nr. 49 und Brahms\u2019 lustvolle Serenade Nr. 2.<\/p>\n&mdash;\t\t\t\t\t\t\t\t<\/div>\n\t\t\t\t<\/div>\n\t\t\t\t<section class=\"elementor-section elementor-inner-section elementor-element elementor-element-5b459e1 elementor-section-full_width elementor-section-height-default elementor-section-height-default\" data-id=\"5b459e1\" data-element_type=\"section\">\n\t\t\t\t\t\t<div class=\"elementor-container elementor-column-gap-no\">\n\t\t\t\t\t<div class=\"elementor-column elementor-col-100 elementor-inner-column elementor-element elementor-element-599d41ac\" data-id=\"599d41ac\" data-element_type=\"column\">\n\t\t\t<div class=\"elementor-widget-wrap elementor-element-populated\">\n\t\t\t\t\t\t<div class=\"elementor-element elementor-element-2e8a5eeb elementor-widget__width-auto elementor-widget elementor-widget-button\" data-id=\"2e8a5eeb\" data-element_type=\"widget\" data-widget_type=\"button.default\">\n\t\t\t\t<div class=\"elementor-widget-container\">\n\t\t\t\t\t\t\t\t\t<div class=\"elementor-button-wrapper\">\n\t\t\t\t\t<a class=\"elementor-button elementor-button-link elementor-size-lg\" href=\"https:\/\/andermattmusic.ch\/de\/event\/orchestra-della-svizzera-italiana\/\">\n\t\t\t\t\t\t<span class=\"elementor-button-content-wrapper\">\n\t\t\t\t\t\t<span class=\"elementor-button-icon\">\n\t\t\t\t<svg xmlns=\"http:\/\/www.w3.org\/2000\/svg\" xmlns:xlink=\"http:\/\/www.w3.org\/1999\/xlink\" x=\"0px\" y=\"0px\" viewBox=\"0 0 35 35.2\" xml:space=\"preserve\"><path fill=\"currentColor\" d=\"M17.5,0.9C8.387,0.9,1,8.287,1,17.4c0,9.113,7.387,16.5,16.5,16.5S34,26.513,34,17.4 C34,8.287,26.613,0.9,17.5,0.9z M14.3,30l-1.2-1.2l11.1-11.1l-10.9-11l1.3-1.3l12.2,12.2L14.3,30z\"><\/path><\/svg>\t\t\t<\/span>\n\t\t\t\t\t\t\t\t\t<span class=\"elementor-button-text\">Programm<\/span>\n\t\t\t\t\t<\/span>\n\t\t\t\t\t<\/a>\n\t\t\t\t<\/div>\n\t\t\t\t\t\t\t\t<\/div>\n\t\t\t\t<\/div>\n\t\t\t\t\t<\/div>\n\t\t<\/div>\n\t\t\t\t\t<\/div>\n\t\t<\/section>\n\t\t\t\t\t<\/div>\n\t\t<\/div>\n\t\t\t\t\t<\/div>\n\t\t<\/section>\n\t\t\t\t<\/div>\n\t\t\t\t<\/article>\n\t\t\t\t<article id=\"post-11002\" class=\"elementor-post elementor-grid-item ecs-post-loop post-11002 event type-event status-publish has-post-thumbnail hentry composer-aaron-copland composer-camille-saint-saens composer-ernest-bloch composer-george-gershwin composer-johann-strauss-sohn composer-johann-strauss-vater composer-joseph-lauber composer-jules-massenet composer-kurt-weill composer-pierre-maurice\">\n\t\t\t\t<div data-elementor-type=\"loop\" data-elementor-id=\"5729\" class=\"elementor elementor-5729 post-11002 event type-event status-publish has-post-thumbnail hentry composer-aaron-copland composer-camille-saint-saens composer-ernest-bloch composer-george-gershwin composer-johann-strauss-sohn composer-johann-strauss-vater composer-joseph-lauber composer-jules-massenet composer-kurt-weill composer-pierre-maurice\" data-elementor-post-type=\"elementor_library\">\n\t\t\t\t\t<section class=\"elementor-section elementor-top-section elementor-element elementor-element-4acc5669 elementor-section-boxed elementor-section-height-default elementor-section-height-default\" data-id=\"4acc5669\" data-element_type=\"section\">\n\t\t\t\t\t\t<div class=\"elementor-container elementor-column-gap-wide\">\n\t\t\t\t\t<div class=\"elementor-column elementor-col-33 elementor-top-column elementor-element elementor-element-2c329341\" data-id=\"2c329341\" data-element_type=\"column\">\n\t\t\t<div class=\"elementor-widget-wrap elementor-element-populated\">\n\t\t\t\t\t\t<div class=\"elementor-element elementor-element-3327e9c5 elementor-widget elementor-widget-text-editor\" data-id=\"3327e9c5\" data-element_type=\"widget\" data-widget_type=\"text-editor.default\">\n\t\t\t\t<div class=\"elementor-widget-container\">\n\t\t\t\t\t\t\t\t\tSamstag, 3.1.2026\t\t\t\t\t\t\t\t<\/div>\n\t\t\t\t<\/div>\n\t\t\t\t<div class=\"elementor-element elementor-element-2faffde7 elementor-widget elementor-widget-text-editor\" data-id=\"2faffde7\" data-element_type=\"widget\" data-widget_type=\"text-editor.default\">\n\t\t\t\t<div class=\"elementor-widget-container\">\n\t\t\t\t\t\t\t\t\t17.00 Uhr\t\t\t\t\t\t\t\t<\/div>\n\t\t\t\t<\/div>\n\t\t\t\t<div class=\"elementor-element elementor-element-16b635aa elementor-widget elementor-widget-image\" data-id=\"16b635aa\" data-element_type=\"widget\" data-widget_type=\"image.default\">\n\t\t\t\t<div class=\"elementor-widget-container\">\n\t\t\t\t\t\t\t\t\t\t\t\t\t\t\t\t<a href=\"https:\/\/andermattmusic.ch\/de\/event\/swiss-connections\/\">\n\t\t\t\t\t\t\t<img loading=\"lazy\" decoding=\"async\" width=\"700\" height=\"700\" src=\"https:\/\/andermattmusic.ch\/wp-content\/uploads\/2025\/04\/9_NEUJAHRSKONZERT-700x700.jpg\" class=\"attachment-performers_list_image size-performers_list_image wp-image-11003\" alt=\"Reto Bieri, Swiss Orchestra, Lena-Lisa W\u00fcstend\u00f6rfer, Andermatt Music, Andermatt Konzerthalle\" srcset=\"https:\/\/andermattmusic.ch\/wp-content\/uploads\/2025\/04\/9_NEUJAHRSKONZERT-700x700.jpg 700w, https:\/\/andermattmusic.ch\/wp-content\/uploads\/2025\/04\/9_NEUJAHRSKONZERT-150x150.jpg 150w\" sizes=\"(max-width: 700px) 100vw, 700px\" \/>\t\t\t\t\t\t\t\t<\/a>\n\t\t\t\t\t\t\t\t\t\t\t\t\t\t\t<\/div>\n\t\t\t\t<\/div>\n\t\t\t\t\t<\/div>\n\t\t<\/div>\n\t\t\t\t<div class=\"elementor-column elementor-col-66 elementor-top-column elementor-element elementor-element-79fd2a9d\" data-id=\"79fd2a9d\" data-element_type=\"column\">\n\t\t\t<div class=\"elementor-widget-wrap elementor-element-populated\">\n\t\t\t\t\t\t<div class=\"elementor-element elementor-element-767765d2 elementor-widget elementor-widget-heading\" data-id=\"767765d2\" data-element_type=\"widget\" data-widget_type=\"heading.default\">\n\t\t\t\t<div class=\"elementor-widget-container\">\n\t\t\t\t\t<h2 class=\"elementor-heading-title elementor-size-default\"><a href=\"https:\/\/andermattmusic.ch\/de\/event\/swiss-connections\/\">Swiss Connections<\/a><\/h2>\t\t\t\t<\/div>\n\t\t\t\t<\/div>\n\t\t\t\t<div class=\"elementor-element elementor-element-3d0bc17 elementor-widget elementor-widget-text-editor\" data-id=\"3d0bc17\" data-element_type=\"widget\" data-widget_type=\"text-editor.default\">\n\t\t\t\t<div class=\"elementor-widget-container\">\n\t\t\t\t\t\t\t\t\t<p><strong>NEUJAHRSKONZERT<\/strong><\/p>\n<p>Reto Bieri, Klarinette<br \/>\nSherniyaz Mussakhan, Violine<br \/>\nAlexander Boldachev, Harfe<br \/>\nSwiss Orchestra<br \/>\nLena-Lisa W\u00fcstend\u00f6rfer, Leitung<\/p>\n<p>Von Genf \u00fcber Paris nach New York \u2013 und zum Schluss ein kurzer Abstecher nach Wien: Im schillernden Neujahrskonzert mit dem Klarinettisten Reto Bieri und dem Swiss Orchestra verschwimmen die Grenzen zwischen der \u2039tiefgr\u00fcndigen\u203a europ\u00e4ischen Kunst und der amerikanischen Leichtigkeit der \u2039Neuen Welt\u203a.<\/p>\n&mdash;\t\t\t\t\t\t\t\t<\/div>\n\t\t\t\t<\/div>\n\t\t\t\t<section class=\"elementor-section elementor-inner-section elementor-element elementor-element-5b459e1 elementor-section-full_width elementor-section-height-default elementor-section-height-default\" data-id=\"5b459e1\" data-element_type=\"section\">\n\t\t\t\t\t\t<div class=\"elementor-container elementor-column-gap-no\">\n\t\t\t\t\t<div class=\"elementor-column elementor-col-100 elementor-inner-column elementor-element elementor-element-599d41ac\" data-id=\"599d41ac\" data-element_type=\"column\">\n\t\t\t<div class=\"elementor-widget-wrap elementor-element-populated\">\n\t\t\t\t\t\t<div class=\"elementor-element elementor-element-2e8a5eeb elementor-widget__width-auto elementor-widget elementor-widget-button\" data-id=\"2e8a5eeb\" data-element_type=\"widget\" data-widget_type=\"button.default\">\n\t\t\t\t<div class=\"elementor-widget-container\">\n\t\t\t\t\t\t\t\t\t<div class=\"elementor-button-wrapper\">\n\t\t\t\t\t<a class=\"elementor-button elementor-button-link elementor-size-lg\" href=\"https:\/\/andermattmusic.ch\/de\/event\/swiss-connections\/\">\n\t\t\t\t\t\t<span class=\"elementor-button-content-wrapper\">\n\t\t\t\t\t\t<span class=\"elementor-button-icon\">\n\t\t\t\t<svg xmlns=\"http:\/\/www.w3.org\/2000\/svg\" xmlns:xlink=\"http:\/\/www.w3.org\/1999\/xlink\" x=\"0px\" y=\"0px\" viewBox=\"0 0 35 35.2\" xml:space=\"preserve\"><path fill=\"currentColor\" d=\"M17.5,0.9C8.387,0.9,1,8.287,1,17.4c0,9.113,7.387,16.5,16.5,16.5S34,26.513,34,17.4 C34,8.287,26.613,0.9,17.5,0.9z M14.3,30l-1.2-1.2l11.1-11.1l-10.9-11l1.3-1.3l12.2,12.2L14.3,30z\"><\/path><\/svg>\t\t\t<\/span>\n\t\t\t\t\t\t\t\t\t<span class=\"elementor-button-text\">Programm<\/span>\n\t\t\t\t\t<\/span>\n\t\t\t\t\t<\/a>\n\t\t\t\t<\/div>\n\t\t\t\t\t\t\t\t<\/div>\n\t\t\t\t<\/div>\n\t\t\t\t\t<\/div>\n\t\t<\/div>\n\t\t\t\t\t<\/div>\n\t\t<\/section>\n\t\t\t\t\t<\/div>\n\t\t<\/div>\n\t\t\t\t\t<\/div>\n\t\t<\/section>\n\t\t\t\t<\/div>\n\t\t\t\t<\/article>\n\t\t\t\t<article id=\"post-10998\" class=\"elementor-post elementor-grid-item ecs-post-loop post-10998 event type-event status-publish has-post-thumbnail hentry composer-antonin-dvorak composer-astor-piazzolla composer-robert-schumann composer-wolfgang-amadeus-mozart\">\n\t\t\t\t<div data-elementor-type=\"loop\" data-elementor-id=\"5729\" class=\"elementor elementor-5729 post-10998 event type-event status-publish has-post-thumbnail hentry composer-antonin-dvorak composer-astor-piazzolla composer-robert-schumann composer-wolfgang-amadeus-mozart\" data-elementor-post-type=\"elementor_library\">\n\t\t\t\t\t<section class=\"elementor-section elementor-top-section elementor-element elementor-element-4acc5669 elementor-section-boxed elementor-section-height-default elementor-section-height-default\" data-id=\"4acc5669\" data-element_type=\"section\">\n\t\t\t\t\t\t<div class=\"elementor-container elementor-column-gap-wide\">\n\t\t\t\t\t<div class=\"elementor-column elementor-col-33 elementor-top-column elementor-element elementor-element-2c329341\" data-id=\"2c329341\" data-element_type=\"column\">\n\t\t\t<div class=\"elementor-widget-wrap elementor-element-populated\">\n\t\t\t\t\t\t<div class=\"elementor-element elementor-element-3327e9c5 elementor-widget elementor-widget-text-editor\" data-id=\"3327e9c5\" data-element_type=\"widget\" data-widget_type=\"text-editor.default\">\n\t\t\t\t<div class=\"elementor-widget-container\">\n\t\t\t\t\t\t\t\t\tSonntag, 28.12.2025\t\t\t\t\t\t\t\t<\/div>\n\t\t\t\t<\/div>\n\t\t\t\t<div class=\"elementor-element elementor-element-2faffde7 elementor-widget elementor-widget-text-editor\" data-id=\"2faffde7\" data-element_type=\"widget\" data-widget_type=\"text-editor.default\">\n\t\t\t\t<div class=\"elementor-widget-container\">\n\t\t\t\t\t\t\t\t\t17.00 Uhr\t\t\t\t\t\t\t\t<\/div>\n\t\t\t\t<\/div>\n\t\t\t\t<div class=\"elementor-element elementor-element-16b635aa elementor-widget elementor-widget-image\" data-id=\"16b635aa\" data-element_type=\"widget\" data-widget_type=\"image.default\">\n\t\t\t\t<div class=\"elementor-widget-container\">\n\t\t\t\t\t\t\t\t\t\t\t\t\t\t\t\t<a href=\"https:\/\/andermattmusic.ch\/de\/event\/pacific-quartet-vienna\/\">\n\t\t\t\t\t\t\t<img loading=\"lazy\" decoding=\"async\" width=\"700\" height=\"700\" src=\"https:\/\/andermattmusic.ch\/wp-content\/uploads\/2025\/04\/AM_2025_12_28-700x700.jpg\" class=\"attachment-performers_list_image size-performers_list_image wp-image-11997\" alt=\"Pacific Quartet Vienna Yuta Takase, Simon Wiener, Chin-Ting Huang, Sarah Weilenmann, Olivia Steimel, Andermatt Music, Andermatt Konzerthalle\" srcset=\"https:\/\/andermattmusic.ch\/wp-content\/uploads\/2025\/04\/AM_2025_12_28-700x700.jpg 700w, https:\/\/andermattmusic.ch\/wp-content\/uploads\/2025\/04\/AM_2025_12_28-150x150.jpg 150w\" sizes=\"(max-width: 700px) 100vw, 700px\" \/>\t\t\t\t\t\t\t\t<\/a>\n\t\t\t\t\t\t\t\t\t\t\t\t\t\t\t<\/div>\n\t\t\t\t<\/div>\n\t\t\t\t\t<\/div>\n\t\t<\/div>\n\t\t\t\t<div class=\"elementor-column elementor-col-66 elementor-top-column elementor-element elementor-element-79fd2a9d\" data-id=\"79fd2a9d\" data-element_type=\"column\">\n\t\t\t<div class=\"elementor-widget-wrap elementor-element-populated\">\n\t\t\t\t\t\t<div class=\"elementor-element elementor-element-767765d2 elementor-widget elementor-widget-heading\" data-id=\"767765d2\" data-element_type=\"widget\" data-widget_type=\"heading.default\">\n\t\t\t\t<div class=\"elementor-widget-container\">\n\t\t\t\t\t<h2 class=\"elementor-heading-title elementor-size-default\"><a href=\"https:\/\/andermattmusic.ch\/de\/event\/pacific-quartet-vienna\/\">Pacific Quartet Vienna<\/a><\/h2>\t\t\t\t<\/div>\n\t\t\t\t<\/div>\n\t\t\t\t<div class=\"elementor-element elementor-element-3d0bc17 elementor-widget elementor-widget-text-editor\" data-id=\"3d0bc17\" data-element_type=\"widget\" data-widget_type=\"text-editor.default\">\n\t\t\t\t<div class=\"elementor-widget-container\">\n\t\t\t\t\t\t\t\t\t<p><strong>SWISS ORCHESTRA SOLOISTS<\/strong><\/p>\n<p>Pacific Quartet Vienna<\/p>\n<p>Yuta Takase, Violine<br \/>\nSimon Wiener, Violine<br \/>\nChin-Ting Huang, Viola<br \/>\nSarah Weilenmann, Violoncello<\/p>\n<p>Olivia Steimel, Akkordeon<\/p>\n<p>Das Pacific Quartet Vienna bringt mit Streichquartetten von Wolfgang Amadeus Mozart und Robert Schumann die K\u00f6nigsdisziplin der Kammermusik nach Andermatt. F\u00fcr argentinisches Flair in Astor Piazzollas Tangos sorgt Olivia Steimel am Akkordeon.<\/p>\n&mdash;\t\t\t\t\t\t\t\t<\/div>\n\t\t\t\t<\/div>\n\t\t\t\t<section class=\"elementor-section elementor-inner-section elementor-element elementor-element-5b459e1 elementor-section-full_width elementor-section-height-default elementor-section-height-default\" data-id=\"5b459e1\" data-element_type=\"section\">\n\t\t\t\t\t\t<div class=\"elementor-container elementor-column-gap-no\">\n\t\t\t\t\t<div class=\"elementor-column elementor-col-100 elementor-inner-column elementor-element elementor-element-599d41ac\" data-id=\"599d41ac\" data-element_type=\"column\">\n\t\t\t<div class=\"elementor-widget-wrap elementor-element-populated\">\n\t\t\t\t\t\t<div class=\"elementor-element elementor-element-2e8a5eeb elementor-widget__width-auto elementor-widget elementor-widget-button\" data-id=\"2e8a5eeb\" data-element_type=\"widget\" data-widget_type=\"button.default\">\n\t\t\t\t<div class=\"elementor-widget-container\">\n\t\t\t\t\t\t\t\t\t<div class=\"elementor-button-wrapper\">\n\t\t\t\t\t<a class=\"elementor-button elementor-button-link elementor-size-lg\" href=\"https:\/\/andermattmusic.ch\/de\/event\/pacific-quartet-vienna\/\">\n\t\t\t\t\t\t<span class=\"elementor-button-content-wrapper\">\n\t\t\t\t\t\t<span class=\"elementor-button-icon\">\n\t\t\t\t<svg xmlns=\"http:\/\/www.w3.org\/2000\/svg\" xmlns:xlink=\"http:\/\/www.w3.org\/1999\/xlink\" x=\"0px\" y=\"0px\" viewBox=\"0 0 35 35.2\" xml:space=\"preserve\"><path fill=\"currentColor\" d=\"M17.5,0.9C8.387,0.9,1,8.287,1,17.4c0,9.113,7.387,16.5,16.5,16.5S34,26.513,34,17.4 C34,8.287,26.613,0.9,17.5,0.9z M14.3,30l-1.2-1.2l11.1-11.1l-10.9-11l1.3-1.3l12.2,12.2L14.3,30z\"><\/path><\/svg>\t\t\t<\/span>\n\t\t\t\t\t\t\t\t\t<span class=\"elementor-button-text\">Programm<\/span>\n\t\t\t\t\t<\/span>\n\t\t\t\t\t<\/a>\n\t\t\t\t<\/div>\n\t\t\t\t\t\t\t\t<\/div>\n\t\t\t\t<\/div>\n\t\t\t\t\t<\/div>\n\t\t<\/div>\n\t\t\t\t\t<\/div>\n\t\t<\/section>\n\t\t\t\t\t<\/div>\n\t\t<\/div>\n\t\t\t\t\t<\/div>\n\t\t<\/section>\n\t\t\t\t<\/div>\n\t\t\t\t<\/article>\n\t\t\t\t<article id=\"post-10993\" class=\"elementor-post elementor-grid-item ecs-post-loop post-10993 event type-event status-publish has-post-thumbnail hentry\">\n\t\t\t\t<div data-elementor-type=\"loop\" data-elementor-id=\"5729\" class=\"elementor elementor-5729 post-10993 event type-event status-publish has-post-thumbnail hentry\" data-elementor-post-type=\"elementor_library\">\n\t\t\t\t\t<section class=\"elementor-section elementor-top-section elementor-element elementor-element-4acc5669 elementor-section-boxed elementor-section-height-default elementor-section-height-default\" data-id=\"4acc5669\" data-element_type=\"section\">\n\t\t\t\t\t\t<div class=\"elementor-container elementor-column-gap-wide\">\n\t\t\t\t\t<div class=\"elementor-column elementor-col-33 elementor-top-column elementor-element elementor-element-2c329341\" data-id=\"2c329341\" data-element_type=\"column\">\n\t\t\t<div class=\"elementor-widget-wrap elementor-element-populated\">\n\t\t\t\t\t\t<div class=\"elementor-element elementor-element-3327e9c5 elementor-widget elementor-widget-text-editor\" data-id=\"3327e9c5\" data-element_type=\"widget\" data-widget_type=\"text-editor.default\">\n\t\t\t\t<div class=\"elementor-widget-container\">\n\t\t\t\t\t\t\t\t\tSamstag, 27.12.2025\t\t\t\t\t\t\t\t<\/div>\n\t\t\t\t<\/div>\n\t\t\t\t<div class=\"elementor-element elementor-element-2faffde7 elementor-widget elementor-widget-text-editor\" data-id=\"2faffde7\" data-element_type=\"widget\" data-widget_type=\"text-editor.default\">\n\t\t\t\t<div class=\"elementor-widget-container\">\n\t\t\t\t\t\t\t\t\t19.30 Uhr\t\t\t\t\t\t\t\t<\/div>\n\t\t\t\t<\/div>\n\t\t\t\t<div class=\"elementor-element elementor-element-16b635aa elementor-widget elementor-widget-image\" data-id=\"16b635aa\" data-element_type=\"widget\" data-widget_type=\"image.default\">\n\t\t\t\t<div class=\"elementor-widget-container\">\n\t\t\t\t\t\t\t\t\t\t\t\t\t\t\t\t<a href=\"https:\/\/andermattmusic.ch\/de\/event\/kinimode\/\">\n\t\t\t\t\t\t\t<img loading=\"lazy\" decoding=\"async\" width=\"700\" height=\"700\" src=\"https:\/\/andermattmusic.ch\/wp-content\/uploads\/2025\/04\/7_KINIMODE-700x700.jpg\" class=\"attachment-performers_list_image size-performers_list_image wp-image-10994\" alt=\"Kinimode, Dominik Fl\u00fcckiger, Lukas Gernet, Pirmin Huber, Christian Z\u00fcnd, Dave Hasler, Mario Alonso, Andermatt Music, Andermatt Konzerthalle\" srcset=\"https:\/\/andermattmusic.ch\/wp-content\/uploads\/2025\/04\/7_KINIMODE-700x700.jpg 700w, https:\/\/andermattmusic.ch\/wp-content\/uploads\/2025\/04\/7_KINIMODE-150x150.jpg 150w\" sizes=\"(max-width: 700px) 100vw, 700px\" \/>\t\t\t\t\t\t\t\t<\/a>\n\t\t\t\t\t\t\t\t\t\t\t\t\t\t\t<\/div>\n\t\t\t\t<\/div>\n\t\t\t\t\t<\/div>\n\t\t<\/div>\n\t\t\t\t<div class=\"elementor-column elementor-col-66 elementor-top-column elementor-element elementor-element-79fd2a9d\" data-id=\"79fd2a9d\" data-element_type=\"column\">\n\t\t\t<div class=\"elementor-widget-wrap elementor-element-populated\">\n\t\t\t\t\t\t<div class=\"elementor-element elementor-element-767765d2 elementor-widget elementor-widget-heading\" data-id=\"767765d2\" data-element_type=\"widget\" data-widget_type=\"heading.default\">\n\t\t\t\t<div class=\"elementor-widget-container\">\n\t\t\t\t\t<h2 class=\"elementor-heading-title elementor-size-default\"><a href=\"https:\/\/andermattmusic.ch\/de\/event\/kinimode\/\">Kinimode<\/a><\/h2>\t\t\t\t<\/div>\n\t\t\t\t<\/div>\n\t\t\t\t<div class=\"elementor-element elementor-element-3d0bc17 elementor-widget elementor-widget-text-editor\" data-id=\"3d0bc17\" data-element_type=\"widget\" data-widget_type=\"text-editor.default\">\n\t\t\t\t<div class=\"elementor-widget-container\">\n\t\t\t\t\t\t\t\t\t<p><strong>NEUE VOLKSMUSIK<\/strong><\/p>\n<p>Kinimode<\/p>\n<p>Dominik Fl\u00fcckiger, Schwyzer\u00f6rgeli<br \/>\nLukas Gernet, Klavier<br \/>\nPirmin Huber, Bass<br \/>\nChristian Z\u00fcnd, Schlagzeug<br \/>\nDave Hasler, Gitarre<br \/>\nMario Alonso, Saxofon<\/p>\n<p>Mit Dominik Fl\u00fcckigers Kinimode trifft Schweizer Volksmusik auf Pop, Jazz und Funk: Mal rhythmisch-elektrisierend, mal melancholisch-zur\u00fcckhaltend und immer voller Leidenschaft, Kreativit\u00e4t und Magie.<\/p>\n&mdash;\t\t\t\t\t\t\t\t<\/div>\n\t\t\t\t<\/div>\n\t\t\t\t<section class=\"elementor-section elementor-inner-section elementor-element elementor-element-5b459e1 elementor-section-full_width elementor-section-height-default elementor-section-height-default\" data-id=\"5b459e1\" data-element_type=\"section\">\n\t\t\t\t\t\t<div class=\"elementor-container elementor-column-gap-no\">\n\t\t\t\t\t<div class=\"elementor-column elementor-col-100 elementor-inner-column elementor-element elementor-element-599d41ac\" data-id=\"599d41ac\" data-element_type=\"column\">\n\t\t\t<div class=\"elementor-widget-wrap elementor-element-populated\">\n\t\t\t\t\t\t<div class=\"elementor-element elementor-element-2e8a5eeb elementor-widget__width-auto elementor-widget elementor-widget-button\" data-id=\"2e8a5eeb\" data-element_type=\"widget\" data-widget_type=\"button.default\">\n\t\t\t\t<div class=\"elementor-widget-container\">\n\t\t\t\t\t\t\t\t\t<div class=\"elementor-button-wrapper\">\n\t\t\t\t\t<a class=\"elementor-button elementor-button-link elementor-size-lg\" href=\"https:\/\/andermattmusic.ch\/de\/event\/kinimode\/\">\n\t\t\t\t\t\t<span class=\"elementor-button-content-wrapper\">\n\t\t\t\t\t\t<span class=\"elementor-button-icon\">\n\t\t\t\t<svg xmlns=\"http:\/\/www.w3.org\/2000\/svg\" xmlns:xlink=\"http:\/\/www.w3.org\/1999\/xlink\" x=\"0px\" y=\"0px\" viewBox=\"0 0 35 35.2\" xml:space=\"preserve\"><path fill=\"currentColor\" d=\"M17.5,0.9C8.387,0.9,1,8.287,1,17.4c0,9.113,7.387,16.5,16.5,16.5S34,26.513,34,17.4 C34,8.287,26.613,0.9,17.5,0.9z M14.3,30l-1.2-1.2l11.1-11.1l-10.9-11l1.3-1.3l12.2,12.2L14.3,30z\"><\/path><\/svg>\t\t\t<\/span>\n\t\t\t\t\t\t\t\t\t<span class=\"elementor-button-text\">Programm<\/span>\n\t\t\t\t\t<\/span>\n\t\t\t\t\t<\/a>\n\t\t\t\t<\/div>\n\t\t\t\t\t\t\t\t<\/div>\n\t\t\t\t<\/div>\n\t\t\t\t\t<\/div>\n\t\t<\/div>\n\t\t\t\t\t<\/div>\n\t\t<\/section>\n\t\t\t\t\t<\/div>\n\t\t<\/div>\n\t\t\t\t\t<\/div>\n\t\t<\/section>\n\t\t\t\t<\/div>\n\t\t\t\t<\/article>\n\t\t\t\t<article id=\"post-10989\" class=\"elementor-post elementor-grid-item ecs-post-loop post-10989 event type-event status-publish has-post-thumbnail hentry composer-gioachino-rossini composer-hans-huber composer-piotr-iljitsch-tschaikowski\">\n\t\t\t\t<div data-elementor-type=\"loop\" data-elementor-id=\"5729\" class=\"elementor elementor-5729 post-10989 event type-event status-publish has-post-thumbnail hentry composer-gioachino-rossini composer-hans-huber composer-piotr-iljitsch-tschaikowski\" data-elementor-post-type=\"elementor_library\">\n\t\t\t\t\t<section class=\"elementor-section elementor-top-section elementor-element elementor-element-4acc5669 elementor-section-boxed elementor-section-height-default elementor-section-height-default\" data-id=\"4acc5669\" data-element_type=\"section\">\n\t\t\t\t\t\t<div class=\"elementor-container elementor-column-gap-wide\">\n\t\t\t\t\t<div class=\"elementor-column elementor-col-33 elementor-top-column elementor-element elementor-element-2c329341\" data-id=\"2c329341\" data-element_type=\"column\">\n\t\t\t<div class=\"elementor-widget-wrap elementor-element-populated\">\n\t\t\t\t\t\t<div class=\"elementor-element elementor-element-3327e9c5 elementor-widget elementor-widget-text-editor\" data-id=\"3327e9c5\" data-element_type=\"widget\" data-widget_type=\"text-editor.default\">\n\t\t\t\t<div class=\"elementor-widget-container\">\n\t\t\t\t\t\t\t\t\tSonntag, 30.11.2025\t\t\t\t\t\t\t\t<\/div>\n\t\t\t\t<\/div>\n\t\t\t\t<div class=\"elementor-element elementor-element-2faffde7 elementor-widget elementor-widget-text-editor\" data-id=\"2faffde7\" data-element_type=\"widget\" data-widget_type=\"text-editor.default\">\n\t\t\t\t<div class=\"elementor-widget-container\">\n\t\t\t\t\t\t\t\t\t17.00 Uhr\t\t\t\t\t\t\t\t<\/div>\n\t\t\t\t<\/div>\n\t\t\t\t<div class=\"elementor-element elementor-element-16b635aa elementor-widget elementor-widget-image\" data-id=\"16b635aa\" data-element_type=\"widget\" data-widget_type=\"image.default\">\n\t\t\t\t<div class=\"elementor-widget-container\">\n\t\t\t\t\t\t\t\t\t\t\t\t\t\t\t\t<a href=\"https:\/\/andermattmusic.ch\/de\/event\/tell-swiss-legend\/\">\n\t\t\t\t\t\t\t<img loading=\"lazy\" decoding=\"async\" width=\"700\" height=\"700\" src=\"https:\/\/andermattmusic.ch\/wp-content\/uploads\/2025\/04\/6_SO_SCHEPS-700x700.jpg\" class=\"attachment-performers_list_image size-performers_list_image wp-image-10990\" alt=\"Olga Scheps, Swiss Orchestra, Lena-Lisa W\u00fcstend\u00f6rfer, Andermatt Music, Andermatt Konzerthalle\" srcset=\"https:\/\/andermattmusic.ch\/wp-content\/uploads\/2025\/04\/6_SO_SCHEPS-700x700.jpg 700w, https:\/\/andermattmusic.ch\/wp-content\/uploads\/2025\/04\/6_SO_SCHEPS-150x150.jpg 150w\" sizes=\"(max-width: 700px) 100vw, 700px\" \/>\t\t\t\t\t\t\t\t<\/a>\n\t\t\t\t\t\t\t\t\t\t\t\t\t\t\t<\/div>\n\t\t\t\t<\/div>\n\t\t\t\t\t<\/div>\n\t\t<\/div>\n\t\t\t\t<div class=\"elementor-column elementor-col-66 elementor-top-column elementor-element elementor-element-79fd2a9d\" data-id=\"79fd2a9d\" data-element_type=\"column\">\n\t\t\t<div class=\"elementor-widget-wrap elementor-element-populated\">\n\t\t\t\t\t\t<div class=\"elementor-element elementor-element-767765d2 elementor-widget elementor-widget-heading\" data-id=\"767765d2\" data-element_type=\"widget\" data-widget_type=\"heading.default\">\n\t\t\t\t<div class=\"elementor-widget-container\">\n\t\t\t\t\t<h2 class=\"elementor-heading-title elementor-size-default\"><a href=\"https:\/\/andermattmusic.ch\/de\/event\/tell-swiss-legend\/\">Tell, Swiss Legend<\/a><\/h2>\t\t\t\t<\/div>\n\t\t\t\t<\/div>\n\t\t\t\t<div class=\"elementor-element elementor-element-3d0bc17 elementor-widget elementor-widget-text-editor\" data-id=\"3d0bc17\" data-element_type=\"widget\" data-widget_type=\"text-editor.default\">\n\t\t\t\t<div class=\"elementor-widget-container\">\n\t\t\t\t\t\t\t\t\t<p><strong>SINFONIEKONZERT<\/strong><\/p>\n<p>Olga Scheps, Klavier<br \/>\nSwiss Orchestra<br \/>\nLena-Lisa W\u00fcstend\u00f6rfer, Leitung<\/p>\n<p>Wilhelm Tell, die wohl sagenhafteste Figur der Schweizer Geschichte, steht im Zentrum des Swiss Orchestra-Konzerts mit der brillanten Pianistin Olga Scheps. Neben Rossinis Tell-Ouvert\u00fcre und Hubers Tell-Sinfonie erklingt Tschaikowskis 1. Klavierkonzert.<\/p>\n&mdash;\t\t\t\t\t\t\t\t<\/div>\n\t\t\t\t<\/div>\n\t\t\t\t<section class=\"elementor-section elementor-inner-section elementor-element elementor-element-5b459e1 elementor-section-full_width elementor-section-height-default elementor-section-height-default\" data-id=\"5b459e1\" data-element_type=\"section\">\n\t\t\t\t\t\t<div class=\"elementor-container elementor-column-gap-no\">\n\t\t\t\t\t<div class=\"elementor-column elementor-col-100 elementor-inner-column elementor-element elementor-element-599d41ac\" data-id=\"599d41ac\" data-element_type=\"column\">\n\t\t\t<div class=\"elementor-widget-wrap elementor-element-populated\">\n\t\t\t\t\t\t<div class=\"elementor-element elementor-element-2e8a5eeb elementor-widget__width-auto elementor-widget elementor-widget-button\" data-id=\"2e8a5eeb\" data-element_type=\"widget\" data-widget_type=\"button.default\">\n\t\t\t\t<div class=\"elementor-widget-container\">\n\t\t\t\t\t\t\t\t\t<div class=\"elementor-button-wrapper\">\n\t\t\t\t\t<a class=\"elementor-button elementor-button-link elementor-size-lg\" href=\"https:\/\/andermattmusic.ch\/de\/event\/tell-swiss-legend\/\">\n\t\t\t\t\t\t<span class=\"elementor-button-content-wrapper\">\n\t\t\t\t\t\t<span class=\"elementor-button-icon\">\n\t\t\t\t<svg xmlns=\"http:\/\/www.w3.org\/2000\/svg\" xmlns:xlink=\"http:\/\/www.w3.org\/1999\/xlink\" x=\"0px\" y=\"0px\" viewBox=\"0 0 35 35.2\" xml:space=\"preserve\"><path fill=\"currentColor\" d=\"M17.5,0.9C8.387,0.9,1,8.287,1,17.4c0,9.113,7.387,16.5,16.5,16.5S34,26.513,34,17.4 C34,8.287,26.613,0.9,17.5,0.9z M14.3,30l-1.2-1.2l11.1-11.1l-10.9-11l1.3-1.3l12.2,12.2L14.3,30z\"><\/path><\/svg>\t\t\t<\/span>\n\t\t\t\t\t\t\t\t\t<span class=\"elementor-button-text\">Programm<\/span>\n\t\t\t\t\t<\/span>\n\t\t\t\t\t<\/a>\n\t\t\t\t<\/div>\n\t\t\t\t\t\t\t\t<\/div>\n\t\t\t\t<\/div>\n\t\t\t\t\t<\/div>\n\t\t<\/div>\n\t\t\t\t\t<\/div>\n\t\t<\/section>\n\t\t\t\t\t<\/div>\n\t\t<\/div>\n\t\t\t\t\t<\/div>\n\t\t<\/section>\n\t\t\t\t<\/div>\n\t\t\t\t<\/article>\n\t\t\t\t<article id=\"post-10740\" class=\"elementor-post elementor-grid-item ecs-post-loop post-10740 event type-event status-publish has-post-thumbnail hentry\">\n\t\t\t\t<div data-elementor-type=\"loop\" data-elementor-id=\"5729\" class=\"elementor elementor-5729 post-10740 event type-event status-publish has-post-thumbnail hentry\" data-elementor-post-type=\"elementor_library\">\n\t\t\t\t\t<section class=\"elementor-section elementor-top-section elementor-element elementor-element-4acc5669 elementor-section-boxed elementor-section-height-default elementor-section-height-default\" data-id=\"4acc5669\" data-element_type=\"section\">\n\t\t\t\t\t\t<div class=\"elementor-container elementor-column-gap-wide\">\n\t\t\t\t\t<div class=\"elementor-column elementor-col-33 elementor-top-column elementor-element elementor-element-2c329341\" data-id=\"2c329341\" data-element_type=\"column\">\n\t\t\t<div class=\"elementor-widget-wrap elementor-element-populated\">\n\t\t\t\t\t\t<div class=\"elementor-element elementor-element-3327e9c5 elementor-widget elementor-widget-text-editor\" data-id=\"3327e9c5\" data-element_type=\"widget\" data-widget_type=\"text-editor.default\">\n\t\t\t\t<div class=\"elementor-widget-container\">\n\t\t\t\t\t\t\t\t\tSamstag, 25.10.2025\t\t\t\t\t\t\t\t<\/div>\n\t\t\t\t<\/div>\n\t\t\t\t<div class=\"elementor-element elementor-element-2faffde7 elementor-widget elementor-widget-text-editor\" data-id=\"2faffde7\" data-element_type=\"widget\" data-widget_type=\"text-editor.default\">\n\t\t\t\t<div class=\"elementor-widget-container\">\n\t\t\t\t\t\t\t\t\t19.30 Uhr\t\t\t\t\t\t\t\t<\/div>\n\t\t\t\t<\/div>\n\t\t\t\t<div class=\"elementor-element elementor-element-16b635aa elementor-widget elementor-widget-image\" data-id=\"16b635aa\" data-element_type=\"widget\" data-widget_type=\"image.default\">\n\t\t\t\t<div class=\"elementor-widget-container\">\n\t\t\t\t\t\t\t\t\t\t\t\t\t\t\t\t<a href=\"https:\/\/andermattmusic.ch\/de\/event\/the-bash-teil-2-airolo\/\">\n\t\t\t\t\t\t\t<img loading=\"lazy\" decoding=\"async\" width=\"700\" height=\"700\" src=\"https:\/\/andermattmusic.ch\/wp-content\/uploads\/2025\/03\/AM_2025.10.24-700x700.jpg\" class=\"attachment-performers_list_image size-performers_list_image wp-image-11093\" alt=\"The Bash, Andermatt Music, Bligg, Lena-Lisa W\u00fcstend\u00f6rfer\" srcset=\"https:\/\/andermattmusic.ch\/wp-content\/uploads\/2025\/03\/AM_2025.10.24-700x700.jpg 700w, https:\/\/andermattmusic.ch\/wp-content\/uploads\/2025\/03\/AM_2025.10.24-150x150.jpg 150w\" sizes=\"(max-width: 700px) 100vw, 700px\" \/>\t\t\t\t\t\t\t\t<\/a>\n\t\t\t\t\t\t\t\t\t\t\t\t\t\t\t<\/div>\n\t\t\t\t<\/div>\n\t\t\t\t\t<\/div>\n\t\t<\/div>\n\t\t\t\t<div class=\"elementor-column elementor-col-66 elementor-top-column elementor-element elementor-element-79fd2a9d\" data-id=\"79fd2a9d\" data-element_type=\"column\">\n\t\t\t<div class=\"elementor-widget-wrap elementor-element-populated\">\n\t\t\t\t\t\t<div class=\"elementor-element elementor-element-767765d2 elementor-widget elementor-widget-heading\" data-id=\"767765d2\" data-element_type=\"widget\" data-widget_type=\"heading.default\">\n\t\t\t\t<div class=\"elementor-widget-container\">\n\t\t\t\t\t<h2 class=\"elementor-heading-title elementor-size-default\"><a href=\"https:\/\/andermattmusic.ch\/de\/event\/the-bash-teil-2-airolo\/\">The Bash: Teil 2 \u2013 Airolo<\/a><\/h2>\t\t\t\t<\/div>\n\t\t\t\t<\/div>\n\t\t\t\t<div class=\"elementor-element elementor-element-3d0bc17 elementor-widget elementor-widget-text-editor\" data-id=\"3d0bc17\" data-element_type=\"widget\" data-widget_type=\"text-editor.default\">\n\t\t\t\t<div class=\"elementor-widget-container\">\n\t\t\t\t\t\t\t\t\t<p>Artiste \u00e9toile: Bligg<br \/>\nIdee &#038; Konzeption: Lena-Lisa W\u00fcstend\u00f6rfer<\/p>\n<p>Bligg<br \/>\nSwiss Orchestra<br \/>\nLena-Lisa W\u00fcstend\u00f6rfer, Leitung<\/p>\n<p>Am zweiten Abend von \u00abThe Bash\u00bb begeben sich Bligg und Lena-Lisa W\u00fcstend\u00f6rfer mit dem grossen Swiss Orchestra auf ungewohntes Terrain: Gemeinsam wagen der Mundarts\u00e4nger und die Dirigentin einen unkonventionellen, \u00fcberraschenden Br\u00fcckenschlag zwischen Klassik und Pop.<br \/>\nLive in der Andermatt Konzerthalle.<\/p>\n&mdash;\t\t\t\t\t\t\t\t<\/div>\n\t\t\t\t<\/div>\n\t\t\t\t<section class=\"elementor-section elementor-inner-section elementor-element elementor-element-5b459e1 elementor-section-full_width elementor-section-height-default elementor-section-height-default\" data-id=\"5b459e1\" data-element_type=\"section\">\n\t\t\t\t\t\t<div class=\"elementor-container elementor-column-gap-no\">\n\t\t\t\t\t<div class=\"elementor-column elementor-col-100 elementor-inner-column elementor-element elementor-element-599d41ac\" data-id=\"599d41ac\" data-element_type=\"column\">\n\t\t\t<div class=\"elementor-widget-wrap elementor-element-populated\">\n\t\t\t\t\t\t<div class=\"elementor-element elementor-element-2e8a5eeb elementor-widget__width-auto elementor-widget elementor-widget-button\" data-id=\"2e8a5eeb\" data-element_type=\"widget\" data-widget_type=\"button.default\">\n\t\t\t\t<div class=\"elementor-widget-container\">\n\t\t\t\t\t\t\t\t\t<div class=\"elementor-button-wrapper\">\n\t\t\t\t\t<a class=\"elementor-button elementor-button-link elementor-size-lg\" href=\"https:\/\/andermattmusic.ch\/de\/event\/the-bash-teil-2-airolo\/\">\n\t\t\t\t\t\t<span class=\"elementor-button-content-wrapper\">\n\t\t\t\t\t\t<span class=\"elementor-button-icon\">\n\t\t\t\t<svg xmlns=\"http:\/\/www.w3.org\/2000\/svg\" xmlns:xlink=\"http:\/\/www.w3.org\/1999\/xlink\" x=\"0px\" y=\"0px\" viewBox=\"0 0 35 35.2\" xml:space=\"preserve\"><path fill=\"currentColor\" d=\"M17.5,0.9C8.387,0.9,1,8.287,1,17.4c0,9.113,7.387,16.5,16.5,16.5S34,26.513,34,17.4 C34,8.287,26.613,0.9,17.5,0.9z M14.3,30l-1.2-1.2l11.1-11.1l-10.9-11l1.3-1.3l12.2,12.2L14.3,30z\"><\/path><\/svg>\t\t\t<\/span>\n\t\t\t\t\t\t\t\t\t<span class=\"elementor-button-text\">Programm<\/span>\n\t\t\t\t\t<\/span>\n\t\t\t\t\t<\/a>\n\t\t\t\t<\/div>\n\t\t\t\t\t\t\t\t<\/div>\n\t\t\t\t<\/div>\n\t\t\t\t\t<\/div>\n\t\t<\/div>\n\t\t\t\t\t<\/div>\n\t\t<\/section>\n\t\t\t\t\t<\/div>\n\t\t<\/div>\n\t\t\t\t\t<\/div>\n\t\t<\/section>\n\t\t\t\t<\/div>\n\t\t\t\t<\/article>\n\t\t\t\t<article id=\"post-10739\" class=\"elementor-post elementor-grid-item ecs-post-loop post-10739 event type-event status-publish has-post-thumbnail hentry\">\n\t\t\t\t<div data-elementor-type=\"loop\" data-elementor-id=\"5729\" class=\"elementor elementor-5729 post-10739 event type-event status-publish has-post-thumbnail hentry\" data-elementor-post-type=\"elementor_library\">\n\t\t\t\t\t<section class=\"elementor-section elementor-top-section elementor-element elementor-element-4acc5669 elementor-section-boxed elementor-section-height-default elementor-section-height-default\" data-id=\"4acc5669\" data-element_type=\"section\">\n\t\t\t\t\t\t<div class=\"elementor-container elementor-column-gap-wide\">\n\t\t\t\t\t<div class=\"elementor-column elementor-col-33 elementor-top-column elementor-element elementor-element-2c329341\" data-id=\"2c329341\" data-element_type=\"column\">\n\t\t\t<div class=\"elementor-widget-wrap elementor-element-populated\">\n\t\t\t\t\t\t<div class=\"elementor-element elementor-element-3327e9c5 elementor-widget elementor-widget-text-editor\" data-id=\"3327e9c5\" data-element_type=\"widget\" data-widget_type=\"text-editor.default\">\n\t\t\t\t<div class=\"elementor-widget-container\">\n\t\t\t\t\t\t\t\t\tFreitag, 24.10.2025\t\t\t\t\t\t\t\t<\/div>\n\t\t\t\t<\/div>\n\t\t\t\t<div class=\"elementor-element elementor-element-2faffde7 elementor-widget elementor-widget-text-editor\" data-id=\"2faffde7\" data-element_type=\"widget\" data-widget_type=\"text-editor.default\">\n\t\t\t\t<div class=\"elementor-widget-container\">\n\t\t\t\t\t\t\t\t\t19.30 Uhr\t\t\t\t\t\t\t\t<\/div>\n\t\t\t\t<\/div>\n\t\t\t\t<div class=\"elementor-element elementor-element-16b635aa elementor-widget elementor-widget-image\" data-id=\"16b635aa\" data-element_type=\"widget\" data-widget_type=\"image.default\">\n\t\t\t\t<div class=\"elementor-widget-container\">\n\t\t\t\t\t\t\t\t\t\t\t\t\t\t\t\t<a href=\"https:\/\/andermattmusic.ch\/de\/event\/the-bash-teil-1-goeschenen\/\">\n\t\t\t\t\t\t\t<img loading=\"lazy\" decoding=\"async\" width=\"700\" height=\"700\" src=\"https:\/\/andermattmusic.ch\/wp-content\/uploads\/2025\/03\/AM_2025.10.25-700x700.jpg\" class=\"attachment-performers_list_image size-performers_list_image wp-image-11090\" alt=\"The Bash, Andermatt Music, Bligg, Lena-Lisa W\u00fcstend\u00f6rfer\" srcset=\"https:\/\/andermattmusic.ch\/wp-content\/uploads\/2025\/03\/AM_2025.10.25-700x700.jpg 700w, https:\/\/andermattmusic.ch\/wp-content\/uploads\/2025\/03\/AM_2025.10.25-150x150.jpg 150w\" sizes=\"(max-width: 700px) 100vw, 700px\" \/>\t\t\t\t\t\t\t\t<\/a>\n\t\t\t\t\t\t\t\t\t\t\t\t\t\t\t<\/div>\n\t\t\t\t<\/div>\n\t\t\t\t\t<\/div>\n\t\t<\/div>\n\t\t\t\t<div class=\"elementor-column elementor-col-66 elementor-top-column elementor-element elementor-element-79fd2a9d\" data-id=\"79fd2a9d\" data-element_type=\"column\">\n\t\t\t<div class=\"elementor-widget-wrap elementor-element-populated\">\n\t\t\t\t\t\t<div class=\"elementor-element elementor-element-767765d2 elementor-widget elementor-widget-heading\" data-id=\"767765d2\" data-element_type=\"widget\" data-widget_type=\"heading.default\">\n\t\t\t\t<div class=\"elementor-widget-container\">\n\t\t\t\t\t<h2 class=\"elementor-heading-title elementor-size-default\"><a href=\"https:\/\/andermattmusic.ch\/de\/event\/the-bash-teil-1-goeschenen\/\">The Bash: Teil 1 \u2013 G\u00f6schenen<\/a><\/h2>\t\t\t\t<\/div>\n\t\t\t\t<\/div>\n\t\t\t\t<div class=\"elementor-element elementor-element-3d0bc17 elementor-widget elementor-widget-text-editor\" data-id=\"3d0bc17\" data-element_type=\"widget\" data-widget_type=\"text-editor.default\">\n\t\t\t\t<div class=\"elementor-widget-container\">\n\t\t\t\t\t\t\t\t\t<p>Artiste \u00e9toile: Bligg<br \/>\nIdee &#038; Konzeption: Lena-Lisa W\u00fcstend\u00f6rfer<\/p>\n<p>Bligg &#038; Band<br \/>\nSwiss Orchestra Soloists<\/p>\n<p>Anl\u00e4sslich der Neuausgabe von \u00abThe Bash\u00bb gastiert Bligg mit seiner Band und den Swiss Orchestra Soloists in der Andermatt Konzerthalle. Neben melancholischen Balladen d\u00fcrfen die grossen Hits und klassische Facetten nat\u00fcrlich nicht fehlen.<br \/>\nLive in der Andermatt Konzerthalle.<\/p>\n&mdash;\t\t\t\t\t\t\t\t<\/div>\n\t\t\t\t<\/div>\n\t\t\t\t<section class=\"elementor-section elementor-inner-section elementor-element elementor-element-5b459e1 elementor-section-full_width elementor-section-height-default elementor-section-height-default\" data-id=\"5b459e1\" data-element_type=\"section\">\n\t\t\t\t\t\t<div class=\"elementor-container elementor-column-gap-no\">\n\t\t\t\t\t<div class=\"elementor-column elementor-col-100 elementor-inner-column elementor-element elementor-element-599d41ac\" data-id=\"599d41ac\" data-element_type=\"column\">\n\t\t\t<div class=\"elementor-widget-wrap elementor-element-populated\">\n\t\t\t\t\t\t<div class=\"elementor-element elementor-element-2e8a5eeb elementor-widget__width-auto elementor-widget elementor-widget-button\" data-id=\"2e8a5eeb\" data-element_type=\"widget\" data-widget_type=\"button.default\">\n\t\t\t\t<div class=\"elementor-widget-container\">\n\t\t\t\t\t\t\t\t\t<div class=\"elementor-button-wrapper\">\n\t\t\t\t\t<a class=\"elementor-button elementor-button-link elementor-size-lg\" href=\"https:\/\/andermattmusic.ch\/de\/event\/the-bash-teil-1-goeschenen\/\">\n\t\t\t\t\t\t<span class=\"elementor-button-content-wrapper\">\n\t\t\t\t\t\t<span class=\"elementor-button-icon\">\n\t\t\t\t<svg xmlns=\"http:\/\/www.w3.org\/2000\/svg\" xmlns:xlink=\"http:\/\/www.w3.org\/1999\/xlink\" x=\"0px\" y=\"0px\" viewBox=\"0 0 35 35.2\" xml:space=\"preserve\"><path fill=\"currentColor\" d=\"M17.5,0.9C8.387,0.9,1,8.287,1,17.4c0,9.113,7.387,16.5,16.5,16.5S34,26.513,34,17.4 C34,8.287,26.613,0.9,17.5,0.9z M14.3,30l-1.2-1.2l11.1-11.1l-10.9-11l1.3-1.3l12.2,12.2L14.3,30z\"><\/path><\/svg>\t\t\t<\/span>\n\t\t\t\t\t\t\t\t\t<span class=\"elementor-button-text\">Programm<\/span>\n\t\t\t\t\t<\/span>\n\t\t\t\t\t<\/a>\n\t\t\t\t<\/div>\n\t\t\t\t\t\t\t\t<\/div>\n\t\t\t\t<\/div>\n\t\t\t\t\t<\/div>\n\t\t<\/div>\n\t\t\t\t\t<\/div>\n\t\t<\/section>\n\t\t\t\t\t<\/div>\n\t\t<\/div>\n\t\t\t\t\t<\/div>\n\t\t<\/section>\n\t\t\t\t<\/div>\n\t\t\t\t<\/article>\n\t\t\t\t<article id=\"post-10985\" class=\"elementor-post elementor-grid-item ecs-post-loop post-10985 event type-event status-publish has-post-thumbnail hentry\">\n\t\t\t\t<div data-elementor-type=\"loop\" data-elementor-id=\"5729\" class=\"elementor elementor-5729 post-10985 event type-event status-publish has-post-thumbnail hentry\" data-elementor-post-type=\"elementor_library\">\n\t\t\t\t\t<section class=\"elementor-section elementor-top-section elementor-element elementor-element-4acc5669 elementor-section-boxed elementor-section-height-default elementor-section-height-default\" data-id=\"4acc5669\" data-element_type=\"section\">\n\t\t\t\t\t\t<div class=\"elementor-container elementor-column-gap-wide\">\n\t\t\t\t\t<div class=\"elementor-column elementor-col-33 elementor-top-column elementor-element elementor-element-2c329341\" data-id=\"2c329341\" data-element_type=\"column\">\n\t\t\t<div class=\"elementor-widget-wrap elementor-element-populated\">\n\t\t\t\t\t\t<div class=\"elementor-element elementor-element-3327e9c5 elementor-widget elementor-widget-text-editor\" data-id=\"3327e9c5\" data-element_type=\"widget\" data-widget_type=\"text-editor.default\">\n\t\t\t\t<div class=\"elementor-widget-container\">\n\t\t\t\t\t\t\t\t\tSonntag, 28.9.2025\t\t\t\t\t\t\t\t<\/div>\n\t\t\t\t<\/div>\n\t\t\t\t<div class=\"elementor-element elementor-element-2faffde7 elementor-widget elementor-widget-text-editor\" data-id=\"2faffde7\" data-element_type=\"widget\" data-widget_type=\"text-editor.default\">\n\t\t\t\t<div class=\"elementor-widget-container\">\n\t\t\t\t\t\t\t\t\t17.00 Uhr\t\t\t\t\t\t\t\t<\/div>\n\t\t\t\t<\/div>\n\t\t\t\t<div class=\"elementor-element elementor-element-16b635aa elementor-widget elementor-widget-image\" data-id=\"16b635aa\" data-element_type=\"widget\" data-widget_type=\"image.default\">\n\t\t\t\t<div class=\"elementor-widget-container\">\n\t\t\t\t\t\t\t\t\t\t\t\t\t\t\t\t<a href=\"https:\/\/andermattmusic.ch\/de\/event\/helen-maier-the-folks\/\">\n\t\t\t\t\t\t\t<img loading=\"lazy\" decoding=\"async\" width=\"700\" height=\"700\" src=\"https:\/\/andermattmusic.ch\/wp-content\/uploads\/2025\/04\/3_HELEN-MAIER_THE_FOLKS-700x700.jpg\" class=\"attachment-performers_list_image size-performers_list_image wp-image-10986\" alt=\"Helen Maier &amp; The Folks, Andermatt Music, Andermatt Konzerthalle\" srcset=\"https:\/\/andermattmusic.ch\/wp-content\/uploads\/2025\/04\/3_HELEN-MAIER_THE_FOLKS-700x700.jpg 700w, https:\/\/andermattmusic.ch\/wp-content\/uploads\/2025\/04\/3_HELEN-MAIER_THE_FOLKS-150x150.jpg 150w\" sizes=\"(max-width: 700px) 100vw, 700px\" \/>\t\t\t\t\t\t\t\t<\/a>\n\t\t\t\t\t\t\t\t\t\t\t\t\t\t\t<\/div>\n\t\t\t\t<\/div>\n\t\t\t\t\t<\/div>\n\t\t<\/div>\n\t\t\t\t<div class=\"elementor-column elementor-col-66 elementor-top-column elementor-element elementor-element-79fd2a9d\" data-id=\"79fd2a9d\" data-element_type=\"column\">\n\t\t\t<div class=\"elementor-widget-wrap elementor-element-populated\">\n\t\t\t\t\t\t<div class=\"elementor-element elementor-element-767765d2 elementor-widget elementor-widget-heading\" data-id=\"767765d2\" data-element_type=\"widget\" data-widget_type=\"heading.default\">\n\t\t\t\t<div class=\"elementor-widget-container\">\n\t\t\t\t\t<h2 class=\"elementor-heading-title elementor-size-default\"><a href=\"https:\/\/andermattmusic.ch\/de\/event\/helen-maier-the-folks\/\">Helen Maier &#038; The Folks<\/a><\/h2>\t\t\t\t<\/div>\n\t\t\t\t<\/div>\n\t\t\t\t<div class=\"elementor-element elementor-element-3d0bc17 elementor-widget elementor-widget-text-editor\" data-id=\"3d0bc17\" data-element_type=\"widget\" data-widget_type=\"text-editor.default\">\n\t\t\t\t<div class=\"elementor-widget-container\">\n\t\t\t\t\t\t\t\t\t<p><strong>NEUE VOLKSMUSIK<\/strong><\/p>\n<p>Helen Maier &#038; The Folks<\/p>\n<p>Helen Maier, Violine<br \/>\nTobias K\u00fcnzli, Akkordeon &#038; Piano<br \/>\nTheo K\u00e4nzig, Gitarre<br \/>\nJonas K\u00fcnzli, Kontrabass<br \/>\nAdrian B\u00f6ckli, Schlagzeug &#038; Perkussion<br \/>\nMaria Gehrig, Violine (Special Guest)<\/p>\n<p>\u00abHelen Maier &#038; The Folks\u00bb spielen Volksmusik aus vielen Ecken der Welt und fusionieren diese zu ihrem ganz eigenen Stil, wobei Mittelpunkt und musikalisches Zentrum die Schweiz ist. Mit dabei: Special Guest Maria Gehrig.<\/p>\n&mdash;\t\t\t\t\t\t\t\t<\/div>\n\t\t\t\t<\/div>\n\t\t\t\t<section class=\"elementor-section elementor-inner-section elementor-element elementor-element-5b459e1 elementor-section-full_width elementor-section-height-default elementor-section-height-default\" data-id=\"5b459e1\" data-element_type=\"section\">\n\t\t\t\t\t\t<div class=\"elementor-container elementor-column-gap-no\">\n\t\t\t\t\t<div class=\"elementor-column elementor-col-100 elementor-inner-column elementor-element elementor-element-599d41ac\" data-id=\"599d41ac\" data-element_type=\"column\">\n\t\t\t<div class=\"elementor-widget-wrap elementor-element-populated\">\n\t\t\t\t\t\t<div class=\"elementor-element elementor-element-2e8a5eeb elementor-widget__width-auto elementor-widget elementor-widget-button\" data-id=\"2e8a5eeb\" data-element_type=\"widget\" data-widget_type=\"button.default\">\n\t\t\t\t<div class=\"elementor-widget-container\">\n\t\t\t\t\t\t\t\t\t<div class=\"elementor-button-wrapper\">\n\t\t\t\t\t<a class=\"elementor-button elementor-button-link elementor-size-lg\" href=\"https:\/\/andermattmusic.ch\/de\/event\/helen-maier-the-folks\/\">\n\t\t\t\t\t\t<span class=\"elementor-button-content-wrapper\">\n\t\t\t\t\t\t<span class=\"elementor-button-icon\">\n\t\t\t\t<svg xmlns=\"http:\/\/www.w3.org\/2000\/svg\" xmlns:xlink=\"http:\/\/www.w3.org\/1999\/xlink\" x=\"0px\" y=\"0px\" viewBox=\"0 0 35 35.2\" xml:space=\"preserve\"><path fill=\"currentColor\" d=\"M17.5,0.9C8.387,0.9,1,8.287,1,17.4c0,9.113,7.387,16.5,16.5,16.5S34,26.513,34,17.4 C34,8.287,26.613,0.9,17.5,0.9z M14.3,30l-1.2-1.2l11.1-11.1l-10.9-11l1.3-1.3l12.2,12.2L14.3,30z\"><\/path><\/svg>\t\t\t<\/span>\n\t\t\t\t\t\t\t\t\t<span class=\"elementor-button-text\">Programm<\/span>\n\t\t\t\t\t<\/span>\n\t\t\t\t\t<\/a>\n\t\t\t\t<\/div>\n\t\t\t\t\t\t\t\t<\/div>\n\t\t\t\t<\/div>\n\t\t\t\t\t<\/div>\n\t\t<\/div>\n\t\t\t\t\t<\/div>\n\t\t<\/section>\n\t\t\t\t\t<\/div>\n\t\t<\/div>\n\t\t\t\t\t<\/div>\n\t\t<\/section>\n\t\t\t\t<\/div>\n\t\t\t\t<\/article>\n\t\t\t\t<article id=\"post-10981\" class=\"elementor-post elementor-grid-item ecs-post-loop post-10981 event type-event status-publish has-post-thumbnail hentry composer-georges-bizet composer-giuseppe-verdi composer-wolfgang-amadeus-mozart\">\n\t\t\t\t<div data-elementor-type=\"loop\" data-elementor-id=\"5729\" class=\"elementor elementor-5729 post-10981 event type-event status-publish has-post-thumbnail hentry composer-georges-bizet composer-giuseppe-verdi composer-wolfgang-amadeus-mozart\" data-elementor-post-type=\"elementor_library\">\n\t\t\t\t\t<section class=\"elementor-section elementor-top-section elementor-element elementor-element-4acc5669 elementor-section-boxed elementor-section-height-default elementor-section-height-default\" data-id=\"4acc5669\" data-element_type=\"section\">\n\t\t\t\t\t\t<div class=\"elementor-container elementor-column-gap-wide\">\n\t\t\t\t\t<div class=\"elementor-column elementor-col-33 elementor-top-column elementor-element elementor-element-2c329341\" data-id=\"2c329341\" data-element_type=\"column\">\n\t\t\t<div class=\"elementor-widget-wrap elementor-element-populated\">\n\t\t\t\t\t\t<div class=\"elementor-element elementor-element-3327e9c5 elementor-widget elementor-widget-text-editor\" data-id=\"3327e9c5\" data-element_type=\"widget\" data-widget_type=\"text-editor.default\">\n\t\t\t\t<div class=\"elementor-widget-container\">\n\t\t\t\t\t\t\t\t\tSamstag, 27.9.2025\t\t\t\t\t\t\t\t<\/div>\n\t\t\t\t<\/div>\n\t\t\t\t<div class=\"elementor-element elementor-element-2faffde7 elementor-widget elementor-widget-text-editor\" data-id=\"2faffde7\" data-element_type=\"widget\" data-widget_type=\"text-editor.default\">\n\t\t\t\t<div class=\"elementor-widget-container\">\n\t\t\t\t\t\t\t\t\t19.30 Uhr\t\t\t\t\t\t\t\t<\/div>\n\t\t\t\t<\/div>\n\t\t\t\t<div class=\"elementor-element elementor-element-16b635aa elementor-widget elementor-widget-image\" data-id=\"16b635aa\" data-element_type=\"widget\" data-widget_type=\"image.default\">\n\t\t\t\t<div class=\"elementor-widget-container\">\n\t\t\t\t\t\t\t\t\t\t\t\t\t\t\t\t<a href=\"https:\/\/andermattmusic.ch\/de\/event\/a-night-at-the-opera\/\">\n\t\t\t\t\t\t\t<img loading=\"lazy\" decoding=\"async\" width=\"700\" height=\"700\" src=\"https:\/\/andermattmusic.ch\/wp-content\/uploads\/2025\/04\/AM_2025_09_27_neu_2-700x700.jpg\" class=\"attachment-performers_list_image size-performers_list_image wp-image-11891\" alt=\"A Night at the Opera, Operngala, Andermatt Music\" srcset=\"https:\/\/andermattmusic.ch\/wp-content\/uploads\/2025\/04\/AM_2025_09_27_neu_2-700x700.jpg 700w, https:\/\/andermattmusic.ch\/wp-content\/uploads\/2025\/04\/AM_2025_09_27_neu_2-150x150.jpg 150w\" sizes=\"(max-width: 700px) 100vw, 700px\" \/>\t\t\t\t\t\t\t\t<\/a>\n\t\t\t\t\t\t\t\t\t\t\t\t\t\t\t<\/div>\n\t\t\t\t<\/div>\n\t\t\t\t\t<\/div>\n\t\t<\/div>\n\t\t\t\t<div class=\"elementor-column elementor-col-66 elementor-top-column elementor-element elementor-element-79fd2a9d\" data-id=\"79fd2a9d\" data-element_type=\"column\">\n\t\t\t<div class=\"elementor-widget-wrap elementor-element-populated\">\n\t\t\t\t\t\t<div class=\"elementor-element elementor-element-767765d2 elementor-widget elementor-widget-heading\" data-id=\"767765d2\" data-element_type=\"widget\" data-widget_type=\"heading.default\">\n\t\t\t\t<div class=\"elementor-widget-container\">\n\t\t\t\t\t<h2 class=\"elementor-heading-title elementor-size-default\"><a href=\"https:\/\/andermattmusic.ch\/de\/event\/a-night-at-the-opera\/\">A Night at the Opera<\/a><\/h2>\t\t\t\t<\/div>\n\t\t\t\t<\/div>\n\t\t\t\t<div class=\"elementor-element elementor-element-3d0bc17 elementor-widget elementor-widget-text-editor\" data-id=\"3d0bc17\" data-element_type=\"widget\" data-widget_type=\"text-editor.default\">\n\t\t\t\t<div class=\"elementor-widget-container\">\n\t\t\t\t\t\t\t\t\t<p><strong>OPERNGALA<\/strong><\/p>\n<p>Jeanine De Bique, Sopran<br \/>\nFarrah El Dibany, Mezzosopran<br \/>\nValentin Thill, Tenor<br \/>\nMarcus Farnsworth, Bariton<br \/>\nSwiss Orchestra<br \/>\nLena-Lisa W\u00fcstend\u00f6rfer, Leitung<\/p>\n<p>Die Sopranistin Jeanine De Bique, sp\u00e4testens seit ihrer Auszeichnung mit dem Opus Klassik ein gefeierter Star am internationalen Opernhimmel, entf\u00fchrt Sie zusammen mit Farrah El Dibany (Mezzosopran), Valentin Thill (Tenor), Marcus Farnsworth (Bariton) und dem Swiss Orchestra in die wunderbare Welt der Oper.<\/p>\n&mdash;\t\t\t\t\t\t\t\t<\/div>\n\t\t\t\t<\/div>\n\t\t\t\t<section class=\"elementor-section elementor-inner-section elementor-element elementor-element-5b459e1 elementor-section-full_width elementor-section-height-default elementor-section-height-default\" data-id=\"5b459e1\" data-element_type=\"section\">\n\t\t\t\t\t\t<div class=\"elementor-container elementor-column-gap-no\">\n\t\t\t\t\t<div class=\"elementor-column elementor-col-100 elementor-inner-column elementor-element elementor-element-599d41ac\" data-id=\"599d41ac\" data-element_type=\"column\">\n\t\t\t<div class=\"elementor-widget-wrap elementor-element-populated\">\n\t\t\t\t\t\t<div class=\"elementor-element elementor-element-2e8a5eeb elementor-widget__width-auto elementor-widget elementor-widget-button\" data-id=\"2e8a5eeb\" data-element_type=\"widget\" data-widget_type=\"button.default\">\n\t\t\t\t<div class=\"elementor-widget-container\">\n\t\t\t\t\t\t\t\t\t<div class=\"elementor-button-wrapper\">\n\t\t\t\t\t<a class=\"elementor-button elementor-button-link elementor-size-lg\" href=\"https:\/\/andermattmusic.ch\/de\/event\/a-night-at-the-opera\/\">\n\t\t\t\t\t\t<span class=\"elementor-button-content-wrapper\">\n\t\t\t\t\t\t<span class=\"elementor-button-icon\">\n\t\t\t\t<svg xmlns=\"http:\/\/www.w3.org\/2000\/svg\" xmlns:xlink=\"http:\/\/www.w3.org\/1999\/xlink\" x=\"0px\" y=\"0px\" viewBox=\"0 0 35 35.2\" xml:space=\"preserve\"><path fill=\"currentColor\" d=\"M17.5,0.9C8.387,0.9,1,8.287,1,17.4c0,9.113,7.387,16.5,16.5,16.5S34,26.513,34,17.4 C34,8.287,26.613,0.9,17.5,0.9z M14.3,30l-1.2-1.2l11.1-11.1l-10.9-11l1.3-1.3l12.2,12.2L14.3,30z\"><\/path><\/svg>\t\t\t<\/span>\n\t\t\t\t\t\t\t\t\t<span class=\"elementor-button-text\">Programm<\/span>\n\t\t\t\t\t<\/span>\n\t\t\t\t\t<\/a>\n\t\t\t\t<\/div>\n\t\t\t\t\t\t\t\t<\/div>\n\t\t\t\t<\/div>\n\t\t\t\t\t<\/div>\n\t\t<\/div>\n\t\t\t\t\t<\/div>\n\t\t<\/section>\n\t\t\t\t\t<\/div>\n\t\t<\/div>\n\t\t\t\t\t<\/div>\n\t\t<\/section>\n\t\t\t\t<\/div>\n\t\t\t\t<\/article>\n\t\t\t\t<article id=\"post-10975\" class=\"elementor-post elementor-grid-item ecs-post-loop post-10975 event type-event status-publish has-post-thumbnail hentry composer-ivan-fischer composer-johann-sebastian-bach composer-ludwig-van-beethoven\">\n\t\t\t\t<div data-elementor-type=\"loop\" data-elementor-id=\"5729\" class=\"elementor elementor-5729 post-10975 event type-event status-publish has-post-thumbnail hentry composer-ivan-fischer composer-johann-sebastian-bach composer-ludwig-van-beethoven\" data-elementor-post-type=\"elementor_library\">\n\t\t\t\t\t<section class=\"elementor-section elementor-top-section elementor-element elementor-element-4acc5669 elementor-section-boxed elementor-section-height-default elementor-section-height-default\" data-id=\"4acc5669\" data-element_type=\"section\">\n\t\t\t\t\t\t<div class=\"elementor-container elementor-column-gap-wide\">\n\t\t\t\t\t<div class=\"elementor-column elementor-col-33 elementor-top-column elementor-element elementor-element-2c329341\" data-id=\"2c329341\" data-element_type=\"column\">\n\t\t\t<div class=\"elementor-widget-wrap elementor-element-populated\">\n\t\t\t\t\t\t<div class=\"elementor-element elementor-element-3327e9c5 elementor-widget elementor-widget-text-editor\" data-id=\"3327e9c5\" data-element_type=\"widget\" data-widget_type=\"text-editor.default\">\n\t\t\t\t<div class=\"elementor-widget-container\">\n\t\t\t\t\t\t\t\t\tDonnerstag, 25.9.2025\t\t\t\t\t\t\t\t<\/div>\n\t\t\t\t<\/div>\n\t\t\t\t<div class=\"elementor-element elementor-element-2faffde7 elementor-widget elementor-widget-text-editor\" data-id=\"2faffde7\" data-element_type=\"widget\" data-widget_type=\"text-editor.default\">\n\t\t\t\t<div class=\"elementor-widget-container\">\n\t\t\t\t\t\t\t\t\t19.30 Uhr\t\t\t\t\t\t\t\t<\/div>\n\t\t\t\t<\/div>\n\t\t\t\t<div class=\"elementor-element elementor-element-16b635aa elementor-widget elementor-widget-image\" data-id=\"16b635aa\" data-element_type=\"widget\" data-widget_type=\"image.default\">\n\t\t\t\t<div class=\"elementor-widget-container\">\n\t\t\t\t\t\t\t\t\t\t\t\t\t\t\t\t<a href=\"https:\/\/andermattmusic.ch\/de\/event\/budapest-festival-orchestra\/\">\n\t\t\t\t\t\t\t<img loading=\"lazy\" decoding=\"async\" width=\"700\" height=\"700\" src=\"https:\/\/andermattmusic.ch\/wp-content\/uploads\/2025\/04\/1_BUDAPEST_FESTIVAL_BRAUNSTEIN-700x700.jpg\" class=\"attachment-performers_list_image size-performers_list_image wp-image-10976\" alt=\"Budapest Festival Orchestra, Iv\u00e1n Fischer, Guy Braunstein, Andermatt Music\" srcset=\"https:\/\/andermattmusic.ch\/wp-content\/uploads\/2025\/04\/1_BUDAPEST_FESTIVAL_BRAUNSTEIN-700x700.jpg 700w, https:\/\/andermattmusic.ch\/wp-content\/uploads\/2025\/04\/1_BUDAPEST_FESTIVAL_BRAUNSTEIN-150x150.jpg 150w\" sizes=\"(max-width: 700px) 100vw, 700px\" \/>\t\t\t\t\t\t\t\t<\/a>\n\t\t\t\t\t\t\t\t\t\t\t\t\t\t\t<\/div>\n\t\t\t\t<\/div>\n\t\t\t\t\t<\/div>\n\t\t<\/div>\n\t\t\t\t<div class=\"elementor-column elementor-col-66 elementor-top-column elementor-element elementor-element-79fd2a9d\" data-id=\"79fd2a9d\" data-element_type=\"column\">\n\t\t\t<div class=\"elementor-widget-wrap elementor-element-populated\">\n\t\t\t\t\t\t<div class=\"elementor-element elementor-element-767765d2 elementor-widget elementor-widget-heading\" data-id=\"767765d2\" data-element_type=\"widget\" data-widget_type=\"heading.default\">\n\t\t\t\t<div class=\"elementor-widget-container\">\n\t\t\t\t\t<h2 class=\"elementor-heading-title elementor-size-default\"><a href=\"https:\/\/andermattmusic.ch\/de\/event\/budapest-festival-orchestra\/\">Budapest Festival Orchestra<\/a><\/h2>\t\t\t\t<\/div>\n\t\t\t\t<\/div>\n\t\t\t\t<div class=\"elementor-element elementor-element-3d0bc17 elementor-widget elementor-widget-text-editor\" data-id=\"3d0bc17\" data-element_type=\"widget\" data-widget_type=\"text-editor.default\">\n\t\t\t\t<div class=\"elementor-widget-container\">\n\t\t\t\t\t\t\t\t\t<p><strong>SAISONER\u00d6FFNUNG<\/strong><\/p>\n<p>Guy Braunstein, Violine<br \/>\nBudapest Festival Orchestra<br \/>\nIv\u00e1n Fischer, Leitung<\/p>\n<p>Zur Saisoner\u00f6ffnung gastiert das Budapest Festival Orchestra unter der Leitung von Iv\u00e1n Fischer in Andermatt. Beethovens 7. Sinfonie und Bachs Orchestersuite Nr. 4 werden durch Fischers \u00abDance Suite\u00bb mit Guy Braunstein an der Violine erg\u00e4nzt.<\/p>\n&mdash;\t\t\t\t\t\t\t\t<\/div>\n\t\t\t\t<\/div>\n\t\t\t\t<section class=\"elementor-section elementor-inner-section elementor-element elementor-element-5b459e1 elementor-section-full_width elementor-section-height-default elementor-section-height-default\" data-id=\"5b459e1\" data-element_type=\"section\">\n\t\t\t\t\t\t<div class=\"elementor-container elementor-column-gap-no\">\n\t\t\t\t\t<div class=\"elementor-column elementor-col-100 elementor-inner-column elementor-element elementor-element-599d41ac\" data-id=\"599d41ac\" data-element_type=\"column\">\n\t\t\t<div class=\"elementor-widget-wrap elementor-element-populated\">\n\t\t\t\t\t\t<div class=\"elementor-element elementor-element-2e8a5eeb elementor-widget__width-auto elementor-widget elementor-widget-button\" data-id=\"2e8a5eeb\" data-element_type=\"widget\" data-widget_type=\"button.default\">\n\t\t\t\t<div class=\"elementor-widget-container\">\n\t\t\t\t\t\t\t\t\t<div class=\"elementor-button-wrapper\">\n\t\t\t\t\t<a class=\"elementor-button elementor-button-link elementor-size-lg\" href=\"https:\/\/andermattmusic.ch\/de\/event\/budapest-festival-orchestra\/\">\n\t\t\t\t\t\t<span class=\"elementor-button-content-wrapper\">\n\t\t\t\t\t\t<span class=\"elementor-button-icon\">\n\t\t\t\t<svg xmlns=\"http:\/\/www.w3.org\/2000\/svg\" xmlns:xlink=\"http:\/\/www.w3.org\/1999\/xlink\" x=\"0px\" y=\"0px\" viewBox=\"0 0 35 35.2\" xml:space=\"preserve\"><path fill=\"currentColor\" d=\"M17.5,0.9C8.387,0.9,1,8.287,1,17.4c0,9.113,7.387,16.5,16.5,16.5S34,26.513,34,17.4 C34,8.287,26.613,0.9,17.5,0.9z M14.3,30l-1.2-1.2l11.1-11.1l-10.9-11l1.3-1.3l12.2,12.2L14.3,30z\"><\/path><\/svg>\t\t\t<\/span>\n\t\t\t\t\t\t\t\t\t<span class=\"elementor-button-text\">Programm<\/span>\n\t\t\t\t\t<\/span>\n\t\t\t\t\t<\/a>\n\t\t\t\t<\/div>\n\t\t\t\t\t\t\t\t<\/div>\n\t\t\t\t<\/div>\n\t\t\t\t\t<\/div>\n\t\t<\/div>\n\t\t\t\t\t<\/div>\n\t\t<\/section>\n\t\t\t\t\t<\/div>\n\t\t<\/div>\n\t\t\t\t\t<\/div>\n\t\t<\/section>\n\t\t\t\t<\/div>\n\t\t\t\t<\/article>\n\t\t\t\t<article id=\"post-9389\" class=\"elementor-post elementor-grid-item ecs-post-loop post-9389 event type-event status-publish has-post-thumbnail hentry composer-felix-mendelssohn-bartholdy composer-ludwig-van-beethoven\">\n\t\t\t\t<div data-elementor-type=\"loop\" data-elementor-id=\"5729\" class=\"elementor elementor-5729 post-9389 event type-event status-publish has-post-thumbnail hentry composer-felix-mendelssohn-bartholdy composer-ludwig-van-beethoven\" data-elementor-post-type=\"elementor_library\">\n\t\t\t\t\t<section class=\"elementor-section elementor-top-section elementor-element elementor-element-4acc5669 elementor-section-boxed elementor-section-height-default elementor-section-height-default\" data-id=\"4acc5669\" data-element_type=\"section\">\n\t\t\t\t\t\t<div class=\"elementor-container elementor-column-gap-wide\">\n\t\t\t\t\t<div class=\"elementor-column elementor-col-33 elementor-top-column elementor-element elementor-element-2c329341\" data-id=\"2c329341\" data-element_type=\"column\">\n\t\t\t<div class=\"elementor-widget-wrap elementor-element-populated\">\n\t\t\t\t\t\t<div class=\"elementor-element elementor-element-3327e9c5 elementor-widget elementor-widget-text-editor\" data-id=\"3327e9c5\" data-element_type=\"widget\" data-widget_type=\"text-editor.default\">\n\t\t\t\t<div class=\"elementor-widget-container\">\n\t\t\t\t\t\t\t\t\tSonntag, 6.7.2025\t\t\t\t\t\t\t\t<\/div>\n\t\t\t\t<\/div>\n\t\t\t\t<div class=\"elementor-element elementor-element-2faffde7 elementor-widget elementor-widget-text-editor\" data-id=\"2faffde7\" data-element_type=\"widget\" data-widget_type=\"text-editor.default\">\n\t\t\t\t<div class=\"elementor-widget-container\">\n\t\t\t\t\t\t\t\t\t17.00 Uhr\t\t\t\t\t\t\t\t<\/div>\n\t\t\t\t<\/div>\n\t\t\t\t<div class=\"elementor-element elementor-element-16b635aa elementor-widget elementor-widget-image\" data-id=\"16b635aa\" data-element_type=\"widget\" data-widget_type=\"image.default\">\n\t\t\t\t<div class=\"elementor-widget-container\">\n\t\t\t\t\t\t\t\t\t\t\t\t\t\t\t\t<a href=\"https:\/\/andermattmusic.ch\/de\/event\/la-scala\/\">\n\t\t\t\t\t\t\t<img loading=\"lazy\" decoding=\"async\" width=\"700\" height=\"700\" src=\"https:\/\/andermattmusic.ch\/wp-content\/uploads\/2024\/05\/AM_2025_07_06-700x700.jpg\" class=\"attachment-performers_list_image size-performers_list_image wp-image-9496\" alt=\"Andermatt Music; Filarmonica della Scala; Julian Rachlin\" srcset=\"https:\/\/andermattmusic.ch\/wp-content\/uploads\/2024\/05\/AM_2025_07_06-700x700.jpg 700w, https:\/\/andermattmusic.ch\/wp-content\/uploads\/2024\/05\/AM_2025_07_06-150x150.jpg 150w\" sizes=\"(max-width: 700px) 100vw, 700px\" \/>\t\t\t\t\t\t\t\t<\/a>\n\t\t\t\t\t\t\t\t\t\t\t\t\t\t\t<\/div>\n\t\t\t\t<\/div>\n\t\t\t\t\t<\/div>\n\t\t<\/div>\n\t\t\t\t<div class=\"elementor-column elementor-col-66 elementor-top-column elementor-element elementor-element-79fd2a9d\" data-id=\"79fd2a9d\" data-element_type=\"column\">\n\t\t\t<div class=\"elementor-widget-wrap elementor-element-populated\">\n\t\t\t\t\t\t<div class=\"elementor-element elementor-element-767765d2 elementor-widget elementor-widget-heading\" data-id=\"767765d2\" data-element_type=\"widget\" data-widget_type=\"heading.default\">\n\t\t\t\t<div class=\"elementor-widget-container\">\n\t\t\t\t\t<h2 class=\"elementor-heading-title elementor-size-default\"><a href=\"https:\/\/andermattmusic.ch\/de\/event\/la-scala\/\">La Scala<\/a><\/h2>\t\t\t\t<\/div>\n\t\t\t\t<\/div>\n\t\t\t\t<div class=\"elementor-element elementor-element-3d0bc17 elementor-widget elementor-widget-text-editor\" data-id=\"3d0bc17\" data-element_type=\"widget\" data-widget_type=\"text-editor.default\">\n\t\t\t\t<div class=\"elementor-widget-container\">\n\t\t\t\t\t\t\t\t\t<p><strong>SINFONIEKONZERT<\/strong><\/p>\n<p>Filarmonica della Scala<br \/>\nJulian Rachlin, Leitung &#038; Violine<\/p>\n<p>Zum Saisonfinale ist die Filarmonica della Scala zu Gast in Andermatt. Ganz ohne Gesang brilliert das Orchester mit Werken von Felix Mendelssohn Bartholdy und Ludwig van Beethoven.<\/p>\n&mdash;\t\t\t\t\t\t\t\t<\/div>\n\t\t\t\t<\/div>\n\t\t\t\t<section class=\"elementor-section elementor-inner-section elementor-element elementor-element-5b459e1 elementor-section-full_width elementor-section-height-default elementor-section-height-default\" data-id=\"5b459e1\" data-element_type=\"section\">\n\t\t\t\t\t\t<div class=\"elementor-container elementor-column-gap-no\">\n\t\t\t\t\t<div class=\"elementor-column elementor-col-100 elementor-inner-column elementor-element elementor-element-599d41ac\" data-id=\"599d41ac\" data-element_type=\"column\">\n\t\t\t<div class=\"elementor-widget-wrap elementor-element-populated\">\n\t\t\t\t\t\t<div class=\"elementor-element elementor-element-2e8a5eeb elementor-widget__width-auto elementor-widget elementor-widget-button\" data-id=\"2e8a5eeb\" data-element_type=\"widget\" data-widget_type=\"button.default\">\n\t\t\t\t<div class=\"elementor-widget-container\">\n\t\t\t\t\t\t\t\t\t<div class=\"elementor-button-wrapper\">\n\t\t\t\t\t<a class=\"elementor-button elementor-button-link elementor-size-lg\" href=\"https:\/\/andermattmusic.ch\/de\/event\/la-scala\/\">\n\t\t\t\t\t\t<span class=\"elementor-button-content-wrapper\">\n\t\t\t\t\t\t<span class=\"elementor-button-icon\">\n\t\t\t\t<svg xmlns=\"http:\/\/www.w3.org\/2000\/svg\" xmlns:xlink=\"http:\/\/www.w3.org\/1999\/xlink\" x=\"0px\" y=\"0px\" viewBox=\"0 0 35 35.2\" xml:space=\"preserve\"><path fill=\"currentColor\" d=\"M17.5,0.9C8.387,0.9,1,8.287,1,17.4c0,9.113,7.387,16.5,16.5,16.5S34,26.513,34,17.4 C34,8.287,26.613,0.9,17.5,0.9z M14.3,30l-1.2-1.2l11.1-11.1l-10.9-11l1.3-1.3l12.2,12.2L14.3,30z\"><\/path><\/svg>\t\t\t<\/span>\n\t\t\t\t\t\t\t\t\t<span class=\"elementor-button-text\">Programm<\/span>\n\t\t\t\t\t<\/span>\n\t\t\t\t\t<\/a>\n\t\t\t\t<\/div>\n\t\t\t\t\t\t\t\t<\/div>\n\t\t\t\t<\/div>\n\t\t\t\t\t<\/div>\n\t\t<\/div>\n\t\t\t\t\t<\/div>\n\t\t<\/section>\n\t\t\t\t\t<\/div>\n\t\t<\/div>\n\t\t\t\t\t<\/div>\n\t\t<\/section>\n\t\t\t\t<\/div>\n\t\t\t\t<\/article>\n\t\t\t\t<article id=\"post-9388\" class=\"elementor-post elementor-grid-item ecs-post-loop post-9388 event type-event status-publish has-post-thumbnail hentry composer-alberto-ginastera composer-camille-saint-saens composer-felix-mendelssohn-bartholdy composer-frederic-chopin composer-johann-sebastian-bach composer-johannes-brahms composer-ludwig-van-beethoven\">\n\t\t\t\t<div data-elementor-type=\"loop\" data-elementor-id=\"5729\" class=\"elementor elementor-5729 post-9388 event type-event status-publish has-post-thumbnail hentry composer-alberto-ginastera composer-camille-saint-saens composer-felix-mendelssohn-bartholdy composer-frederic-chopin composer-johann-sebastian-bach composer-johannes-brahms composer-ludwig-van-beethoven\" data-elementor-post-type=\"elementor_library\">\n\t\t\t\t\t<section class=\"elementor-section elementor-top-section elementor-element elementor-element-4acc5669 elementor-section-boxed elementor-section-height-default elementor-section-height-default\" data-id=\"4acc5669\" data-element_type=\"section\">\n\t\t\t\t\t\t<div class=\"elementor-container elementor-column-gap-wide\">\n\t\t\t\t\t<div class=\"elementor-column elementor-col-33 elementor-top-column elementor-element elementor-element-2c329341\" data-id=\"2c329341\" data-element_type=\"column\">\n\t\t\t<div class=\"elementor-widget-wrap elementor-element-populated\">\n\t\t\t\t\t\t<div class=\"elementor-element elementor-element-3327e9c5 elementor-widget elementor-widget-text-editor\" data-id=\"3327e9c5\" data-element_type=\"widget\" data-widget_type=\"text-editor.default\">\n\t\t\t\t<div class=\"elementor-widget-container\">\n\t\t\t\t\t\t\t\t\tSamstag, 5.7.2025\t\t\t\t\t\t\t\t<\/div>\n\t\t\t\t<\/div>\n\t\t\t\t<div class=\"elementor-element elementor-element-2faffde7 elementor-widget elementor-widget-text-editor\" data-id=\"2faffde7\" data-element_type=\"widget\" data-widget_type=\"text-editor.default\">\n\t\t\t\t<div class=\"elementor-widget-container\">\n\t\t\t\t\t\t\t\t\t19.30 Uhr\t\t\t\t\t\t\t\t<\/div>\n\t\t\t\t<\/div>\n\t\t\t\t<div class=\"elementor-element elementor-element-16b635aa elementor-widget elementor-widget-image\" data-id=\"16b635aa\" data-element_type=\"widget\" data-widget_type=\"image.default\">\n\t\t\t\t<div class=\"elementor-widget-container\">\n\t\t\t\t\t\t\t\t\t\t\t\t\t\t\t\t<a href=\"https:\/\/andermattmusic.ch\/de\/event\/rising-stars\/\">\n\t\t\t\t\t\t\t<img loading=\"lazy\" decoding=\"async\" width=\"700\" height=\"700\" src=\"https:\/\/andermattmusic.ch\/wp-content\/uploads\/2024\/05\/AM_2025_07_05-700x700.jpg\" class=\"attachment-performers_list_image size-performers_list_image wp-image-9493\" alt=\"Andermatt Music; Lang Lang International Music Foundation\" srcset=\"https:\/\/andermattmusic.ch\/wp-content\/uploads\/2024\/05\/AM_2025_07_05-700x700.jpg 700w, https:\/\/andermattmusic.ch\/wp-content\/uploads\/2024\/05\/AM_2025_07_05-150x150.jpg 150w\" sizes=\"(max-width: 700px) 100vw, 700px\" \/>\t\t\t\t\t\t\t\t<\/a>\n\t\t\t\t\t\t\t\t\t\t\t\t\t\t\t<\/div>\n\t\t\t\t<\/div>\n\t\t\t\t\t<\/div>\n\t\t<\/div>\n\t\t\t\t<div class=\"elementor-column elementor-col-66 elementor-top-column elementor-element elementor-element-79fd2a9d\" data-id=\"79fd2a9d\" data-element_type=\"column\">\n\t\t\t<div class=\"elementor-widget-wrap elementor-element-populated\">\n\t\t\t\t\t\t<div class=\"elementor-element elementor-element-767765d2 elementor-widget elementor-widget-heading\" data-id=\"767765d2\" data-element_type=\"widget\" data-widget_type=\"heading.default\">\n\t\t\t\t<div class=\"elementor-widget-container\">\n\t\t\t\t\t<h2 class=\"elementor-heading-title elementor-size-default\"><a href=\"https:\/\/andermattmusic.ch\/de\/event\/rising-stars\/\">Rising Stars<\/a><\/h2>\t\t\t\t<\/div>\n\t\t\t\t<\/div>\n\t\t\t\t<div class=\"elementor-element elementor-element-3d0bc17 elementor-widget elementor-widget-text-editor\" data-id=\"3d0bc17\" data-element_type=\"widget\" data-widget_type=\"text-editor.default\">\n\t\t\t\t<div class=\"elementor-widget-container\">\n\t\t\t\t\t\t\t\t\t<p><strong>KLAVIER-REZITAL<\/strong><\/p>\n<p>Aidan Zhao, Piano<br \/>\nDeva Mira Sperandio, Piano<\/p>\n<p>Zwei grosse Talente der Lang Lang International Music Foundation zeigen ihr beeindruckendes K\u00f6nnen und spielen beliebte Werke von Bach, Beethoven, Brahms, Chopin u.a.<\/p>\n&mdash;\t\t\t\t\t\t\t\t<\/div>\n\t\t\t\t<\/div>\n\t\t\t\t<section class=\"elementor-section elementor-inner-section elementor-element elementor-element-5b459e1 elementor-section-full_width elementor-section-height-default elementor-section-height-default\" data-id=\"5b459e1\" data-element_type=\"section\">\n\t\t\t\t\t\t<div class=\"elementor-container elementor-column-gap-no\">\n\t\t\t\t\t<div class=\"elementor-column elementor-col-100 elementor-inner-column elementor-element elementor-element-599d41ac\" data-id=\"599d41ac\" data-element_type=\"column\">\n\t\t\t<div class=\"elementor-widget-wrap elementor-element-populated\">\n\t\t\t\t\t\t<div class=\"elementor-element elementor-element-2e8a5eeb elementor-widget__width-auto elementor-widget elementor-widget-button\" data-id=\"2e8a5eeb\" data-element_type=\"widget\" data-widget_type=\"button.default\">\n\t\t\t\t<div class=\"elementor-widget-container\">\n\t\t\t\t\t\t\t\t\t<div class=\"elementor-button-wrapper\">\n\t\t\t\t\t<a class=\"elementor-button elementor-button-link elementor-size-lg\" href=\"https:\/\/andermattmusic.ch\/de\/event\/rising-stars\/\">\n\t\t\t\t\t\t<span class=\"elementor-button-content-wrapper\">\n\t\t\t\t\t\t<span class=\"elementor-button-icon\">\n\t\t\t\t<svg xmlns=\"http:\/\/www.w3.org\/2000\/svg\" xmlns:xlink=\"http:\/\/www.w3.org\/1999\/xlink\" x=\"0px\" y=\"0px\" viewBox=\"0 0 35 35.2\" xml:space=\"preserve\"><path fill=\"currentColor\" d=\"M17.5,0.9C8.387,0.9,1,8.287,1,17.4c0,9.113,7.387,16.5,16.5,16.5S34,26.513,34,17.4 C34,8.287,26.613,0.9,17.5,0.9z M14.3,30l-1.2-1.2l11.1-11.1l-10.9-11l1.3-1.3l12.2,12.2L14.3,30z\"><\/path><\/svg>\t\t\t<\/span>\n\t\t\t\t\t\t\t\t\t<span class=\"elementor-button-text\">Programm<\/span>\n\t\t\t\t\t<\/span>\n\t\t\t\t\t<\/a>\n\t\t\t\t<\/div>\n\t\t\t\t\t\t\t\t<\/div>\n\t\t\t\t<\/div>\n\t\t\t\t\t<\/div>\n\t\t<\/div>\n\t\t\t\t\t<\/div>\n\t\t<\/section>\n\t\t\t\t\t<\/div>\n\t\t<\/div>\n\t\t\t\t\t<\/div>\n\t\t<\/section>\n\t\t\t\t<\/div>\n\t\t\t\t<\/article>\n\t\t\t\t<article id=\"post-9387\" class=\"elementor-post elementor-grid-item ecs-post-loop post-9387 event type-event status-publish has-post-thumbnail hentry composer-dmitri-schostakowitsch composer-fazil-say composer-frank-martin composer-wolfgang-amadeus-mozart\">\n\t\t\t\t<div data-elementor-type=\"loop\" data-elementor-id=\"5729\" class=\"elementor elementor-5729 post-9387 event type-event status-publish has-post-thumbnail hentry composer-dmitri-schostakowitsch composer-fazil-say composer-frank-martin composer-wolfgang-amadeus-mozart\" data-elementor-post-type=\"elementor_library\">\n\t\t\t\t\t<section class=\"elementor-section elementor-top-section elementor-element elementor-element-4acc5669 elementor-section-boxed elementor-section-height-default elementor-section-height-default\" data-id=\"4acc5669\" data-element_type=\"section\">\n\t\t\t\t\t\t<div class=\"elementor-container elementor-column-gap-wide\">\n\t\t\t\t\t<div class=\"elementor-column elementor-col-33 elementor-top-column elementor-element elementor-element-2c329341\" data-id=\"2c329341\" data-element_type=\"column\">\n\t\t\t<div class=\"elementor-widget-wrap elementor-element-populated\">\n\t\t\t\t\t\t<div class=\"elementor-element elementor-element-3327e9c5 elementor-widget elementor-widget-text-editor\" data-id=\"3327e9c5\" data-element_type=\"widget\" data-widget_type=\"text-editor.default\">\n\t\t\t\t<div class=\"elementor-widget-container\">\n\t\t\t\t\t\t\t\t\tSonntag, 8.6.2025\t\t\t\t\t\t\t\t<\/div>\n\t\t\t\t<\/div>\n\t\t\t\t<div class=\"elementor-element elementor-element-2faffde7 elementor-widget elementor-widget-text-editor\" data-id=\"2faffde7\" data-element_type=\"widget\" data-widget_type=\"text-editor.default\">\n\t\t\t\t<div class=\"elementor-widget-container\">\n\t\t\t\t\t\t\t\t\t19.30 Uhr\t\t\t\t\t\t\t\t<\/div>\n\t\t\t\t<\/div>\n\t\t\t\t<div class=\"elementor-element elementor-element-16b635aa elementor-widget elementor-widget-image\" data-id=\"16b635aa\" data-element_type=\"widget\" data-widget_type=\"image.default\">\n\t\t\t\t<div class=\"elementor-widget-container\">\n\t\t\t\t\t\t\t\t\t\t\t\t\t\t\t\t<a href=\"https:\/\/andermattmusic.ch\/de\/event\/fazil-say-in-concert\/\">\n\t\t\t\t\t\t\t<img loading=\"lazy\" decoding=\"async\" width=\"700\" height=\"700\" src=\"https:\/\/andermattmusic.ch\/wp-content\/uploads\/2024\/05\/AM_2025_06_08-700x700.jpg\" class=\"attachment-performers_list_image size-performers_list_image wp-image-9487\" alt=\"Andermatt Music; Faz\u0131l Say; Z\u00fcrcher Kammerorchester\" srcset=\"https:\/\/andermattmusic.ch\/wp-content\/uploads\/2024\/05\/AM_2025_06_08-700x700.jpg 700w, https:\/\/andermattmusic.ch\/wp-content\/uploads\/2024\/05\/AM_2025_06_08-150x150.jpg 150w\" sizes=\"(max-width: 700px) 100vw, 700px\" \/>\t\t\t\t\t\t\t\t<\/a>\n\t\t\t\t\t\t\t\t\t\t\t\t\t\t\t<\/div>\n\t\t\t\t<\/div>\n\t\t\t\t\t<\/div>\n\t\t<\/div>\n\t\t\t\t<div class=\"elementor-column elementor-col-66 elementor-top-column elementor-element elementor-element-79fd2a9d\" data-id=\"79fd2a9d\" data-element_type=\"column\">\n\t\t\t<div class=\"elementor-widget-wrap elementor-element-populated\">\n\t\t\t\t\t\t<div class=\"elementor-element elementor-element-767765d2 elementor-widget elementor-widget-heading\" data-id=\"767765d2\" data-element_type=\"widget\" data-widget_type=\"heading.default\">\n\t\t\t\t<div class=\"elementor-widget-container\">\n\t\t\t\t\t<h2 class=\"elementor-heading-title elementor-size-default\"><a href=\"https:\/\/andermattmusic.ch\/de\/event\/fazil-say-in-concert\/\">Faz\u0131l Say in Concert<\/a><\/h2>\t\t\t\t<\/div>\n\t\t\t\t<\/div>\n\t\t\t\t<div class=\"elementor-element elementor-element-3d0bc17 elementor-widget elementor-widget-text-editor\" data-id=\"3d0bc17\" data-element_type=\"widget\" data-widget_type=\"text-editor.default\">\n\t\t\t\t<div class=\"elementor-widget-container\">\n\t\t\t\t\t\t\t\t\t<p><strong>SINFONIEKONZERT<\/strong><\/p>\n<p>Faz\u0131l Say, Piano<br \/>\nZ\u00fcrcher Kammerorchester<br \/>\nWilli Zimmermann, Violine &#038; Leitung<\/p>\n<p>Mit seinem aussergew\u00f6hnlichen pianistischen Verm\u00f6gen ber\u00fchrt Faz\u0131l Say sein Publikum seit Jahrzehnten. Die Konzerte: mitreissend, aufregend, inspirierend. In Andermatt spielt der Ausnahmemusiker Klavierkonzerte von Mozart und Schostakowitsch.<\/p>\n&mdash;\t\t\t\t\t\t\t\t<\/div>\n\t\t\t\t<\/div>\n\t\t\t\t<section class=\"elementor-section elementor-inner-section elementor-element elementor-element-5b459e1 elementor-section-full_width elementor-section-height-default elementor-section-height-default\" data-id=\"5b459e1\" data-element_type=\"section\">\n\t\t\t\t\t\t<div class=\"elementor-container elementor-column-gap-no\">\n\t\t\t\t\t<div class=\"elementor-column elementor-col-100 elementor-inner-column elementor-element elementor-element-599d41ac\" data-id=\"599d41ac\" data-element_type=\"column\">\n\t\t\t<div class=\"elementor-widget-wrap elementor-element-populated\">\n\t\t\t\t\t\t<div class=\"elementor-element elementor-element-2e8a5eeb elementor-widget__width-auto elementor-widget elementor-widget-button\" data-id=\"2e8a5eeb\" data-element_type=\"widget\" data-widget_type=\"button.default\">\n\t\t\t\t<div class=\"elementor-widget-container\">\n\t\t\t\t\t\t\t\t\t<div class=\"elementor-button-wrapper\">\n\t\t\t\t\t<a class=\"elementor-button elementor-button-link elementor-size-lg\" href=\"https:\/\/andermattmusic.ch\/de\/event\/fazil-say-in-concert\/\">\n\t\t\t\t\t\t<span class=\"elementor-button-content-wrapper\">\n\t\t\t\t\t\t<span class=\"elementor-button-icon\">\n\t\t\t\t<svg xmlns=\"http:\/\/www.w3.org\/2000\/svg\" xmlns:xlink=\"http:\/\/www.w3.org\/1999\/xlink\" x=\"0px\" y=\"0px\" viewBox=\"0 0 35 35.2\" xml:space=\"preserve\"><path fill=\"currentColor\" d=\"M17.5,0.9C8.387,0.9,1,8.287,1,17.4c0,9.113,7.387,16.5,16.5,16.5S34,26.513,34,17.4 C34,8.287,26.613,0.9,17.5,0.9z M14.3,30l-1.2-1.2l11.1-11.1l-10.9-11l1.3-1.3l12.2,12.2L14.3,30z\"><\/path><\/svg>\t\t\t<\/span>\n\t\t\t\t\t\t\t\t\t<span class=\"elementor-button-text\">Programm<\/span>\n\t\t\t\t\t<\/span>\n\t\t\t\t\t<\/a>\n\t\t\t\t<\/div>\n\t\t\t\t\t\t\t\t<\/div>\n\t\t\t\t<\/div>\n\t\t\t\t\t<\/div>\n\t\t<\/div>\n\t\t\t\t\t<\/div>\n\t\t<\/section>\n\t\t\t\t\t<\/div>\n\t\t<\/div>\n\t\t\t\t\t<\/div>\n\t\t<\/section>\n\t\t\t\t<\/div>\n\t\t\t\t<\/article>\n\t\t\t\t<article id=\"post-9386\" class=\"elementor-post elementor-grid-item ecs-post-loop post-9386 event type-event status-publish has-post-thumbnail hentry composer-august-walter composer-felix-mendelssohn-bartholdy composer-joachim-raff composer-richard-wagner\">\n\t\t\t\t<div data-elementor-type=\"loop\" data-elementor-id=\"5729\" class=\"elementor elementor-5729 post-9386 event type-event status-publish has-post-thumbnail hentry composer-august-walter composer-felix-mendelssohn-bartholdy composer-joachim-raff composer-richard-wagner\" data-elementor-post-type=\"elementor_library\">\n\t\t\t\t\t<section class=\"elementor-section elementor-top-section elementor-element elementor-element-4acc5669 elementor-section-boxed elementor-section-height-default elementor-section-height-default\" data-id=\"4acc5669\" data-element_type=\"section\">\n\t\t\t\t\t\t<div class=\"elementor-container elementor-column-gap-wide\">\n\t\t\t\t\t<div class=\"elementor-column elementor-col-33 elementor-top-column elementor-element elementor-element-2c329341\" data-id=\"2c329341\" data-element_type=\"column\">\n\t\t\t<div class=\"elementor-widget-wrap elementor-element-populated\">\n\t\t\t\t\t\t<div class=\"elementor-element elementor-element-3327e9c5 elementor-widget elementor-widget-text-editor\" data-id=\"3327e9c5\" data-element_type=\"widget\" data-widget_type=\"text-editor.default\">\n\t\t\t\t<div class=\"elementor-widget-container\">\n\t\t\t\t\t\t\t\t\tSamstag, 7.6.2025\t\t\t\t\t\t\t\t<\/div>\n\t\t\t\t<\/div>\n\t\t\t\t<div class=\"elementor-element elementor-element-2faffde7 elementor-widget elementor-widget-text-editor\" data-id=\"2faffde7\" data-element_type=\"widget\" data-widget_type=\"text-editor.default\">\n\t\t\t\t<div class=\"elementor-widget-container\">\n\t\t\t\t\t\t\t\t\t19.30 Uhr\t\t\t\t\t\t\t\t<\/div>\n\t\t\t\t<\/div>\n\t\t\t\t<div class=\"elementor-element elementor-element-16b635aa elementor-widget elementor-widget-image\" data-id=\"16b635aa\" data-element_type=\"widget\" data-widget_type=\"image.default\">\n\t\t\t\t<div class=\"elementor-widget-container\">\n\t\t\t\t\t\t\t\t\t\t\t\t\t\t\t\t<a href=\"https:\/\/andermattmusic.ch\/de\/event\/schatzkammer-schweizer-sinfonik\/\">\n\t\t\t\t\t\t\t<img loading=\"lazy\" decoding=\"async\" width=\"700\" height=\"700\" src=\"https:\/\/andermattmusic.ch\/wp-content\/uploads\/2024\/05\/AM_2025_06_07_2-FUeR-WEBSITE-700x700.jpg\" class=\"attachment-performers_list_image size-performers_list_image wp-image-10011\" alt=\"Andermatt Music; Marie-Claude Chappuis; Sherniyaz Mussakhan; Swiss Orchestra; Lena-Lisa W\u00fcstend\u00f6rfer\" srcset=\"https:\/\/andermattmusic.ch\/wp-content\/uploads\/2024\/05\/AM_2025_06_07_2-FUeR-WEBSITE-700x700.jpg 700w, https:\/\/andermattmusic.ch\/wp-content\/uploads\/2024\/05\/AM_2025_06_07_2-FUeR-WEBSITE-150x150.jpg 150w\" sizes=\"(max-width: 700px) 100vw, 700px\" \/>\t\t\t\t\t\t\t\t<\/a>\n\t\t\t\t\t\t\t\t\t\t\t\t\t\t\t<\/div>\n\t\t\t\t<\/div>\n\t\t\t\t\t<\/div>\n\t\t<\/div>\n\t\t\t\t<div class=\"elementor-column elementor-col-66 elementor-top-column elementor-element elementor-element-79fd2a9d\" data-id=\"79fd2a9d\" data-element_type=\"column\">\n\t\t\t<div class=\"elementor-widget-wrap elementor-element-populated\">\n\t\t\t\t\t\t<div class=\"elementor-element elementor-element-767765d2 elementor-widget elementor-widget-heading\" data-id=\"767765d2\" data-element_type=\"widget\" data-widget_type=\"heading.default\">\n\t\t\t\t<div class=\"elementor-widget-container\">\n\t\t\t\t\t<h2 class=\"elementor-heading-title elementor-size-default\"><a href=\"https:\/\/andermattmusic.ch\/de\/event\/schatzkammer-schweizer-sinfonik\/\">Schatzkammer Schweizer Sinfonik<\/a><\/h2>\t\t\t\t<\/div>\n\t\t\t\t<\/div>\n\t\t\t\t<div class=\"elementor-element elementor-element-3d0bc17 elementor-widget elementor-widget-text-editor\" data-id=\"3d0bc17\" data-element_type=\"widget\" data-widget_type=\"text-editor.default\">\n\t\t\t\t<div class=\"elementor-widget-container\">\n\t\t\t\t\t\t\t\t\t<p><strong>SINFONIEKONZERT<\/strong><\/p>\n<p>Marie-Claude Chappuis, Mezzosopran<br \/>\nSherniyaz Mussakhan, Violine<br \/>\nSwiss Orchestra<br \/>\nLena-Lisa W\u00fcstend\u00f6rfer, Leitung<\/p>\n<p>Gemeinsam mit dem Swiss Orchestra pr\u00e4sentiert die Mezzosopranistin Marie-Claude Chappuis Orchesterlieder des Lachener Komponisten Joachim Raff. Ausserdem auf dem Programm stehen Werke von Mendelssohn, Wagner und Walter.<\/p>\n&mdash;\t\t\t\t\t\t\t\t<\/div>\n\t\t\t\t<\/div>\n\t\t\t\t<section class=\"elementor-section elementor-inner-section elementor-element elementor-element-5b459e1 elementor-section-full_width elementor-section-height-default elementor-section-height-default\" data-id=\"5b459e1\" data-element_type=\"section\">\n\t\t\t\t\t\t<div class=\"elementor-container elementor-column-gap-no\">\n\t\t\t\t\t<div class=\"elementor-column elementor-col-100 elementor-inner-column elementor-element elementor-element-599d41ac\" data-id=\"599d41ac\" data-element_type=\"column\">\n\t\t\t<div class=\"elementor-widget-wrap elementor-element-populated\">\n\t\t\t\t\t\t<div class=\"elementor-element elementor-element-2e8a5eeb elementor-widget__width-auto elementor-widget elementor-widget-button\" data-id=\"2e8a5eeb\" data-element_type=\"widget\" data-widget_type=\"button.default\">\n\t\t\t\t<div class=\"elementor-widget-container\">\n\t\t\t\t\t\t\t\t\t<div class=\"elementor-button-wrapper\">\n\t\t\t\t\t<a class=\"elementor-button elementor-button-link elementor-size-lg\" href=\"https:\/\/andermattmusic.ch\/de\/event\/schatzkammer-schweizer-sinfonik\/\">\n\t\t\t\t\t\t<span class=\"elementor-button-content-wrapper\">\n\t\t\t\t\t\t<span class=\"elementor-button-icon\">\n\t\t\t\t<svg xmlns=\"http:\/\/www.w3.org\/2000\/svg\" xmlns:xlink=\"http:\/\/www.w3.org\/1999\/xlink\" x=\"0px\" y=\"0px\" viewBox=\"0 0 35 35.2\" xml:space=\"preserve\"><path fill=\"currentColor\" d=\"M17.5,0.9C8.387,0.9,1,8.287,1,17.4c0,9.113,7.387,16.5,16.5,16.5S34,26.513,34,17.4 C34,8.287,26.613,0.9,17.5,0.9z M14.3,30l-1.2-1.2l11.1-11.1l-10.9-11l1.3-1.3l12.2,12.2L14.3,30z\"><\/path><\/svg>\t\t\t<\/span>\n\t\t\t\t\t\t\t\t\t<span class=\"elementor-button-text\">Programm<\/span>\n\t\t\t\t\t<\/span>\n\t\t\t\t\t<\/a>\n\t\t\t\t<\/div>\n\t\t\t\t\t\t\t\t<\/div>\n\t\t\t\t<\/div>\n\t\t\t\t\t<\/div>\n\t\t<\/div>\n\t\t\t\t\t<\/div>\n\t\t<\/section>\n\t\t\t\t\t<\/div>\n\t\t<\/div>\n\t\t\t\t\t<\/div>\n\t\t<\/section>\n\t\t\t\t<\/div>\n\t\t\t\t<\/article>\n\t\t\t\t<article id=\"post-9385\" class=\"elementor-post elementor-grid-item ecs-post-loop post-9385 event type-event status-publish has-post-thumbnail hentry composer-igor-strawinsky\">\n\t\t\t\t<div data-elementor-type=\"loop\" data-elementor-id=\"5729\" class=\"elementor elementor-5729 post-9385 event type-event status-publish has-post-thumbnail hentry composer-igor-strawinsky\" data-elementor-post-type=\"elementor_library\">\n\t\t\t\t\t<section class=\"elementor-section elementor-top-section elementor-element elementor-element-4acc5669 elementor-section-boxed elementor-section-height-default elementor-section-height-default\" data-id=\"4acc5669\" data-element_type=\"section\">\n\t\t\t\t\t\t<div class=\"elementor-container elementor-column-gap-wide\">\n\t\t\t\t\t<div class=\"elementor-column elementor-col-33 elementor-top-column elementor-element elementor-element-2c329341\" data-id=\"2c329341\" data-element_type=\"column\">\n\t\t\t<div class=\"elementor-widget-wrap elementor-element-populated\">\n\t\t\t\t\t\t<div class=\"elementor-element elementor-element-3327e9c5 elementor-widget elementor-widget-text-editor\" data-id=\"3327e9c5\" data-element_type=\"widget\" data-widget_type=\"text-editor.default\">\n\t\t\t\t<div class=\"elementor-widget-container\">\n\t\t\t\t\t\t\t\t\tSonntag, 20.4.2025\t\t\t\t\t\t\t\t<\/div>\n\t\t\t\t<\/div>\n\t\t\t\t<div class=\"elementor-element elementor-element-2faffde7 elementor-widget elementor-widget-text-editor\" data-id=\"2faffde7\" data-element_type=\"widget\" data-widget_type=\"text-editor.default\">\n\t\t\t\t<div class=\"elementor-widget-container\">\n\t\t\t\t\t\t\t\t\t16.00 Uhr\t\t\t\t\t\t\t\t<\/div>\n\t\t\t\t<\/div>\n\t\t\t\t<div class=\"elementor-element elementor-element-16b635aa elementor-widget elementor-widget-image\" data-id=\"16b635aa\" data-element_type=\"widget\" data-widget_type=\"image.default\">\n\t\t\t\t<div class=\"elementor-widget-container\">\n\t\t\t\t\t\t\t\t\t\t\t\t\t\t\t\t<a href=\"https:\/\/andermattmusic.ch\/de\/event\/der-feuervogel\/\">\n\t\t\t\t\t\t\t<img loading=\"lazy\" decoding=\"async\" width=\"700\" height=\"700\" src=\"https:\/\/andermattmusic.ch\/wp-content\/uploads\/2024\/05\/BERNHARD_RUSSI-700x700.jpg\" class=\"attachment-performers_list_image size-performers_list_image wp-image-9478\" alt=\"Andermatt Music; Familienkonzert; Bernhard Russi\" srcset=\"https:\/\/andermattmusic.ch\/wp-content\/uploads\/2024\/05\/BERNHARD_RUSSI-700x700.jpg 700w, https:\/\/andermattmusic.ch\/wp-content\/uploads\/2024\/05\/BERNHARD_RUSSI-300x300.jpg 300w, https:\/\/andermattmusic.ch\/wp-content\/uploads\/2024\/05\/BERNHARD_RUSSI-1024x1024.jpg 1024w, https:\/\/andermattmusic.ch\/wp-content\/uploads\/2024\/05\/BERNHARD_RUSSI-150x150.jpg 150w, https:\/\/andermattmusic.ch\/wp-content\/uploads\/2024\/05\/BERNHARD_RUSSI-768x768.jpg 768w, https:\/\/andermattmusic.ch\/wp-content\/uploads\/2024\/05\/BERNHARD_RUSSI.jpg 1134w\" sizes=\"(max-width: 700px) 100vw, 700px\" \/>\t\t\t\t\t\t\t\t<\/a>\n\t\t\t\t\t\t\t\t\t\t\t\t\t\t\t<\/div>\n\t\t\t\t<\/div>\n\t\t\t\t\t<\/div>\n\t\t<\/div>\n\t\t\t\t<div class=\"elementor-column elementor-col-66 elementor-top-column elementor-element elementor-element-79fd2a9d\" data-id=\"79fd2a9d\" data-element_type=\"column\">\n\t\t\t<div class=\"elementor-widget-wrap elementor-element-populated\">\n\t\t\t\t\t\t<div class=\"elementor-element elementor-element-767765d2 elementor-widget elementor-widget-heading\" data-id=\"767765d2\" data-element_type=\"widget\" data-widget_type=\"heading.default\">\n\t\t\t\t<div class=\"elementor-widget-container\">\n\t\t\t\t\t<h2 class=\"elementor-heading-title elementor-size-default\"><a href=\"https:\/\/andermattmusic.ch\/de\/event\/der-feuervogel\/\">Der Feuervogel<\/a><\/h2>\t\t\t\t<\/div>\n\t\t\t\t<\/div>\n\t\t\t\t<div class=\"elementor-element elementor-element-3d0bc17 elementor-widget elementor-widget-text-editor\" data-id=\"3d0bc17\" data-element_type=\"widget\" data-widget_type=\"text-editor.default\">\n\t\t\t\t<div class=\"elementor-widget-container\">\n\t\t\t\t\t\t\t\t\t<p><strong>FAMILIENKONZERT<\/strong><\/p>\n<p>Bernhard Russi, Erz\u00e4hler<br \/>\n<a href=\"https:\/\/dance-fusion.ch\/\" target=\"_blank\" rel=\"noopener\">Tanzschule Dance Fusion Altdorf<\/a><br \/>\nSwiss Orchestra<br \/>\nLena-Lisa W\u00fcstend\u00f6rfer, Leitung<\/p>\n<p>Bernhard Russi kehrt auf die B\u00fchne der Andermatt Konzerthalle zur\u00fcck und erz\u00e4hlt das M\u00e4rchen \u00abDer Feuervogel\u00bb, das Igor Strawinsky vertonte. F\u00fcr die Musik sorgt das Swiss Orchestra unter der Leitung von Lena-Lisa W\u00fcstend\u00f6rfer. Empfohlen ab 5 Jahren.<\/p>\n&mdash;\t\t\t\t\t\t\t\t<\/div>\n\t\t\t\t<\/div>\n\t\t\t\t<section class=\"elementor-section elementor-inner-section elementor-element elementor-element-5b459e1 elementor-section-full_width elementor-section-height-default elementor-section-height-default\" data-id=\"5b459e1\" data-element_type=\"section\">\n\t\t\t\t\t\t<div class=\"elementor-container elementor-column-gap-no\">\n\t\t\t\t\t<div class=\"elementor-column elementor-col-100 elementor-inner-column elementor-element elementor-element-599d41ac\" data-id=\"599d41ac\" data-element_type=\"column\">\n\t\t\t<div class=\"elementor-widget-wrap elementor-element-populated\">\n\t\t\t\t\t\t<div class=\"elementor-element elementor-element-2e8a5eeb elementor-widget__width-auto elementor-widget elementor-widget-button\" data-id=\"2e8a5eeb\" data-element_type=\"widget\" data-widget_type=\"button.default\">\n\t\t\t\t<div class=\"elementor-widget-container\">\n\t\t\t\t\t\t\t\t\t<div class=\"elementor-button-wrapper\">\n\t\t\t\t\t<a class=\"elementor-button elementor-button-link elementor-size-lg\" href=\"https:\/\/andermattmusic.ch\/de\/event\/der-feuervogel\/\">\n\t\t\t\t\t\t<span class=\"elementor-button-content-wrapper\">\n\t\t\t\t\t\t<span class=\"elementor-button-icon\">\n\t\t\t\t<svg xmlns=\"http:\/\/www.w3.org\/2000\/svg\" xmlns:xlink=\"http:\/\/www.w3.org\/1999\/xlink\" x=\"0px\" y=\"0px\" viewBox=\"0 0 35 35.2\" xml:space=\"preserve\"><path fill=\"currentColor\" d=\"M17.5,0.9C8.387,0.9,1,8.287,1,17.4c0,9.113,7.387,16.5,16.5,16.5S34,26.513,34,17.4 C34,8.287,26.613,0.9,17.5,0.9z M14.3,30l-1.2-1.2l11.1-11.1l-10.9-11l1.3-1.3l12.2,12.2L14.3,30z\"><\/path><\/svg>\t\t\t<\/span>\n\t\t\t\t\t\t\t\t\t<span class=\"elementor-button-text\">Programm<\/span>\n\t\t\t\t\t<\/span>\n\t\t\t\t\t<\/a>\n\t\t\t\t<\/div>\n\t\t\t\t\t\t\t\t<\/div>\n\t\t\t\t<\/div>\n\t\t\t\t\t<\/div>\n\t\t<\/div>\n\t\t\t\t\t<\/div>\n\t\t<\/section>\n\t\t\t\t\t<\/div>\n\t\t<\/div>\n\t\t\t\t\t<\/div>\n\t\t<\/section>\n\t\t\t\t<\/div>\n\t\t\t\t<\/article>\n\t\t\t\t<article id=\"post-9417\" class=\"elementor-post elementor-grid-item ecs-post-loop post-9417 event type-event status-publish has-post-thumbnail hentry composer-astor-piazzolla composer-david-arnold composer-fabian-mueller composer-giovanni-sollima\">\n\t\t\t\t<div data-elementor-type=\"loop\" data-elementor-id=\"5729\" class=\"elementor elementor-5729 post-9417 event type-event status-publish has-post-thumbnail hentry composer-astor-piazzolla composer-david-arnold composer-fabian-mueller composer-giovanni-sollima\" data-elementor-post-type=\"elementor_library\">\n\t\t\t\t\t<section class=\"elementor-section elementor-top-section elementor-element elementor-element-4acc5669 elementor-section-boxed elementor-section-height-default elementor-section-height-default\" data-id=\"4acc5669\" data-element_type=\"section\">\n\t\t\t\t\t\t<div class=\"elementor-container elementor-column-gap-wide\">\n\t\t\t\t\t<div class=\"elementor-column elementor-col-33 elementor-top-column elementor-element elementor-element-2c329341\" data-id=\"2c329341\" data-element_type=\"column\">\n\t\t\t<div class=\"elementor-widget-wrap elementor-element-populated\">\n\t\t\t\t\t\t<div class=\"elementor-element elementor-element-3327e9c5 elementor-widget elementor-widget-text-editor\" data-id=\"3327e9c5\" data-element_type=\"widget\" data-widget_type=\"text-editor.default\">\n\t\t\t\t<div class=\"elementor-widget-container\">\n\t\t\t\t\t\t\t\t\tSamstag, 19.4.2025\t\t\t\t\t\t\t\t<\/div>\n\t\t\t\t<\/div>\n\t\t\t\t<div class=\"elementor-element elementor-element-2faffde7 elementor-widget elementor-widget-text-editor\" data-id=\"2faffde7\" data-element_type=\"widget\" data-widget_type=\"text-editor.default\">\n\t\t\t\t<div class=\"elementor-widget-container\">\n\t\t\t\t\t\t\t\t\t19.30 Uhr\t\t\t\t\t\t\t\t<\/div>\n\t\t\t\t<\/div>\n\t\t\t\t<div class=\"elementor-element elementor-element-16b635aa elementor-widget elementor-widget-image\" data-id=\"16b635aa\" data-element_type=\"widget\" data-widget_type=\"image.default\">\n\t\t\t\t<div class=\"elementor-widget-container\">\n\t\t\t\t\t\t\t\t\t\t\t\t\t\t\t\t<a href=\"https:\/\/andermattmusic.ch\/de\/event\/cellos-on-the-rocks\/\">\n\t\t\t\t\t\t\t<img loading=\"lazy\" decoding=\"async\" width=\"700\" height=\"700\" src=\"https:\/\/andermattmusic.ch\/wp-content\/uploads\/2024\/06\/SWISS_ORCHESTRA_SOLOISTS-700x700.jpg\" class=\"attachment-performers_list_image size-performers_list_image wp-image-10008\" alt=\"Andermatt Music; The Swiss Orchestra Cellists\" srcset=\"https:\/\/andermattmusic.ch\/wp-content\/uploads\/2024\/06\/SWISS_ORCHESTRA_SOLOISTS-700x700.jpg 700w, https:\/\/andermattmusic.ch\/wp-content\/uploads\/2024\/06\/SWISS_ORCHESTRA_SOLOISTS-300x300.jpg 300w, https:\/\/andermattmusic.ch\/wp-content\/uploads\/2024\/06\/SWISS_ORCHESTRA_SOLOISTS-1024x1024.jpg 1024w, https:\/\/andermattmusic.ch\/wp-content\/uploads\/2024\/06\/SWISS_ORCHESTRA_SOLOISTS-150x150.jpg 150w, https:\/\/andermattmusic.ch\/wp-content\/uploads\/2024\/06\/SWISS_ORCHESTRA_SOLOISTS-768x768.jpg 768w, https:\/\/andermattmusic.ch\/wp-content\/uploads\/2024\/06\/SWISS_ORCHESTRA_SOLOISTS.jpg 1134w\" sizes=\"(max-width: 700px) 100vw, 700px\" \/>\t\t\t\t\t\t\t\t<\/a>\n\t\t\t\t\t\t\t\t\t\t\t\t\t\t\t<\/div>\n\t\t\t\t<\/div>\n\t\t\t\t\t<\/div>\n\t\t<\/div>\n\t\t\t\t<div class=\"elementor-column elementor-col-66 elementor-top-column elementor-element elementor-element-79fd2a9d\" data-id=\"79fd2a9d\" data-element_type=\"column\">\n\t\t\t<div class=\"elementor-widget-wrap elementor-element-populated\">\n\t\t\t\t\t\t<div class=\"elementor-element elementor-element-767765d2 elementor-widget elementor-widget-heading\" data-id=\"767765d2\" data-element_type=\"widget\" data-widget_type=\"heading.default\">\n\t\t\t\t<div class=\"elementor-widget-container\">\n\t\t\t\t\t<h2 class=\"elementor-heading-title elementor-size-default\"><a href=\"https:\/\/andermattmusic.ch\/de\/event\/cellos-on-the-rocks\/\">Cellos on the Rocks<\/a><\/h2>\t\t\t\t<\/div>\n\t\t\t\t<\/div>\n\t\t\t\t<div class=\"elementor-element elementor-element-3d0bc17 elementor-widget elementor-widget-text-editor\" data-id=\"3d0bc17\" data-element_type=\"widget\" data-widget_type=\"text-editor.default\">\n\t\t\t\t<div class=\"elementor-widget-container\">\n\t\t\t\t\t\t\t\t\t<p><strong>SWISS ORCHESTRA SOLOISTS<\/strong><\/p>\n<p>The Swiss Orchestra Cellists<\/p>\n<p>Joachim M\u00fcller-Cr\u00e9pon<br \/>\nGunta Abele<br \/>\nSarah Weilenmann<br \/>\nSamuel Justitz<br \/>\nMatyas Major<br \/>\nValentina Dubrovina<br \/>\nAlina M\u00fcller<br \/>\nMilena Umiglia-Marena<\/p>\n<p>\u00abCellos on the Rocks\u00bb heisst das Motto des Konzerts, wenn acht Cellist*innen des Swiss Orchestra loslegen und die Andermatt Konzerthalle mit ihren Kl\u00e4ngen durchwirbeln.<\/p>\n&mdash;\t\t\t\t\t\t\t\t<\/div>\n\t\t\t\t<\/div>\n\t\t\t\t<section class=\"elementor-section elementor-inner-section elementor-element elementor-element-5b459e1 elementor-section-full_width elementor-section-height-default elementor-section-height-default\" data-id=\"5b459e1\" data-element_type=\"section\">\n\t\t\t\t\t\t<div class=\"elementor-container elementor-column-gap-no\">\n\t\t\t\t\t<div class=\"elementor-column elementor-col-100 elementor-inner-column elementor-element elementor-element-599d41ac\" data-id=\"599d41ac\" data-element_type=\"column\">\n\t\t\t<div class=\"elementor-widget-wrap elementor-element-populated\">\n\t\t\t\t\t\t<div class=\"elementor-element elementor-element-2e8a5eeb elementor-widget__width-auto elementor-widget elementor-widget-button\" data-id=\"2e8a5eeb\" data-element_type=\"widget\" data-widget_type=\"button.default\">\n\t\t\t\t<div class=\"elementor-widget-container\">\n\t\t\t\t\t\t\t\t\t<div class=\"elementor-button-wrapper\">\n\t\t\t\t\t<a class=\"elementor-button elementor-button-link elementor-size-lg\" href=\"https:\/\/andermattmusic.ch\/de\/event\/cellos-on-the-rocks\/\">\n\t\t\t\t\t\t<span class=\"elementor-button-content-wrapper\">\n\t\t\t\t\t\t<span class=\"elementor-button-icon\">\n\t\t\t\t<svg xmlns=\"http:\/\/www.w3.org\/2000\/svg\" xmlns:xlink=\"http:\/\/www.w3.org\/1999\/xlink\" x=\"0px\" y=\"0px\" viewBox=\"0 0 35 35.2\" xml:space=\"preserve\"><path fill=\"currentColor\" d=\"M17.5,0.9C8.387,0.9,1,8.287,1,17.4c0,9.113,7.387,16.5,16.5,16.5S34,26.513,34,17.4 C34,8.287,26.613,0.9,17.5,0.9z M14.3,30l-1.2-1.2l11.1-11.1l-10.9-11l1.3-1.3l12.2,12.2L14.3,30z\"><\/path><\/svg>\t\t\t<\/span>\n\t\t\t\t\t\t\t\t\t<span class=\"elementor-button-text\">Programm<\/span>\n\t\t\t\t\t<\/span>\n\t\t\t\t\t<\/a>\n\t\t\t\t<\/div>\n\t\t\t\t\t\t\t\t<\/div>\n\t\t\t\t<\/div>\n\t\t\t\t\t<\/div>\n\t\t<\/div>\n\t\t\t\t\t<\/div>\n\t\t<\/section>\n\t\t\t\t\t<\/div>\n\t\t<\/div>\n\t\t\t\t\t<\/div>\n\t\t<\/section>\n\t\t\t\t<\/div>\n\t\t\t\t<\/article>\n\t\t\t\t<article id=\"post-9383\" class=\"elementor-post elementor-grid-item ecs-post-loop post-9383 event type-event status-publish has-post-thumbnail hentry\">\n\t\t\t\t<div data-elementor-type=\"loop\" data-elementor-id=\"5729\" class=\"elementor elementor-5729 post-9383 event type-event status-publish has-post-thumbnail hentry\" data-elementor-post-type=\"elementor_library\">\n\t\t\t\t\t<section class=\"elementor-section elementor-top-section elementor-element elementor-element-4acc5669 elementor-section-boxed elementor-section-height-default elementor-section-height-default\" data-id=\"4acc5669\" data-element_type=\"section\">\n\t\t\t\t\t\t<div class=\"elementor-container elementor-column-gap-wide\">\n\t\t\t\t\t<div class=\"elementor-column elementor-col-33 elementor-top-column elementor-element elementor-element-2c329341\" data-id=\"2c329341\" data-element_type=\"column\">\n\t\t\t<div class=\"elementor-widget-wrap elementor-element-populated\">\n\t\t\t\t\t\t<div class=\"elementor-element elementor-element-3327e9c5 elementor-widget elementor-widget-text-editor\" data-id=\"3327e9c5\" data-element_type=\"widget\" data-widget_type=\"text-editor.default\">\n\t\t\t\t<div class=\"elementor-widget-container\">\n\t\t\t\t\t\t\t\t\tSonntag, 23.3.2025\t\t\t\t\t\t\t\t<\/div>\n\t\t\t\t<\/div>\n\t\t\t\t<div class=\"elementor-element elementor-element-2faffde7 elementor-widget elementor-widget-text-editor\" data-id=\"2faffde7\" data-element_type=\"widget\" data-widget_type=\"text-editor.default\">\n\t\t\t\t<div class=\"elementor-widget-container\">\n\t\t\t\t\t\t\t\t\t17.00 Uhr\t\t\t\t\t\t\t\t<\/div>\n\t\t\t\t<\/div>\n\t\t\t\t<div class=\"elementor-element elementor-element-16b635aa elementor-widget elementor-widget-image\" data-id=\"16b635aa\" data-element_type=\"widget\" data-widget_type=\"image.default\">\n\t\t\t\t<div class=\"elementor-widget-container\">\n\t\t\t\t\t\t\t\t\t\t\t\t\t\t\t\t<a href=\"https:\/\/andermattmusic.ch\/de\/event\/volk-im-doppel\/\">\n\t\t\t\t\t\t\t<img loading=\"lazy\" decoding=\"async\" width=\"700\" height=\"700\" src=\"https:\/\/andermattmusic.ch\/wp-content\/uploads\/2024\/05\/TRIO_INTERFOLK-700x700.jpg\" class=\"attachment-performers_list_image size-performers_list_image wp-image-9467\" alt=\"Andermatt Music; Duo Fr\u00e4nggi und Maria Gehrig; Trio Interfolk\" srcset=\"https:\/\/andermattmusic.ch\/wp-content\/uploads\/2024\/05\/TRIO_INTERFOLK-700x700.jpg 700w, https:\/\/andermattmusic.ch\/wp-content\/uploads\/2024\/05\/TRIO_INTERFOLK-300x300.jpg 300w, https:\/\/andermattmusic.ch\/wp-content\/uploads\/2024\/05\/TRIO_INTERFOLK-1024x1024.jpg 1024w, https:\/\/andermattmusic.ch\/wp-content\/uploads\/2024\/05\/TRIO_INTERFOLK-150x150.jpg 150w, https:\/\/andermattmusic.ch\/wp-content\/uploads\/2024\/05\/TRIO_INTERFOLK-768x768.jpg 768w, https:\/\/andermattmusic.ch\/wp-content\/uploads\/2024\/05\/TRIO_INTERFOLK.jpg 1134w\" sizes=\"(max-width: 700px) 100vw, 700px\" \/>\t\t\t\t\t\t\t\t<\/a>\n\t\t\t\t\t\t\t\t\t\t\t\t\t\t\t<\/div>\n\t\t\t\t<\/div>\n\t\t\t\t\t<\/div>\n\t\t<\/div>\n\t\t\t\t<div class=\"elementor-column elementor-col-66 elementor-top-column elementor-element elementor-element-79fd2a9d\" data-id=\"79fd2a9d\" data-element_type=\"column\">\n\t\t\t<div class=\"elementor-widget-wrap elementor-element-populated\">\n\t\t\t\t\t\t<div class=\"elementor-element elementor-element-767765d2 elementor-widget elementor-widget-heading\" data-id=\"767765d2\" data-element_type=\"widget\" data-widget_type=\"heading.default\">\n\t\t\t\t<div class=\"elementor-widget-container\">\n\t\t\t\t\t<h2 class=\"elementor-heading-title elementor-size-default\"><a href=\"https:\/\/andermattmusic.ch\/de\/event\/volk-im-doppel\/\">Volk im Doppel<\/a><\/h2>\t\t\t\t<\/div>\n\t\t\t\t<\/div>\n\t\t\t\t<div class=\"elementor-element elementor-element-3d0bc17 elementor-widget elementor-widget-text-editor\" data-id=\"3d0bc17\" data-element_type=\"widget\" data-widget_type=\"text-editor.default\">\n\t\t\t\t<div class=\"elementor-widget-container\">\n\t\t\t\t\t\t\t\t\t<p><strong>NEUE VOLKSMUSIK<\/strong><\/p>\n<p>Duo Fr\u00e4nggi &#038; Maria Gehrig<br \/>\nMaria Gehrig, Violine<br \/>\nFr\u00e4nggi Gehrig, Akkordeon<\/p>\n<p>Trio InterFolk<br \/>\nMaria Gehrig, Violine<br \/>\nAndrea Ulrich, Akkordeon<br \/>\nPatricia Ulrich, Piano<\/p>\n<p>Mit dem Duo Fr\u00e4nggi &#038; Maria Gehrig und dem Trio InterFolk beziehen die Lokalmatadoren gewissermassen ihre Heimst\u00e4tte und lassen, inspiriert von unterschiedlichsten Musikstilen, ihren gewonnenen Eindru\u0308cken und Erfahrungen freien Lauf.<\/p>\n&mdash;\t\t\t\t\t\t\t\t<\/div>\n\t\t\t\t<\/div>\n\t\t\t\t<section class=\"elementor-section elementor-inner-section elementor-element elementor-element-5b459e1 elementor-section-full_width elementor-section-height-default elementor-section-height-default\" data-id=\"5b459e1\" data-element_type=\"section\">\n\t\t\t\t\t\t<div class=\"elementor-container elementor-column-gap-no\">\n\t\t\t\t\t<div class=\"elementor-column elementor-col-100 elementor-inner-column elementor-element elementor-element-599d41ac\" data-id=\"599d41ac\" data-element_type=\"column\">\n\t\t\t<div class=\"elementor-widget-wrap elementor-element-populated\">\n\t\t\t\t\t\t<div class=\"elementor-element elementor-element-2e8a5eeb elementor-widget__width-auto elementor-widget elementor-widget-button\" data-id=\"2e8a5eeb\" data-element_type=\"widget\" data-widget_type=\"button.default\">\n\t\t\t\t<div class=\"elementor-widget-container\">\n\t\t\t\t\t\t\t\t\t<div class=\"elementor-button-wrapper\">\n\t\t\t\t\t<a class=\"elementor-button elementor-button-link elementor-size-lg\" href=\"https:\/\/andermattmusic.ch\/de\/event\/volk-im-doppel\/\">\n\t\t\t\t\t\t<span class=\"elementor-button-content-wrapper\">\n\t\t\t\t\t\t<span class=\"elementor-button-icon\">\n\t\t\t\t<svg xmlns=\"http:\/\/www.w3.org\/2000\/svg\" xmlns:xlink=\"http:\/\/www.w3.org\/1999\/xlink\" x=\"0px\" y=\"0px\" viewBox=\"0 0 35 35.2\" xml:space=\"preserve\"><path fill=\"currentColor\" d=\"M17.5,0.9C8.387,0.9,1,8.287,1,17.4c0,9.113,7.387,16.5,16.5,16.5S34,26.513,34,17.4 C34,8.287,26.613,0.9,17.5,0.9z M14.3,30l-1.2-1.2l11.1-11.1l-10.9-11l1.3-1.3l12.2,12.2L14.3,30z\"><\/path><\/svg>\t\t\t<\/span>\n\t\t\t\t\t\t\t\t\t<span class=\"elementor-button-text\">Programm<\/span>\n\t\t\t\t\t<\/span>\n\t\t\t\t\t<\/a>\n\t\t\t\t<\/div>\n\t\t\t\t\t\t\t\t<\/div>\n\t\t\t\t<\/div>\n\t\t\t\t\t<\/div>\n\t\t<\/div>\n\t\t\t\t\t<\/div>\n\t\t<\/section>\n\t\t\t\t\t<\/div>\n\t\t<\/div>\n\t\t\t\t\t<\/div>\n\t\t<\/section>\n\t\t\t\t<\/div>\n\t\t\t\t<\/article>\n\t\t\t\t<article id=\"post-9382\" class=\"elementor-post elementor-grid-item ecs-post-loop post-9382 event type-event status-publish has-post-thumbnail hentry\">\n\t\t\t\t<div data-elementor-type=\"loop\" data-elementor-id=\"5729\" class=\"elementor elementor-5729 post-9382 event type-event status-publish has-post-thumbnail hentry\" data-elementor-post-type=\"elementor_library\">\n\t\t\t\t\t<section class=\"elementor-section elementor-top-section elementor-element elementor-element-4acc5669 elementor-section-boxed elementor-section-height-default elementor-section-height-default\" data-id=\"4acc5669\" data-element_type=\"section\">\n\t\t\t\t\t\t<div class=\"elementor-container elementor-column-gap-wide\">\n\t\t\t\t\t<div class=\"elementor-column elementor-col-33 elementor-top-column elementor-element elementor-element-2c329341\" data-id=\"2c329341\" data-element_type=\"column\">\n\t\t\t<div class=\"elementor-widget-wrap elementor-element-populated\">\n\t\t\t\t\t\t<div class=\"elementor-element elementor-element-3327e9c5 elementor-widget elementor-widget-text-editor\" data-id=\"3327e9c5\" data-element_type=\"widget\" data-widget_type=\"text-editor.default\">\n\t\t\t\t<div class=\"elementor-widget-container\">\n\t\t\t\t\t\t\t\t\tSonntag, 2.2.2025\t\t\t\t\t\t\t\t<\/div>\n\t\t\t\t<\/div>\n\t\t\t\t<div class=\"elementor-element elementor-element-2faffde7 elementor-widget elementor-widget-text-editor\" data-id=\"2faffde7\" data-element_type=\"widget\" data-widget_type=\"text-editor.default\">\n\t\t\t\t<div class=\"elementor-widget-container\">\n\t\t\t\t\t\t\t\t\t17.00 Uhr\t\t\t\t\t\t\t\t<\/div>\n\t\t\t\t<\/div>\n\t\t\t\t<div class=\"elementor-element elementor-element-16b635aa elementor-widget elementor-widget-image\" data-id=\"16b635aa\" data-element_type=\"widget\" data-widget_type=\"image.default\">\n\t\t\t\t<div class=\"elementor-widget-container\">\n\t\t\t\t\t\t\t\t\t\t\t\t\t\t\t\t<a href=\"https:\/\/andermattmusic.ch\/de\/event\/hanneli-musig\/\">\n\t\t\t\t\t\t\t<img loading=\"lazy\" decoding=\"async\" width=\"700\" height=\"700\" src=\"https:\/\/andermattmusic.ch\/wp-content\/uploads\/2024\/05\/HANNELI_MUSIG-700x700.jpg\" class=\"attachment-performers_list_image size-performers_list_image wp-image-9465\" alt=\"Andermatt Music; Hanneli Musig\" srcset=\"https:\/\/andermattmusic.ch\/wp-content\/uploads\/2024\/05\/HANNELI_MUSIG-700x700.jpg 700w, https:\/\/andermattmusic.ch\/wp-content\/uploads\/2024\/05\/HANNELI_MUSIG-300x300.jpg 300w, https:\/\/andermattmusic.ch\/wp-content\/uploads\/2024\/05\/HANNELI_MUSIG-1024x1024.jpg 1024w, https:\/\/andermattmusic.ch\/wp-content\/uploads\/2024\/05\/HANNELI_MUSIG-150x150.jpg 150w, https:\/\/andermattmusic.ch\/wp-content\/uploads\/2024\/05\/HANNELI_MUSIG-768x768.jpg 768w, https:\/\/andermattmusic.ch\/wp-content\/uploads\/2024\/05\/HANNELI_MUSIG.jpg 1134w\" sizes=\"(max-width: 700px) 100vw, 700px\" \/>\t\t\t\t\t\t\t\t<\/a>\n\t\t\t\t\t\t\t\t\t\t\t\t\t\t\t<\/div>\n\t\t\t\t<\/div>\n\t\t\t\t\t<\/div>\n\t\t<\/div>\n\t\t\t\t<div class=\"elementor-column elementor-col-66 elementor-top-column elementor-element elementor-element-79fd2a9d\" data-id=\"79fd2a9d\" data-element_type=\"column\">\n\t\t\t<div class=\"elementor-widget-wrap elementor-element-populated\">\n\t\t\t\t\t\t<div class=\"elementor-element elementor-element-767765d2 elementor-widget elementor-widget-heading\" data-id=\"767765d2\" data-element_type=\"widget\" data-widget_type=\"heading.default\">\n\t\t\t\t<div class=\"elementor-widget-container\">\n\t\t\t\t\t<h2 class=\"elementor-heading-title elementor-size-default\"><a href=\"https:\/\/andermattmusic.ch\/de\/event\/hanneli-musig\/\">Hanneli-Musig<\/a><\/h2>\t\t\t\t<\/div>\n\t\t\t\t<\/div>\n\t\t\t\t<div class=\"elementor-element elementor-element-3d0bc17 elementor-widget elementor-widget-text-editor\" data-id=\"3d0bc17\" data-element_type=\"widget\" data-widget_type=\"text-editor.default\">\n\t\t\t\t<div class=\"elementor-widget-container\">\n\t\t\t\t\t\t\t\t\t<p><strong>NEUE VOLKSMUSIK<\/strong><\/p>\n<p>Hanneli-Musig<\/p>\n<p>Dani H\u00e4usler, Klarinette &#038; Saxofon<br \/>\nFr\u00e4nggi Gehrig, Akkordeon<br \/>\nUeli Mooser, diverse Instrumente<br \/>\nPeter Gisler, Kontrabass &#038; Schwyzer\u00f6rgeli<br \/>\nFabian M\u00fcller, Cello &#038; Bratsche<br \/>\nJohannes Schmid-Kunz, Violine, Blockfl\u00f6te &#038; Kontrabass<\/p>\n<p>Hanneli-Musig, eine bunte Zusammenstellung von bestens bekannten Gr\u00f6ssen aus der Schweizer Volksmusikszene, bringt die Tanzmusik unserer Urgrosseltern zum Klingen: L\u00fcpfig, heiter und frisch.<\/p>\n&mdash;\t\t\t\t\t\t\t\t<\/div>\n\t\t\t\t<\/div>\n\t\t\t\t<section class=\"elementor-section elementor-inner-section elementor-element elementor-element-5b459e1 elementor-section-full_width elementor-section-height-default elementor-section-height-default\" data-id=\"5b459e1\" data-element_type=\"section\">\n\t\t\t\t\t\t<div class=\"elementor-container elementor-column-gap-no\">\n\t\t\t\t\t<div class=\"elementor-column elementor-col-100 elementor-inner-column elementor-element elementor-element-599d41ac\" data-id=\"599d41ac\" data-element_type=\"column\">\n\t\t\t<div class=\"elementor-widget-wrap elementor-element-populated\">\n\t\t\t\t\t\t<div class=\"elementor-element elementor-element-2e8a5eeb elementor-widget__width-auto elementor-widget elementor-widget-button\" data-id=\"2e8a5eeb\" data-element_type=\"widget\" data-widget_type=\"button.default\">\n\t\t\t\t<div class=\"elementor-widget-container\">\n\t\t\t\t\t\t\t\t\t<div class=\"elementor-button-wrapper\">\n\t\t\t\t\t<a class=\"elementor-button elementor-button-link elementor-size-lg\" href=\"https:\/\/andermattmusic.ch\/de\/event\/hanneli-musig\/\">\n\t\t\t\t\t\t<span class=\"elementor-button-content-wrapper\">\n\t\t\t\t\t\t<span class=\"elementor-button-icon\">\n\t\t\t\t<svg xmlns=\"http:\/\/www.w3.org\/2000\/svg\" xmlns:xlink=\"http:\/\/www.w3.org\/1999\/xlink\" x=\"0px\" y=\"0px\" viewBox=\"0 0 35 35.2\" xml:space=\"preserve\"><path fill=\"currentColor\" d=\"M17.5,0.9C8.387,0.9,1,8.287,1,17.4c0,9.113,7.387,16.5,16.5,16.5S34,26.513,34,17.4 C34,8.287,26.613,0.9,17.5,0.9z M14.3,30l-1.2-1.2l11.1-11.1l-10.9-11l1.3-1.3l12.2,12.2L14.3,30z\"><\/path><\/svg>\t\t\t<\/span>\n\t\t\t\t\t\t\t\t\t<span class=\"elementor-button-text\">Programm<\/span>\n\t\t\t\t\t<\/span>\n\t\t\t\t\t<\/a>\n\t\t\t\t<\/div>\n\t\t\t\t\t\t\t\t<\/div>\n\t\t\t\t<\/div>\n\t\t\t\t\t<\/div>\n\t\t<\/div>\n\t\t\t\t\t<\/div>\n\t\t<\/section>\n\t\t\t\t\t<\/div>\n\t\t<\/div>\n\t\t\t\t\t<\/div>\n\t\t<\/section>\n\t\t\t\t<\/div>\n\t\t\t\t<\/article>\n\t\t\t\t<article id=\"post-9381\" class=\"elementor-post elementor-grid-item ecs-post-loop post-9381 event type-event status-publish has-post-thumbnail hentry composer-edvard-grieg composer-ludwig-van-beethoven composer-robert-schumann composer-wojciech-kilar\">\n\t\t\t\t<div data-elementor-type=\"loop\" data-elementor-id=\"5729\" class=\"elementor elementor-5729 post-9381 event type-event status-publish has-post-thumbnail hentry composer-edvard-grieg composer-ludwig-van-beethoven composer-robert-schumann composer-wojciech-kilar\" data-elementor-post-type=\"elementor_library\">\n\t\t\t\t\t<section class=\"elementor-section elementor-top-section elementor-element elementor-element-4acc5669 elementor-section-boxed elementor-section-height-default elementor-section-height-default\" data-id=\"4acc5669\" data-element_type=\"section\">\n\t\t\t\t\t\t<div class=\"elementor-container elementor-column-gap-wide\">\n\t\t\t\t\t<div class=\"elementor-column elementor-col-33 elementor-top-column elementor-element elementor-element-2c329341\" data-id=\"2c329341\" data-element_type=\"column\">\n\t\t\t<div class=\"elementor-widget-wrap elementor-element-populated\">\n\t\t\t\t\t\t<div class=\"elementor-element elementor-element-3327e9c5 elementor-widget elementor-widget-text-editor\" data-id=\"3327e9c5\" data-element_type=\"widget\" data-widget_type=\"text-editor.default\">\n\t\t\t\t<div class=\"elementor-widget-container\">\n\t\t\t\t\t\t\t\t\tSamstag, 1.2.2025\t\t\t\t\t\t\t\t<\/div>\n\t\t\t\t<\/div>\n\t\t\t\t<div class=\"elementor-element elementor-element-2faffde7 elementor-widget elementor-widget-text-editor\" data-id=\"2faffde7\" data-element_type=\"widget\" data-widget_type=\"text-editor.default\">\n\t\t\t\t<div class=\"elementor-widget-container\">\n\t\t\t\t\t\t\t\t\t19.30 Uhr\t\t\t\t\t\t\t\t<\/div>\n\t\t\t\t<\/div>\n\t\t\t\t<div class=\"elementor-element elementor-element-16b635aa elementor-widget elementor-widget-image\" data-id=\"16b635aa\" data-element_type=\"widget\" data-widget_type=\"image.default\">\n\t\t\t\t<div class=\"elementor-widget-container\">\n\t\t\t\t\t\t\t\t\t\t\t\t\t\t\t\t<a href=\"https:\/\/andermattmusic.ch\/de\/event\/concertgebouw-chamber-orchestra\/\">\n\t\t\t\t\t\t\t<img loading=\"lazy\" decoding=\"async\" width=\"700\" height=\"700\" src=\"https:\/\/andermattmusic.ch\/wp-content\/uploads\/2024\/05\/AM_2025_02_01-700x700.jpg\" class=\"attachment-performers_list_image size-performers_list_image wp-image-9459\" alt=\"Andermatt Music; Daniel M\u00fcller-Schott; Concertgebouw Chamber Orchestra; Michael Waterman\" srcset=\"https:\/\/andermattmusic.ch\/wp-content\/uploads\/2024\/05\/AM_2025_02_01-700x700.jpg 700w, https:\/\/andermattmusic.ch\/wp-content\/uploads\/2024\/05\/AM_2025_02_01-150x150.jpg 150w\" sizes=\"(max-width: 700px) 100vw, 700px\" \/>\t\t\t\t\t\t\t\t<\/a>\n\t\t\t\t\t\t\t\t\t\t\t\t\t\t\t<\/div>\n\t\t\t\t<\/div>\n\t\t\t\t\t<\/div>\n\t\t<\/div>\n\t\t\t\t<div class=\"elementor-column elementor-col-66 elementor-top-column elementor-element elementor-element-79fd2a9d\" data-id=\"79fd2a9d\" data-element_type=\"column\">\n\t\t\t<div class=\"elementor-widget-wrap elementor-element-populated\">\n\t\t\t\t\t\t<div class=\"elementor-element elementor-element-767765d2 elementor-widget elementor-widget-heading\" data-id=\"767765d2\" data-element_type=\"widget\" data-widget_type=\"heading.default\">\n\t\t\t\t<div class=\"elementor-widget-container\">\n\t\t\t\t\t<h2 class=\"elementor-heading-title elementor-size-default\"><a href=\"https:\/\/andermattmusic.ch\/de\/event\/concertgebouw-chamber-orchestra\/\">Concertgebouw Chamber Orchestra<\/a><\/h2>\t\t\t\t<\/div>\n\t\t\t\t<\/div>\n\t\t\t\t<div class=\"elementor-element elementor-element-3d0bc17 elementor-widget elementor-widget-text-editor\" data-id=\"3d0bc17\" data-element_type=\"widget\" data-widget_type=\"text-editor.default\">\n\t\t\t\t<div class=\"elementor-widget-container\">\n\t\t\t\t\t\t\t\t\t<p><strong>ROYALES KAMMERORCHESTER<\/strong><\/p>\n<p>Daniel M\u00fcller-Schott, Violoncello<br \/>\nConcertgebouw Chamber Orchestra<br \/>\nMichael Waterman, Konzertmeister<\/p>\n<p>Mit dem Royal Concertgebouw Chamber Orchestra wird es k\u00f6niglich: Im Gep\u00e4ck haben die Musiker*innen Werke von Edvard Grieg, Robert Schumann, Ludwig van Beethoven und Wojciech Kilar.<\/p>\n&mdash;\t\t\t\t\t\t\t\t<\/div>\n\t\t\t\t<\/div>\n\t\t\t\t<section class=\"elementor-section elementor-inner-section elementor-element elementor-element-5b459e1 elementor-section-full_width elementor-section-height-default elementor-section-height-default\" data-id=\"5b459e1\" data-element_type=\"section\">\n\t\t\t\t\t\t<div class=\"elementor-container elementor-column-gap-no\">\n\t\t\t\t\t<div class=\"elementor-column elementor-col-100 elementor-inner-column elementor-element elementor-element-599d41ac\" data-id=\"599d41ac\" data-element_type=\"column\">\n\t\t\t<div class=\"elementor-widget-wrap elementor-element-populated\">\n\t\t\t\t\t\t<div class=\"elementor-element elementor-element-2e8a5eeb elementor-widget__width-auto elementor-widget elementor-widget-button\" data-id=\"2e8a5eeb\" data-element_type=\"widget\" data-widget_type=\"button.default\">\n\t\t\t\t<div class=\"elementor-widget-container\">\n\t\t\t\t\t\t\t\t\t<div class=\"elementor-button-wrapper\">\n\t\t\t\t\t<a class=\"elementor-button elementor-button-link elementor-size-lg\" href=\"https:\/\/andermattmusic.ch\/de\/event\/concertgebouw-chamber-orchestra\/\">\n\t\t\t\t\t\t<span class=\"elementor-button-content-wrapper\">\n\t\t\t\t\t\t<span class=\"elementor-button-icon\">\n\t\t\t\t<svg xmlns=\"http:\/\/www.w3.org\/2000\/svg\" xmlns:xlink=\"http:\/\/www.w3.org\/1999\/xlink\" x=\"0px\" y=\"0px\" viewBox=\"0 0 35 35.2\" xml:space=\"preserve\"><path fill=\"currentColor\" d=\"M17.5,0.9C8.387,0.9,1,8.287,1,17.4c0,9.113,7.387,16.5,16.5,16.5S34,26.513,34,17.4 C34,8.287,26.613,0.9,17.5,0.9z M14.3,30l-1.2-1.2l11.1-11.1l-10.9-11l1.3-1.3l12.2,12.2L14.3,30z\"><\/path><\/svg>\t\t\t<\/span>\n\t\t\t\t\t\t\t\t\t<span class=\"elementor-button-text\">Programm<\/span>\n\t\t\t\t\t<\/span>\n\t\t\t\t\t<\/a>\n\t\t\t\t<\/div>\n\t\t\t\t\t\t\t\t<\/div>\n\t\t\t\t<\/div>\n\t\t\t\t\t<\/div>\n\t\t<\/div>\n\t\t\t\t\t<\/div>\n\t\t<\/section>\n\t\t\t\t\t<\/div>\n\t\t<\/div>\n\t\t\t\t\t<\/div>\n\t\t<\/section>\n\t\t\t\t<\/div>\n\t\t\t\t<\/article>\n\t\t\t\t<article id=\"post-9380\" class=\"elementor-post elementor-grid-item ecs-post-loop post-9380 event type-event status-publish has-post-thumbnail hentry composer-anton-heberle composer-antonio-vivaldi composer-fabian-mueller composer-johann-strauss-sohn composer-johann-strauss-vater composer-joseph-franz-xaver-dominik-stalder composer-wolfgang-amadeus-mozart\">\n\t\t\t\t<div data-elementor-type=\"loop\" data-elementor-id=\"5729\" class=\"elementor elementor-5729 post-9380 event type-event status-publish has-post-thumbnail hentry composer-anton-heberle composer-antonio-vivaldi composer-fabian-mueller composer-johann-strauss-sohn composer-johann-strauss-vater composer-joseph-franz-xaver-dominik-stalder composer-wolfgang-amadeus-mozart\" data-elementor-post-type=\"elementor_library\">\n\t\t\t\t\t<section class=\"elementor-section elementor-top-section elementor-element elementor-element-4acc5669 elementor-section-boxed elementor-section-height-default elementor-section-height-default\" data-id=\"4acc5669\" data-element_type=\"section\">\n\t\t\t\t\t\t<div class=\"elementor-container elementor-column-gap-wide\">\n\t\t\t\t\t<div class=\"elementor-column elementor-col-33 elementor-top-column elementor-element elementor-element-2c329341\" data-id=\"2c329341\" data-element_type=\"column\">\n\t\t\t<div class=\"elementor-widget-wrap elementor-element-populated\">\n\t\t\t\t\t\t<div class=\"elementor-element elementor-element-3327e9c5 elementor-widget elementor-widget-text-editor\" data-id=\"3327e9c5\" data-element_type=\"widget\" data-widget_type=\"text-editor.default\">\n\t\t\t\t<div class=\"elementor-widget-container\">\n\t\t\t\t\t\t\t\t\tMittwoch, 1.1.2025\t\t\t\t\t\t\t\t<\/div>\n\t\t\t\t<\/div>\n\t\t\t\t<div class=\"elementor-element elementor-element-2faffde7 elementor-widget elementor-widget-text-editor\" data-id=\"2faffde7\" data-element_type=\"widget\" data-widget_type=\"text-editor.default\">\n\t\t\t\t<div class=\"elementor-widget-container\">\n\t\t\t\t\t\t\t\t\t17.00 Uhr\t\t\t\t\t\t\t\t<\/div>\n\t\t\t\t<\/div>\n\t\t\t\t<div class=\"elementor-element elementor-element-16b635aa elementor-widget elementor-widget-image\" data-id=\"16b635aa\" data-element_type=\"widget\" data-widget_type=\"image.default\">\n\t\t\t\t<div class=\"elementor-widget-container\">\n\t\t\t\t\t\t\t\t\t\t\t\t\t\t\t\t<a href=\"https:\/\/andermattmusic.ch\/de\/event\/flauto-favoloso\/\">\n\t\t\t\t\t\t\t<img loading=\"lazy\" decoding=\"async\" width=\"700\" height=\"700\" src=\"https:\/\/andermattmusic.ch\/wp-content\/uploads\/2024\/05\/AM_2025_01_01-700x700.jpg\" class=\"attachment-performers_list_image size-performers_list_image wp-image-9456\" alt=\"Andermatt Music; Flauto favoloso; Swiss Orchestra; Maurice Steger; Lena-Lisa W\u00fcstend\u00f6rfer\" srcset=\"https:\/\/andermattmusic.ch\/wp-content\/uploads\/2024\/05\/AM_2025_01_01-700x700.jpg 700w, https:\/\/andermattmusic.ch\/wp-content\/uploads\/2024\/05\/AM_2025_01_01-150x150.jpg 150w\" sizes=\"(max-width: 700px) 100vw, 700px\" \/>\t\t\t\t\t\t\t\t<\/a>\n\t\t\t\t\t\t\t\t\t\t\t\t\t\t\t<\/div>\n\t\t\t\t<\/div>\n\t\t\t\t\t<\/div>\n\t\t<\/div>\n\t\t\t\t<div class=\"elementor-column elementor-col-66 elementor-top-column elementor-element elementor-element-79fd2a9d\" data-id=\"79fd2a9d\" data-element_type=\"column\">\n\t\t\t<div class=\"elementor-widget-wrap elementor-element-populated\">\n\t\t\t\t\t\t<div class=\"elementor-element elementor-element-767765d2 elementor-widget elementor-widget-heading\" data-id=\"767765d2\" data-element_type=\"widget\" data-widget_type=\"heading.default\">\n\t\t\t\t<div class=\"elementor-widget-container\">\n\t\t\t\t\t<h2 class=\"elementor-heading-title elementor-size-default\"><a href=\"https:\/\/andermattmusic.ch\/de\/event\/flauto-favoloso\/\">Flauto Favoloso<\/a><\/h2>\t\t\t\t<\/div>\n\t\t\t\t<\/div>\n\t\t\t\t<div class=\"elementor-element elementor-element-3d0bc17 elementor-widget elementor-widget-text-editor\" data-id=\"3d0bc17\" data-element_type=\"widget\" data-widget_type=\"text-editor.default\">\n\t\t\t\t<div class=\"elementor-widget-container\">\n\t\t\t\t\t\t\t\t\t<p><strong>NEUJAHRSKONZERT<\/strong><\/p>\n<p>Maurice Steger, Blockfl\u00f6te<br \/>\nSwiss Orchestra<br \/>\nLena-Lisa W\u00fcstend\u00f6rfer, Leitung<\/p>\n<p>Im Neujahrskonzert wirbelt der Fl\u00f6tist Maurice Steger gemeinsam mit dem Swiss Orchestra schwungvoll ins neue Jahr. Es erwartet Sie ein \u00fcberraschender musikalischer Start ins 2025, bei dem auch der ein oder andere Neujahrsklassiker nicht fehlen wird.<\/p>\n&mdash;\t\t\t\t\t\t\t\t<\/div>\n\t\t\t\t<\/div>\n\t\t\t\t<section class=\"elementor-section elementor-inner-section elementor-element elementor-element-5b459e1 elementor-section-full_width elementor-section-height-default elementor-section-height-default\" data-id=\"5b459e1\" data-element_type=\"section\">\n\t\t\t\t\t\t<div class=\"elementor-container elementor-column-gap-no\">\n\t\t\t\t\t<div class=\"elementor-column elementor-col-100 elementor-inner-column elementor-element elementor-element-599d41ac\" data-id=\"599d41ac\" data-element_type=\"column\">\n\t\t\t<div class=\"elementor-widget-wrap elementor-element-populated\">\n\t\t\t\t\t\t<div class=\"elementor-element elementor-element-2e8a5eeb elementor-widget__width-auto elementor-widget elementor-widget-button\" data-id=\"2e8a5eeb\" data-element_type=\"widget\" data-widget_type=\"button.default\">\n\t\t\t\t<div class=\"elementor-widget-container\">\n\t\t\t\t\t\t\t\t\t<div class=\"elementor-button-wrapper\">\n\t\t\t\t\t<a class=\"elementor-button elementor-button-link elementor-size-lg\" href=\"https:\/\/andermattmusic.ch\/de\/event\/flauto-favoloso\/\">\n\t\t\t\t\t\t<span class=\"elementor-button-content-wrapper\">\n\t\t\t\t\t\t<span class=\"elementor-button-icon\">\n\t\t\t\t<svg xmlns=\"http:\/\/www.w3.org\/2000\/svg\" xmlns:xlink=\"http:\/\/www.w3.org\/1999\/xlink\" x=\"0px\" y=\"0px\" viewBox=\"0 0 35 35.2\" xml:space=\"preserve\"><path fill=\"currentColor\" d=\"M17.5,0.9C8.387,0.9,1,8.287,1,17.4c0,9.113,7.387,16.5,16.5,16.5S34,26.513,34,17.4 C34,8.287,26.613,0.9,17.5,0.9z M14.3,30l-1.2-1.2l11.1-11.1l-10.9-11l1.3-1.3l12.2,12.2L14.3,30z\"><\/path><\/svg>\t\t\t<\/span>\n\t\t\t\t\t\t\t\t\t<span class=\"elementor-button-text\">Programm<\/span>\n\t\t\t\t\t<\/span>\n\t\t\t\t\t<\/a>\n\t\t\t\t<\/div>\n\t\t\t\t\t\t\t\t<\/div>\n\t\t\t\t<\/div>\n\t\t\t\t\t<\/div>\n\t\t<\/div>\n\t\t\t\t\t<\/div>\n\t\t<\/section>\n\t\t\t\t\t<\/div>\n\t\t<\/div>\n\t\t\t\t\t<\/div>\n\t\t<\/section>\n\t\t\t\t<\/div>\n\t\t\t\t<\/article>\n\t\t\t\t<article id=\"post-9379\" class=\"elementor-post elementor-grid-item ecs-post-loop post-9379 event type-event status-publish has-post-thumbnail hentry\">\n\t\t\t\t<div data-elementor-type=\"loop\" data-elementor-id=\"5729\" class=\"elementor elementor-5729 post-9379 event type-event status-publish has-post-thumbnail hentry\" data-elementor-post-type=\"elementor_library\">\n\t\t\t\t\t<section class=\"elementor-section elementor-top-section elementor-element elementor-element-4acc5669 elementor-section-boxed elementor-section-height-default elementor-section-height-default\" data-id=\"4acc5669\" data-element_type=\"section\">\n\t\t\t\t\t\t<div class=\"elementor-container elementor-column-gap-wide\">\n\t\t\t\t\t<div class=\"elementor-column elementor-col-33 elementor-top-column elementor-element elementor-element-2c329341\" data-id=\"2c329341\" data-element_type=\"column\">\n\t\t\t<div class=\"elementor-widget-wrap elementor-element-populated\">\n\t\t\t\t\t\t<div class=\"elementor-element elementor-element-3327e9c5 elementor-widget elementor-widget-text-editor\" data-id=\"3327e9c5\" data-element_type=\"widget\" data-widget_type=\"text-editor.default\">\n\t\t\t\t<div class=\"elementor-widget-container\">\n\t\t\t\t\t\t\t\t\tSamstag, 28.12.2024\t\t\t\t\t\t\t\t<\/div>\n\t\t\t\t<\/div>\n\t\t\t\t<div class=\"elementor-element elementor-element-2faffde7 elementor-widget elementor-widget-text-editor\" data-id=\"2faffde7\" data-element_type=\"widget\" data-widget_type=\"text-editor.default\">\n\t\t\t\t<div class=\"elementor-widget-container\">\n\t\t\t\t\t\t\t\t\t19.30 Uhr\t\t\t\t\t\t\t\t<\/div>\n\t\t\t\t<\/div>\n\t\t\t\t<div class=\"elementor-element elementor-element-16b635aa elementor-widget elementor-widget-image\" data-id=\"16b635aa\" data-element_type=\"widget\" data-widget_type=\"image.default\">\n\t\t\t\t<div class=\"elementor-widget-container\">\n\t\t\t\t\t\t\t\t\t\t\t\t\t\t\t\t<a href=\"https:\/\/andermattmusic.ch\/de\/event\/a-harp-affair\/\">\n\t\t\t\t\t\t\t<img loading=\"lazy\" decoding=\"async\" width=\"700\" height=\"700\" src=\"https:\/\/andermattmusic.ch\/wp-content\/uploads\/2024\/05\/AM_2024_12_28-700x700.jpg\" class=\"attachment-performers_list_image size-performers_list_image wp-image-9450\" alt=\"Andermatt Music; A Harp Affair; Alexander Boldachev; Semion Gurevich;\" srcset=\"https:\/\/andermattmusic.ch\/wp-content\/uploads\/2024\/05\/AM_2024_12_28-700x700.jpg 700w, https:\/\/andermattmusic.ch\/wp-content\/uploads\/2024\/05\/AM_2024_12_28-150x150.jpg 150w\" sizes=\"(max-width: 700px) 100vw, 700px\" \/>\t\t\t\t\t\t\t\t<\/a>\n\t\t\t\t\t\t\t\t\t\t\t\t\t\t\t<\/div>\n\t\t\t\t<\/div>\n\t\t\t\t\t<\/div>\n\t\t<\/div>\n\t\t\t\t<div class=\"elementor-column elementor-col-66 elementor-top-column elementor-element elementor-element-79fd2a9d\" data-id=\"79fd2a9d\" data-element_type=\"column\">\n\t\t\t<div class=\"elementor-widget-wrap elementor-element-populated\">\n\t\t\t\t\t\t<div class=\"elementor-element elementor-element-767765d2 elementor-widget elementor-widget-heading\" data-id=\"767765d2\" data-element_type=\"widget\" data-widget_type=\"heading.default\">\n\t\t\t\t<div class=\"elementor-widget-container\">\n\t\t\t\t\t<h2 class=\"elementor-heading-title elementor-size-default\"><a href=\"https:\/\/andermattmusic.ch\/de\/event\/a-harp-affair\/\">A Harp Affair<\/a><\/h2>\t\t\t\t<\/div>\n\t\t\t\t<\/div>\n\t\t\t\t<div class=\"elementor-element elementor-element-3d0bc17 elementor-widget elementor-widget-text-editor\" data-id=\"3d0bc17\" data-element_type=\"widget\" data-widget_type=\"text-editor.default\">\n\t\t\t\t<div class=\"elementor-widget-container\">\n\t\t\t\t\t\t\t\t\t<p><strong>SWISS ORCHESTRA SOLOISTS<\/strong><\/p>\n<p>Alexander Boldachev, Harfe<br \/>\nSemion Gurevich, Violine &#038; Viola<\/p>\n<p>Alexander Boldachev, Soloharfenist des Residenzorchesters, pr\u00e4sentiert in einem festlichen Konzert mit virtuosen St\u00fccken und zauberhaften Melodien die eindrucksvolle Bandbreite der Harfe.<\/p>\n&mdash;\t\t\t\t\t\t\t\t<\/div>\n\t\t\t\t<\/div>\n\t\t\t\t<section class=\"elementor-section elementor-inner-section elementor-element elementor-element-5b459e1 elementor-section-full_width elementor-section-height-default elementor-section-height-default\" data-id=\"5b459e1\" data-element_type=\"section\">\n\t\t\t\t\t\t<div class=\"elementor-container elementor-column-gap-no\">\n\t\t\t\t\t<div class=\"elementor-column elementor-col-100 elementor-inner-column elementor-element elementor-element-599d41ac\" data-id=\"599d41ac\" data-element_type=\"column\">\n\t\t\t<div class=\"elementor-widget-wrap elementor-element-populated\">\n\t\t\t\t\t\t<div class=\"elementor-element elementor-element-2e8a5eeb elementor-widget__width-auto elementor-widget elementor-widget-button\" data-id=\"2e8a5eeb\" data-element_type=\"widget\" data-widget_type=\"button.default\">\n\t\t\t\t<div class=\"elementor-widget-container\">\n\t\t\t\t\t\t\t\t\t<div class=\"elementor-button-wrapper\">\n\t\t\t\t\t<a class=\"elementor-button elementor-button-link elementor-size-lg\" href=\"https:\/\/andermattmusic.ch\/de\/event\/a-harp-affair\/\">\n\t\t\t\t\t\t<span class=\"elementor-button-content-wrapper\">\n\t\t\t\t\t\t<span class=\"elementor-button-icon\">\n\t\t\t\t<svg xmlns=\"http:\/\/www.w3.org\/2000\/svg\" xmlns:xlink=\"http:\/\/www.w3.org\/1999\/xlink\" x=\"0px\" y=\"0px\" viewBox=\"0 0 35 35.2\" xml:space=\"preserve\"><path fill=\"currentColor\" d=\"M17.5,0.9C8.387,0.9,1,8.287,1,17.4c0,9.113,7.387,16.5,16.5,16.5S34,26.513,34,17.4 C34,8.287,26.613,0.9,17.5,0.9z M14.3,30l-1.2-1.2l11.1-11.1l-10.9-11l1.3-1.3l12.2,12.2L14.3,30z\"><\/path><\/svg>\t\t\t<\/span>\n\t\t\t\t\t\t\t\t\t<span class=\"elementor-button-text\">Programm<\/span>\n\t\t\t\t\t<\/span>\n\t\t\t\t\t<\/a>\n\t\t\t\t<\/div>\n\t\t\t\t\t\t\t\t<\/div>\n\t\t\t\t<\/div>\n\t\t\t\t\t<\/div>\n\t\t<\/div>\n\t\t\t\t\t<\/div>\n\t\t<\/section>\n\t\t\t\t\t<\/div>\n\t\t<\/div>\n\t\t\t\t\t<\/div>\n\t\t<\/section>\n\t\t\t\t<\/div>\n\t\t\t\t<\/article>\n\t\t\t\t<article id=\"post-9378\" class=\"elementor-post elementor-grid-item ecs-post-loop post-9378 event type-event status-publish has-post-thumbnail hentry\">\n\t\t\t\t<div data-elementor-type=\"loop\" data-elementor-id=\"5729\" class=\"elementor elementor-5729 post-9378 event type-event status-publish has-post-thumbnail hentry\" data-elementor-post-type=\"elementor_library\">\n\t\t\t\t\t<section class=\"elementor-section elementor-top-section elementor-element elementor-element-4acc5669 elementor-section-boxed elementor-section-height-default elementor-section-height-default\" data-id=\"4acc5669\" data-element_type=\"section\">\n\t\t\t\t\t\t<div class=\"elementor-container elementor-column-gap-wide\">\n\t\t\t\t\t<div class=\"elementor-column elementor-col-33 elementor-top-column elementor-element elementor-element-2c329341\" data-id=\"2c329341\" data-element_type=\"column\">\n\t\t\t<div class=\"elementor-widget-wrap elementor-element-populated\">\n\t\t\t\t\t\t<div class=\"elementor-element elementor-element-3327e9c5 elementor-widget elementor-widget-text-editor\" data-id=\"3327e9c5\" data-element_type=\"widget\" data-widget_type=\"text-editor.default\">\n\t\t\t\t<div class=\"elementor-widget-container\">\n\t\t\t\t\t\t\t\t\tFreitag, 27.12.2024\t\t\t\t\t\t\t\t<\/div>\n\t\t\t\t<\/div>\n\t\t\t\t<div class=\"elementor-element elementor-element-2faffde7 elementor-widget elementor-widget-text-editor\" data-id=\"2faffde7\" data-element_type=\"widget\" data-widget_type=\"text-editor.default\">\n\t\t\t\t<div class=\"elementor-widget-container\">\n\t\t\t\t\t\t\t\t\t19.30 Uhr\t\t\t\t\t\t\t\t<\/div>\n\t\t\t\t<\/div>\n\t\t\t\t<div class=\"elementor-element elementor-element-16b635aa elementor-widget elementor-widget-image\" data-id=\"16b635aa\" data-element_type=\"widget\" data-widget_type=\"image.default\">\n\t\t\t\t<div class=\"elementor-widget-container\">\n\t\t\t\t\t\t\t\t\t\t\t\t\t\t\t\t<a href=\"https:\/\/andermattmusic.ch\/de\/event\/ambaeck\/\">\n\t\t\t\t\t\t\t<img loading=\"lazy\" decoding=\"async\" width=\"700\" height=\"700\" src=\"https:\/\/andermattmusic.ch\/wp-content\/uploads\/2024\/05\/AM_2024_12_27-1-700x700.jpg\" class=\"attachment-performers_list_image size-performers_list_image wp-image-9447\" alt=\"Andermatt Music; Amb\u00e4ck\" srcset=\"https:\/\/andermattmusic.ch\/wp-content\/uploads\/2024\/05\/AM_2024_12_27-1-700x700.jpg 700w, https:\/\/andermattmusic.ch\/wp-content\/uploads\/2024\/05\/AM_2024_12_27-1-150x150.jpg 150w\" sizes=\"(max-width: 700px) 100vw, 700px\" \/>\t\t\t\t\t\t\t\t<\/a>\n\t\t\t\t\t\t\t\t\t\t\t\t\t\t\t<\/div>\n\t\t\t\t<\/div>\n\t\t\t\t\t<\/div>\n\t\t<\/div>\n\t\t\t\t<div class=\"elementor-column elementor-col-66 elementor-top-column elementor-element elementor-element-79fd2a9d\" data-id=\"79fd2a9d\" data-element_type=\"column\">\n\t\t\t<div class=\"elementor-widget-wrap elementor-element-populated\">\n\t\t\t\t\t\t<div class=\"elementor-element elementor-element-767765d2 elementor-widget elementor-widget-heading\" data-id=\"767765d2\" data-element_type=\"widget\" data-widget_type=\"heading.default\">\n\t\t\t\t<div class=\"elementor-widget-container\">\n\t\t\t\t\t<h2 class=\"elementor-heading-title elementor-size-default\"><a href=\"https:\/\/andermattmusic.ch\/de\/event\/ambaeck\/\">Amb\u00e4ck<\/a><\/h2>\t\t\t\t<\/div>\n\t\t\t\t<\/div>\n\t\t\t\t<div class=\"elementor-element elementor-element-3d0bc17 elementor-widget elementor-widget-text-editor\" data-id=\"3d0bc17\" data-element_type=\"widget\" data-widget_type=\"text-editor.default\">\n\t\t\t\t<div class=\"elementor-widget-container\">\n\t\t\t\t\t\t\t\t\t<p><strong>NEUE VOLKSMUSIK<\/strong><\/p>\n<p>Amb\u00e4ck<\/p>\n<p>Markus Fl\u00fcckiger, Schwyzer\u00f6rgeli<br \/>\nAndreas Gabriel, Violine<br \/>\nPirmin Huber, Kontrabass<\/p>\n<p>In ihrem Programm \u00abRaum\u00bb durchstreifen die Musiker des Trio Amb\u00e4ck die traditionelle Schweizer Volksmusik und interpretieren sie neu. Die alten \u00abR\u00e4ume\u00bb haben sie dabei verlassen und sind gewissermassen als Hausbesetzer zur\u00fcckgekehrt.<\/p>\n&mdash;\t\t\t\t\t\t\t\t<\/div>\n\t\t\t\t<\/div>\n\t\t\t\t<section class=\"elementor-section elementor-inner-section elementor-element elementor-element-5b459e1 elementor-section-full_width elementor-section-height-default elementor-section-height-default\" data-id=\"5b459e1\" data-element_type=\"section\">\n\t\t\t\t\t\t<div class=\"elementor-container elementor-column-gap-no\">\n\t\t\t\t\t<div class=\"elementor-column elementor-col-100 elementor-inner-column elementor-element elementor-element-599d41ac\" data-id=\"599d41ac\" data-element_type=\"column\">\n\t\t\t<div class=\"elementor-widget-wrap elementor-element-populated\">\n\t\t\t\t\t\t<div class=\"elementor-element elementor-element-2e8a5eeb elementor-widget__width-auto elementor-widget elementor-widget-button\" data-id=\"2e8a5eeb\" data-element_type=\"widget\" data-widget_type=\"button.default\">\n\t\t\t\t<div class=\"elementor-widget-container\">\n\t\t\t\t\t\t\t\t\t<div class=\"elementor-button-wrapper\">\n\t\t\t\t\t<a class=\"elementor-button elementor-button-link elementor-size-lg\" href=\"https:\/\/andermattmusic.ch\/de\/event\/ambaeck\/\">\n\t\t\t\t\t\t<span class=\"elementor-button-content-wrapper\">\n\t\t\t\t\t\t<span class=\"elementor-button-icon\">\n\t\t\t\t<svg xmlns=\"http:\/\/www.w3.org\/2000\/svg\" xmlns:xlink=\"http:\/\/www.w3.org\/1999\/xlink\" x=\"0px\" y=\"0px\" viewBox=\"0 0 35 35.2\" xml:space=\"preserve\"><path fill=\"currentColor\" d=\"M17.5,0.9C8.387,0.9,1,8.287,1,17.4c0,9.113,7.387,16.5,16.5,16.5S34,26.513,34,17.4 C34,8.287,26.613,0.9,17.5,0.9z M14.3,30l-1.2-1.2l11.1-11.1l-10.9-11l1.3-1.3l12.2,12.2L14.3,30z\"><\/path><\/svg>\t\t\t<\/span>\n\t\t\t\t\t\t\t\t\t<span class=\"elementor-button-text\">Programm<\/span>\n\t\t\t\t\t<\/span>\n\t\t\t\t\t<\/a>\n\t\t\t\t<\/div>\n\t\t\t\t\t\t\t\t<\/div>\n\t\t\t\t<\/div>\n\t\t\t\t\t<\/div>\n\t\t<\/div>\n\t\t\t\t\t<\/div>\n\t\t<\/section>\n\t\t\t\t\t<\/div>\n\t\t<\/div>\n\t\t\t\t\t<\/div>\n\t\t<\/section>\n\t\t\t\t<\/div>\n\t\t\t\t<\/article>\n\t\t\t\t<article id=\"post-9377\" class=\"elementor-post elementor-grid-item ecs-post-loop post-9377 event type-event status-publish has-post-thumbnail hentry composer-friedrich-theodor-froehlich composer-helena-winkelman composer-ludwig-van-beethoven composer-wolfgang-amadeus-mozart\">\n\t\t\t\t<div data-elementor-type=\"loop\" data-elementor-id=\"5729\" class=\"elementor elementor-5729 post-9377 event type-event status-publish has-post-thumbnail hentry composer-friedrich-theodor-froehlich composer-helena-winkelman composer-ludwig-van-beethoven composer-wolfgang-amadeus-mozart\" data-elementor-post-type=\"elementor_library\">\n\t\t\t\t\t<section class=\"elementor-section elementor-top-section elementor-element elementor-element-4acc5669 elementor-section-boxed elementor-section-height-default elementor-section-height-default\" data-id=\"4acc5669\" data-element_type=\"section\">\n\t\t\t\t\t\t<div class=\"elementor-container elementor-column-gap-wide\">\n\t\t\t\t\t<div class=\"elementor-column elementor-col-33 elementor-top-column elementor-element elementor-element-2c329341\" data-id=\"2c329341\" data-element_type=\"column\">\n\t\t\t<div class=\"elementor-widget-wrap elementor-element-populated\">\n\t\t\t\t\t\t<div class=\"elementor-element elementor-element-3327e9c5 elementor-widget elementor-widget-text-editor\" data-id=\"3327e9c5\" data-element_type=\"widget\" data-widget_type=\"text-editor.default\">\n\t\t\t\t<div class=\"elementor-widget-container\">\n\t\t\t\t\t\t\t\t\tSonntag, 17.11.2024\t\t\t\t\t\t\t\t<\/div>\n\t\t\t\t<\/div>\n\t\t\t\t<div class=\"elementor-element elementor-element-2faffde7 elementor-widget elementor-widget-text-editor\" data-id=\"2faffde7\" data-element_type=\"widget\" data-widget_type=\"text-editor.default\">\n\t\t\t\t<div class=\"elementor-widget-container\">\n\t\t\t\t\t\t\t\t\t17.00 Uhr\t\t\t\t\t\t\t\t<\/div>\n\t\t\t\t<\/div>\n\t\t\t\t<div class=\"elementor-element elementor-element-16b635aa elementor-widget elementor-widget-image\" data-id=\"16b635aa\" data-element_type=\"widget\" data-widget_type=\"image.default\">\n\t\t\t\t<div class=\"elementor-widget-container\">\n\t\t\t\t\t\t\t\t\t\t\t\t\t\t\t\t<a href=\"https:\/\/andermattmusic.ch\/de\/event\/divine-swiss-classics\/\">\n\t\t\t\t\t\t\t<img loading=\"lazy\" decoding=\"async\" width=\"700\" height=\"700\" src=\"https:\/\/andermattmusic.ch\/wp-content\/uploads\/2024\/05\/AM_2024_12_27-700x700.jpg\" class=\"attachment-performers_list_image size-performers_list_image wp-image-9444\" alt=\"\" srcset=\"https:\/\/andermattmusic.ch\/wp-content\/uploads\/2024\/05\/AM_2024_12_27-700x700.jpg 700w, https:\/\/andermattmusic.ch\/wp-content\/uploads\/2024\/05\/AM_2024_12_27-150x150.jpg 150w\" sizes=\"(max-width: 700px) 100vw, 700px\" \/>\t\t\t\t\t\t\t\t<\/a>\n\t\t\t\t\t\t\t\t\t\t\t\t\t\t\t<\/div>\n\t\t\t\t<\/div>\n\t\t\t\t\t<\/div>\n\t\t<\/div>\n\t\t\t\t<div class=\"elementor-column elementor-col-66 elementor-top-column elementor-element elementor-element-79fd2a9d\" data-id=\"79fd2a9d\" data-element_type=\"column\">\n\t\t\t<div class=\"elementor-widget-wrap elementor-element-populated\">\n\t\t\t\t\t\t<div class=\"elementor-element elementor-element-767765d2 elementor-widget elementor-widget-heading\" data-id=\"767765d2\" data-element_type=\"widget\" data-widget_type=\"heading.default\">\n\t\t\t\t<div class=\"elementor-widget-container\">\n\t\t\t\t\t<h2 class=\"elementor-heading-title elementor-size-default\"><a href=\"https:\/\/andermattmusic.ch\/de\/event\/divine-swiss-classics\/\">Divine Swiss Classics<\/a><\/h2>\t\t\t\t<\/div>\n\t\t\t\t<\/div>\n\t\t\t\t<div class=\"elementor-element elementor-element-3d0bc17 elementor-widget elementor-widget-text-editor\" data-id=\"3d0bc17\" data-element_type=\"widget\" data-widget_type=\"text-editor.default\">\n\t\t\t\t<div class=\"elementor-widget-container\">\n\t\t\t\t\t\t\t\t\t<p><strong>SINFONIEKONZERT<\/strong><\/p>\n<p>Teo Gheorghiu, Piano<br \/>\nSwiss Orchestra<br \/>\nLena-Lisa W\u00fcstend\u00f6rfer, Leitung<\/p>\n<p>Die Schweizer Komponistin Helena Winkelman und ihr Landsmann Friedrich Theodor Fr\u00f6hlich begegnen den zwei Wiener Klassikern Wolfgang Amadeus Mozart und Ludwig van Beethoven. Teo Gheorghiu am Klavier wird begleitet vom Swiss Orchestra.<\/p>\n&mdash;\t\t\t\t\t\t\t\t<\/div>\n\t\t\t\t<\/div>\n\t\t\t\t<section class=\"elementor-section elementor-inner-section elementor-element elementor-element-5b459e1 elementor-section-full_width elementor-section-height-default elementor-section-height-default\" data-id=\"5b459e1\" data-element_type=\"section\">\n\t\t\t\t\t\t<div class=\"elementor-container elementor-column-gap-no\">\n\t\t\t\t\t<div class=\"elementor-column elementor-col-100 elementor-inner-column elementor-element elementor-element-599d41ac\" data-id=\"599d41ac\" data-element_type=\"column\">\n\t\t\t<div class=\"elementor-widget-wrap elementor-element-populated\">\n\t\t\t\t\t\t<div class=\"elementor-element elementor-element-2e8a5eeb elementor-widget__width-auto elementor-widget elementor-widget-button\" data-id=\"2e8a5eeb\" data-element_type=\"widget\" data-widget_type=\"button.default\">\n\t\t\t\t<div class=\"elementor-widget-container\">\n\t\t\t\t\t\t\t\t\t<div class=\"elementor-button-wrapper\">\n\t\t\t\t\t<a class=\"elementor-button elementor-button-link elementor-size-lg\" href=\"https:\/\/andermattmusic.ch\/de\/event\/divine-swiss-classics\/\">\n\t\t\t\t\t\t<span class=\"elementor-button-content-wrapper\">\n\t\t\t\t\t\t<span class=\"elementor-button-icon\">\n\t\t\t\t<svg xmlns=\"http:\/\/www.w3.org\/2000\/svg\" xmlns:xlink=\"http:\/\/www.w3.org\/1999\/xlink\" x=\"0px\" y=\"0px\" viewBox=\"0 0 35 35.2\" xml:space=\"preserve\"><path fill=\"currentColor\" d=\"M17.5,0.9C8.387,0.9,1,8.287,1,17.4c0,9.113,7.387,16.5,16.5,16.5S34,26.513,34,17.4 C34,8.287,26.613,0.9,17.5,0.9z M14.3,30l-1.2-1.2l11.1-11.1l-10.9-11l1.3-1.3l12.2,12.2L14.3,30z\"><\/path><\/svg>\t\t\t<\/span>\n\t\t\t\t\t\t\t\t\t<span class=\"elementor-button-text\">Programm<\/span>\n\t\t\t\t\t<\/span>\n\t\t\t\t\t<\/a>\n\t\t\t\t<\/div>\n\t\t\t\t\t\t\t\t<\/div>\n\t\t\t\t<\/div>\n\t\t\t\t\t<\/div>\n\t\t<\/div>\n\t\t\t\t\t<\/div>\n\t\t<\/section>\n\t\t\t\t\t<\/div>\n\t\t<\/div>\n\t\t\t\t\t<\/div>\n\t\t<\/section>\n\t\t\t\t<\/div>\n\t\t\t\t<\/article>\n\t\t\t\t<article id=\"post-9376\" class=\"elementor-post elementor-grid-item ecs-post-loop post-9376 event type-event status-publish has-post-thumbnail hentry\">\n\t\t\t\t<div data-elementor-type=\"loop\" data-elementor-id=\"5729\" class=\"elementor elementor-5729 post-9376 event type-event status-publish has-post-thumbnail hentry\" data-elementor-post-type=\"elementor_library\">\n\t\t\t\t\t<section class=\"elementor-section elementor-top-section elementor-element elementor-element-4acc5669 elementor-section-boxed elementor-section-height-default elementor-section-height-default\" data-id=\"4acc5669\" data-element_type=\"section\">\n\t\t\t\t\t\t<div class=\"elementor-container elementor-column-gap-wide\">\n\t\t\t\t\t<div class=\"elementor-column elementor-col-33 elementor-top-column elementor-element elementor-element-2c329341\" data-id=\"2c329341\" data-element_type=\"column\">\n\t\t\t<div class=\"elementor-widget-wrap elementor-element-populated\">\n\t\t\t\t\t\t<div class=\"elementor-element elementor-element-3327e9c5 elementor-widget elementor-widget-text-editor\" data-id=\"3327e9c5\" data-element_type=\"widget\" data-widget_type=\"text-editor.default\">\n\t\t\t\t<div class=\"elementor-widget-container\">\n\t\t\t\t\t\t\t\t\tSamstag, 26.10.2024\t\t\t\t\t\t\t\t<\/div>\n\t\t\t\t<\/div>\n\t\t\t\t<div class=\"elementor-element elementor-element-2faffde7 elementor-widget elementor-widget-text-editor\" data-id=\"2faffde7\" data-element_type=\"widget\" data-widget_type=\"text-editor.default\">\n\t\t\t\t<div class=\"elementor-widget-container\">\n\t\t\t\t\t\t\t\t\t19.30 Uhr\t\t\t\t\t\t\t\t<\/div>\n\t\t\t\t<\/div>\n\t\t\t\t<div class=\"elementor-element elementor-element-16b635aa elementor-widget elementor-widget-image\" data-id=\"16b635aa\" data-element_type=\"widget\" data-widget_type=\"image.default\">\n\t\t\t\t<div class=\"elementor-widget-container\">\n\t\t\t\t\t\t\t\t\t\t\t\t\t\t\t\t<a href=\"https:\/\/andermattmusic.ch\/de\/event\/the-bash-teil-2-blib-no-chli\/\">\n\t\t\t\t\t\t\t<img loading=\"lazy\" decoding=\"async\" width=\"700\" height=\"700\" src=\"https:\/\/andermattmusic.ch\/wp-content\/uploads\/2024\/05\/AM_2024_10_26-700x700.jpg\" class=\"attachment-performers_list_image size-performers_list_image wp-image-9436\" alt=\"Andermatt Music; The Bash; Stephan Eicher; The Kruger Brothers; Reyn Ouwehand; Martin Suter; Swiss Orchestra; Lena-Lisa W\u00fcstend\u00f6rfer\" srcset=\"https:\/\/andermattmusic.ch\/wp-content\/uploads\/2024\/05\/AM_2024_10_26-700x700.jpg 700w, https:\/\/andermattmusic.ch\/wp-content\/uploads\/2024\/05\/AM_2024_10_26-150x150.jpg 150w\" sizes=\"(max-width: 700px) 100vw, 700px\" \/>\t\t\t\t\t\t\t\t<\/a>\n\t\t\t\t\t\t\t\t\t\t\t\t\t\t\t<\/div>\n\t\t\t\t<\/div>\n\t\t\t\t\t<\/div>\n\t\t<\/div>\n\t\t\t\t<div class=\"elementor-column elementor-col-66 elementor-top-column elementor-element elementor-element-79fd2a9d\" data-id=\"79fd2a9d\" data-element_type=\"column\">\n\t\t\t<div class=\"elementor-widget-wrap elementor-element-populated\">\n\t\t\t\t\t\t<div class=\"elementor-element elementor-element-767765d2 elementor-widget elementor-widget-heading\" data-id=\"767765d2\" data-element_type=\"widget\" data-widget_type=\"heading.default\">\n\t\t\t\t<div class=\"elementor-widget-container\">\n\t\t\t\t\t<h2 class=\"elementor-heading-title elementor-size-default\"><a href=\"https:\/\/andermattmusic.ch\/de\/event\/the-bash-teil-2-blib-no-chli\/\">The Bash: Teil 2 \u2013 Blib no chli<\/a><\/h2>\t\t\t\t<\/div>\n\t\t\t\t<\/div>\n\t\t\t\t<div class=\"elementor-element elementor-element-3d0bc17 elementor-widget elementor-widget-text-editor\" data-id=\"3d0bc17\" data-element_type=\"widget\" data-widget_type=\"text-editor.default\">\n\t\t\t\t<div class=\"elementor-widget-container\">\n\t\t\t\t\t\t\t\t\t<p><strong>ARTISTE \u00c9TOILE: STEPHAN EICHER<\/strong><\/p>\n<p>The Kruger Brothers<br \/>\nReyn Ouwehand<br \/>\nMartin Suter<br \/>\nSwiss Orchestra<br \/>\nLena-Lisa W\u00fcstend\u00f6rfer, Leitung<\/p>\n<p>\u00abThe Bash\u00bb wagt den Br\u00fcckenschlag zwischen klassischer Musik und Pop: Die B\u00fchne teilen sich an diesen beiden einmaligen Abenden Stephan Eicher, The Kruger Brothers, Martin Suter, Reyn Ouwehand und das Swiss Orchestra unter der Leitung von Lena-Lisa W\u00fcstend\u00f6rfer.<\/p>\n&mdash;\t\t\t\t\t\t\t\t<\/div>\n\t\t\t\t<\/div>\n\t\t\t\t<section class=\"elementor-section elementor-inner-section elementor-element elementor-element-5b459e1 elementor-section-full_width elementor-section-height-default elementor-section-height-default\" data-id=\"5b459e1\" data-element_type=\"section\">\n\t\t\t\t\t\t<div class=\"elementor-container elementor-column-gap-no\">\n\t\t\t\t\t<div class=\"elementor-column elementor-col-100 elementor-inner-column elementor-element elementor-element-599d41ac\" data-id=\"599d41ac\" data-element_type=\"column\">\n\t\t\t<div class=\"elementor-widget-wrap elementor-element-populated\">\n\t\t\t\t\t\t<div class=\"elementor-element elementor-element-2e8a5eeb elementor-widget__width-auto elementor-widget elementor-widget-button\" data-id=\"2e8a5eeb\" data-element_type=\"widget\" data-widget_type=\"button.default\">\n\t\t\t\t<div class=\"elementor-widget-container\">\n\t\t\t\t\t\t\t\t\t<div class=\"elementor-button-wrapper\">\n\t\t\t\t\t<a class=\"elementor-button elementor-button-link elementor-size-lg\" href=\"https:\/\/andermattmusic.ch\/de\/event\/the-bash-teil-2-blib-no-chli\/\">\n\t\t\t\t\t\t<span class=\"elementor-button-content-wrapper\">\n\t\t\t\t\t\t<span class=\"elementor-button-icon\">\n\t\t\t\t<svg xmlns=\"http:\/\/www.w3.org\/2000\/svg\" xmlns:xlink=\"http:\/\/www.w3.org\/1999\/xlink\" x=\"0px\" y=\"0px\" viewBox=\"0 0 35 35.2\" xml:space=\"preserve\"><path fill=\"currentColor\" d=\"M17.5,0.9C8.387,0.9,1,8.287,1,17.4c0,9.113,7.387,16.5,16.5,16.5S34,26.513,34,17.4 C34,8.287,26.613,0.9,17.5,0.9z M14.3,30l-1.2-1.2l11.1-11.1l-10.9-11l1.3-1.3l12.2,12.2L14.3,30z\"><\/path><\/svg>\t\t\t<\/span>\n\t\t\t\t\t\t\t\t\t<span class=\"elementor-button-text\">Programm<\/span>\n\t\t\t\t\t<\/span>\n\t\t\t\t\t<\/a>\n\t\t\t\t<\/div>\n\t\t\t\t\t\t\t\t<\/div>\n\t\t\t\t<\/div>\n\t\t\t\t\t<\/div>\n\t\t<\/div>\n\t\t\t\t\t<\/div>\n\t\t<\/section>\n\t\t\t\t\t<\/div>\n\t\t<\/div>\n\t\t\t\t\t<\/div>\n\t\t<\/section>\n\t\t\t\t<\/div>\n\t\t\t\t<\/article>\n\t\t\t\t<article id=\"post-9375\" class=\"elementor-post elementor-grid-item ecs-post-loop post-9375 event type-event status-publish has-post-thumbnail hentry\">\n\t\t\t\t<div data-elementor-type=\"loop\" data-elementor-id=\"5729\" class=\"elementor elementor-5729 post-9375 event type-event status-publish has-post-thumbnail hentry\" data-elementor-post-type=\"elementor_library\">\n\t\t\t\t\t<section class=\"elementor-section elementor-top-section elementor-element elementor-element-4acc5669 elementor-section-boxed elementor-section-height-default elementor-section-height-default\" data-id=\"4acc5669\" data-element_type=\"section\">\n\t\t\t\t\t\t<div class=\"elementor-container elementor-column-gap-wide\">\n\t\t\t\t\t<div class=\"elementor-column elementor-col-33 elementor-top-column elementor-element elementor-element-2c329341\" data-id=\"2c329341\" data-element_type=\"column\">\n\t\t\t<div class=\"elementor-widget-wrap elementor-element-populated\">\n\t\t\t\t\t\t<div class=\"elementor-element elementor-element-3327e9c5 elementor-widget elementor-widget-text-editor\" data-id=\"3327e9c5\" data-element_type=\"widget\" data-widget_type=\"text-editor.default\">\n\t\t\t\t<div class=\"elementor-widget-container\">\n\t\t\t\t\t\t\t\t\tFreitag, 25.10.2024\t\t\t\t\t\t\t\t<\/div>\n\t\t\t\t<\/div>\n\t\t\t\t<div class=\"elementor-element elementor-element-2faffde7 elementor-widget elementor-widget-text-editor\" data-id=\"2faffde7\" data-element_type=\"widget\" data-widget_type=\"text-editor.default\">\n\t\t\t\t<div class=\"elementor-widget-container\">\n\t\t\t\t\t\t\t\t\t19.30 Uhr\t\t\t\t\t\t\t\t<\/div>\n\t\t\t\t<\/div>\n\t\t\t\t<div class=\"elementor-element elementor-element-16b635aa elementor-widget elementor-widget-image\" data-id=\"16b635aa\" data-element_type=\"widget\" data-widget_type=\"image.default\">\n\t\t\t\t<div class=\"elementor-widget-container\">\n\t\t\t\t\t\t\t\t\t\t\t\t\t\t\t\t<a href=\"https:\/\/andermattmusic.ch\/de\/event\/the-bash-teil-1-am-schaerme\/\">\n\t\t\t\t\t\t\t<img loading=\"lazy\" decoding=\"async\" width=\"700\" height=\"700\" src=\"https:\/\/andermattmusic.ch\/wp-content\/uploads\/2024\/05\/AM_2024_10_25-700x700.jpg\" class=\"attachment-performers_list_image size-performers_list_image wp-image-9433\" alt=\"Andermatt Music; The Bash; Stephan Eicher; The Kruger Brothers; Reyn Ouwehand; Martin Suter; Swiss Orchestra; Lena-Lisa W\u00fcstend\u00f6rfer\" srcset=\"https:\/\/andermattmusic.ch\/wp-content\/uploads\/2024\/05\/AM_2024_10_25-700x700.jpg 700w, https:\/\/andermattmusic.ch\/wp-content\/uploads\/2024\/05\/AM_2024_10_25-150x150.jpg 150w\" sizes=\"(max-width: 700px) 100vw, 700px\" \/>\t\t\t\t\t\t\t\t<\/a>\n\t\t\t\t\t\t\t\t\t\t\t\t\t\t\t<\/div>\n\t\t\t\t<\/div>\n\t\t\t\t\t<\/div>\n\t\t<\/div>\n\t\t\t\t<div class=\"elementor-column elementor-col-66 elementor-top-column elementor-element elementor-element-79fd2a9d\" data-id=\"79fd2a9d\" data-element_type=\"column\">\n\t\t\t<div class=\"elementor-widget-wrap elementor-element-populated\">\n\t\t\t\t\t\t<div class=\"elementor-element elementor-element-767765d2 elementor-widget elementor-widget-heading\" data-id=\"767765d2\" data-element_type=\"widget\" data-widget_type=\"heading.default\">\n\t\t\t\t<div class=\"elementor-widget-container\">\n\t\t\t\t\t<h2 class=\"elementor-heading-title elementor-size-default\"><a href=\"https:\/\/andermattmusic.ch\/de\/event\/the-bash-teil-1-am-schaerme\/\">The Bash: Teil 1 \u2013 Am Sch\u00e4rme<\/a><\/h2>\t\t\t\t<\/div>\n\t\t\t\t<\/div>\n\t\t\t\t<div class=\"elementor-element elementor-element-3d0bc17 elementor-widget elementor-widget-text-editor\" data-id=\"3d0bc17\" data-element_type=\"widget\" data-widget_type=\"text-editor.default\">\n\t\t\t\t<div class=\"elementor-widget-container\">\n\t\t\t\t\t\t\t\t\t<p><strong>ARTISTE \u00c9TOILE: STEPHAN EICHER<\/strong><\/p>\n<p>The Kruger Brothers<br \/>\nReyn Ouwehand<br \/>\nMartin Suter<br \/>\nSwiss Orchestra<br \/>\nLena-Lisa W\u00fcstend\u00f6rfer, Leitung<\/p>\n<p>\u00abThe Bash\u00bb wagt den Br\u00fcckenschlag zwischen klassischer Musik und Pop: Die B\u00fchne teilen sich an diesen beiden einmaligen Abenden Stephan Eicher, The Kruger Brothers, Martin Suter, Reyn Ouwehand und das Swiss Orchestra unter der Leitung von Lena-Lisa W\u00fcstend\u00f6rfer.<\/p>\n&mdash;\t\t\t\t\t\t\t\t<\/div>\n\t\t\t\t<\/div>\n\t\t\t\t<section class=\"elementor-section elementor-inner-section elementor-element elementor-element-5b459e1 elementor-section-full_width elementor-section-height-default elementor-section-height-default\" data-id=\"5b459e1\" data-element_type=\"section\">\n\t\t\t\t\t\t<div class=\"elementor-container elementor-column-gap-no\">\n\t\t\t\t\t<div class=\"elementor-column elementor-col-100 elementor-inner-column elementor-element elementor-element-599d41ac\" data-id=\"599d41ac\" data-element_type=\"column\">\n\t\t\t<div class=\"elementor-widget-wrap elementor-element-populated\">\n\t\t\t\t\t\t<div class=\"elementor-element elementor-element-2e8a5eeb elementor-widget__width-auto elementor-widget elementor-widget-button\" data-id=\"2e8a5eeb\" data-element_type=\"widget\" data-widget_type=\"button.default\">\n\t\t\t\t<div class=\"elementor-widget-container\">\n\t\t\t\t\t\t\t\t\t<div class=\"elementor-button-wrapper\">\n\t\t\t\t\t<a class=\"elementor-button elementor-button-link elementor-size-lg\" href=\"https:\/\/andermattmusic.ch\/de\/event\/the-bash-teil-1-am-schaerme\/\">\n\t\t\t\t\t\t<span class=\"elementor-button-content-wrapper\">\n\t\t\t\t\t\t<span class=\"elementor-button-icon\">\n\t\t\t\t<svg xmlns=\"http:\/\/www.w3.org\/2000\/svg\" xmlns:xlink=\"http:\/\/www.w3.org\/1999\/xlink\" x=\"0px\" y=\"0px\" viewBox=\"0 0 35 35.2\" xml:space=\"preserve\"><path fill=\"currentColor\" d=\"M17.5,0.9C8.387,0.9,1,8.287,1,17.4c0,9.113,7.387,16.5,16.5,16.5S34,26.513,34,17.4 C34,8.287,26.613,0.9,17.5,0.9z M14.3,30l-1.2-1.2l11.1-11.1l-10.9-11l1.3-1.3l12.2,12.2L14.3,30z\"><\/path><\/svg>\t\t\t<\/span>\n\t\t\t\t\t\t\t\t\t<span class=\"elementor-button-text\">Programm<\/span>\n\t\t\t\t\t<\/span>\n\t\t\t\t\t<\/a>\n\t\t\t\t<\/div>\n\t\t\t\t\t\t\t\t<\/div>\n\t\t\t\t<\/div>\n\t\t\t\t\t<\/div>\n\t\t<\/div>\n\t\t\t\t\t<\/div>\n\t\t<\/section>\n\t\t\t\t\t<\/div>\n\t\t<\/div>\n\t\t\t\t\t<\/div>\n\t\t<\/section>\n\t\t\t\t<\/div>\n\t\t\t\t<\/article>\n\t\t\t\t<article id=\"post-9374\" class=\"elementor-post elementor-grid-item ecs-post-loop post-9374 event type-event status-publish has-post-thumbnail hentry\">\n\t\t\t\t<div data-elementor-type=\"loop\" data-elementor-id=\"5729\" class=\"elementor elementor-5729 post-9374 event type-event status-publish has-post-thumbnail hentry\" data-elementor-post-type=\"elementor_library\">\n\t\t\t\t\t<section class=\"elementor-section elementor-top-section elementor-element elementor-element-4acc5669 elementor-section-boxed elementor-section-height-default elementor-section-height-default\" data-id=\"4acc5669\" data-element_type=\"section\">\n\t\t\t\t\t\t<div class=\"elementor-container elementor-column-gap-wide\">\n\t\t\t\t\t<div class=\"elementor-column elementor-col-33 elementor-top-column elementor-element elementor-element-2c329341\" data-id=\"2c329341\" data-element_type=\"column\">\n\t\t\t<div class=\"elementor-widget-wrap elementor-element-populated\">\n\t\t\t\t\t\t<div class=\"elementor-element elementor-element-3327e9c5 elementor-widget elementor-widget-text-editor\" data-id=\"3327e9c5\" data-element_type=\"widget\" data-widget_type=\"text-editor.default\">\n\t\t\t\t<div class=\"elementor-widget-container\">\n\t\t\t\t\t\t\t\t\tSonntag, 29.9.2024\t\t\t\t\t\t\t\t<\/div>\n\t\t\t\t<\/div>\n\t\t\t\t<div class=\"elementor-element elementor-element-2faffde7 elementor-widget elementor-widget-text-editor\" data-id=\"2faffde7\" data-element_type=\"widget\" data-widget_type=\"text-editor.default\">\n\t\t\t\t<div class=\"elementor-widget-container\">\n\t\t\t\t\t\t\t\t\t17.00 Uhr\t\t\t\t\t\t\t\t<\/div>\n\t\t\t\t<\/div>\n\t\t\t\t<div class=\"elementor-element elementor-element-16b635aa elementor-widget elementor-widget-image\" data-id=\"16b635aa\" data-element_type=\"widget\" data-widget_type=\"image.default\">\n\t\t\t\t<div class=\"elementor-widget-container\">\n\t\t\t\t\t\t\t\t\t\t\t\t\t\t\t\t<a href=\"https:\/\/andermattmusic.ch\/de\/event\/damenwahl\/\">\n\t\t\t\t\t\t\t<img loading=\"lazy\" decoding=\"async\" width=\"700\" height=\"700\" src=\"https:\/\/andermattmusic.ch\/wp-content\/uploads\/2024\/05\/DAMENWAHL-700x700.jpg\" class=\"attachment-performers_list_image size-performers_list_image wp-image-9431\" alt=\"Andermatt Music; Damenwahl\" srcset=\"https:\/\/andermattmusic.ch\/wp-content\/uploads\/2024\/05\/DAMENWAHL-700x700.jpg 700w, https:\/\/andermattmusic.ch\/wp-content\/uploads\/2024\/05\/DAMENWAHL-300x300.jpg 300w, https:\/\/andermattmusic.ch\/wp-content\/uploads\/2024\/05\/DAMENWAHL-1024x1024.jpg 1024w, https:\/\/andermattmusic.ch\/wp-content\/uploads\/2024\/05\/DAMENWAHL-150x150.jpg 150w, https:\/\/andermattmusic.ch\/wp-content\/uploads\/2024\/05\/DAMENWAHL-768x768.jpg 768w, https:\/\/andermattmusic.ch\/wp-content\/uploads\/2024\/05\/DAMENWAHL.jpg 1134w\" sizes=\"(max-width: 700px) 100vw, 700px\" \/>\t\t\t\t\t\t\t\t<\/a>\n\t\t\t\t\t\t\t\t\t\t\t\t\t\t\t<\/div>\n\t\t\t\t<\/div>\n\t\t\t\t\t<\/div>\n\t\t<\/div>\n\t\t\t\t<div class=\"elementor-column elementor-col-66 elementor-top-column elementor-element elementor-element-79fd2a9d\" data-id=\"79fd2a9d\" data-element_type=\"column\">\n\t\t\t<div class=\"elementor-widget-wrap elementor-element-populated\">\n\t\t\t\t\t\t<div class=\"elementor-element elementor-element-767765d2 elementor-widget elementor-widget-heading\" data-id=\"767765d2\" data-element_type=\"widget\" data-widget_type=\"heading.default\">\n\t\t\t\t<div class=\"elementor-widget-container\">\n\t\t\t\t\t<h2 class=\"elementor-heading-title elementor-size-default\"><a href=\"https:\/\/andermattmusic.ch\/de\/event\/damenwahl\/\">Damenwahl<\/a><\/h2>\t\t\t\t<\/div>\n\t\t\t\t<\/div>\n\t\t\t\t<div class=\"elementor-element elementor-element-3d0bc17 elementor-widget elementor-widget-text-editor\" data-id=\"3d0bc17\" data-element_type=\"widget\" data-widget_type=\"text-editor.default\">\n\t\t\t\t<div class=\"elementor-widget-container\">\n\t\t\t\t\t\t\t\t\t<p><strong>NEUE VOLKSMUSIK<\/strong><\/p>\n<p>Damenwahl<\/p>\n<p>Evelyn Brunner, Kontrabass &#038; Schwyzer\u00f6rgeli<br \/>\nKristina Brunner, Cello &#038; Schwyzer\u00f6rgeli<br \/>\nMaria Gehrig, Violine &#038; Blockfl\u00f6te<br \/>\nBarbara Gisler, Cello &#038; Kontrabass<br \/>\nCristina Janett, Cello<br \/>\nMadlaina Janett, Viola<br \/>\nHanna Landolt, Violine<br \/>\nGaby N\u00e4f, Klarinette &#038; Saxophon<br \/>\nMartina Rohrer, Kontrabass<br \/>\nAndrea Ulrich, Akkordeon<br \/>\nPatricia Ulrich, Piano<\/p>\n<p>Die elf Musikerinnen des Ensembles \u00abDamenwahl\u00bb wandeln durch die verschiedensten musikalischen Stile und Stimmungen der Schweizer Volksmusik und machen Frauen zum grossen Thema.<\/p>\n&mdash;\t\t\t\t\t\t\t\t<\/div>\n\t\t\t\t<\/div>\n\t\t\t\t<section class=\"elementor-section elementor-inner-section elementor-element elementor-element-5b459e1 elementor-section-full_width elementor-section-height-default elementor-section-height-default\" data-id=\"5b459e1\" data-element_type=\"section\">\n\t\t\t\t\t\t<div class=\"elementor-container elementor-column-gap-no\">\n\t\t\t\t\t<div class=\"elementor-column elementor-col-100 elementor-inner-column elementor-element elementor-element-599d41ac\" data-id=\"599d41ac\" data-element_type=\"column\">\n\t\t\t<div class=\"elementor-widget-wrap elementor-element-populated\">\n\t\t\t\t\t\t<div class=\"elementor-element elementor-element-2e8a5eeb elementor-widget__width-auto elementor-widget elementor-widget-button\" data-id=\"2e8a5eeb\" data-element_type=\"widget\" data-widget_type=\"button.default\">\n\t\t\t\t<div class=\"elementor-widget-container\">\n\t\t\t\t\t\t\t\t\t<div class=\"elementor-button-wrapper\">\n\t\t\t\t\t<a class=\"elementor-button elementor-button-link elementor-size-lg\" href=\"https:\/\/andermattmusic.ch\/de\/event\/damenwahl\/\">\n\t\t\t\t\t\t<span class=\"elementor-button-content-wrapper\">\n\t\t\t\t\t\t<span class=\"elementor-button-icon\">\n\t\t\t\t<svg xmlns=\"http:\/\/www.w3.org\/2000\/svg\" xmlns:xlink=\"http:\/\/www.w3.org\/1999\/xlink\" x=\"0px\" y=\"0px\" viewBox=\"0 0 35 35.2\" xml:space=\"preserve\"><path fill=\"currentColor\" d=\"M17.5,0.9C8.387,0.9,1,8.287,1,17.4c0,9.113,7.387,16.5,16.5,16.5S34,26.513,34,17.4 C34,8.287,26.613,0.9,17.5,0.9z M14.3,30l-1.2-1.2l11.1-11.1l-10.9-11l1.3-1.3l12.2,12.2L14.3,30z\"><\/path><\/svg>\t\t\t<\/span>\n\t\t\t\t\t\t\t\t\t<span class=\"elementor-button-text\">Programm<\/span>\n\t\t\t\t\t<\/span>\n\t\t\t\t\t<\/a>\n\t\t\t\t<\/div>\n\t\t\t\t\t\t\t\t<\/div>\n\t\t\t\t<\/div>\n\t\t\t\t\t<\/div>\n\t\t<\/div>\n\t\t\t\t\t<\/div>\n\t\t<\/section>\n\t\t\t\t\t<\/div>\n\t\t<\/div>\n\t\t\t\t\t<\/div>\n\t\t<\/section>\n\t\t\t\t<\/div>\n\t\t\t\t<\/article>\n\t\t\t\t<article id=\"post-9373\" class=\"elementor-post elementor-grid-item ecs-post-loop post-9373 event type-event status-publish has-post-thumbnail hentry\">\n\t\t\t\t<div data-elementor-type=\"loop\" data-elementor-id=\"5729\" class=\"elementor elementor-5729 post-9373 event type-event status-publish has-post-thumbnail hentry\" data-elementor-post-type=\"elementor_library\">\n\t\t\t\t\t<section class=\"elementor-section elementor-top-section elementor-element elementor-element-4acc5669 elementor-section-boxed elementor-section-height-default elementor-section-height-default\" data-id=\"4acc5669\" data-element_type=\"section\">\n\t\t\t\t\t\t<div class=\"elementor-container elementor-column-gap-wide\">\n\t\t\t\t\t<div class=\"elementor-column elementor-col-33 elementor-top-column elementor-element elementor-element-2c329341\" data-id=\"2c329341\" data-element_type=\"column\">\n\t\t\t<div class=\"elementor-widget-wrap elementor-element-populated\">\n\t\t\t\t\t\t<div class=\"elementor-element elementor-element-3327e9c5 elementor-widget elementor-widget-text-editor\" data-id=\"3327e9c5\" data-element_type=\"widget\" data-widget_type=\"text-editor.default\">\n\t\t\t\t<div class=\"elementor-widget-container\">\n\t\t\t\t\t\t\t\t\tSonntag, 29.9.2024\t\t\t\t\t\t\t\t<\/div>\n\t\t\t\t<\/div>\n\t\t\t\t<div class=\"elementor-element elementor-element-2faffde7 elementor-widget elementor-widget-text-editor\" data-id=\"2faffde7\" data-element_type=\"widget\" data-widget_type=\"text-editor.default\">\n\t\t\t\t<div class=\"elementor-widget-container\">\n\t\t\t\t\t\t\t\t\t11.00 Uhr\t\t\t\t\t\t\t\t<\/div>\n\t\t\t\t<\/div>\n\t\t\t\t<div class=\"elementor-element elementor-element-16b635aa elementor-widget elementor-widget-image\" data-id=\"16b635aa\" data-element_type=\"widget\" data-widget_type=\"image.default\">\n\t\t\t\t<div class=\"elementor-widget-container\">\n\t\t\t\t\t\t\t\t\t\t\t\t\t\t\t\t<a href=\"https:\/\/andermattmusic.ch\/de\/event\/willkommen-zum-dialog-2\/\">\n\t\t\t\t\t\t\t<img loading=\"lazy\" decoding=\"async\" width=\"700\" height=\"700\" src=\"https:\/\/andermattmusic.ch\/wp-content\/uploads\/2024\/05\/AM_2024_09_29-700x700.jpg\" class=\"attachment-performers_list_image size-performers_list_image wp-image-9422\" alt=\"Andermatt Music, Vormittag der offenen T\u00fcr\" srcset=\"https:\/\/andermattmusic.ch\/wp-content\/uploads\/2024\/05\/AM_2024_09_29-700x700.jpg 700w, https:\/\/andermattmusic.ch\/wp-content\/uploads\/2024\/05\/AM_2024_09_29-150x150.jpg 150w\" sizes=\"(max-width: 700px) 100vw, 700px\" \/>\t\t\t\t\t\t\t\t<\/a>\n\t\t\t\t\t\t\t\t\t\t\t\t\t\t\t<\/div>\n\t\t\t\t<\/div>\n\t\t\t\t\t<\/div>\n\t\t<\/div>\n\t\t\t\t<div class=\"elementor-column elementor-col-66 elementor-top-column elementor-element elementor-element-79fd2a9d\" data-id=\"79fd2a9d\" data-element_type=\"column\">\n\t\t\t<div class=\"elementor-widget-wrap elementor-element-populated\">\n\t\t\t\t\t\t<div class=\"elementor-element elementor-element-767765d2 elementor-widget elementor-widget-heading\" data-id=\"767765d2\" data-element_type=\"widget\" data-widget_type=\"heading.default\">\n\t\t\t\t<div class=\"elementor-widget-container\">\n\t\t\t\t\t<h2 class=\"elementor-heading-title elementor-size-default\"><a href=\"https:\/\/andermattmusic.ch\/de\/event\/willkommen-zum-dialog-2\/\">Willkommen zum Dialog<\/a><\/h2>\t\t\t\t<\/div>\n\t\t\t\t<\/div>\n\t\t\t\t<div class=\"elementor-element elementor-element-3d0bc17 elementor-widget elementor-widget-text-editor\" data-id=\"3d0bc17\" data-element_type=\"widget\" data-widget_type=\"text-editor.default\">\n\t\t\t\t<div class=\"elementor-widget-container\">\n\t\t\t\t\t\t\t\t\t<p><strong>VORMITTAG DER OFFENEN T\u00dcR<\/strong><\/p>\n<p>ANDERMATT MUSIC stellt sich vor: Werfen Sie beim Vormittag der offenen T\u00fcr einen Blick hinter die Kulissen des Konzertbetriebs und erfahren Sie bei Kaffee und Gipfeli mehr \u00fcber unterschiedliche Musikerkarrieren (Eintritt frei) \u2013 begleitet von Preistr\u00e4ger*innen der Muri Competition.<\/p>\n&mdash;\t\t\t\t\t\t\t\t<\/div>\n\t\t\t\t<\/div>\n\t\t\t\t<section class=\"elementor-section elementor-inner-section elementor-element elementor-element-5b459e1 elementor-section-full_width elementor-section-height-default elementor-section-height-default\" data-id=\"5b459e1\" data-element_type=\"section\">\n\t\t\t\t\t\t<div class=\"elementor-container elementor-column-gap-no\">\n\t\t\t\t\t<div class=\"elementor-column elementor-col-100 elementor-inner-column elementor-element elementor-element-599d41ac\" data-id=\"599d41ac\" data-element_type=\"column\">\n\t\t\t<div class=\"elementor-widget-wrap elementor-element-populated\">\n\t\t\t\t\t\t<div class=\"elementor-element elementor-element-2e8a5eeb elementor-widget__width-auto elementor-widget elementor-widget-button\" data-id=\"2e8a5eeb\" data-element_type=\"widget\" data-widget_type=\"button.default\">\n\t\t\t\t<div class=\"elementor-widget-container\">\n\t\t\t\t\t\t\t\t\t<div class=\"elementor-button-wrapper\">\n\t\t\t\t\t<a class=\"elementor-button elementor-button-link elementor-size-lg\" href=\"https:\/\/andermattmusic.ch\/de\/event\/willkommen-zum-dialog-2\/\">\n\t\t\t\t\t\t<span class=\"elementor-button-content-wrapper\">\n\t\t\t\t\t\t<span class=\"elementor-button-icon\">\n\t\t\t\t<svg xmlns=\"http:\/\/www.w3.org\/2000\/svg\" xmlns:xlink=\"http:\/\/www.w3.org\/1999\/xlink\" x=\"0px\" y=\"0px\" viewBox=\"0 0 35 35.2\" xml:space=\"preserve\"><path fill=\"currentColor\" d=\"M17.5,0.9C8.387,0.9,1,8.287,1,17.4c0,9.113,7.387,16.5,16.5,16.5S34,26.513,34,17.4 C34,8.287,26.613,0.9,17.5,0.9z M14.3,30l-1.2-1.2l11.1-11.1l-10.9-11l1.3-1.3l12.2,12.2L14.3,30z\"><\/path><\/svg>\t\t\t<\/span>\n\t\t\t\t\t\t\t\t\t<span class=\"elementor-button-text\">Programm<\/span>\n\t\t\t\t\t<\/span>\n\t\t\t\t\t<\/a>\n\t\t\t\t<\/div>\n\t\t\t\t\t\t\t\t<\/div>\n\t\t\t\t<\/div>\n\t\t\t\t\t<\/div>\n\t\t<\/div>\n\t\t\t\t\t<\/div>\n\t\t<\/section>\n\t\t\t\t\t<\/div>\n\t\t<\/div>\n\t\t\t\t\t<\/div>\n\t\t<\/section>\n\t\t\t\t<\/div>\n\t\t\t\t<\/article>\n\t\t\t\t<article id=\"post-9372\" class=\"elementor-post elementor-grid-item ecs-post-loop post-9372 event type-event status-publish has-post-thumbnail hentry composer-giuseppe-verdi composer-hans-huber composer-sergei-rachmaninow\">\n\t\t\t\t<div data-elementor-type=\"loop\" data-elementor-id=\"5729\" class=\"elementor elementor-5729 post-9372 event type-event status-publish has-post-thumbnail hentry composer-giuseppe-verdi composer-hans-huber composer-sergei-rachmaninow\" data-elementor-post-type=\"elementor_library\">\n\t\t\t\t\t<section class=\"elementor-section elementor-top-section elementor-element elementor-element-4acc5669 elementor-section-boxed elementor-section-height-default elementor-section-height-default\" data-id=\"4acc5669\" data-element_type=\"section\">\n\t\t\t\t\t\t<div class=\"elementor-container elementor-column-gap-wide\">\n\t\t\t\t\t<div class=\"elementor-column elementor-col-33 elementor-top-column elementor-element elementor-element-2c329341\" data-id=\"2c329341\" data-element_type=\"column\">\n\t\t\t<div class=\"elementor-widget-wrap elementor-element-populated\">\n\t\t\t\t\t\t<div class=\"elementor-element elementor-element-3327e9c5 elementor-widget elementor-widget-text-editor\" data-id=\"3327e9c5\" data-element_type=\"widget\" data-widget_type=\"text-editor.default\">\n\t\t\t\t<div class=\"elementor-widget-container\">\n\t\t\t\t\t\t\t\t\tSamstag, 28.9.2024\t\t\t\t\t\t\t\t<\/div>\n\t\t\t\t<\/div>\n\t\t\t\t<div class=\"elementor-element elementor-element-2faffde7 elementor-widget elementor-widget-text-editor\" data-id=\"2faffde7\" data-element_type=\"widget\" data-widget_type=\"text-editor.default\">\n\t\t\t\t<div class=\"elementor-widget-container\">\n\t\t\t\t\t\t\t\t\t19.30 Uhr\t\t\t\t\t\t\t\t<\/div>\n\t\t\t\t<\/div>\n\t\t\t\t<div class=\"elementor-element elementor-element-16b635aa elementor-widget elementor-widget-image\" data-id=\"16b635aa\" data-element_type=\"widget\" data-widget_type=\"image.default\">\n\t\t\t\t<div class=\"elementor-widget-container\">\n\t\t\t\t\t\t\t\t\t\t\t\t\t\t\t\t<a href=\"https:\/\/andermattmusic.ch\/de\/event\/saisoneroeffnung-2\/\">\n\t\t\t\t\t\t\t<img loading=\"lazy\" decoding=\"async\" width=\"700\" height=\"700\" src=\"https:\/\/andermattmusic.ch\/wp-content\/uploads\/2024\/05\/AM_2024_09_28-700x700.jpg\" class=\"attachment-performers_list_image size-performers_list_image wp-image-9427\" alt=\"Andermat Music, Saisoner\u00f6ffnung, Olga Scheps; Swiss Orchestra; Lena-Lisa W\u00fcstend\u00f6rfer\" srcset=\"https:\/\/andermattmusic.ch\/wp-content\/uploads\/2024\/05\/AM_2024_09_28-700x700.jpg 700w, https:\/\/andermattmusic.ch\/wp-content\/uploads\/2024\/05\/AM_2024_09_28-150x150.jpg 150w\" sizes=\"(max-width: 700px) 100vw, 700px\" \/>\t\t\t\t\t\t\t\t<\/a>\n\t\t\t\t\t\t\t\t\t\t\t\t\t\t\t<\/div>\n\t\t\t\t<\/div>\n\t\t\t\t\t<\/div>\n\t\t<\/div>\n\t\t\t\t<div class=\"elementor-column elementor-col-66 elementor-top-column elementor-element elementor-element-79fd2a9d\" data-id=\"79fd2a9d\" data-element_type=\"column\">\n\t\t\t<div class=\"elementor-widget-wrap elementor-element-populated\">\n\t\t\t\t\t\t<div class=\"elementor-element elementor-element-767765d2 elementor-widget elementor-widget-heading\" data-id=\"767765d2\" data-element_type=\"widget\" data-widget_type=\"heading.default\">\n\t\t\t\t<div class=\"elementor-widget-container\">\n\t\t\t\t\t<h2 class=\"elementor-heading-title elementor-size-default\"><a href=\"https:\/\/andermattmusic.ch\/de\/event\/saisoneroeffnung-2\/\">Saisoner\u00f6ffnung<\/a><\/h2>\t\t\t\t<\/div>\n\t\t\t\t<\/div>\n\t\t\t\t<div class=\"elementor-element elementor-element-3d0bc17 elementor-widget elementor-widget-text-editor\" data-id=\"3d0bc17\" data-element_type=\"widget\" data-widget_type=\"text-editor.default\">\n\t\t\t\t<div class=\"elementor-widget-container\">\n\t\t\t\t\t\t\t\t\t<p><strong>SINFONIEKONZERT<\/strong><\/p>\n<p>Olga Scheps, Piano<br \/>\nSwiss Orchestra<br \/>\nLena-Lisa W\u00fcstend\u00f6rfer, Leitung<\/p>\n<p>Zur Saisoner\u00f6ffnung begr\u00fcsst ANDERMATT MUSIC die Pianistin Olga Scheps sowie das Swiss Orchestra unter der Leitung von Lena-Lisa W\u00fcstend\u00f6rfer. Zum feierlichen Anlass erklingen Werke von Verdi, Rachmaninow und Hans Huber.<\/p>\n&mdash;\t\t\t\t\t\t\t\t<\/div>\n\t\t\t\t<\/div>\n\t\t\t\t<section class=\"elementor-section elementor-inner-section elementor-element elementor-element-5b459e1 elementor-section-full_width elementor-section-height-default elementor-section-height-default\" data-id=\"5b459e1\" data-element_type=\"section\">\n\t\t\t\t\t\t<div class=\"elementor-container elementor-column-gap-no\">\n\t\t\t\t\t<div class=\"elementor-column elementor-col-100 elementor-inner-column elementor-element elementor-element-599d41ac\" data-id=\"599d41ac\" data-element_type=\"column\">\n\t\t\t<div class=\"elementor-widget-wrap elementor-element-populated\">\n\t\t\t\t\t\t<div class=\"elementor-element elementor-element-2e8a5eeb elementor-widget__width-auto elementor-widget elementor-widget-button\" data-id=\"2e8a5eeb\" data-element_type=\"widget\" data-widget_type=\"button.default\">\n\t\t\t\t<div class=\"elementor-widget-container\">\n\t\t\t\t\t\t\t\t\t<div class=\"elementor-button-wrapper\">\n\t\t\t\t\t<a class=\"elementor-button elementor-button-link elementor-size-lg\" href=\"https:\/\/andermattmusic.ch\/de\/event\/saisoneroeffnung-2\/\">\n\t\t\t\t\t\t<span class=\"elementor-button-content-wrapper\">\n\t\t\t\t\t\t<span class=\"elementor-button-icon\">\n\t\t\t\t<svg xmlns=\"http:\/\/www.w3.org\/2000\/svg\" xmlns:xlink=\"http:\/\/www.w3.org\/1999\/xlink\" x=\"0px\" y=\"0px\" viewBox=\"0 0 35 35.2\" xml:space=\"preserve\"><path fill=\"currentColor\" d=\"M17.5,0.9C8.387,0.9,1,8.287,1,17.4c0,9.113,7.387,16.5,16.5,16.5S34,26.513,34,17.4 C34,8.287,26.613,0.9,17.5,0.9z M14.3,30l-1.2-1.2l11.1-11.1l-10.9-11l1.3-1.3l12.2,12.2L14.3,30z\"><\/path><\/svg>\t\t\t<\/span>\n\t\t\t\t\t\t\t\t\t<span class=\"elementor-button-text\">Programm<\/span>\n\t\t\t\t\t<\/span>\n\t\t\t\t\t<\/a>\n\t\t\t\t<\/div>\n\t\t\t\t\t\t\t\t<\/div>\n\t\t\t\t<\/div>\n\t\t\t\t\t<\/div>\n\t\t<\/div>\n\t\t\t\t\t<\/div>\n\t\t<\/section>\n\t\t\t\t\t<\/div>\n\t\t<\/div>\n\t\t\t\t\t<\/div>\n\t\t<\/section>\n\t\t\t\t<\/div>\n\t\t\t\t<\/article>\n\t\t\t\t<article id=\"post-9371\" class=\"elementor-post elementor-grid-item ecs-post-loop post-9371 event type-event status-publish has-post-thumbnail hentry composer-arnold-schoenberg composer-felix-mendelssohn-bartholdy composer-franz-liszt composer-franz-schubert composer-hugo-wolf composer-ludwig-van-beethoven composer-piotr-iljitsch-tschaikowski composer-robert-schumann\">\n\t\t\t\t<div data-elementor-type=\"loop\" data-elementor-id=\"5729\" class=\"elementor elementor-5729 post-9371 event type-event status-publish has-post-thumbnail hentry composer-arnold-schoenberg composer-felix-mendelssohn-bartholdy composer-franz-liszt composer-franz-schubert composer-hugo-wolf composer-ludwig-van-beethoven composer-piotr-iljitsch-tschaikowski composer-robert-schumann\" data-elementor-post-type=\"elementor_library\">\n\t\t\t\t\t<section class=\"elementor-section elementor-top-section elementor-element elementor-element-4acc5669 elementor-section-boxed elementor-section-height-default elementor-section-height-default\" data-id=\"4acc5669\" data-element_type=\"section\">\n\t\t\t\t\t\t<div class=\"elementor-container elementor-column-gap-wide\">\n\t\t\t\t\t<div class=\"elementor-column elementor-col-33 elementor-top-column elementor-element elementor-element-2c329341\" data-id=\"2c329341\" data-element_type=\"column\">\n\t\t\t<div class=\"elementor-widget-wrap elementor-element-populated\">\n\t\t\t\t\t\t<div class=\"elementor-element elementor-element-3327e9c5 elementor-widget elementor-widget-text-editor\" data-id=\"3327e9c5\" data-element_type=\"widget\" data-widget_type=\"text-editor.default\">\n\t\t\t\t<div class=\"elementor-widget-container\">\n\t\t\t\t\t\t\t\t\tSamstag, 24.8.2024\t\t\t\t\t\t\t\t<\/div>\n\t\t\t\t<\/div>\n\t\t\t\t<div class=\"elementor-element elementor-element-2faffde7 elementor-widget elementor-widget-text-editor\" data-id=\"2faffde7\" data-element_type=\"widget\" data-widget_type=\"text-editor.default\">\n\t\t\t\t<div class=\"elementor-widget-container\">\n\t\t\t\t\t\t\t\t\t19.30 Uhr\t\t\t\t\t\t\t\t<\/div>\n\t\t\t\t<\/div>\n\t\t\t\t<div class=\"elementor-element elementor-element-16b635aa elementor-widget elementor-widget-image\" data-id=\"16b635aa\" data-element_type=\"widget\" data-widget_type=\"image.default\">\n\t\t\t\t<div class=\"elementor-widget-container\">\n\t\t\t\t\t\t\t\t\t\t\t\t\t\t\t\t<a href=\"https:\/\/andermattmusic.ch\/de\/event\/das-ewig-weibliche\/\">\n\t\t\t\t\t\t\t<img loading=\"lazy\" decoding=\"async\" width=\"700\" height=\"700\" src=\"https:\/\/andermattmusic.ch\/wp-content\/uploads\/2024\/05\/AM_2024_08_24-700x700.jpg\" class=\"attachment-performers_list_image size-performers_list_image wp-image-9424\" alt=\"Liederabend im Rahmen der 3. Goethe Tage Andermatt; Franziska Heinzen; Benjamin Mead; Isabel Karajan\" srcset=\"https:\/\/andermattmusic.ch\/wp-content\/uploads\/2024\/05\/AM_2024_08_24-700x700.jpg 700w, https:\/\/andermattmusic.ch\/wp-content\/uploads\/2024\/05\/AM_2024_08_24-150x150.jpg 150w\" sizes=\"(max-width: 700px) 100vw, 700px\" \/>\t\t\t\t\t\t\t\t<\/a>\n\t\t\t\t\t\t\t\t\t\t\t\t\t\t\t<\/div>\n\t\t\t\t<\/div>\n\t\t\t\t\t<\/div>\n\t\t<\/div>\n\t\t\t\t<div class=\"elementor-column elementor-col-66 elementor-top-column elementor-element elementor-element-79fd2a9d\" data-id=\"79fd2a9d\" data-element_type=\"column\">\n\t\t\t<div class=\"elementor-widget-wrap elementor-element-populated\">\n\t\t\t\t\t\t<div class=\"elementor-element elementor-element-767765d2 elementor-widget elementor-widget-heading\" data-id=\"767765d2\" data-element_type=\"widget\" data-widget_type=\"heading.default\">\n\t\t\t\t<div class=\"elementor-widget-container\">\n\t\t\t\t\t<h2 class=\"elementor-heading-title elementor-size-default\"><a href=\"https:\/\/andermattmusic.ch\/de\/event\/das-ewig-weibliche\/\">\u00abDas Ewig Weibliche\u00bb<\/a><\/h2>\t\t\t\t<\/div>\n\t\t\t\t<\/div>\n\t\t\t\t<div class=\"elementor-element elementor-element-3d0bc17 elementor-widget elementor-widget-text-editor\" data-id=\"3d0bc17\" data-element_type=\"widget\" data-widget_type=\"text-editor.default\">\n\t\t\t\t<div class=\"elementor-widget-container\">\n\t\t\t\t\t\t\t\t\t<p><strong>LIEDERABEND IM RAHMEN DER 3. GOETHE TAGE ANDERMATT<\/strong><\/p>\n<p>Franziska Heinzen, Sopran<br \/>\nBenjamin Mead, Piano<br \/>\nIsabel Karajan, Rezitation<\/p>\n<p>Mit Gretchen, Suleika und Mignon kommen verschiedene Frauenfiguren Goethes in Vertonungen von Schubert, Liszt, Wolf u.a. zu Wort. Der Liederabend mit Franziska Heinzen (Sopran), Benjamin Mead (Piano) und Isabel Karajan (Rezitation) findet im Rahmen der 3. Goethe Tage Andermatt statt.<\/p>\n&mdash;\t\t\t\t\t\t\t\t<\/div>\n\t\t\t\t<\/div>\n\t\t\t\t<section class=\"elementor-section elementor-inner-section elementor-element elementor-element-5b459e1 elementor-section-full_width elementor-section-height-default elementor-section-height-default\" data-id=\"5b459e1\" data-element_type=\"section\">\n\t\t\t\t\t\t<div class=\"elementor-container elementor-column-gap-no\">\n\t\t\t\t\t<div class=\"elementor-column elementor-col-100 elementor-inner-column elementor-element elementor-element-599d41ac\" data-id=\"599d41ac\" data-element_type=\"column\">\n\t\t\t<div class=\"elementor-widget-wrap elementor-element-populated\">\n\t\t\t\t\t\t<div class=\"elementor-element elementor-element-2e8a5eeb elementor-widget__width-auto elementor-widget elementor-widget-button\" data-id=\"2e8a5eeb\" data-element_type=\"widget\" data-widget_type=\"button.default\">\n\t\t\t\t<div class=\"elementor-widget-container\">\n\t\t\t\t\t\t\t\t\t<div class=\"elementor-button-wrapper\">\n\t\t\t\t\t<a class=\"elementor-button elementor-button-link elementor-size-lg\" href=\"https:\/\/andermattmusic.ch\/de\/event\/das-ewig-weibliche\/\">\n\t\t\t\t\t\t<span class=\"elementor-button-content-wrapper\">\n\t\t\t\t\t\t<span class=\"elementor-button-icon\">\n\t\t\t\t<svg xmlns=\"http:\/\/www.w3.org\/2000\/svg\" xmlns:xlink=\"http:\/\/www.w3.org\/1999\/xlink\" x=\"0px\" y=\"0px\" viewBox=\"0 0 35 35.2\" xml:space=\"preserve\"><path fill=\"currentColor\" d=\"M17.5,0.9C8.387,0.9,1,8.287,1,17.4c0,9.113,7.387,16.5,16.5,16.5S34,26.513,34,17.4 C34,8.287,26.613,0.9,17.5,0.9z M14.3,30l-1.2-1.2l11.1-11.1l-10.9-11l1.3-1.3l12.2,12.2L14.3,30z\"><\/path><\/svg>\t\t\t<\/span>\n\t\t\t\t\t\t\t\t\t<span class=\"elementor-button-text\">Programm<\/span>\n\t\t\t\t\t<\/span>\n\t\t\t\t\t<\/a>\n\t\t\t\t<\/div>\n\t\t\t\t\t\t\t\t<\/div>\n\t\t\t\t<\/div>\n\t\t\t\t\t<\/div>\n\t\t<\/div>\n\t\t\t\t\t<\/div>\n\t\t<\/section>\n\t\t\t\t\t<\/div>\n\t\t<\/div>\n\t\t\t\t\t<\/div>\n\t\t<\/section>\n\t\t\t\t<\/div>\n\t\t\t\t<\/article>\n\t\t\t\t<article id=\"post-7731\" class=\"elementor-post elementor-grid-item ecs-post-loop post-7731 event type-event status-publish has-post-thumbnail hentry composer-joaquin-turina-perez composer-johannes-brahms composer-othmar-schoeck\">\n\t\t\t\t<div data-elementor-type=\"loop\" data-elementor-id=\"5729\" class=\"elementor elementor-5729 post-7731 event type-event status-publish has-post-thumbnail hentry composer-joaquin-turina-perez composer-johannes-brahms composer-othmar-schoeck\" data-elementor-post-type=\"elementor_library\">\n\t\t\t\t\t<section class=\"elementor-section elementor-top-section elementor-element elementor-element-4acc5669 elementor-section-boxed elementor-section-height-default elementor-section-height-default\" data-id=\"4acc5669\" data-element_type=\"section\">\n\t\t\t\t\t\t<div class=\"elementor-container elementor-column-gap-wide\">\n\t\t\t\t\t<div class=\"elementor-column elementor-col-33 elementor-top-column elementor-element elementor-element-2c329341\" data-id=\"2c329341\" data-element_type=\"column\">\n\t\t\t<div class=\"elementor-widget-wrap elementor-element-populated\">\n\t\t\t\t\t\t<div class=\"elementor-element elementor-element-3327e9c5 elementor-widget elementor-widget-text-editor\" data-id=\"3327e9c5\" data-element_type=\"widget\" data-widget_type=\"text-editor.default\">\n\t\t\t\t<div class=\"elementor-widget-container\">\n\t\t\t\t\t\t\t\t\tSamstag, 27.7.2024\t\t\t\t\t\t\t\t<\/div>\n\t\t\t\t<\/div>\n\t\t\t\t<div class=\"elementor-element elementor-element-2faffde7 elementor-widget elementor-widget-text-editor\" data-id=\"2faffde7\" data-element_type=\"widget\" data-widget_type=\"text-editor.default\">\n\t\t\t\t<div class=\"elementor-widget-container\">\n\t\t\t\t\t\t\t\t\t19.30 Uhr\t\t\t\t\t\t\t\t<\/div>\n\t\t\t\t<\/div>\n\t\t\t\t<div class=\"elementor-element elementor-element-16b635aa elementor-widget elementor-widget-image\" data-id=\"16b635aa\" data-element_type=\"widget\" data-widget_type=\"image.default\">\n\t\t\t\t<div class=\"elementor-widget-container\">\n\t\t\t\t\t\t\t\t\t\t\t\t\t\t\t\t<a href=\"https:\/\/andermattmusic.ch\/de\/event\/borromeo-festival-gala\/\">\n\t\t\t\t\t\t\t<img loading=\"lazy\" decoding=\"async\" width=\"700\" height=\"700\" src=\"https:\/\/andermattmusic.ch\/wp-content\/uploads\/2023\/05\/AM_27.07.2024-700x700.jpg\" class=\"attachment-performers_list_image size-performers_list_image wp-image-7904\" alt=\"Borromeo Music Festival Players, Andreas Heafliger, Andermatt Music\" srcset=\"https:\/\/andermattmusic.ch\/wp-content\/uploads\/2023\/05\/AM_27.07.2024-700x700.jpg 700w, https:\/\/andermattmusic.ch\/wp-content\/uploads\/2023\/05\/AM_27.07.2024-150x150.jpg 150w\" sizes=\"(max-width: 700px) 100vw, 700px\" \/>\t\t\t\t\t\t\t\t<\/a>\n\t\t\t\t\t\t\t\t\t\t\t\t\t\t\t<\/div>\n\t\t\t\t<\/div>\n\t\t\t\t\t<\/div>\n\t\t<\/div>\n\t\t\t\t<div class=\"elementor-column elementor-col-66 elementor-top-column elementor-element elementor-element-79fd2a9d\" data-id=\"79fd2a9d\" data-element_type=\"column\">\n\t\t\t<div class=\"elementor-widget-wrap elementor-element-populated\">\n\t\t\t\t\t\t<div class=\"elementor-element elementor-element-767765d2 elementor-widget elementor-widget-heading\" data-id=\"767765d2\" data-element_type=\"widget\" data-widget_type=\"heading.default\">\n\t\t\t\t<div class=\"elementor-widget-container\">\n\t\t\t\t\t<h2 class=\"elementor-heading-title elementor-size-default\"><a href=\"https:\/\/andermattmusic.ch\/de\/event\/borromeo-festival-gala\/\">borromeo festival gala<\/a><\/h2>\t\t\t\t<\/div>\n\t\t\t\t<\/div>\n\t\t\t\t<div class=\"elementor-element elementor-element-3d0bc17 elementor-widget elementor-widget-text-editor\" data-id=\"3d0bc17\" data-element_type=\"widget\" data-widget_type=\"text-editor.default\">\n\t\t\t\t<div class=\"elementor-widget-container\">\n\t\t\t\t\t\t\t\t\t<p><strong>KAMMERMUSIK<\/strong><\/p>\n<p>Andreas Haefliger &#038; Amy Yang, Piano<br \/>\nSebastian Bohren, Lorenz Gamma, In\u00e8s Morin, Joan Kwuon &#038; Lina Bahn, Violine<br \/>\nHannes B\u00e4rtschi, Juan-Miguel Hernandez &#038; Vicki Powell, Viola<br \/>\nBen Hong, Jonas Iten &#038; S\u00e6unn Thorsteinsd\u00f3ttir, Cello<\/p>\n<p>Zum Finale der Saison ist das Borromeo Music Festival mit seiner Gala zu Gast in Andermatt. Gemeinsam mit dem Pianisten Andreas Haefliger bietet das Streichquartett Kammermusik von Schoeck, Brahms und Turina P\u00e9rez auf h\u00f6chstem Niveau.<\/p>\n&mdash;\t\t\t\t\t\t\t\t<\/div>\n\t\t\t\t<\/div>\n\t\t\t\t<section class=\"elementor-section elementor-inner-section elementor-element elementor-element-5b459e1 elementor-section-full_width elementor-section-height-default elementor-section-height-default\" data-id=\"5b459e1\" data-element_type=\"section\">\n\t\t\t\t\t\t<div class=\"elementor-container elementor-column-gap-no\">\n\t\t\t\t\t<div class=\"elementor-column elementor-col-100 elementor-inner-column elementor-element elementor-element-599d41ac\" data-id=\"599d41ac\" data-element_type=\"column\">\n\t\t\t<div class=\"elementor-widget-wrap elementor-element-populated\">\n\t\t\t\t\t\t<div class=\"elementor-element elementor-element-2e8a5eeb elementor-widget__width-auto elementor-widget elementor-widget-button\" data-id=\"2e8a5eeb\" data-element_type=\"widget\" data-widget_type=\"button.default\">\n\t\t\t\t<div class=\"elementor-widget-container\">\n\t\t\t\t\t\t\t\t\t<div class=\"elementor-button-wrapper\">\n\t\t\t\t\t<a class=\"elementor-button elementor-button-link elementor-size-lg\" href=\"https:\/\/andermattmusic.ch\/de\/event\/borromeo-festival-gala\/\">\n\t\t\t\t\t\t<span class=\"elementor-button-content-wrapper\">\n\t\t\t\t\t\t<span class=\"elementor-button-icon\">\n\t\t\t\t<svg xmlns=\"http:\/\/www.w3.org\/2000\/svg\" xmlns:xlink=\"http:\/\/www.w3.org\/1999\/xlink\" x=\"0px\" y=\"0px\" viewBox=\"0 0 35 35.2\" xml:space=\"preserve\"><path fill=\"currentColor\" d=\"M17.5,0.9C8.387,0.9,1,8.287,1,17.4c0,9.113,7.387,16.5,16.5,16.5S34,26.513,34,17.4 C34,8.287,26.613,0.9,17.5,0.9z M14.3,30l-1.2-1.2l11.1-11.1l-10.9-11l1.3-1.3l12.2,12.2L14.3,30z\"><\/path><\/svg>\t\t\t<\/span>\n\t\t\t\t\t\t\t\t\t<span class=\"elementor-button-text\">Programm<\/span>\n\t\t\t\t\t<\/span>\n\t\t\t\t\t<\/a>\n\t\t\t\t<\/div>\n\t\t\t\t\t\t\t\t<\/div>\n\t\t\t\t<\/div>\n\t\t\t\t\t<\/div>\n\t\t<\/div>\n\t\t\t\t\t<\/div>\n\t\t<\/section>\n\t\t\t\t\t<\/div>\n\t\t<\/div>\n\t\t\t\t\t<\/div>\n\t\t<\/section>\n\t\t\t\t<\/div>\n\t\t\t\t<\/article>\n\t\t\t\t<article id=\"post-7730\" class=\"elementor-post elementor-grid-item ecs-post-loop post-7730 event type-event status-publish has-post-thumbnail hentry composer-edvard-grieg composer-fritz-kreisler composer-george-templeton-strong composer-giuseppe-tartini composer-paul-juon\">\n\t\t\t\t<div data-elementor-type=\"loop\" data-elementor-id=\"5729\" class=\"elementor elementor-5729 post-7730 event type-event status-publish has-post-thumbnail hentry composer-edvard-grieg composer-fritz-kreisler composer-george-templeton-strong composer-giuseppe-tartini composer-paul-juon\" data-elementor-post-type=\"elementor_library\">\n\t\t\t\t\t<section class=\"elementor-section elementor-top-section elementor-element elementor-element-4acc5669 elementor-section-boxed elementor-section-height-default elementor-section-height-default\" data-id=\"4acc5669\" data-element_type=\"section\">\n\t\t\t\t\t\t<div class=\"elementor-container elementor-column-gap-wide\">\n\t\t\t\t\t<div class=\"elementor-column elementor-col-33 elementor-top-column elementor-element elementor-element-2c329341\" data-id=\"2c329341\" data-element_type=\"column\">\n\t\t\t<div class=\"elementor-widget-wrap elementor-element-populated\">\n\t\t\t\t\t\t<div class=\"elementor-element elementor-element-3327e9c5 elementor-widget elementor-widget-text-editor\" data-id=\"3327e9c5\" data-element_type=\"widget\" data-widget_type=\"text-editor.default\">\n\t\t\t\t<div class=\"elementor-widget-container\">\n\t\t\t\t\t\t\t\t\tSamstag, 29.6.2024\t\t\t\t\t\t\t\t<\/div>\n\t\t\t\t<\/div>\n\t\t\t\t<div class=\"elementor-element elementor-element-2faffde7 elementor-widget elementor-widget-text-editor\" data-id=\"2faffde7\" data-element_type=\"widget\" data-widget_type=\"text-editor.default\">\n\t\t\t\t<div class=\"elementor-widget-container\">\n\t\t\t\t\t\t\t\t\t19.30 Uhr\t\t\t\t\t\t\t\t<\/div>\n\t\t\t\t<\/div>\n\t\t\t\t<div class=\"elementor-element elementor-element-16b635aa elementor-widget elementor-widget-image\" data-id=\"16b635aa\" data-element_type=\"widget\" data-widget_type=\"image.default\">\n\t\t\t\t<div class=\"elementor-widget-container\">\n\t\t\t\t\t\t\t\t\t\t\t\t\t\t\t\t<a href=\"https:\/\/andermattmusic.ch\/de\/event\/brilliantly-swiss\/\">\n\t\t\t\t\t\t\t<img loading=\"lazy\" decoding=\"async\" width=\"700\" height=\"700\" src=\"https:\/\/andermattmusic.ch\/wp-content\/uploads\/2023\/05\/AM_29.06.2024-1-e1683735262103-700x700.jpg\" class=\"attachment-performers_list_image size-performers_list_image wp-image-8005\" alt=\"Sebastian Bohren, Andermatt Music\" srcset=\"https:\/\/andermattmusic.ch\/wp-content\/uploads\/2023\/05\/AM_29.06.2024-1-e1683735262103-700x700.jpg 700w, https:\/\/andermattmusic.ch\/wp-content\/uploads\/2023\/05\/AM_29.06.2024-1-e1683735262103-300x300.jpg 300w, https:\/\/andermattmusic.ch\/wp-content\/uploads\/2023\/05\/AM_29.06.2024-1-e1683735262103-150x150.jpg 150w, https:\/\/andermattmusic.ch\/wp-content\/uploads\/2023\/05\/AM_29.06.2024-1-e1683735262103-768x768.jpg 768w, https:\/\/andermattmusic.ch\/wp-content\/uploads\/2023\/05\/AM_29.06.2024-1-e1683735262103.jpg 1020w\" sizes=\"(max-width: 700px) 100vw, 700px\" \/>\t\t\t\t\t\t\t\t<\/a>\n\t\t\t\t\t\t\t\t\t\t\t\t\t\t\t<\/div>\n\t\t\t\t<\/div>\n\t\t\t\t\t<\/div>\n\t\t<\/div>\n\t\t\t\t<div class=\"elementor-column elementor-col-66 elementor-top-column elementor-element elementor-element-79fd2a9d\" data-id=\"79fd2a9d\" data-element_type=\"column\">\n\t\t\t<div class=\"elementor-widget-wrap elementor-element-populated\">\n\t\t\t\t\t\t<div class=\"elementor-element elementor-element-767765d2 elementor-widget elementor-widget-heading\" data-id=\"767765d2\" data-element_type=\"widget\" data-widget_type=\"heading.default\">\n\t\t\t\t<div class=\"elementor-widget-container\">\n\t\t\t\t\t<h2 class=\"elementor-heading-title elementor-size-default\"><a href=\"https:\/\/andermattmusic.ch\/de\/event\/brilliantly-swiss\/\">brilliantly swiss<\/a><\/h2>\t\t\t\t<\/div>\n\t\t\t\t<\/div>\n\t\t\t\t<div class=\"elementor-element elementor-element-3d0bc17 elementor-widget elementor-widget-text-editor\" data-id=\"3d0bc17\" data-element_type=\"widget\" data-widget_type=\"text-editor.default\">\n\t\t\t\t<div class=\"elementor-widget-container\">\n\t\t\t\t\t\t\t\t\t<p><strong>SINFONIEKONZERT<\/strong><\/p>\n<p>Swiss Orchestra<br \/>\nLena-Lisa W\u00fcstend\u00f6rfer, Leitung<br \/>\nSebastian Bohren, Violine<\/p>\n<p>Von Tartinis \u00abTeufelstriller\u00bb bis Kreislers \u00abLiebesfreud\u00bb reicht das Spektrum des Konzertabends mit dem Swiss Orchestra unter der Leitung von Lena-Lisa W\u00fcstend\u00f6rfer. Solist an der Violine ist Geigenvirtuose Sebastian Bohren. Geniessen Sie den vielf\u00e4ltigen Streicherklang.<\/p>\n&mdash;\t\t\t\t\t\t\t\t<\/div>\n\t\t\t\t<\/div>\n\t\t\t\t<section class=\"elementor-section elementor-inner-section elementor-element elementor-element-5b459e1 elementor-section-full_width elementor-section-height-default elementor-section-height-default\" data-id=\"5b459e1\" data-element_type=\"section\">\n\t\t\t\t\t\t<div class=\"elementor-container elementor-column-gap-no\">\n\t\t\t\t\t<div class=\"elementor-column elementor-col-100 elementor-inner-column elementor-element elementor-element-599d41ac\" data-id=\"599d41ac\" data-element_type=\"column\">\n\t\t\t<div class=\"elementor-widget-wrap elementor-element-populated\">\n\t\t\t\t\t\t<div class=\"elementor-element elementor-element-2e8a5eeb elementor-widget__width-auto elementor-widget elementor-widget-button\" data-id=\"2e8a5eeb\" data-element_type=\"widget\" data-widget_type=\"button.default\">\n\t\t\t\t<div class=\"elementor-widget-container\">\n\t\t\t\t\t\t\t\t\t<div class=\"elementor-button-wrapper\">\n\t\t\t\t\t<a class=\"elementor-button elementor-button-link elementor-size-lg\" href=\"https:\/\/andermattmusic.ch\/de\/event\/brilliantly-swiss\/\">\n\t\t\t\t\t\t<span class=\"elementor-button-content-wrapper\">\n\t\t\t\t\t\t<span class=\"elementor-button-icon\">\n\t\t\t\t<svg xmlns=\"http:\/\/www.w3.org\/2000\/svg\" xmlns:xlink=\"http:\/\/www.w3.org\/1999\/xlink\" x=\"0px\" y=\"0px\" viewBox=\"0 0 35 35.2\" xml:space=\"preserve\"><path fill=\"currentColor\" d=\"M17.5,0.9C8.387,0.9,1,8.287,1,17.4c0,9.113,7.387,16.5,16.5,16.5S34,26.513,34,17.4 C34,8.287,26.613,0.9,17.5,0.9z M14.3,30l-1.2-1.2l11.1-11.1l-10.9-11l1.3-1.3l12.2,12.2L14.3,30z\"><\/path><\/svg>\t\t\t<\/span>\n\t\t\t\t\t\t\t\t\t<span class=\"elementor-button-text\">Programm<\/span>\n\t\t\t\t\t<\/span>\n\t\t\t\t\t<\/a>\n\t\t\t\t<\/div>\n\t\t\t\t\t\t\t\t<\/div>\n\t\t\t\t<\/div>\n\t\t\t\t\t<\/div>\n\t\t<\/div>\n\t\t\t\t\t<\/div>\n\t\t<\/section>\n\t\t\t\t\t<\/div>\n\t\t<\/div>\n\t\t\t\t\t<\/div>\n\t\t<\/section>\n\t\t\t\t<\/div>\n\t\t\t\t<\/article>\n\t\t\t\t<article id=\"post-7729\" class=\"elementor-post elementor-grid-item ecs-post-loop post-7729 event type-event status-publish has-post-thumbnail hentry composer-astor-piazzolla composer-david-popper composer-ludwig-van-beethoven composer-max-bruch composer-pablo-de-sarasate\">\n\t\t\t\t<div data-elementor-type=\"loop\" data-elementor-id=\"5729\" class=\"elementor elementor-5729 post-7729 event type-event status-publish has-post-thumbnail hentry composer-astor-piazzolla composer-david-popper composer-ludwig-van-beethoven composer-max-bruch composer-pablo-de-sarasate\" data-elementor-post-type=\"elementor_library\">\n\t\t\t\t\t<section class=\"elementor-section elementor-top-section elementor-element elementor-element-4acc5669 elementor-section-boxed elementor-section-height-default elementor-section-height-default\" data-id=\"4acc5669\" data-element_type=\"section\">\n\t\t\t\t\t\t<div class=\"elementor-container elementor-column-gap-wide\">\n\t\t\t\t\t<div class=\"elementor-column elementor-col-33 elementor-top-column elementor-element elementor-element-2c329341\" data-id=\"2c329341\" data-element_type=\"column\">\n\t\t\t<div class=\"elementor-widget-wrap elementor-element-populated\">\n\t\t\t\t\t\t<div class=\"elementor-element elementor-element-3327e9c5 elementor-widget elementor-widget-text-editor\" data-id=\"3327e9c5\" data-element_type=\"widget\" data-widget_type=\"text-editor.default\">\n\t\t\t\t<div class=\"elementor-widget-container\">\n\t\t\t\t\t\t\t\t\tFreitag, 28.6.2024\t\t\t\t\t\t\t\t<\/div>\n\t\t\t\t<\/div>\n\t\t\t\t<div class=\"elementor-element elementor-element-2faffde7 elementor-widget elementor-widget-text-editor\" data-id=\"2faffde7\" data-element_type=\"widget\" data-widget_type=\"text-editor.default\">\n\t\t\t\t<div class=\"elementor-widget-container\">\n\t\t\t\t\t\t\t\t\t19.30 Uhr\t\t\t\t\t\t\t\t<\/div>\n\t\t\t\t<\/div>\n\t\t\t\t<div class=\"elementor-element elementor-element-16b635aa elementor-widget elementor-widget-image\" data-id=\"16b635aa\" data-element_type=\"widget\" data-widget_type=\"image.default\">\n\t\t\t\t<div class=\"elementor-widget-container\">\n\t\t\t\t\t\t\t\t\t\t\t\t\t\t\t\t<a href=\"https:\/\/andermattmusic.ch\/de\/event\/lgt-young-soloists\/\">\n\t\t\t\t\t\t\t<img loading=\"lazy\" decoding=\"async\" width=\"700\" height=\"700\" src=\"https:\/\/andermattmusic.ch\/wp-content\/uploads\/2023\/05\/AM_28.06.2024-700x700.jpg\" class=\"attachment-performers_list_image size-performers_list_image wp-image-7910\" alt=\"LGT Young Soloists, Andermatt Music\" srcset=\"https:\/\/andermattmusic.ch\/wp-content\/uploads\/2023\/05\/AM_28.06.2024-700x700.jpg 700w, https:\/\/andermattmusic.ch\/wp-content\/uploads\/2023\/05\/AM_28.06.2024-150x150.jpg 150w\" sizes=\"(max-width: 700px) 100vw, 700px\" \/>\t\t\t\t\t\t\t\t<\/a>\n\t\t\t\t\t\t\t\t\t\t\t\t\t\t\t<\/div>\n\t\t\t\t<\/div>\n\t\t\t\t\t<\/div>\n\t\t<\/div>\n\t\t\t\t<div class=\"elementor-column elementor-col-66 elementor-top-column elementor-element elementor-element-79fd2a9d\" data-id=\"79fd2a9d\" data-element_type=\"column\">\n\t\t\t<div class=\"elementor-widget-wrap elementor-element-populated\">\n\t\t\t\t\t\t<div class=\"elementor-element elementor-element-767765d2 elementor-widget elementor-widget-heading\" data-id=\"767765d2\" data-element_type=\"widget\" data-widget_type=\"heading.default\">\n\t\t\t\t<div class=\"elementor-widget-container\">\n\t\t\t\t\t<h2 class=\"elementor-heading-title elementor-size-default\"><a href=\"https:\/\/andermattmusic.ch\/de\/event\/lgt-young-soloists\/\">lgt young soloists<\/a><\/h2>\t\t\t\t<\/div>\n\t\t\t\t<\/div>\n\t\t\t\t<div class=\"elementor-element elementor-element-3d0bc17 elementor-widget elementor-widget-text-editor\" data-id=\"3d0bc17\" data-element_type=\"widget\" data-widget_type=\"text-editor.default\">\n\t\t\t\t<div class=\"elementor-widget-container\">\n\t\t\t\t\t\t\t\t\t<p><strong>KAMMERORCHESTER<\/strong><\/p>\n<p>LGT Young Soloists<\/p>\n<p>Aus \u00fcber 15 Nationen stammen die hochtalentierten jungen Solist*innen\u00a0der LGT Young Soloists. Die Jungstars im Alter zwischen 14\u00a0und 23 Jahren, zu Hause auf den grossen B\u00fchnen der Welt, bringen die Saiten ihrer Streichinstrumente mit einem Potpourri von Beethoven bis Piazzolla zum Schwingen.<\/p>\n&mdash;\t\t\t\t\t\t\t\t<\/div>\n\t\t\t\t<\/div>\n\t\t\t\t<section class=\"elementor-section elementor-inner-section elementor-element elementor-element-5b459e1 elementor-section-full_width elementor-section-height-default elementor-section-height-default\" data-id=\"5b459e1\" data-element_type=\"section\">\n\t\t\t\t\t\t<div class=\"elementor-container elementor-column-gap-no\">\n\t\t\t\t\t<div class=\"elementor-column elementor-col-100 elementor-inner-column elementor-element elementor-element-599d41ac\" data-id=\"599d41ac\" data-element_type=\"column\">\n\t\t\t<div class=\"elementor-widget-wrap elementor-element-populated\">\n\t\t\t\t\t\t<div class=\"elementor-element elementor-element-2e8a5eeb elementor-widget__width-auto elementor-widget elementor-widget-button\" data-id=\"2e8a5eeb\" data-element_type=\"widget\" data-widget_type=\"button.default\">\n\t\t\t\t<div class=\"elementor-widget-container\">\n\t\t\t\t\t\t\t\t\t<div class=\"elementor-button-wrapper\">\n\t\t\t\t\t<a class=\"elementor-button elementor-button-link elementor-size-lg\" href=\"https:\/\/andermattmusic.ch\/de\/event\/lgt-young-soloists\/\">\n\t\t\t\t\t\t<span class=\"elementor-button-content-wrapper\">\n\t\t\t\t\t\t<span class=\"elementor-button-icon\">\n\t\t\t\t<svg xmlns=\"http:\/\/www.w3.org\/2000\/svg\" xmlns:xlink=\"http:\/\/www.w3.org\/1999\/xlink\" x=\"0px\" y=\"0px\" viewBox=\"0 0 35 35.2\" xml:space=\"preserve\"><path fill=\"currentColor\" d=\"M17.5,0.9C8.387,0.9,1,8.287,1,17.4c0,9.113,7.387,16.5,16.5,16.5S34,26.513,34,17.4 C34,8.287,26.613,0.9,17.5,0.9z M14.3,30l-1.2-1.2l11.1-11.1l-10.9-11l1.3-1.3l12.2,12.2L14.3,30z\"><\/path><\/svg>\t\t\t<\/span>\n\t\t\t\t\t\t\t\t\t<span class=\"elementor-button-text\">Programm<\/span>\n\t\t\t\t\t<\/span>\n\t\t\t\t\t<\/a>\n\t\t\t\t<\/div>\n\t\t\t\t\t\t\t\t<\/div>\n\t\t\t\t<\/div>\n\t\t\t\t\t<\/div>\n\t\t<\/div>\n\t\t\t\t\t<\/div>\n\t\t<\/section>\n\t\t\t\t\t<\/div>\n\t\t<\/div>\n\t\t\t\t\t<\/div>\n\t\t<\/section>\n\t\t\t\t<\/div>\n\t\t\t\t<\/article>\n\t\t\t\t<article id=\"post-7728\" class=\"elementor-post elementor-grid-item ecs-post-loop post-7728 event type-event status-publish has-post-thumbnail hentry composer-august-walter composer-johannes-brahms composer-marguerite-roesgen-champion\">\n\t\t\t\t<div data-elementor-type=\"loop\" data-elementor-id=\"5729\" class=\"elementor elementor-5729 post-7728 event type-event status-publish has-post-thumbnail hentry composer-august-walter composer-johannes-brahms composer-marguerite-roesgen-champion\" data-elementor-post-type=\"elementor_library\">\n\t\t\t\t\t<section class=\"elementor-section elementor-top-section elementor-element elementor-element-4acc5669 elementor-section-boxed elementor-section-height-default elementor-section-height-default\" data-id=\"4acc5669\" data-element_type=\"section\">\n\t\t\t\t\t\t<div class=\"elementor-container elementor-column-gap-wide\">\n\t\t\t\t\t<div class=\"elementor-column elementor-col-33 elementor-top-column elementor-element elementor-element-2c329341\" data-id=\"2c329341\" data-element_type=\"column\">\n\t\t\t<div class=\"elementor-widget-wrap elementor-element-populated\">\n\t\t\t\t\t\t<div class=\"elementor-element elementor-element-3327e9c5 elementor-widget elementor-widget-text-editor\" data-id=\"3327e9c5\" data-element_type=\"widget\" data-widget_type=\"text-editor.default\">\n\t\t\t\t<div class=\"elementor-widget-container\">\n\t\t\t\t\t\t\t\t\tSonntag, 19.5.2024\t\t\t\t\t\t\t\t<\/div>\n\t\t\t\t<\/div>\n\t\t\t\t<div class=\"elementor-element elementor-element-2faffde7 elementor-widget elementor-widget-text-editor\" data-id=\"2faffde7\" data-element_type=\"widget\" data-widget_type=\"text-editor.default\">\n\t\t\t\t<div class=\"elementor-widget-container\">\n\t\t\t\t\t\t\t\t\t19.30 Uhr\t\t\t\t\t\t\t\t<\/div>\n\t\t\t\t<\/div>\n\t\t\t\t<div class=\"elementor-element elementor-element-16b635aa elementor-widget elementor-widget-image\" data-id=\"16b635aa\" data-element_type=\"widget\" data-widget_type=\"image.default\">\n\t\t\t\t<div class=\"elementor-widget-container\">\n\t\t\t\t\t\t\t\t\t\t\t\t\t\t\t\t<a href=\"https:\/\/andermattmusic.ch\/de\/event\/unerhoert-schweizer-romantik\/\">\n\t\t\t\t\t\t\t<img loading=\"lazy\" decoding=\"async\" width=\"700\" height=\"700\" src=\"https:\/\/andermattmusic.ch\/wp-content\/uploads\/2023\/05\/AM_19.05.2024-700x700.jpg\" class=\"attachment-performers_list_image size-performers_list_image wp-image-7888\" alt=\"Masato Suzuki, Andermatt Music\" srcset=\"https:\/\/andermattmusic.ch\/wp-content\/uploads\/2023\/05\/AM_19.05.2024-700x700.jpg 700w, https:\/\/andermattmusic.ch\/wp-content\/uploads\/2023\/05\/AM_19.05.2024-150x150.jpg 150w\" sizes=\"(max-width: 700px) 100vw, 700px\" \/>\t\t\t\t\t\t\t\t<\/a>\n\t\t\t\t\t\t\t\t\t\t\t\t\t\t\t<\/div>\n\t\t\t\t<\/div>\n\t\t\t\t\t<\/div>\n\t\t<\/div>\n\t\t\t\t<div class=\"elementor-column elementor-col-66 elementor-top-column elementor-element elementor-element-79fd2a9d\" data-id=\"79fd2a9d\" data-element_type=\"column\">\n\t\t\t<div class=\"elementor-widget-wrap elementor-element-populated\">\n\t\t\t\t\t\t<div class=\"elementor-element elementor-element-767765d2 elementor-widget elementor-widget-heading\" data-id=\"767765d2\" data-element_type=\"widget\" data-widget_type=\"heading.default\">\n\t\t\t\t<div class=\"elementor-widget-container\">\n\t\t\t\t\t<h2 class=\"elementor-heading-title elementor-size-default\"><a href=\"https:\/\/andermattmusic.ch\/de\/event\/unerhoert-schweizer-romantik\/\">unerh\u00f6rt! schweizer romantik<\/a><\/h2>\t\t\t\t<\/div>\n\t\t\t\t<\/div>\n\t\t\t\t<div class=\"elementor-element elementor-element-3d0bc17 elementor-widget elementor-widget-text-editor\" data-id=\"3d0bc17\" data-element_type=\"widget\" data-widget_type=\"text-editor.default\">\n\t\t\t\t<div class=\"elementor-widget-container\">\n\t\t\t\t\t\t\t\t\t<p><strong>SINFONIEKONZERT<\/strong><\/p>\n<p>Swiss Orchestra<br \/>\nLena-Lisa W\u00fcstend\u00f6rfer, Leitung<br \/>\nMasato Suzuki, Cembalo<\/p>\n<p>Nicht oft zu h\u00f6ren: Das Cembalo als Soloinstrument. Masato Suzuki gl\u00e4nzt als Virtuose im frisch wiederentdeckten Concerto pour Clavecin et Orchestre von Marguerite Roesgen-Champion. Ausserdem auf dem Programm: Orchestermusik von August Walter und Johannes Brahms.<\/p>\n&mdash;\t\t\t\t\t\t\t\t<\/div>\n\t\t\t\t<\/div>\n\t\t\t\t<section class=\"elementor-section elementor-inner-section elementor-element elementor-element-5b459e1 elementor-section-full_width elementor-section-height-default elementor-section-height-default\" data-id=\"5b459e1\" data-element_type=\"section\">\n\t\t\t\t\t\t<div class=\"elementor-container elementor-column-gap-no\">\n\t\t\t\t\t<div class=\"elementor-column elementor-col-100 elementor-inner-column elementor-element elementor-element-599d41ac\" data-id=\"599d41ac\" data-element_type=\"column\">\n\t\t\t<div class=\"elementor-widget-wrap elementor-element-populated\">\n\t\t\t\t\t\t<div class=\"elementor-element elementor-element-2e8a5eeb elementor-widget__width-auto elementor-widget elementor-widget-button\" data-id=\"2e8a5eeb\" data-element_type=\"widget\" data-widget_type=\"button.default\">\n\t\t\t\t<div class=\"elementor-widget-container\">\n\t\t\t\t\t\t\t\t\t<div class=\"elementor-button-wrapper\">\n\t\t\t\t\t<a class=\"elementor-button elementor-button-link elementor-size-lg\" href=\"https:\/\/andermattmusic.ch\/de\/event\/unerhoert-schweizer-romantik\/\">\n\t\t\t\t\t\t<span class=\"elementor-button-content-wrapper\">\n\t\t\t\t\t\t<span class=\"elementor-button-icon\">\n\t\t\t\t<svg xmlns=\"http:\/\/www.w3.org\/2000\/svg\" xmlns:xlink=\"http:\/\/www.w3.org\/1999\/xlink\" x=\"0px\" y=\"0px\" viewBox=\"0 0 35 35.2\" xml:space=\"preserve\"><path fill=\"currentColor\" d=\"M17.5,0.9C8.387,0.9,1,8.287,1,17.4c0,9.113,7.387,16.5,16.5,16.5S34,26.513,34,17.4 C34,8.287,26.613,0.9,17.5,0.9z M14.3,30l-1.2-1.2l11.1-11.1l-10.9-11l1.3-1.3l12.2,12.2L14.3,30z\"><\/path><\/svg>\t\t\t<\/span>\n\t\t\t\t\t\t\t\t\t<span class=\"elementor-button-text\">Programm<\/span>\n\t\t\t\t\t<\/span>\n\t\t\t\t\t<\/a>\n\t\t\t\t<\/div>\n\t\t\t\t\t\t\t\t<\/div>\n\t\t\t\t<\/div>\n\t\t\t\t\t<\/div>\n\t\t<\/div>\n\t\t\t\t\t<\/div>\n\t\t<\/section>\n\t\t\t\t\t<\/div>\n\t\t<\/div>\n\t\t\t\t\t<\/div>\n\t\t<\/section>\n\t\t\t\t<\/div>\n\t\t\t\t<\/article>\n\t\t\t\t<article id=\"post-7727\" class=\"elementor-post elementor-grid-item ecs-post-loop post-7727 event type-event status-publish has-post-thumbnail hentry composer-ludwig-van-beethoven\">\n\t\t\t\t<div data-elementor-type=\"loop\" data-elementor-id=\"5729\" class=\"elementor elementor-5729 post-7727 event type-event status-publish has-post-thumbnail hentry composer-ludwig-van-beethoven\" data-elementor-post-type=\"elementor_library\">\n\t\t\t\t\t<section class=\"elementor-section elementor-top-section elementor-element elementor-element-4acc5669 elementor-section-boxed elementor-section-height-default elementor-section-height-default\" data-id=\"4acc5669\" data-element_type=\"section\">\n\t\t\t\t\t\t<div class=\"elementor-container elementor-column-gap-wide\">\n\t\t\t\t\t<div class=\"elementor-column elementor-col-33 elementor-top-column elementor-element elementor-element-2c329341\" data-id=\"2c329341\" data-element_type=\"column\">\n\t\t\t<div class=\"elementor-widget-wrap elementor-element-populated\">\n\t\t\t\t\t\t<div class=\"elementor-element elementor-element-3327e9c5 elementor-widget elementor-widget-text-editor\" data-id=\"3327e9c5\" data-element_type=\"widget\" data-widget_type=\"text-editor.default\">\n\t\t\t\t<div class=\"elementor-widget-container\">\n\t\t\t\t\t\t\t\t\tSamstag, 18.5.2024\t\t\t\t\t\t\t\t<\/div>\n\t\t\t\t<\/div>\n\t\t\t\t<div class=\"elementor-element elementor-element-2faffde7 elementor-widget elementor-widget-text-editor\" data-id=\"2faffde7\" data-element_type=\"widget\" data-widget_type=\"text-editor.default\">\n\t\t\t\t<div class=\"elementor-widget-container\">\n\t\t\t\t\t\t\t\t\t19.30 Uhr\t\t\t\t\t\t\t\t<\/div>\n\t\t\t\t<\/div>\n\t\t\t\t<div class=\"elementor-element elementor-element-16b635aa elementor-widget elementor-widget-image\" data-id=\"16b635aa\" data-element_type=\"widget\" data-widget_type=\"image.default\">\n\t\t\t\t<div class=\"elementor-widget-container\">\n\t\t\t\t\t\t\t\t\t\t\t\t\t\t\t\t<a href=\"https:\/\/andermattmusic.ch\/de\/event\/rudolf-buchbinder\/\">\n\t\t\t\t\t\t\t<img loading=\"lazy\" decoding=\"async\" width=\"700\" height=\"700\" src=\"https:\/\/andermattmusic.ch\/wp-content\/uploads\/2023\/05\/RUDOLF_BUCHBINDER-700x700.jpg\" class=\"attachment-performers_list_image size-performers_list_image wp-image-7855\" alt=\"Rudolf Buchbinder, Andermatt Music\" srcset=\"https:\/\/andermattmusic.ch\/wp-content\/uploads\/2023\/05\/RUDOLF_BUCHBINDER-700x700.jpg 700w, https:\/\/andermattmusic.ch\/wp-content\/uploads\/2023\/05\/RUDOLF_BUCHBINDER-300x300.jpg 300w, https:\/\/andermattmusic.ch\/wp-content\/uploads\/2023\/05\/RUDOLF_BUCHBINDER-1024x1024.jpg 1024w, https:\/\/andermattmusic.ch\/wp-content\/uploads\/2023\/05\/RUDOLF_BUCHBINDER-150x150.jpg 150w, https:\/\/andermattmusic.ch\/wp-content\/uploads\/2023\/05\/RUDOLF_BUCHBINDER-768x768.jpg 768w, https:\/\/andermattmusic.ch\/wp-content\/uploads\/2023\/05\/RUDOLF_BUCHBINDER.jpg 1134w\" sizes=\"(max-width: 700px) 100vw, 700px\" \/>\t\t\t\t\t\t\t\t<\/a>\n\t\t\t\t\t\t\t\t\t\t\t\t\t\t\t<\/div>\n\t\t\t\t<\/div>\n\t\t\t\t\t<\/div>\n\t\t<\/div>\n\t\t\t\t<div class=\"elementor-column elementor-col-66 elementor-top-column elementor-element elementor-element-79fd2a9d\" data-id=\"79fd2a9d\" data-element_type=\"column\">\n\t\t\t<div class=\"elementor-widget-wrap elementor-element-populated\">\n\t\t\t\t\t\t<div class=\"elementor-element elementor-element-767765d2 elementor-widget elementor-widget-heading\" data-id=\"767765d2\" data-element_type=\"widget\" data-widget_type=\"heading.default\">\n\t\t\t\t<div class=\"elementor-widget-container\">\n\t\t\t\t\t<h2 class=\"elementor-heading-title elementor-size-default\"><a href=\"https:\/\/andermattmusic.ch\/de\/event\/rudolf-buchbinder\/\">rudolf buchbinder<\/a><\/h2>\t\t\t\t<\/div>\n\t\t\t\t<\/div>\n\t\t\t\t<div class=\"elementor-element elementor-element-3d0bc17 elementor-widget elementor-widget-text-editor\" data-id=\"3d0bc17\" data-element_type=\"widget\" data-widget_type=\"text-editor.default\">\n\t\t\t\t<div class=\"elementor-widget-container\">\n\t\t\t\t\t\t\t\t\t<p><strong>BEETHOVEN-KLAVIERREZITAL<\/strong><\/p>\n<p>Rudolf Buchbinder, Klavier<\/p>\n<p>\u00abAppassionata\u00bb, \u00abPath\u00e9tique\u00bb und \u00abMondscheinsonate\u00bb: Diese H\u00f6hepunkte in Beethovens Klavierschaffen erklingen gemeinsam mit der seltener gespielten Sonate f\u00fcr Klavier\u00a0G-Dur op. 14\/2. Am Fl\u00fcgel: Beethovenspezialist und Klavierlegende Rudolf Buchbinder.<\/p>\n&mdash;\t\t\t\t\t\t\t\t<\/div>\n\t\t\t\t<\/div>\n\t\t\t\t<section class=\"elementor-section elementor-inner-section elementor-element elementor-element-5b459e1 elementor-section-full_width elementor-section-height-default elementor-section-height-default\" data-id=\"5b459e1\" data-element_type=\"section\">\n\t\t\t\t\t\t<div class=\"elementor-container elementor-column-gap-no\">\n\t\t\t\t\t<div class=\"elementor-column elementor-col-100 elementor-inner-column elementor-element elementor-element-599d41ac\" data-id=\"599d41ac\" data-element_type=\"column\">\n\t\t\t<div class=\"elementor-widget-wrap elementor-element-populated\">\n\t\t\t\t\t\t<div class=\"elementor-element elementor-element-2e8a5eeb elementor-widget__width-auto elementor-widget elementor-widget-button\" data-id=\"2e8a5eeb\" data-element_type=\"widget\" data-widget_type=\"button.default\">\n\t\t\t\t<div class=\"elementor-widget-container\">\n\t\t\t\t\t\t\t\t\t<div class=\"elementor-button-wrapper\">\n\t\t\t\t\t<a class=\"elementor-button elementor-button-link elementor-size-lg\" href=\"https:\/\/andermattmusic.ch\/de\/event\/rudolf-buchbinder\/\">\n\t\t\t\t\t\t<span class=\"elementor-button-content-wrapper\">\n\t\t\t\t\t\t<span class=\"elementor-button-icon\">\n\t\t\t\t<svg xmlns=\"http:\/\/www.w3.org\/2000\/svg\" xmlns:xlink=\"http:\/\/www.w3.org\/1999\/xlink\" x=\"0px\" y=\"0px\" viewBox=\"0 0 35 35.2\" xml:space=\"preserve\"><path fill=\"currentColor\" d=\"M17.5,0.9C8.387,0.9,1,8.287,1,17.4c0,9.113,7.387,16.5,16.5,16.5S34,26.513,34,17.4 C34,8.287,26.613,0.9,17.5,0.9z M14.3,30l-1.2-1.2l11.1-11.1l-10.9-11l1.3-1.3l12.2,12.2L14.3,30z\"><\/path><\/svg>\t\t\t<\/span>\n\t\t\t\t\t\t\t\t\t<span class=\"elementor-button-text\">Programm<\/span>\n\t\t\t\t\t<\/span>\n\t\t\t\t\t<\/a>\n\t\t\t\t<\/div>\n\t\t\t\t\t\t\t\t<\/div>\n\t\t\t\t<\/div>\n\t\t\t\t\t<\/div>\n\t\t<\/div>\n\t\t\t\t\t<\/div>\n\t\t<\/section>\n\t\t\t\t\t<\/div>\n\t\t<\/div>\n\t\t\t\t\t<\/div>\n\t\t<\/section>\n\t\t\t\t<\/div>\n\t\t\t\t<\/article>\n\t\t\t\t<article id=\"post-7726\" class=\"elementor-post elementor-grid-item ecs-post-loop post-7726 event type-event status-publish has-post-thumbnail hentry composer-antonio-vivaldi composer-dominik-flueckiger composer-karl-jenkins composer-maria-gehrig composer-noldi-alder\">\n\t\t\t\t<div data-elementor-type=\"loop\" data-elementor-id=\"5729\" class=\"elementor elementor-5729 post-7726 event type-event status-publish has-post-thumbnail hentry composer-antonio-vivaldi composer-dominik-flueckiger composer-karl-jenkins composer-maria-gehrig composer-noldi-alder\" data-elementor-post-type=\"elementor_library\">\n\t\t\t\t\t<section class=\"elementor-section elementor-top-section elementor-element elementor-element-4acc5669 elementor-section-boxed elementor-section-height-default elementor-section-height-default\" data-id=\"4acc5669\" data-element_type=\"section\">\n\t\t\t\t\t\t<div class=\"elementor-container elementor-column-gap-wide\">\n\t\t\t\t\t<div class=\"elementor-column elementor-col-33 elementor-top-column elementor-element elementor-element-2c329341\" data-id=\"2c329341\" data-element_type=\"column\">\n\t\t\t<div class=\"elementor-widget-wrap elementor-element-populated\">\n\t\t\t\t\t\t<div class=\"elementor-element elementor-element-3327e9c5 elementor-widget elementor-widget-text-editor\" data-id=\"3327e9c5\" data-element_type=\"widget\" data-widget_type=\"text-editor.default\">\n\t\t\t\t<div class=\"elementor-widget-container\">\n\t\t\t\t\t\t\t\t\tSonntag, 28.4.2024\t\t\t\t\t\t\t\t<\/div>\n\t\t\t\t<\/div>\n\t\t\t\t<div class=\"elementor-element elementor-element-2faffde7 elementor-widget elementor-widget-text-editor\" data-id=\"2faffde7\" data-element_type=\"widget\" data-widget_type=\"text-editor.default\">\n\t\t\t\t<div class=\"elementor-widget-container\">\n\t\t\t\t\t\t\t\t\t17.00 Uhr\t\t\t\t\t\t\t\t<\/div>\n\t\t\t\t<\/div>\n\t\t\t\t<div class=\"elementor-element elementor-element-16b635aa elementor-widget elementor-widget-image\" data-id=\"16b635aa\" data-element_type=\"widget\" data-widget_type=\"image.default\">\n\t\t\t\t<div class=\"elementor-widget-container\">\n\t\t\t\t\t\t\t\t\t\t\t\t\t\t\t\t<a href=\"https:\/\/andermattmusic.ch\/de\/event\/klassik-meets-volksmusik\/\">\n\t\t\t\t\t\t\t<img loading=\"lazy\" decoding=\"async\" width=\"700\" height=\"700\" src=\"https:\/\/andermattmusic.ch\/wp-content\/uploads\/2023\/05\/AM_28.04.2024-700x700.jpg\" class=\"attachment-performers_list_image size-performers_list_image wp-image-7908\" alt=\"Klassik meets Volksmusik, Andermatt Music\" srcset=\"https:\/\/andermattmusic.ch\/wp-content\/uploads\/2023\/05\/AM_28.04.2024-700x700.jpg 700w, https:\/\/andermattmusic.ch\/wp-content\/uploads\/2023\/05\/AM_28.04.2024-150x150.jpg 150w\" sizes=\"(max-width: 700px) 100vw, 700px\" \/>\t\t\t\t\t\t\t\t<\/a>\n\t\t\t\t\t\t\t\t\t\t\t\t\t\t\t<\/div>\n\t\t\t\t<\/div>\n\t\t\t\t\t<\/div>\n\t\t<\/div>\n\t\t\t\t<div class=\"elementor-column elementor-col-66 elementor-top-column elementor-element elementor-element-79fd2a9d\" data-id=\"79fd2a9d\" data-element_type=\"column\">\n\t\t\t<div class=\"elementor-widget-wrap elementor-element-populated\">\n\t\t\t\t\t\t<div class=\"elementor-element elementor-element-767765d2 elementor-widget elementor-widget-heading\" data-id=\"767765d2\" data-element_type=\"widget\" data-widget_type=\"heading.default\">\n\t\t\t\t<div class=\"elementor-widget-container\">\n\t\t\t\t\t<h2 class=\"elementor-heading-title elementor-size-default\"><a href=\"https:\/\/andermattmusic.ch\/de\/event\/klassik-meets-volksmusik\/\">klassik meets volksmusik<\/a><\/h2>\t\t\t\t<\/div>\n\t\t\t\t<\/div>\n\t\t\t\t<div class=\"elementor-element elementor-element-3d0bc17 elementor-widget elementor-widget-text-editor\" data-id=\"3d0bc17\" data-element_type=\"widget\" data-widget_type=\"text-editor.default\">\n\t\t\t\t<div class=\"elementor-widget-container\">\n\t\t\t\t\t\t\t\t\t<p><strong>SINFONIEKONZERT<\/strong><\/p>\n<p>Swiss Orchestra<br \/>\nLena-Lisa W\u00fcstend\u00f6rfer, Leitung<br \/>\nNoldi Alder, Hackbrett, Violine, Gesang<br \/>\nSherniyaz Mussakhan, Violine<br \/>\nMaria Gehrig, Violine<br \/>\nDominik Fl\u00fcckiger, Schwyzer\u00f6rgeli<\/p>\n<p>Popul\u00e4re Klassik von Vivaldi und Jenkins trifft auf Schwyzer\u00f6rgeli und Hackbrett: Nehmen Sie Platz und erleben Sie das Swiss Orchestra und den Volksmusik-Rebell Noldi Alder gemeinsam mit Sherniyaz Mussakhan und Maria Gehrig (Violine) sowie Dominik Fl\u00fcckiger am Schwyzer\u00f6rgeli.<\/p>\n&mdash;\t\t\t\t\t\t\t\t<\/div>\n\t\t\t\t<\/div>\n\t\t\t\t<section class=\"elementor-section elementor-inner-section elementor-element elementor-element-5b459e1 elementor-section-full_width elementor-section-height-default elementor-section-height-default\" data-id=\"5b459e1\" data-element_type=\"section\">\n\t\t\t\t\t\t<div class=\"elementor-container elementor-column-gap-no\">\n\t\t\t\t\t<div class=\"elementor-column elementor-col-100 elementor-inner-column elementor-element elementor-element-599d41ac\" data-id=\"599d41ac\" data-element_type=\"column\">\n\t\t\t<div class=\"elementor-widget-wrap elementor-element-populated\">\n\t\t\t\t\t\t<div class=\"elementor-element elementor-element-2e8a5eeb elementor-widget__width-auto elementor-widget elementor-widget-button\" data-id=\"2e8a5eeb\" data-element_type=\"widget\" data-widget_type=\"button.default\">\n\t\t\t\t<div class=\"elementor-widget-container\">\n\t\t\t\t\t\t\t\t\t<div class=\"elementor-button-wrapper\">\n\t\t\t\t\t<a class=\"elementor-button elementor-button-link elementor-size-lg\" href=\"https:\/\/andermattmusic.ch\/de\/event\/klassik-meets-volksmusik\/\">\n\t\t\t\t\t\t<span class=\"elementor-button-content-wrapper\">\n\t\t\t\t\t\t<span class=\"elementor-button-icon\">\n\t\t\t\t<svg xmlns=\"http:\/\/www.w3.org\/2000\/svg\" xmlns:xlink=\"http:\/\/www.w3.org\/1999\/xlink\" x=\"0px\" y=\"0px\" viewBox=\"0 0 35 35.2\" xml:space=\"preserve\"><path fill=\"currentColor\" d=\"M17.5,0.9C8.387,0.9,1,8.287,1,17.4c0,9.113,7.387,16.5,16.5,16.5S34,26.513,34,17.4 C34,8.287,26.613,0.9,17.5,0.9z M14.3,30l-1.2-1.2l11.1-11.1l-10.9-11l1.3-1.3l12.2,12.2L14.3,30z\"><\/path><\/svg>\t\t\t<\/span>\n\t\t\t\t\t\t\t\t\t<span class=\"elementor-button-text\">Programm<\/span>\n\t\t\t\t\t<\/span>\n\t\t\t\t\t<\/a>\n\t\t\t\t<\/div>\n\t\t\t\t\t\t\t\t<\/div>\n\t\t\t\t<\/div>\n\t\t\t\t\t<\/div>\n\t\t<\/div>\n\t\t\t\t\t<\/div>\n\t\t<\/section>\n\t\t\t\t\t<\/div>\n\t\t<\/div>\n\t\t\t\t\t<\/div>\n\t\t<\/section>\n\t\t\t\t<\/div>\n\t\t\t\t<\/article>\n\t\t\t\t<article id=\"post-7725\" class=\"elementor-post elementor-grid-item ecs-post-loop post-7725 event type-event status-publish has-post-thumbnail hentry composer-wolfgang-amadeus-mozart\">\n\t\t\t\t<div data-elementor-type=\"loop\" data-elementor-id=\"5729\" class=\"elementor elementor-5729 post-7725 event type-event status-publish has-post-thumbnail hentry composer-wolfgang-amadeus-mozart\" data-elementor-post-type=\"elementor_library\">\n\t\t\t\t\t<section class=\"elementor-section elementor-top-section elementor-element elementor-element-4acc5669 elementor-section-boxed elementor-section-height-default elementor-section-height-default\" data-id=\"4acc5669\" data-element_type=\"section\">\n\t\t\t\t\t\t<div class=\"elementor-container elementor-column-gap-wide\">\n\t\t\t\t\t<div class=\"elementor-column elementor-col-33 elementor-top-column elementor-element elementor-element-2c329341\" data-id=\"2c329341\" data-element_type=\"column\">\n\t\t\t<div class=\"elementor-widget-wrap elementor-element-populated\">\n\t\t\t\t\t\t<div class=\"elementor-element elementor-element-3327e9c5 elementor-widget elementor-widget-text-editor\" data-id=\"3327e9c5\" data-element_type=\"widget\" data-widget_type=\"text-editor.default\">\n\t\t\t\t<div class=\"elementor-widget-container\">\n\t\t\t\t\t\t\t\t\tSonntag, 31.3.2024\t\t\t\t\t\t\t\t<\/div>\n\t\t\t\t<\/div>\n\t\t\t\t<div class=\"elementor-element elementor-element-2faffde7 elementor-widget elementor-widget-text-editor\" data-id=\"2faffde7\" data-element_type=\"widget\" data-widget_type=\"text-editor.default\">\n\t\t\t\t<div class=\"elementor-widget-container\">\n\t\t\t\t\t\t\t\t\t16.00 Uhr\t\t\t\t\t\t\t\t<\/div>\n\t\t\t\t<\/div>\n\t\t\t\t<div class=\"elementor-element elementor-element-16b635aa elementor-widget elementor-widget-image\" data-id=\"16b635aa\" data-element_type=\"widget\" data-widget_type=\"image.default\">\n\t\t\t\t<div class=\"elementor-widget-container\">\n\t\t\t\t\t\t\t\t\t\t\t\t\t\t\t\t<a href=\"https:\/\/andermattmusic.ch\/de\/event\/reisen-mit-der-familie-mozart\/\">\n\t\t\t\t\t\t\t<img loading=\"lazy\" decoding=\"async\" width=\"700\" height=\"700\" src=\"https:\/\/andermattmusic.ch\/wp-content\/uploads\/2023\/05\/TIMO_SCHLUESSEL-700x700.jpg\" class=\"attachment-performers_list_image size-performers_list_image wp-image-7867\" alt=\"Timo Schl\u00fcssel, Andermatt Music\" srcset=\"https:\/\/andermattmusic.ch\/wp-content\/uploads\/2023\/05\/TIMO_SCHLUESSEL-700x700.jpg 700w, https:\/\/andermattmusic.ch\/wp-content\/uploads\/2023\/05\/TIMO_SCHLUESSEL-300x300.jpg 300w, https:\/\/andermattmusic.ch\/wp-content\/uploads\/2023\/05\/TIMO_SCHLUESSEL-1024x1024.jpg 1024w, https:\/\/andermattmusic.ch\/wp-content\/uploads\/2023\/05\/TIMO_SCHLUESSEL-150x150.jpg 150w, https:\/\/andermattmusic.ch\/wp-content\/uploads\/2023\/05\/TIMO_SCHLUESSEL-768x768.jpg 768w, https:\/\/andermattmusic.ch\/wp-content\/uploads\/2023\/05\/TIMO_SCHLUESSEL.jpg 1134w\" sizes=\"(max-width: 700px) 100vw, 700px\" \/>\t\t\t\t\t\t\t\t<\/a>\n\t\t\t\t\t\t\t\t\t\t\t\t\t\t\t<\/div>\n\t\t\t\t<\/div>\n\t\t\t\t\t<\/div>\n\t\t<\/div>\n\t\t\t\t<div class=\"elementor-column elementor-col-66 elementor-top-column elementor-element elementor-element-79fd2a9d\" data-id=\"79fd2a9d\" data-element_type=\"column\">\n\t\t\t<div class=\"elementor-widget-wrap elementor-element-populated\">\n\t\t\t\t\t\t<div class=\"elementor-element elementor-element-767765d2 elementor-widget elementor-widget-heading\" data-id=\"767765d2\" data-element_type=\"widget\" data-widget_type=\"heading.default\">\n\t\t\t\t<div class=\"elementor-widget-container\">\n\t\t\t\t\t<h2 class=\"elementor-heading-title elementor-size-default\"><a href=\"https:\/\/andermattmusic.ch\/de\/event\/reisen-mit-der-familie-mozart\/\">reisen mit der familie mozart<\/a><\/h2>\t\t\t\t<\/div>\n\t\t\t\t<\/div>\n\t\t\t\t<div class=\"elementor-element elementor-element-3d0bc17 elementor-widget elementor-widget-text-editor\" data-id=\"3d0bc17\" data-element_type=\"widget\" data-widget_type=\"text-editor.default\">\n\t\t\t\t<div class=\"elementor-widget-container\">\n\t\t\t\t\t\t\t\t\t<p><strong>FAMILIENKONZERT<\/strong><\/p>\n<p>Swiss Orchestra<br \/>\nRaphael Immoos, Leitung<br \/>\nTimo Schl\u00fcssel, Schauspieler &#038; Regie<br \/>\nPeter Zimmermann, Schauspieler<br \/>\nJoel Mauerhofer, Klavier<\/p>\n<p>Gemeinsam mit den beiden Schauspielern Timo Schl\u00fcssel und Peter Zimmermann unternimmt das Swiss Orchestra eine spannende Reise mit der Familie Mozart: eine wundervolle Einf\u00fchrung in die Welt der klassischen Musik f\u00fcr die ganze Familie.<\/p>\n&mdash;\t\t\t\t\t\t\t\t<\/div>\n\t\t\t\t<\/div>\n\t\t\t\t<section class=\"elementor-section elementor-inner-section elementor-element elementor-element-5b459e1 elementor-section-full_width elementor-section-height-default elementor-section-height-default\" data-id=\"5b459e1\" data-element_type=\"section\">\n\t\t\t\t\t\t<div class=\"elementor-container elementor-column-gap-no\">\n\t\t\t\t\t<div class=\"elementor-column elementor-col-100 elementor-inner-column elementor-element elementor-element-599d41ac\" data-id=\"599d41ac\" data-element_type=\"column\">\n\t\t\t<div class=\"elementor-widget-wrap elementor-element-populated\">\n\t\t\t\t\t\t<div class=\"elementor-element elementor-element-2e8a5eeb elementor-widget__width-auto elementor-widget elementor-widget-button\" data-id=\"2e8a5eeb\" data-element_type=\"widget\" data-widget_type=\"button.default\">\n\t\t\t\t<div class=\"elementor-widget-container\">\n\t\t\t\t\t\t\t\t\t<div class=\"elementor-button-wrapper\">\n\t\t\t\t\t<a class=\"elementor-button elementor-button-link elementor-size-lg\" href=\"https:\/\/andermattmusic.ch\/de\/event\/reisen-mit-der-familie-mozart\/\">\n\t\t\t\t\t\t<span class=\"elementor-button-content-wrapper\">\n\t\t\t\t\t\t<span class=\"elementor-button-icon\">\n\t\t\t\t<svg xmlns=\"http:\/\/www.w3.org\/2000\/svg\" xmlns:xlink=\"http:\/\/www.w3.org\/1999\/xlink\" x=\"0px\" y=\"0px\" viewBox=\"0 0 35 35.2\" xml:space=\"preserve\"><path fill=\"currentColor\" d=\"M17.5,0.9C8.387,0.9,1,8.287,1,17.4c0,9.113,7.387,16.5,16.5,16.5S34,26.513,34,17.4 C34,8.287,26.613,0.9,17.5,0.9z M14.3,30l-1.2-1.2l11.1-11.1l-10.9-11l1.3-1.3l12.2,12.2L14.3,30z\"><\/path><\/svg>\t\t\t<\/span>\n\t\t\t\t\t\t\t\t\t<span class=\"elementor-button-text\">Programm<\/span>\n\t\t\t\t\t<\/span>\n\t\t\t\t\t<\/a>\n\t\t\t\t<\/div>\n\t\t\t\t\t\t\t\t<\/div>\n\t\t\t\t<\/div>\n\t\t\t\t\t<\/div>\n\t\t<\/div>\n\t\t\t\t\t<\/div>\n\t\t<\/section>\n\t\t\t\t\t<\/div>\n\t\t<\/div>\n\t\t\t\t\t<\/div>\n\t\t<\/section>\n\t\t\t\t<\/div>\n\t\t\t\t<\/article>\n\t\t\t\t<article id=\"post-7723\" class=\"elementor-post elementor-grid-item ecs-post-loop post-7723 event type-event status-publish has-post-thumbnail hentry composer-charles-gounod composer-frederic-sanchez composer-joachim-raff composer-ludwig-van-beethoven\">\n\t\t\t\t<div data-elementor-type=\"loop\" data-elementor-id=\"5729\" class=\"elementor elementor-5729 post-7723 event type-event status-publish has-post-thumbnail hentry composer-charles-gounod composer-frederic-sanchez composer-joachim-raff composer-ludwig-van-beethoven\" data-elementor-post-type=\"elementor_library\">\n\t\t\t\t\t<section class=\"elementor-section elementor-top-section elementor-element elementor-element-4acc5669 elementor-section-boxed elementor-section-height-default elementor-section-height-default\" data-id=\"4acc5669\" data-element_type=\"section\">\n\t\t\t\t\t\t<div class=\"elementor-container elementor-column-gap-wide\">\n\t\t\t\t\t<div class=\"elementor-column elementor-col-33 elementor-top-column elementor-element elementor-element-2c329341\" data-id=\"2c329341\" data-element_type=\"column\">\n\t\t\t<div class=\"elementor-widget-wrap elementor-element-populated\">\n\t\t\t\t\t\t<div class=\"elementor-element elementor-element-3327e9c5 elementor-widget elementor-widget-text-editor\" data-id=\"3327e9c5\" data-element_type=\"widget\" data-widget_type=\"text-editor.default\">\n\t\t\t\t<div class=\"elementor-widget-container\">\n\t\t\t\t\t\t\t\t\tSonntag, 18.2.2024\t\t\t\t\t\t\t\t<\/div>\n\t\t\t\t<\/div>\n\t\t\t\t<div class=\"elementor-element elementor-element-2faffde7 elementor-widget elementor-widget-text-editor\" data-id=\"2faffde7\" data-element_type=\"widget\" data-widget_type=\"text-editor.default\">\n\t\t\t\t<div class=\"elementor-widget-container\">\n\t\t\t\t\t\t\t\t\t17.00 Uhr\t\t\t\t\t\t\t\t<\/div>\n\t\t\t\t<\/div>\n\t\t\t\t<div class=\"elementor-element elementor-element-16b635aa elementor-widget elementor-widget-image\" data-id=\"16b635aa\" data-element_type=\"widget\" data-widget_type=\"image.default\">\n\t\t\t\t<div class=\"elementor-widget-container\">\n\t\t\t\t\t\t\t\t\t\t\t\t\t\t\t\t<a href=\"https:\/\/andermattmusic.ch\/de\/event\/swiss-orchestra-wind-soloists\/\">\n\t\t\t\t\t\t\t<img loading=\"lazy\" decoding=\"async\" width=\"700\" height=\"700\" src=\"https:\/\/andermattmusic.ch\/wp-content\/uploads\/2023\/05\/BLAESERSOLISTEN_SO-700x700.jpg\" class=\"attachment-performers_list_image size-performers_list_image wp-image-7813\" alt=\"Swiss Orchestra Wind Soloists, Andermatt Music\" srcset=\"https:\/\/andermattmusic.ch\/wp-content\/uploads\/2023\/05\/BLAESERSOLISTEN_SO-700x700.jpg 700w, https:\/\/andermattmusic.ch\/wp-content\/uploads\/2023\/05\/BLAESERSOLISTEN_SO-300x300.jpg 300w, https:\/\/andermattmusic.ch\/wp-content\/uploads\/2023\/05\/BLAESERSOLISTEN_SO-1024x1024.jpg 1024w, https:\/\/andermattmusic.ch\/wp-content\/uploads\/2023\/05\/BLAESERSOLISTEN_SO-150x150.jpg 150w, https:\/\/andermattmusic.ch\/wp-content\/uploads\/2023\/05\/BLAESERSOLISTEN_SO-768x768.jpg 768w, https:\/\/andermattmusic.ch\/wp-content\/uploads\/2023\/05\/BLAESERSOLISTEN_SO.jpg 1134w\" sizes=\"(max-width: 700px) 100vw, 700px\" \/>\t\t\t\t\t\t\t\t<\/a>\n\t\t\t\t\t\t\t\t\t\t\t\t\t\t\t<\/div>\n\t\t\t\t<\/div>\n\t\t\t\t\t<\/div>\n\t\t<\/div>\n\t\t\t\t<div class=\"elementor-column elementor-col-66 elementor-top-column elementor-element elementor-element-79fd2a9d\" data-id=\"79fd2a9d\" data-element_type=\"column\">\n\t\t\t<div class=\"elementor-widget-wrap elementor-element-populated\">\n\t\t\t\t\t\t<div class=\"elementor-element elementor-element-767765d2 elementor-widget elementor-widget-heading\" data-id=\"767765d2\" data-element_type=\"widget\" data-widget_type=\"heading.default\">\n\t\t\t\t<div class=\"elementor-widget-container\">\n\t\t\t\t\t<h2 class=\"elementor-heading-title elementor-size-default\"><a href=\"https:\/\/andermattmusic.ch\/de\/event\/swiss-orchestra-wind-soloists\/\">swiss orchestra wind soloists<\/a><\/h2>\t\t\t\t<\/div>\n\t\t\t\t<\/div>\n\t\t\t\t<div class=\"elementor-element elementor-element-3d0bc17 elementor-widget elementor-widget-text-editor\" data-id=\"3d0bc17\" data-element_type=\"widget\" data-widget_type=\"text-editor.default\">\n\t\t\t\t<div class=\"elementor-widget-container\">\n\t\t\t\t\t\t\t\t\t<p><strong>BL\u00c4SERENSEMBLE<\/strong><\/p>\n<p>Swiss Orchestra Wind Soloists:<br \/>\nAnne-Lise Teruel &#038; Frederic S\u00e1nchez, Fl\u00f6te<br \/>\nKelsey Maiorano &#038; Yuta Onouchi, Oboe<br \/>\nLionel Andrey &#038; Gabor Horvath, Klarinette<br \/>\nOscar Souto Salgado &#038; Alejandro Cela Camba, Horn<br \/>\nJos\u00e9 Javier Romero &#038; Daniel Mota, Fagott<\/p>\n<p>Erleben Sie Beethoven, wie Sie ihn noch nie geh\u00f6rt haben! Zehn Bl\u00e4ser-Solist*innen des Swiss Orchestra pr\u00e4sentieren dessen 1. Sinfonie sowie Werke von Gounod und Raff. Exklusive Premiere: \u00abSouvenir d\u2019Andermatt\u00bb des Fl\u00f6tisten Frederic S\u00e1nchez.<\/p>\n&mdash;\t\t\t\t\t\t\t\t<\/div>\n\t\t\t\t<\/div>\n\t\t\t\t<section class=\"elementor-section elementor-inner-section elementor-element elementor-element-5b459e1 elementor-section-full_width elementor-section-height-default elementor-section-height-default\" data-id=\"5b459e1\" data-element_type=\"section\">\n\t\t\t\t\t\t<div class=\"elementor-container elementor-column-gap-no\">\n\t\t\t\t\t<div class=\"elementor-column elementor-col-100 elementor-inner-column elementor-element elementor-element-599d41ac\" data-id=\"599d41ac\" data-element_type=\"column\">\n\t\t\t<div class=\"elementor-widget-wrap elementor-element-populated\">\n\t\t\t\t\t\t<div class=\"elementor-element elementor-element-2e8a5eeb elementor-widget__width-auto elementor-widget elementor-widget-button\" data-id=\"2e8a5eeb\" data-element_type=\"widget\" data-widget_type=\"button.default\">\n\t\t\t\t<div class=\"elementor-widget-container\">\n\t\t\t\t\t\t\t\t\t<div class=\"elementor-button-wrapper\">\n\t\t\t\t\t<a class=\"elementor-button elementor-button-link elementor-size-lg\" href=\"https:\/\/andermattmusic.ch\/de\/event\/swiss-orchestra-wind-soloists\/\">\n\t\t\t\t\t\t<span class=\"elementor-button-content-wrapper\">\n\t\t\t\t\t\t<span class=\"elementor-button-icon\">\n\t\t\t\t<svg xmlns=\"http:\/\/www.w3.org\/2000\/svg\" xmlns:xlink=\"http:\/\/www.w3.org\/1999\/xlink\" x=\"0px\" y=\"0px\" viewBox=\"0 0 35 35.2\" xml:space=\"preserve\"><path fill=\"currentColor\" d=\"M17.5,0.9C8.387,0.9,1,8.287,1,17.4c0,9.113,7.387,16.5,16.5,16.5S34,26.513,34,17.4 C34,8.287,26.613,0.9,17.5,0.9z M14.3,30l-1.2-1.2l11.1-11.1l-10.9-11l1.3-1.3l12.2,12.2L14.3,30z\"><\/path><\/svg>\t\t\t<\/span>\n\t\t\t\t\t\t\t\t\t<span class=\"elementor-button-text\">Programm<\/span>\n\t\t\t\t\t<\/span>\n\t\t\t\t\t<\/a>\n\t\t\t\t<\/div>\n\t\t\t\t\t\t\t\t<\/div>\n\t\t\t\t<\/div>\n\t\t\t\t\t<\/div>\n\t\t<\/div>\n\t\t\t\t\t<\/div>\n\t\t<\/section>\n\t\t\t\t\t<\/div>\n\t\t<\/div>\n\t\t\t\t\t<\/div>\n\t\t<\/section>\n\t\t\t\t<\/div>\n\t\t\t\t<\/article>\n\t\t\t\t<article id=\"post-7485\" class=\"elementor-post elementor-grid-item ecs-post-loop post-7485 event type-event status-publish has-post-thumbnail hentry composer-gaetano-donizetti composer-giuseppe-verdi composer-jules-massenet\">\n\t\t\t\t<div data-elementor-type=\"loop\" data-elementor-id=\"5729\" class=\"elementor elementor-5729 post-7485 event type-event status-publish has-post-thumbnail hentry composer-gaetano-donizetti composer-giuseppe-verdi composer-jules-massenet\" data-elementor-post-type=\"elementor_library\">\n\t\t\t\t\t<section class=\"elementor-section elementor-top-section elementor-element elementor-element-4acc5669 elementor-section-boxed elementor-section-height-default elementor-section-height-default\" data-id=\"4acc5669\" data-element_type=\"section\">\n\t\t\t\t\t\t<div class=\"elementor-container elementor-column-gap-wide\">\n\t\t\t\t\t<div class=\"elementor-column elementor-col-33 elementor-top-column elementor-element elementor-element-2c329341\" data-id=\"2c329341\" data-element_type=\"column\">\n\t\t\t<div class=\"elementor-widget-wrap elementor-element-populated\">\n\t\t\t\t\t\t<div class=\"elementor-element elementor-element-3327e9c5 elementor-widget elementor-widget-text-editor\" data-id=\"3327e9c5\" data-element_type=\"widget\" data-widget_type=\"text-editor.default\">\n\t\t\t\t<div class=\"elementor-widget-container\">\n\t\t\t\t\t\t\t\t\tSamstag, 17.2.2024\t\t\t\t\t\t\t\t<\/div>\n\t\t\t\t<\/div>\n\t\t\t\t<div class=\"elementor-element elementor-element-2faffde7 elementor-widget elementor-widget-text-editor\" data-id=\"2faffde7\" data-element_type=\"widget\" data-widget_type=\"text-editor.default\">\n\t\t\t\t<div class=\"elementor-widget-container\">\n\t\t\t\t\t\t\t\t\t19.30 Uhr\t\t\t\t\t\t\t\t<\/div>\n\t\t\t\t<\/div>\n\t\t\t\t<div class=\"elementor-element elementor-element-16b635aa elementor-widget elementor-widget-image\" data-id=\"16b635aa\" data-element_type=\"widget\" data-widget_type=\"image.default\">\n\t\t\t\t<div class=\"elementor-widget-container\">\n\t\t\t\t\t\t\t\t\t\t\t\t\t\t\t\t<a href=\"https:\/\/andermattmusic.ch\/de\/event\/rolando-villazon\/\">\n\t\t\t\t\t\t\t<img loading=\"lazy\" decoding=\"async\" width=\"700\" height=\"700\" src=\"https:\/\/andermattmusic.ch\/wp-content\/uploads\/2022\/06\/KONZERT_27.05.2023-700x700.jpg\" class=\"attachment-performers_list_image size-performers_list_image wp-image-6113\" alt=\"Rolando Villaz\u00f3n\" srcset=\"https:\/\/andermattmusic.ch\/wp-content\/uploads\/2022\/06\/KONZERT_27.05.2023-700x700.jpg 700w, https:\/\/andermattmusic.ch\/wp-content\/uploads\/2022\/06\/KONZERT_27.05.2023-150x150.jpg 150w\" sizes=\"(max-width: 700px) 100vw, 700px\" \/>\t\t\t\t\t\t\t\t<\/a>\n\t\t\t\t\t\t\t\t\t\t\t\t\t\t\t<\/div>\n\t\t\t\t<\/div>\n\t\t\t\t\t<\/div>\n\t\t<\/div>\n\t\t\t\t<div class=\"elementor-column elementor-col-66 elementor-top-column elementor-element elementor-element-79fd2a9d\" data-id=\"79fd2a9d\" data-element_type=\"column\">\n\t\t\t<div class=\"elementor-widget-wrap elementor-element-populated\">\n\t\t\t\t\t\t<div class=\"elementor-element elementor-element-767765d2 elementor-widget elementor-widget-heading\" data-id=\"767765d2\" data-element_type=\"widget\" data-widget_type=\"heading.default\">\n\t\t\t\t<div class=\"elementor-widget-container\">\n\t\t\t\t\t<h2 class=\"elementor-heading-title elementor-size-default\"><a href=\"https:\/\/andermattmusic.ch\/de\/event\/rolando-villazon\/\">rolando villaz\u00f3n<\/a><\/h2>\t\t\t\t<\/div>\n\t\t\t\t<\/div>\n\t\t\t\t<div class=\"elementor-element elementor-element-3d0bc17 elementor-widget elementor-widget-text-editor\" data-id=\"3d0bc17\" data-element_type=\"widget\" data-widget_type=\"text-editor.default\">\n\t\t\t\t<div class=\"elementor-widget-container\">\n\t\t\t\t\t\t\t\t\t<p><strong>OPERNGALA<\/strong><\/p>\n<p>Swiss Orchestra<br \/>\nLena-Lisa W\u00fcstend\u00f6rfer, Leitung<br \/>\nRolando Villaz\u00f3n, Tenor<\/p>\n<p>Startenor Rolando Villaz\u00f3n singt Opernhighlights von Wolfgang Amadeus Mozart, Giuseppe Verdi, Francesco Paolo Tosti u.a. Begleitet wird er dabei vom Swiss Orchestra.<\/p>\n&mdash;\t\t\t\t\t\t\t\t<\/div>\n\t\t\t\t<\/div>\n\t\t\t\t<section class=\"elementor-section elementor-inner-section elementor-element elementor-element-5b459e1 elementor-section-full_width elementor-section-height-default elementor-section-height-default\" data-id=\"5b459e1\" data-element_type=\"section\">\n\t\t\t\t\t\t<div class=\"elementor-container elementor-column-gap-no\">\n\t\t\t\t\t<div class=\"elementor-column elementor-col-100 elementor-inner-column elementor-element elementor-element-599d41ac\" data-id=\"599d41ac\" data-element_type=\"column\">\n\t\t\t<div class=\"elementor-widget-wrap elementor-element-populated\">\n\t\t\t\t\t\t<div class=\"elementor-element elementor-element-2e8a5eeb elementor-widget__width-auto elementor-widget elementor-widget-button\" data-id=\"2e8a5eeb\" data-element_type=\"widget\" data-widget_type=\"button.default\">\n\t\t\t\t<div class=\"elementor-widget-container\">\n\t\t\t\t\t\t\t\t\t<div class=\"elementor-button-wrapper\">\n\t\t\t\t\t<a class=\"elementor-button elementor-button-link elementor-size-lg\" href=\"https:\/\/andermattmusic.ch\/de\/event\/rolando-villazon\/\">\n\t\t\t\t\t\t<span class=\"elementor-button-content-wrapper\">\n\t\t\t\t\t\t<span class=\"elementor-button-icon\">\n\t\t\t\t<svg xmlns=\"http:\/\/www.w3.org\/2000\/svg\" xmlns:xlink=\"http:\/\/www.w3.org\/1999\/xlink\" x=\"0px\" y=\"0px\" viewBox=\"0 0 35 35.2\" xml:space=\"preserve\"><path fill=\"currentColor\" d=\"M17.5,0.9C8.387,0.9,1,8.287,1,17.4c0,9.113,7.387,16.5,16.5,16.5S34,26.513,34,17.4 C34,8.287,26.613,0.9,17.5,0.9z M14.3,30l-1.2-1.2l11.1-11.1l-10.9-11l1.3-1.3l12.2,12.2L14.3,30z\"><\/path><\/svg>\t\t\t<\/span>\n\t\t\t\t\t\t\t\t\t<span class=\"elementor-button-text\">Programm<\/span>\n\t\t\t\t\t<\/span>\n\t\t\t\t\t<\/a>\n\t\t\t\t<\/div>\n\t\t\t\t\t\t\t\t<\/div>\n\t\t\t\t<\/div>\n\t\t\t\t\t<\/div>\n\t\t<\/div>\n\t\t\t\t\t<\/div>\n\t\t<\/section>\n\t\t\t\t\t<\/div>\n\t\t<\/div>\n\t\t\t\t\t<\/div>\n\t\t<\/section>\n\t\t\t\t<\/div>\n\t\t\t\t<\/article>\n\t\t\t\t<article id=\"post-7722\" class=\"elementor-post elementor-grid-item ecs-post-loop post-7722 event type-event status-publish has-post-thumbnail hentry\">\n\t\t\t\t<div data-elementor-type=\"loop\" data-elementor-id=\"5729\" class=\"elementor elementor-5729 post-7722 event type-event status-publish has-post-thumbnail hentry\" data-elementor-post-type=\"elementor_library\">\n\t\t\t\t\t<section class=\"elementor-section elementor-top-section elementor-element elementor-element-4acc5669 elementor-section-boxed elementor-section-height-default elementor-section-height-default\" data-id=\"4acc5669\" data-element_type=\"section\">\n\t\t\t\t\t\t<div class=\"elementor-container elementor-column-gap-wide\">\n\t\t\t\t\t<div class=\"elementor-column elementor-col-33 elementor-top-column elementor-element elementor-element-2c329341\" data-id=\"2c329341\" data-element_type=\"column\">\n\t\t\t<div class=\"elementor-widget-wrap elementor-element-populated\">\n\t\t\t\t\t\t<div class=\"elementor-element elementor-element-3327e9c5 elementor-widget elementor-widget-text-editor\" data-id=\"3327e9c5\" data-element_type=\"widget\" data-widget_type=\"text-editor.default\">\n\t\t\t\t<div class=\"elementor-widget-container\">\n\t\t\t\t\t\t\t\t\tSonntag, 28.1.2024\t\t\t\t\t\t\t\t<\/div>\n\t\t\t\t<\/div>\n\t\t\t\t<div class=\"elementor-element elementor-element-2faffde7 elementor-widget elementor-widget-text-editor\" data-id=\"2faffde7\" data-element_type=\"widget\" data-widget_type=\"text-editor.default\">\n\t\t\t\t<div class=\"elementor-widget-container\">\n\t\t\t\t\t\t\t\t\t17.00 Uhr\t\t\t\t\t\t\t\t<\/div>\n\t\t\t\t<\/div>\n\t\t\t\t<div class=\"elementor-element elementor-element-16b635aa elementor-widget elementor-widget-image\" data-id=\"16b635aa\" data-element_type=\"widget\" data-widget_type=\"image.default\">\n\t\t\t\t<div class=\"elementor-widget-container\">\n\t\t\t\t\t\t\t\t\t\t\t\t\t\t\t\t<a href=\"https:\/\/andermattmusic.ch\/de\/event\/iheimisch\/\">\n\t\t\t\t\t\t\t<img loading=\"lazy\" decoding=\"async\" width=\"700\" height=\"700\" src=\"https:\/\/andermattmusic.ch\/wp-content\/uploads\/2023\/05\/AM_28.01.2024-700x700.jpg\" class=\"attachment-performers_list_image size-performers_list_image wp-image-7906\" alt=\"Simone Felbers iheimisch, Andermatt Music\" srcset=\"https:\/\/andermattmusic.ch\/wp-content\/uploads\/2023\/05\/AM_28.01.2024-700x700.jpg 700w, https:\/\/andermattmusic.ch\/wp-content\/uploads\/2023\/05\/AM_28.01.2024-150x150.jpg 150w\" sizes=\"(max-width: 700px) 100vw, 700px\" \/>\t\t\t\t\t\t\t\t<\/a>\n\t\t\t\t\t\t\t\t\t\t\t\t\t\t\t<\/div>\n\t\t\t\t<\/div>\n\t\t\t\t\t<\/div>\n\t\t<\/div>\n\t\t\t\t<div class=\"elementor-column elementor-col-66 elementor-top-column elementor-element elementor-element-79fd2a9d\" data-id=\"79fd2a9d\" data-element_type=\"column\">\n\t\t\t<div class=\"elementor-widget-wrap elementor-element-populated\">\n\t\t\t\t\t\t<div class=\"elementor-element elementor-element-767765d2 elementor-widget elementor-widget-heading\" data-id=\"767765d2\" data-element_type=\"widget\" data-widget_type=\"heading.default\">\n\t\t\t\t<div class=\"elementor-widget-container\">\n\t\t\t\t\t<h2 class=\"elementor-heading-title elementor-size-default\"><a href=\"https:\/\/andermattmusic.ch\/de\/event\/iheimisch\/\">iheimisch<\/a><\/h2>\t\t\t\t<\/div>\n\t\t\t\t<\/div>\n\t\t\t\t<div class=\"elementor-element elementor-element-3d0bc17 elementor-widget elementor-widget-text-editor\" data-id=\"3d0bc17\" data-element_type=\"widget\" data-widget_type=\"text-editor.default\">\n\t\t\t\t<div class=\"elementor-widget-container\">\n\t\t\t\t\t\t\t\t\t<p><strong>NEUE VOLKSMUSIK<\/strong><\/p>\n<p>Simone Felbers iheimisch:<br \/>\nSimone Felber, Stimme<br \/>\nAdrian W\u00fcrsch, Schwyzer\u00f6rgeli<br \/>\nPirmin Huber, Kontrabass<br \/>\nLukas V. Gernet (Gast), Piano<\/p>\n<p>Wie klingt Heimat? Die Musiker*innen des Trio \u00abSimone Felbers iheimisch\u00bb mit Gast Lukas V. Gernet ziehen in die klangliche Fremde \u2013 die Heimat dabei stets im Rucksack. Reisen Sie zusammen mit Simone Felbers Gesang, Adrian W\u00fcrschs Schwyzer\u00f6rgeli und Pirmin Hubers Kontrabass.<\/p>\n&mdash;\t\t\t\t\t\t\t\t<\/div>\n\t\t\t\t<\/div>\n\t\t\t\t<section class=\"elementor-section elementor-inner-section elementor-element elementor-element-5b459e1 elementor-section-full_width elementor-section-height-default elementor-section-height-default\" data-id=\"5b459e1\" data-element_type=\"section\">\n\t\t\t\t\t\t<div class=\"elementor-container elementor-column-gap-no\">\n\t\t\t\t\t<div class=\"elementor-column elementor-col-100 elementor-inner-column elementor-element elementor-element-599d41ac\" data-id=\"599d41ac\" data-element_type=\"column\">\n\t\t\t<div class=\"elementor-widget-wrap elementor-element-populated\">\n\t\t\t\t\t\t<div class=\"elementor-element elementor-element-2e8a5eeb elementor-widget__width-auto elementor-widget elementor-widget-button\" data-id=\"2e8a5eeb\" data-element_type=\"widget\" data-widget_type=\"button.default\">\n\t\t\t\t<div class=\"elementor-widget-container\">\n\t\t\t\t\t\t\t\t\t<div class=\"elementor-button-wrapper\">\n\t\t\t\t\t<a class=\"elementor-button elementor-button-link elementor-size-lg\" href=\"https:\/\/andermattmusic.ch\/de\/event\/iheimisch\/\">\n\t\t\t\t\t\t<span class=\"elementor-button-content-wrapper\">\n\t\t\t\t\t\t<span class=\"elementor-button-icon\">\n\t\t\t\t<svg xmlns=\"http:\/\/www.w3.org\/2000\/svg\" xmlns:xlink=\"http:\/\/www.w3.org\/1999\/xlink\" x=\"0px\" y=\"0px\" viewBox=\"0 0 35 35.2\" xml:space=\"preserve\"><path fill=\"currentColor\" d=\"M17.5,0.9C8.387,0.9,1,8.287,1,17.4c0,9.113,7.387,16.5,16.5,16.5S34,26.513,34,17.4 C34,8.287,26.613,0.9,17.5,0.9z M14.3,30l-1.2-1.2l11.1-11.1l-10.9-11l1.3-1.3l12.2,12.2L14.3,30z\"><\/path><\/svg>\t\t\t<\/span>\n\t\t\t\t\t\t\t\t\t<span class=\"elementor-button-text\">Programm<\/span>\n\t\t\t\t\t<\/span>\n\t\t\t\t\t<\/a>\n\t\t\t\t<\/div>\n\t\t\t\t\t\t\t\t<\/div>\n\t\t\t\t<\/div>\n\t\t\t\t\t<\/div>\n\t\t<\/div>\n\t\t\t\t\t<\/div>\n\t\t<\/section>\n\t\t\t\t\t<\/div>\n\t\t<\/div>\n\t\t\t\t\t<\/div>\n\t\t<\/section>\n\t\t\t\t<\/div>\n\t\t\t\t<\/article>\n\t\t\t\t<article id=\"post-7721\" class=\"elementor-post elementor-grid-item ecs-post-loop post-7721 event type-event status-publish has-post-thumbnail hentry composer-friedrich-hollaender composer-kurt-weill composer-mischa-spoliansky composer-richard-strauss composer-viktor-ullmann\">\n\t\t\t\t<div data-elementor-type=\"loop\" data-elementor-id=\"5729\" class=\"elementor elementor-5729 post-7721 event type-event status-publish has-post-thumbnail hentry composer-friedrich-hollaender composer-kurt-weill composer-mischa-spoliansky composer-richard-strauss composer-viktor-ullmann\" data-elementor-post-type=\"elementor_library\">\n\t\t\t\t\t<section class=\"elementor-section elementor-top-section elementor-element elementor-element-4acc5669 elementor-section-boxed elementor-section-height-default elementor-section-height-default\" data-id=\"4acc5669\" data-element_type=\"section\">\n\t\t\t\t\t\t<div class=\"elementor-container elementor-column-gap-wide\">\n\t\t\t\t\t<div class=\"elementor-column elementor-col-33 elementor-top-column elementor-element elementor-element-2c329341\" data-id=\"2c329341\" data-element_type=\"column\">\n\t\t\t<div class=\"elementor-widget-wrap elementor-element-populated\">\n\t\t\t\t\t\t<div class=\"elementor-element elementor-element-3327e9c5 elementor-widget elementor-widget-text-editor\" data-id=\"3327e9c5\" data-element_type=\"widget\" data-widget_type=\"text-editor.default\">\n\t\t\t\t<div class=\"elementor-widget-container\">\n\t\t\t\t\t\t\t\t\tMontag, 1.1.2024\t\t\t\t\t\t\t\t<\/div>\n\t\t\t\t<\/div>\n\t\t\t\t<div class=\"elementor-element elementor-element-2faffde7 elementor-widget elementor-widget-text-editor\" data-id=\"2faffde7\" data-element_type=\"widget\" data-widget_type=\"text-editor.default\">\n\t\t\t\t<div class=\"elementor-widget-container\">\n\t\t\t\t\t\t\t\t\t17.00 Uhr\t\t\t\t\t\t\t\t<\/div>\n\t\t\t\t<\/div>\n\t\t\t\t<div class=\"elementor-element elementor-element-16b635aa elementor-widget elementor-widget-image\" data-id=\"16b635aa\" data-element_type=\"widget\" data-widget_type=\"image.default\">\n\t\t\t\t<div class=\"elementor-widget-container\">\n\t\t\t\t\t\t\t\t\t\t\t\t\t\t\t\t<a href=\"https:\/\/andermattmusic.ch\/de\/event\/wenn-ich-mir-was-wuenschen-duerfte\/\">\n\t\t\t\t\t\t\t<img loading=\"lazy\" decoding=\"async\" width=\"700\" height=\"700\" src=\"https:\/\/andermattmusic.ch\/wp-content\/uploads\/2023\/05\/AM_01.01.2024-700x700.jpg\" class=\"attachment-performers_list_image size-performers_list_image wp-image-7880\" alt=\"Ute Lemper, Neujahrskonzert, Andermatt Music\" srcset=\"https:\/\/andermattmusic.ch\/wp-content\/uploads\/2023\/05\/AM_01.01.2024-700x700.jpg 700w, https:\/\/andermattmusic.ch\/wp-content\/uploads\/2023\/05\/AM_01.01.2024-150x150.jpg 150w\" sizes=\"(max-width: 700px) 100vw, 700px\" \/>\t\t\t\t\t\t\t\t<\/a>\n\t\t\t\t\t\t\t\t\t\t\t\t\t\t\t<\/div>\n\t\t\t\t<\/div>\n\t\t\t\t\t<\/div>\n\t\t<\/div>\n\t\t\t\t<div class=\"elementor-column elementor-col-66 elementor-top-column elementor-element elementor-element-79fd2a9d\" data-id=\"79fd2a9d\" data-element_type=\"column\">\n\t\t\t<div class=\"elementor-widget-wrap elementor-element-populated\">\n\t\t\t\t\t\t<div class=\"elementor-element elementor-element-767765d2 elementor-widget elementor-widget-heading\" data-id=\"767765d2\" data-element_type=\"widget\" data-widget_type=\"heading.default\">\n\t\t\t\t<div class=\"elementor-widget-container\">\n\t\t\t\t\t<h2 class=\"elementor-heading-title elementor-size-default\"><a href=\"https:\/\/andermattmusic.ch\/de\/event\/wenn-ich-mir-was-wuenschen-duerfte\/\">\u00abwenn ich mir was w\u00fcnschen d\u00fcrfte\u2026\u00bb<\/a><\/h2>\t\t\t\t<\/div>\n\t\t\t\t<\/div>\n\t\t\t\t<div class=\"elementor-element elementor-element-3d0bc17 elementor-widget elementor-widget-text-editor\" data-id=\"3d0bc17\" data-element_type=\"widget\" data-widget_type=\"text-editor.default\">\n\t\t\t\t<div class=\"elementor-widget-container\">\n\t\t\t\t\t\t\t\t\t<p><strong>NEUJAHRSKONZERT<\/strong><\/p>\n<p>Kammerorchester Basel<br \/>\nBasler Madrigalisten<br \/>\nPierre Bleuse, Dirigent<br \/>\nUte Lemper, Gesang und Sprechstimme<\/p>\n<p>Ute Lemper, die Grande Dame des Chansons, l\u00e4sst zusammen mit dem Kammerorchester Basel und den Basler Madrigalisten unter der Leitung von Pierre Bleuse das goldene Zeitalter der Balladen um Kurt Weill aufleben und l\u00e4utet so das neue Jahr 2024 ein.<\/p>\n&mdash;\t\t\t\t\t\t\t\t<\/div>\n\t\t\t\t<\/div>\n\t\t\t\t<section class=\"elementor-section elementor-inner-section elementor-element elementor-element-5b459e1 elementor-section-full_width elementor-section-height-default elementor-section-height-default\" data-id=\"5b459e1\" data-element_type=\"section\">\n\t\t\t\t\t\t<div class=\"elementor-container elementor-column-gap-no\">\n\t\t\t\t\t<div class=\"elementor-column elementor-col-100 elementor-inner-column elementor-element elementor-element-599d41ac\" data-id=\"599d41ac\" data-element_type=\"column\">\n\t\t\t<div class=\"elementor-widget-wrap elementor-element-populated\">\n\t\t\t\t\t\t<div class=\"elementor-element elementor-element-2e8a5eeb elementor-widget__width-auto elementor-widget elementor-widget-button\" data-id=\"2e8a5eeb\" data-element_type=\"widget\" data-widget_type=\"button.default\">\n\t\t\t\t<div class=\"elementor-widget-container\">\n\t\t\t\t\t\t\t\t\t<div class=\"elementor-button-wrapper\">\n\t\t\t\t\t<a class=\"elementor-button elementor-button-link elementor-size-lg\" href=\"https:\/\/andermattmusic.ch\/de\/event\/wenn-ich-mir-was-wuenschen-duerfte\/\">\n\t\t\t\t\t\t<span class=\"elementor-button-content-wrapper\">\n\t\t\t\t\t\t<span class=\"elementor-button-icon\">\n\t\t\t\t<svg xmlns=\"http:\/\/www.w3.org\/2000\/svg\" xmlns:xlink=\"http:\/\/www.w3.org\/1999\/xlink\" x=\"0px\" y=\"0px\" viewBox=\"0 0 35 35.2\" xml:space=\"preserve\"><path fill=\"currentColor\" d=\"M17.5,0.9C8.387,0.9,1,8.287,1,17.4c0,9.113,7.387,16.5,16.5,16.5S34,26.513,34,17.4 C34,8.287,26.613,0.9,17.5,0.9z M14.3,30l-1.2-1.2l11.1-11.1l-10.9-11l1.3-1.3l12.2,12.2L14.3,30z\"><\/path><\/svg>\t\t\t<\/span>\n\t\t\t\t\t\t\t\t\t<span class=\"elementor-button-text\">Programm<\/span>\n\t\t\t\t\t<\/span>\n\t\t\t\t\t<\/a>\n\t\t\t\t<\/div>\n\t\t\t\t\t\t\t\t<\/div>\n\t\t\t\t<\/div>\n\t\t\t\t\t<\/div>\n\t\t<\/div>\n\t\t\t\t\t<\/div>\n\t\t<\/section>\n\t\t\t\t\t<\/div>\n\t\t<\/div>\n\t\t\t\t\t<\/div>\n\t\t<\/section>\n\t\t\t\t<\/div>\n\t\t\t\t<\/article>\n\t\t\t\t<article id=\"post-7720\" class=\"elementor-post elementor-grid-item ecs-post-loop post-7720 event type-event status-publish has-post-thumbnail hentry\">\n\t\t\t\t<div data-elementor-type=\"loop\" data-elementor-id=\"5729\" class=\"elementor elementor-5729 post-7720 event type-event status-publish has-post-thumbnail hentry\" data-elementor-post-type=\"elementor_library\">\n\t\t\t\t\t<section class=\"elementor-section elementor-top-section elementor-element elementor-element-4acc5669 elementor-section-boxed elementor-section-height-default elementor-section-height-default\" data-id=\"4acc5669\" data-element_type=\"section\">\n\t\t\t\t\t\t<div class=\"elementor-container elementor-column-gap-wide\">\n\t\t\t\t\t<div class=\"elementor-column elementor-col-33 elementor-top-column elementor-element elementor-element-2c329341\" data-id=\"2c329341\" data-element_type=\"column\">\n\t\t\t<div class=\"elementor-widget-wrap elementor-element-populated\">\n\t\t\t\t\t\t<div class=\"elementor-element elementor-element-3327e9c5 elementor-widget elementor-widget-text-editor\" data-id=\"3327e9c5\" data-element_type=\"widget\" data-widget_type=\"text-editor.default\">\n\t\t\t\t<div class=\"elementor-widget-container\">\n\t\t\t\t\t\t\t\t\tDonnerstag, 28.12.2023\t\t\t\t\t\t\t\t<\/div>\n\t\t\t\t<\/div>\n\t\t\t\t<div class=\"elementor-element elementor-element-2faffde7 elementor-widget elementor-widget-text-editor\" data-id=\"2faffde7\" data-element_type=\"widget\" data-widget_type=\"text-editor.default\">\n\t\t\t\t<div class=\"elementor-widget-container\">\n\t\t\t\t\t\t\t\t\t19.30 Uhr\t\t\t\t\t\t\t\t<\/div>\n\t\t\t\t<\/div>\n\t\t\t\t<div class=\"elementor-element elementor-element-16b635aa elementor-widget elementor-widget-image\" data-id=\"16b635aa\" data-element_type=\"widget\" data-widget_type=\"image.default\">\n\t\t\t\t<div class=\"elementor-widget-container\">\n\t\t\t\t\t\t\t\t\t\t\t\t\t\t\t\t<a href=\"https:\/\/andermattmusic.ch\/de\/event\/innerschweizer-doppelpack\/\">\n\t\t\t\t\t\t\t<img loading=\"lazy\" decoding=\"async\" width=\"700\" height=\"700\" src=\"https:\/\/andermattmusic.ch\/wp-content\/uploads\/2023\/05\/DUO_TRIO-700x700.jpg\" class=\"attachment-performers_list_image size-performers_list_image wp-image-7973\" alt=\"Duo Albin Brun &amp; Kristina Brunner; Trio Gabriel Nietlispach Pupato; Andermatt Music\" srcset=\"https:\/\/andermattmusic.ch\/wp-content\/uploads\/2023\/05\/DUO_TRIO-700x700.jpg 700w, https:\/\/andermattmusic.ch\/wp-content\/uploads\/2023\/05\/DUO_TRIO-300x300.jpg 300w, https:\/\/andermattmusic.ch\/wp-content\/uploads\/2023\/05\/DUO_TRIO-1024x1024.jpg 1024w, https:\/\/andermattmusic.ch\/wp-content\/uploads\/2023\/05\/DUO_TRIO-150x150.jpg 150w, https:\/\/andermattmusic.ch\/wp-content\/uploads\/2023\/05\/DUO_TRIO-768x768.jpg 768w, https:\/\/andermattmusic.ch\/wp-content\/uploads\/2023\/05\/DUO_TRIO.jpg 1134w\" sizes=\"(max-width: 700px) 100vw, 700px\" \/>\t\t\t\t\t\t\t\t<\/a>\n\t\t\t\t\t\t\t\t\t\t\t\t\t\t\t<\/div>\n\t\t\t\t<\/div>\n\t\t\t\t\t<\/div>\n\t\t<\/div>\n\t\t\t\t<div class=\"elementor-column elementor-col-66 elementor-top-column elementor-element elementor-element-79fd2a9d\" data-id=\"79fd2a9d\" data-element_type=\"column\">\n\t\t\t<div class=\"elementor-widget-wrap elementor-element-populated\">\n\t\t\t\t\t\t<div class=\"elementor-element elementor-element-767765d2 elementor-widget elementor-widget-heading\" data-id=\"767765d2\" data-element_type=\"widget\" data-widget_type=\"heading.default\">\n\t\t\t\t<div class=\"elementor-widget-container\">\n\t\t\t\t\t<h2 class=\"elementor-heading-title elementor-size-default\"><a href=\"https:\/\/andermattmusic.ch\/de\/event\/innerschweizer-doppelpack\/\">innerschweizer doppelpack<\/a><\/h2>\t\t\t\t<\/div>\n\t\t\t\t<\/div>\n\t\t\t\t<div class=\"elementor-element elementor-element-3d0bc17 elementor-widget elementor-widget-text-editor\" data-id=\"3d0bc17\" data-element_type=\"widget\" data-widget_type=\"text-editor.default\">\n\t\t\t\t<div class=\"elementor-widget-container\">\n\t\t\t\t\t\t\t\t\t<p><strong>NEUE VOLKSMUSIK<\/strong><\/p>\n<p>Duo Albin Brun &#038; Kristina Brunner:<br \/>\nAlbin Brun, Schwyzer\u00f6rgeli, Sopransaxophon<br \/>\nKristina Brunner, Cello, Schwyzer\u00f6rgeli<br \/>\nEvelyn Brunner (Gast), Kontrabass<\/p>\n<p>Trio Gabriel Nietlispach Pupato:<br \/>\nAndreas Gabriel, Violine<br \/>\nJ\u00fcrg Nietlispach, Halszither, Gitarre<br \/>\nAndi Pupato, Perkussion<\/p>\n<p>Gleich zwei herausragende Ensembles der Innerschweizer Volksmusikszene sind beim Konzert in Andermatt zu erleben: Das \u00abDuo Albin Brun &#038; Kristina Brunner\u00bb mit Gast Evelyn Brunner und das \u00abTrio Gabriel Nietlispach Pupato\u00bb.<\/p>\n&mdash;\t\t\t\t\t\t\t\t<\/div>\n\t\t\t\t<\/div>\n\t\t\t\t<section class=\"elementor-section elementor-inner-section elementor-element elementor-element-5b459e1 elementor-section-full_width elementor-section-height-default elementor-section-height-default\" data-id=\"5b459e1\" data-element_type=\"section\">\n\t\t\t\t\t\t<div class=\"elementor-container elementor-column-gap-no\">\n\t\t\t\t\t<div class=\"elementor-column elementor-col-100 elementor-inner-column elementor-element elementor-element-599d41ac\" data-id=\"599d41ac\" data-element_type=\"column\">\n\t\t\t<div class=\"elementor-widget-wrap elementor-element-populated\">\n\t\t\t\t\t\t<div class=\"elementor-element elementor-element-2e8a5eeb elementor-widget__width-auto elementor-widget elementor-widget-button\" data-id=\"2e8a5eeb\" data-element_type=\"widget\" data-widget_type=\"button.default\">\n\t\t\t\t<div class=\"elementor-widget-container\">\n\t\t\t\t\t\t\t\t\t<div class=\"elementor-button-wrapper\">\n\t\t\t\t\t<a class=\"elementor-button elementor-button-link elementor-size-lg\" href=\"https:\/\/andermattmusic.ch\/de\/event\/innerschweizer-doppelpack\/\">\n\t\t\t\t\t\t<span class=\"elementor-button-content-wrapper\">\n\t\t\t\t\t\t<span class=\"elementor-button-icon\">\n\t\t\t\t<svg xmlns=\"http:\/\/www.w3.org\/2000\/svg\" xmlns:xlink=\"http:\/\/www.w3.org\/1999\/xlink\" x=\"0px\" y=\"0px\" viewBox=\"0 0 35 35.2\" xml:space=\"preserve\"><path fill=\"currentColor\" d=\"M17.5,0.9C8.387,0.9,1,8.287,1,17.4c0,9.113,7.387,16.5,16.5,16.5S34,26.513,34,17.4 C34,8.287,26.613,0.9,17.5,0.9z M14.3,30l-1.2-1.2l11.1-11.1l-10.9-11l1.3-1.3l12.2,12.2L14.3,30z\"><\/path><\/svg>\t\t\t<\/span>\n\t\t\t\t\t\t\t\t\t<span class=\"elementor-button-text\">Programm<\/span>\n\t\t\t\t\t<\/span>\n\t\t\t\t\t<\/a>\n\t\t\t\t<\/div>\n\t\t\t\t\t\t\t\t<\/div>\n\t\t\t\t<\/div>\n\t\t\t\t\t<\/div>\n\t\t<\/div>\n\t\t\t\t\t<\/div>\n\t\t<\/section>\n\t\t\t\t\t<\/div>\n\t\t<\/div>\n\t\t\t\t\t<\/div>\n\t\t<\/section>\n\t\t\t\t<\/div>\n\t\t\t\t<\/article>\n\t\t\t\t<article id=\"post-7719\" class=\"elementor-post elementor-grid-item ecs-post-loop post-7719 event type-event status-publish has-post-thumbnail hentry composer-johann-sebastian-bach\">\n\t\t\t\t<div data-elementor-type=\"loop\" data-elementor-id=\"5729\" class=\"elementor elementor-5729 post-7719 event type-event status-publish has-post-thumbnail hentry composer-johann-sebastian-bach\" data-elementor-post-type=\"elementor_library\">\n\t\t\t\t\t<section class=\"elementor-section elementor-top-section elementor-element elementor-element-4acc5669 elementor-section-boxed elementor-section-height-default elementor-section-height-default\" data-id=\"4acc5669\" data-element_type=\"section\">\n\t\t\t\t\t\t<div class=\"elementor-container elementor-column-gap-wide\">\n\t\t\t\t\t<div class=\"elementor-column elementor-col-33 elementor-top-column elementor-element elementor-element-2c329341\" data-id=\"2c329341\" data-element_type=\"column\">\n\t\t\t<div class=\"elementor-widget-wrap elementor-element-populated\">\n\t\t\t\t\t\t<div class=\"elementor-element elementor-element-3327e9c5 elementor-widget elementor-widget-text-editor\" data-id=\"3327e9c5\" data-element_type=\"widget\" data-widget_type=\"text-editor.default\">\n\t\t\t\t<div class=\"elementor-widget-container\">\n\t\t\t\t\t\t\t\t\tDienstag, 26.12.2023\t\t\t\t\t\t\t\t<\/div>\n\t\t\t\t<\/div>\n\t\t\t\t<div class=\"elementor-element elementor-element-2faffde7 elementor-widget elementor-widget-text-editor\" data-id=\"2faffde7\" data-element_type=\"widget\" data-widget_type=\"text-editor.default\">\n\t\t\t\t<div class=\"elementor-widget-container\">\n\t\t\t\t\t\t\t\t\t17.00 Uhr\t\t\t\t\t\t\t\t<\/div>\n\t\t\t\t<\/div>\n\t\t\t\t<div class=\"elementor-element elementor-element-16b635aa elementor-widget elementor-widget-image\" data-id=\"16b635aa\" data-element_type=\"widget\" data-widget_type=\"image.default\">\n\t\t\t\t<div class=\"elementor-widget-container\">\n\t\t\t\t\t\t\t\t\t\t\t\t\t\t\t\t<a href=\"https:\/\/andermattmusic.ch\/de\/event\/weihnachtsoratorium\/\">\n\t\t\t\t\t\t\t<img loading=\"lazy\" decoding=\"async\" width=\"700\" height=\"700\" src=\"https:\/\/andermattmusic.ch\/wp-content\/uploads\/2023\/05\/AM_26.12.2023-700x700.jpg\" class=\"attachment-performers_list_image size-performers_list_image wp-image-7902\" alt=\"Voces Suaves, Andermatt Music\" srcset=\"https:\/\/andermattmusic.ch\/wp-content\/uploads\/2023\/05\/AM_26.12.2023-700x700.jpg 700w, https:\/\/andermattmusic.ch\/wp-content\/uploads\/2023\/05\/AM_26.12.2023-150x150.jpg 150w\" sizes=\"(max-width: 700px) 100vw, 700px\" \/>\t\t\t\t\t\t\t\t<\/a>\n\t\t\t\t\t\t\t\t\t\t\t\t\t\t\t<\/div>\n\t\t\t\t<\/div>\n\t\t\t\t\t<\/div>\n\t\t<\/div>\n\t\t\t\t<div class=\"elementor-column elementor-col-66 elementor-top-column elementor-element elementor-element-79fd2a9d\" data-id=\"79fd2a9d\" data-element_type=\"column\">\n\t\t\t<div class=\"elementor-widget-wrap elementor-element-populated\">\n\t\t\t\t\t\t<div class=\"elementor-element elementor-element-767765d2 elementor-widget elementor-widget-heading\" data-id=\"767765d2\" data-element_type=\"widget\" data-widget_type=\"heading.default\">\n\t\t\t\t<div class=\"elementor-widget-container\">\n\t\t\t\t\t<h2 class=\"elementor-heading-title elementor-size-default\"><a href=\"https:\/\/andermattmusic.ch\/de\/event\/weihnachtsoratorium\/\">weihnachtsoratorium<\/a><\/h2>\t\t\t\t<\/div>\n\t\t\t\t<\/div>\n\t\t\t\t<div class=\"elementor-element elementor-element-3d0bc17 elementor-widget elementor-widget-text-editor\" data-id=\"3d0bc17\" data-element_type=\"widget\" data-widget_type=\"text-editor.default\">\n\t\t\t\t<div class=\"elementor-widget-container\">\n\t\t\t\t\t\t\t\t\t<p><strong>WEIHNACHTSKONZERT<\/strong><\/p>\n<p>Swiss Orchestra<br \/>\nVoces Suaves, Chor und Soli<br \/>\nLena-Lisa W\u00fcstend\u00f6rfer, Leitung<\/p>\n<p>Das Swiss Orchestra unter der Leitung von Lena-Lisa W\u00fcstend\u00f6rfer bringt gemeinsam mit den glockenklaren Stimmen des Vokalensembles Voces Suaves festliche Kantaten aus Bachs \u00abWeihnachtsoratorium\u00bb zum Erklingen. Anschliessend l\u00e4dt ANDERMATT MUSIC zum Gl\u00fchwein auf der Piazza vor dem Konzertsaal ein.<\/p>\n&mdash;\t\t\t\t\t\t\t\t<\/div>\n\t\t\t\t<\/div>\n\t\t\t\t<section class=\"elementor-section elementor-inner-section elementor-element elementor-element-5b459e1 elementor-section-full_width elementor-section-height-default elementor-section-height-default\" data-id=\"5b459e1\" data-element_type=\"section\">\n\t\t\t\t\t\t<div class=\"elementor-container elementor-column-gap-no\">\n\t\t\t\t\t<div class=\"elementor-column elementor-col-100 elementor-inner-column elementor-element elementor-element-599d41ac\" data-id=\"599d41ac\" data-element_type=\"column\">\n\t\t\t<div class=\"elementor-widget-wrap elementor-element-populated\">\n\t\t\t\t\t\t<div class=\"elementor-element elementor-element-2e8a5eeb elementor-widget__width-auto elementor-widget elementor-widget-button\" data-id=\"2e8a5eeb\" data-element_type=\"widget\" data-widget_type=\"button.default\">\n\t\t\t\t<div class=\"elementor-widget-container\">\n\t\t\t\t\t\t\t\t\t<div class=\"elementor-button-wrapper\">\n\t\t\t\t\t<a class=\"elementor-button elementor-button-link elementor-size-lg\" href=\"https:\/\/andermattmusic.ch\/de\/event\/weihnachtsoratorium\/\">\n\t\t\t\t\t\t<span class=\"elementor-button-content-wrapper\">\n\t\t\t\t\t\t<span class=\"elementor-button-icon\">\n\t\t\t\t<svg xmlns=\"http:\/\/www.w3.org\/2000\/svg\" xmlns:xlink=\"http:\/\/www.w3.org\/1999\/xlink\" x=\"0px\" y=\"0px\" viewBox=\"0 0 35 35.2\" xml:space=\"preserve\"><path fill=\"currentColor\" d=\"M17.5,0.9C8.387,0.9,1,8.287,1,17.4c0,9.113,7.387,16.5,16.5,16.5S34,26.513,34,17.4 C34,8.287,26.613,0.9,17.5,0.9z M14.3,30l-1.2-1.2l11.1-11.1l-10.9-11l1.3-1.3l12.2,12.2L14.3,30z\"><\/path><\/svg>\t\t\t<\/span>\n\t\t\t\t\t\t\t\t\t<span class=\"elementor-button-text\">Programm<\/span>\n\t\t\t\t\t<\/span>\n\t\t\t\t\t<\/a>\n\t\t\t\t<\/div>\n\t\t\t\t\t\t\t\t<\/div>\n\t\t\t\t<\/div>\n\t\t\t\t\t<\/div>\n\t\t<\/div>\n\t\t\t\t\t<\/div>\n\t\t<\/section>\n\t\t\t\t\t<\/div>\n\t\t<\/div>\n\t\t\t\t\t<\/div>\n\t\t<\/section>\n\t\t\t\t<\/div>\n\t\t\t\t<\/article>\n\t\t\t\t<article id=\"post-7718\" class=\"elementor-post elementor-grid-item ecs-post-loop post-7718 event type-event status-publish has-post-thumbnail hentry composer-johannes-brahms composer-nikolai-tscherepnin composer-piotr-iljitsch-tschaikowski\">\n\t\t\t\t<div data-elementor-type=\"loop\" data-elementor-id=\"5729\" class=\"elementor elementor-5729 post-7718 event type-event status-publish has-post-thumbnail hentry composer-johannes-brahms composer-nikolai-tscherepnin composer-piotr-iljitsch-tschaikowski\" data-elementor-post-type=\"elementor_library\">\n\t\t\t\t\t<section class=\"elementor-section elementor-top-section elementor-element elementor-element-4acc5669 elementor-section-boxed elementor-section-height-default elementor-section-height-default\" data-id=\"4acc5669\" data-element_type=\"section\">\n\t\t\t\t\t\t<div class=\"elementor-container elementor-column-gap-wide\">\n\t\t\t\t\t<div class=\"elementor-column elementor-col-33 elementor-top-column elementor-element elementor-element-2c329341\" data-id=\"2c329341\" data-element_type=\"column\">\n\t\t\t<div class=\"elementor-widget-wrap elementor-element-populated\">\n\t\t\t\t\t\t<div class=\"elementor-element elementor-element-3327e9c5 elementor-widget elementor-widget-text-editor\" data-id=\"3327e9c5\" data-element_type=\"widget\" data-widget_type=\"text-editor.default\">\n\t\t\t\t<div class=\"elementor-widget-container\">\n\t\t\t\t\t\t\t\t\tSamstag, 25.11.2023\t\t\t\t\t\t\t\t<\/div>\n\t\t\t\t<\/div>\n\t\t\t\t<div class=\"elementor-element elementor-element-2faffde7 elementor-widget elementor-widget-text-editor\" data-id=\"2faffde7\" data-element_type=\"widget\" data-widget_type=\"text-editor.default\">\n\t\t\t\t<div class=\"elementor-widget-container\">\n\t\t\t\t\t\t\t\t\t19.30 Uhr\t\t\t\t\t\t\t\t<\/div>\n\t\t\t\t<\/div>\n\t\t\t\t<div class=\"elementor-element elementor-element-16b635aa elementor-widget elementor-widget-image\" data-id=\"16b635aa\" data-element_type=\"widget\" data-widget_type=\"image.default\">\n\t\t\t\t<div class=\"elementor-widget-container\">\n\t\t\t\t\t\t\t\t\t\t\t\t\t\t\t\t<a href=\"https:\/\/andermattmusic.ch\/de\/event\/musikkollegium-winterthur\/\">\n\t\t\t\t\t\t\t<img loading=\"lazy\" decoding=\"async\" width=\"700\" height=\"700\" src=\"https:\/\/andermattmusic.ch\/wp-content\/uploads\/2023\/05\/MUSIKKOLLEGIUM_WINTERTHUR-700x700.jpg\" class=\"attachment-performers_list_image size-performers_list_image wp-image-7839\" alt=\"Musikkollegium Winterthur, Andermatt Music\" srcset=\"https:\/\/andermattmusic.ch\/wp-content\/uploads\/2023\/05\/MUSIKKOLLEGIUM_WINTERTHUR-700x700.jpg 700w, https:\/\/andermattmusic.ch\/wp-content\/uploads\/2023\/05\/MUSIKKOLLEGIUM_WINTERTHUR-300x300.jpg 300w, https:\/\/andermattmusic.ch\/wp-content\/uploads\/2023\/05\/MUSIKKOLLEGIUM_WINTERTHUR-1024x1024.jpg 1024w, https:\/\/andermattmusic.ch\/wp-content\/uploads\/2023\/05\/MUSIKKOLLEGIUM_WINTERTHUR-150x150.jpg 150w, https:\/\/andermattmusic.ch\/wp-content\/uploads\/2023\/05\/MUSIKKOLLEGIUM_WINTERTHUR-768x768.jpg 768w, https:\/\/andermattmusic.ch\/wp-content\/uploads\/2023\/05\/MUSIKKOLLEGIUM_WINTERTHUR.jpg 1134w\" sizes=\"(max-width: 700px) 100vw, 700px\" \/>\t\t\t\t\t\t\t\t<\/a>\n\t\t\t\t\t\t\t\t\t\t\t\t\t\t\t<\/div>\n\t\t\t\t<\/div>\n\t\t\t\t\t<\/div>\n\t\t<\/div>\n\t\t\t\t<div class=\"elementor-column elementor-col-66 elementor-top-column elementor-element elementor-element-79fd2a9d\" data-id=\"79fd2a9d\" data-element_type=\"column\">\n\t\t\t<div class=\"elementor-widget-wrap elementor-element-populated\">\n\t\t\t\t\t\t<div class=\"elementor-element elementor-element-767765d2 elementor-widget elementor-widget-heading\" data-id=\"767765d2\" data-element_type=\"widget\" data-widget_type=\"heading.default\">\n\t\t\t\t<div class=\"elementor-widget-container\">\n\t\t\t\t\t<h2 class=\"elementor-heading-title elementor-size-default\"><a href=\"https:\/\/andermattmusic.ch\/de\/event\/musikkollegium-winterthur\/\">musikkollegium winterthur<\/a><\/h2>\t\t\t\t<\/div>\n\t\t\t\t<\/div>\n\t\t\t\t<div class=\"elementor-element elementor-element-3d0bc17 elementor-widget elementor-widget-text-editor\" data-id=\"3d0bc17\" data-element_type=\"widget\" data-widget_type=\"text-editor.default\">\n\t\t\t\t<div class=\"elementor-widget-container\">\n\t\t\t\t\t\t\t\t\t<p><strong>SINFONIEKONZERT<\/strong><\/p>\n<p>Musikkollegium Winterthur<br \/>\nThierry Fischer, Leitung<br \/>\nGabriela Montero, Klavier<\/p>\n<p>Gut 400 Jahre Orchesterhistorie bringt eine der traditionsreichsten musikalischen Institutionen Europas auf die B\u00fchne: das Musikkollegium Winterthur. Unter der Leitung von Thierry Fischer erklingt u.a. Tschaikowskis erstes Klavierkonzert mit Gabriela Montero.<\/p>\n&mdash;\t\t\t\t\t\t\t\t<\/div>\n\t\t\t\t<\/div>\n\t\t\t\t<section class=\"elementor-section elementor-inner-section elementor-element elementor-element-5b459e1 elementor-section-full_width elementor-section-height-default elementor-section-height-default\" data-id=\"5b459e1\" data-element_type=\"section\">\n\t\t\t\t\t\t<div class=\"elementor-container elementor-column-gap-no\">\n\t\t\t\t\t<div class=\"elementor-column elementor-col-100 elementor-inner-column elementor-element elementor-element-599d41ac\" data-id=\"599d41ac\" data-element_type=\"column\">\n\t\t\t<div class=\"elementor-widget-wrap elementor-element-populated\">\n\t\t\t\t\t\t<div class=\"elementor-element elementor-element-2e8a5eeb elementor-widget__width-auto elementor-widget elementor-widget-button\" data-id=\"2e8a5eeb\" data-element_type=\"widget\" data-widget_type=\"button.default\">\n\t\t\t\t<div class=\"elementor-widget-container\">\n\t\t\t\t\t\t\t\t\t<div class=\"elementor-button-wrapper\">\n\t\t\t\t\t<a class=\"elementor-button elementor-button-link elementor-size-lg\" href=\"https:\/\/andermattmusic.ch\/de\/event\/musikkollegium-winterthur\/\">\n\t\t\t\t\t\t<span class=\"elementor-button-content-wrapper\">\n\t\t\t\t\t\t<span class=\"elementor-button-icon\">\n\t\t\t\t<svg xmlns=\"http:\/\/www.w3.org\/2000\/svg\" xmlns:xlink=\"http:\/\/www.w3.org\/1999\/xlink\" x=\"0px\" y=\"0px\" viewBox=\"0 0 35 35.2\" xml:space=\"preserve\"><path fill=\"currentColor\" d=\"M17.5,0.9C8.387,0.9,1,8.287,1,17.4c0,9.113,7.387,16.5,16.5,16.5S34,26.513,34,17.4 C34,8.287,26.613,0.9,17.5,0.9z M14.3,30l-1.2-1.2l11.1-11.1l-10.9-11l1.3-1.3l12.2,12.2L14.3,30z\"><\/path><\/svg>\t\t\t<\/span>\n\t\t\t\t\t\t\t\t\t<span class=\"elementor-button-text\">Programm<\/span>\n\t\t\t\t\t<\/span>\n\t\t\t\t\t<\/a>\n\t\t\t\t<\/div>\n\t\t\t\t\t\t\t\t<\/div>\n\t\t\t\t<\/div>\n\t\t\t\t\t<\/div>\n\t\t<\/div>\n\t\t\t\t\t<\/div>\n\t\t<\/section>\n\t\t\t\t\t<\/div>\n\t\t<\/div>\n\t\t\t\t\t<\/div>\n\t\t<\/section>\n\t\t\t\t<\/div>\n\t\t\t\t<\/article>\n\t\t\t\t<article id=\"post-7717\" class=\"elementor-post elementor-grid-item ecs-post-loop post-7717 event type-event status-publish has-post-thumbnail hentry\">\n\t\t\t\t<div data-elementor-type=\"loop\" data-elementor-id=\"5729\" class=\"elementor elementor-5729 post-7717 event type-event status-publish has-post-thumbnail hentry\" data-elementor-post-type=\"elementor_library\">\n\t\t\t\t\t<section class=\"elementor-section elementor-top-section elementor-element elementor-element-4acc5669 elementor-section-boxed elementor-section-height-default elementor-section-height-default\" data-id=\"4acc5669\" data-element_type=\"section\">\n\t\t\t\t\t\t<div class=\"elementor-container elementor-column-gap-wide\">\n\t\t\t\t\t<div class=\"elementor-column elementor-col-33 elementor-top-column elementor-element elementor-element-2c329341\" data-id=\"2c329341\" data-element_type=\"column\">\n\t\t\t<div class=\"elementor-widget-wrap elementor-element-populated\">\n\t\t\t\t\t\t<div class=\"elementor-element elementor-element-3327e9c5 elementor-widget elementor-widget-text-editor\" data-id=\"3327e9c5\" data-element_type=\"widget\" data-widget_type=\"text-editor.default\">\n\t\t\t\t<div class=\"elementor-widget-container\">\n\t\t\t\t\t\t\t\t\tSonntag, 29.10.2023\t\t\t\t\t\t\t\t<\/div>\n\t\t\t\t<\/div>\n\t\t\t\t<div class=\"elementor-element elementor-element-2faffde7 elementor-widget elementor-widget-text-editor\" data-id=\"2faffde7\" data-element_type=\"widget\" data-widget_type=\"text-editor.default\">\n\t\t\t\t<div class=\"elementor-widget-container\">\n\t\t\t\t\t\t\t\t\t17.00 Uhr\t\t\t\t\t\t\t\t<\/div>\n\t\t\t\t<\/div>\n\t\t\t\t<div class=\"elementor-element elementor-element-16b635aa elementor-widget elementor-widget-image\" data-id=\"16b635aa\" data-element_type=\"widget\" data-widget_type=\"image.default\">\n\t\t\t\t<div class=\"elementor-widget-container\">\n\t\t\t\t\t\t\t\t\t\t\t\t\t\t\t\t<a href=\"https:\/\/andermattmusic.ch\/de\/event\/cottage\/\">\n\t\t\t\t\t\t\t<img loading=\"lazy\" decoding=\"async\" width=\"700\" height=\"700\" src=\"https:\/\/andermattmusic.ch\/wp-content\/uploads\/2023\/05\/AM_29.10.2023-700x700.jpg\" class=\"attachment-performers_list_image size-performers_list_image wp-image-7918\" alt=\"Cottage, Andermatt Music\" srcset=\"https:\/\/andermattmusic.ch\/wp-content\/uploads\/2023\/05\/AM_29.10.2023-700x700.jpg 700w, https:\/\/andermattmusic.ch\/wp-content\/uploads\/2023\/05\/AM_29.10.2023-150x150.jpg 150w\" sizes=\"(max-width: 700px) 100vw, 700px\" \/>\t\t\t\t\t\t\t\t<\/a>\n\t\t\t\t\t\t\t\t\t\t\t\t\t\t\t<\/div>\n\t\t\t\t<\/div>\n\t\t\t\t\t<\/div>\n\t\t<\/div>\n\t\t\t\t<div class=\"elementor-column elementor-col-66 elementor-top-column elementor-element elementor-element-79fd2a9d\" data-id=\"79fd2a9d\" data-element_type=\"column\">\n\t\t\t<div class=\"elementor-widget-wrap elementor-element-populated\">\n\t\t\t\t\t\t<div class=\"elementor-element elementor-element-767765d2 elementor-widget elementor-widget-heading\" data-id=\"767765d2\" data-element_type=\"widget\" data-widget_type=\"heading.default\">\n\t\t\t\t<div class=\"elementor-widget-container\">\n\t\t\t\t\t<h2 class=\"elementor-heading-title elementor-size-default\"><a href=\"https:\/\/andermattmusic.ch\/de\/event\/cottage\/\">cottage<\/a><\/h2>\t\t\t\t<\/div>\n\t\t\t\t<\/div>\n\t\t\t\t<div class=\"elementor-element elementor-element-3d0bc17 elementor-widget elementor-widget-text-editor\" data-id=\"3d0bc17\" data-element_type=\"widget\" data-widget_type=\"text-editor.default\">\n\t\t\t\t<div class=\"elementor-widget-container\">\n\t\t\t\t\t\t\t\t\t<p><strong>IRISCHE FOLKMUSIK<\/strong><\/p>\n<p>Cottage:<br \/>\nSusan Bossart, Tin Whistle &#038; Vocal<br \/>\nMaria Gehrig, Violine<br \/>\nMicha Nussbaumer, Perkussion<br \/>\nPia Rubi, Akkordeon<br \/>\nNathalie Ulrich, Cello<br \/>\nFredi Bossart, Gitarre<\/p>\n<p>Die sechs Urner und Schwyzer Musiker*innen von Cottage spielen traditionellen irischen Folk und nehmen Sie mit auf eine musikalische Reise von Andermatt nach Irland.<\/p>\n&mdash;\t\t\t\t\t\t\t\t<\/div>\n\t\t\t\t<\/div>\n\t\t\t\t<section class=\"elementor-section elementor-inner-section elementor-element elementor-element-5b459e1 elementor-section-full_width elementor-section-height-default elementor-section-height-default\" data-id=\"5b459e1\" data-element_type=\"section\">\n\t\t\t\t\t\t<div class=\"elementor-container elementor-column-gap-no\">\n\t\t\t\t\t<div class=\"elementor-column elementor-col-100 elementor-inner-column elementor-element elementor-element-599d41ac\" data-id=\"599d41ac\" data-element_type=\"column\">\n\t\t\t<div class=\"elementor-widget-wrap elementor-element-populated\">\n\t\t\t\t\t\t<div class=\"elementor-element elementor-element-2e8a5eeb elementor-widget__width-auto elementor-widget elementor-widget-button\" data-id=\"2e8a5eeb\" data-element_type=\"widget\" data-widget_type=\"button.default\">\n\t\t\t\t<div class=\"elementor-widget-container\">\n\t\t\t\t\t\t\t\t\t<div class=\"elementor-button-wrapper\">\n\t\t\t\t\t<a class=\"elementor-button elementor-button-link elementor-size-lg\" href=\"https:\/\/andermattmusic.ch\/de\/event\/cottage\/\">\n\t\t\t\t\t\t<span class=\"elementor-button-content-wrapper\">\n\t\t\t\t\t\t<span class=\"elementor-button-icon\">\n\t\t\t\t<svg xmlns=\"http:\/\/www.w3.org\/2000\/svg\" xmlns:xlink=\"http:\/\/www.w3.org\/1999\/xlink\" x=\"0px\" y=\"0px\" viewBox=\"0 0 35 35.2\" xml:space=\"preserve\"><path fill=\"currentColor\" d=\"M17.5,0.9C8.387,0.9,1,8.287,1,17.4c0,9.113,7.387,16.5,16.5,16.5S34,26.513,34,17.4 C34,8.287,26.613,0.9,17.5,0.9z M14.3,30l-1.2-1.2l11.1-11.1l-10.9-11l1.3-1.3l12.2,12.2L14.3,30z\"><\/path><\/svg>\t\t\t<\/span>\n\t\t\t\t\t\t\t\t\t<span class=\"elementor-button-text\">Programm<\/span>\n\t\t\t\t\t<\/span>\n\t\t\t\t\t<\/a>\n\t\t\t\t<\/div>\n\t\t\t\t\t\t\t\t<\/div>\n\t\t\t\t<\/div>\n\t\t\t\t\t<\/div>\n\t\t<\/div>\n\t\t\t\t\t<\/div>\n\t\t<\/section>\n\t\t\t\t\t<\/div>\n\t\t<\/div>\n\t\t\t\t\t<\/div>\n\t\t<\/section>\n\t\t\t\t<\/div>\n\t\t\t\t<\/article>\n\t\t\t\t<article id=\"post-7716\" class=\"elementor-post elementor-grid-item ecs-post-loop post-7716 event type-event status-publish has-post-thumbnail hentry composer-camille-saint-saens composer-franz-xaver-joseph-peter-schnyder-von-wartensee composer-marie-jaell composer-robert-schumann\">\n\t\t\t\t<div data-elementor-type=\"loop\" data-elementor-id=\"5729\" class=\"elementor elementor-5729 post-7716 event type-event status-publish has-post-thumbnail hentry composer-camille-saint-saens composer-franz-xaver-joseph-peter-schnyder-von-wartensee composer-marie-jaell composer-robert-schumann\" data-elementor-post-type=\"elementor_library\">\n\t\t\t\t\t<section class=\"elementor-section elementor-top-section elementor-element elementor-element-4acc5669 elementor-section-boxed elementor-section-height-default elementor-section-height-default\" data-id=\"4acc5669\" data-element_type=\"section\">\n\t\t\t\t\t\t<div class=\"elementor-container elementor-column-gap-wide\">\n\t\t\t\t\t<div class=\"elementor-column elementor-col-33 elementor-top-column elementor-element elementor-element-2c329341\" data-id=\"2c329341\" data-element_type=\"column\">\n\t\t\t<div class=\"elementor-widget-wrap elementor-element-populated\">\n\t\t\t\t\t\t<div class=\"elementor-element elementor-element-3327e9c5 elementor-widget elementor-widget-text-editor\" data-id=\"3327e9c5\" data-element_type=\"widget\" data-widget_type=\"text-editor.default\">\n\t\t\t\t<div class=\"elementor-widget-container\">\n\t\t\t\t\t\t\t\t\tSamstag, 28.10.2023\t\t\t\t\t\t\t\t<\/div>\n\t\t\t\t<\/div>\n\t\t\t\t<div class=\"elementor-element elementor-element-2faffde7 elementor-widget elementor-widget-text-editor\" data-id=\"2faffde7\" data-element_type=\"widget\" data-widget_type=\"text-editor.default\">\n\t\t\t\t<div class=\"elementor-widget-container\">\n\t\t\t\t\t\t\t\t\t19.30 Uhr\t\t\t\t\t\t\t\t<\/div>\n\t\t\t\t<\/div>\n\t\t\t\t<div class=\"elementor-element elementor-element-16b635aa elementor-widget elementor-widget-image\" data-id=\"16b635aa\" data-element_type=\"widget\" data-widget_type=\"image.default\">\n\t\t\t\t<div class=\"elementor-widget-container\">\n\t\t\t\t\t\t\t\t\t\t\t\t\t\t\t\t<a href=\"https:\/\/andermattmusic.ch\/de\/event\/spurensuche-schweizer-sinfonik\/\">\n\t\t\t\t\t\t\t<img loading=\"lazy\" decoding=\"async\" width=\"700\" height=\"700\" src=\"https:\/\/andermattmusic.ch\/wp-content\/uploads\/2023\/05\/AM_28.10.2023-1-e1683558924196-700x700.jpg\" class=\"attachment-performers_list_image size-performers_list_image wp-image-7951\" alt=\"Raphaela Gromes, Andermatt Music\" srcset=\"https:\/\/andermattmusic.ch\/wp-content\/uploads\/2023\/05\/AM_28.10.2023-1-e1683558924196-700x700.jpg 700w, https:\/\/andermattmusic.ch\/wp-content\/uploads\/2023\/05\/AM_28.10.2023-1-e1683558924196-300x300.jpg 300w, https:\/\/andermattmusic.ch\/wp-content\/uploads\/2023\/05\/AM_28.10.2023-1-e1683558924196-150x150.jpg 150w, https:\/\/andermattmusic.ch\/wp-content\/uploads\/2023\/05\/AM_28.10.2023-1-e1683558924196-768x768.jpg 768w, https:\/\/andermattmusic.ch\/wp-content\/uploads\/2023\/05\/AM_28.10.2023-1-e1683558924196.jpg 1020w\" sizes=\"(max-width: 700px) 100vw, 700px\" \/>\t\t\t\t\t\t\t\t<\/a>\n\t\t\t\t\t\t\t\t\t\t\t\t\t\t\t<\/div>\n\t\t\t\t<\/div>\n\t\t\t\t\t<\/div>\n\t\t<\/div>\n\t\t\t\t<div class=\"elementor-column elementor-col-66 elementor-top-column elementor-element elementor-element-79fd2a9d\" data-id=\"79fd2a9d\" data-element_type=\"column\">\n\t\t\t<div class=\"elementor-widget-wrap elementor-element-populated\">\n\t\t\t\t\t\t<div class=\"elementor-element elementor-element-767765d2 elementor-widget elementor-widget-heading\" data-id=\"767765d2\" data-element_type=\"widget\" data-widget_type=\"heading.default\">\n\t\t\t\t<div class=\"elementor-widget-container\">\n\t\t\t\t\t<h2 class=\"elementor-heading-title elementor-size-default\"><a href=\"https:\/\/andermattmusic.ch\/de\/event\/spurensuche-schweizer-sinfonik\/\">spurensuche schweizer sinfonik<\/a><\/h2>\t\t\t\t<\/div>\n\t\t\t\t<\/div>\n\t\t\t\t<div class=\"elementor-element elementor-element-3d0bc17 elementor-widget elementor-widget-text-editor\" data-id=\"3d0bc17\" data-element_type=\"widget\" data-widget_type=\"text-editor.default\">\n\t\t\t\t<div class=\"elementor-widget-container\">\n\t\t\t\t\t\t\t\t\t<p><strong>SINFONIEKONZERT<\/strong><\/p>\n<p>Swiss Orchestra<br \/>\nLena-Lisa W\u00fcstend\u00f6rfer, Leitung<br \/>\nRaphaela Gromes, Violoncello<\/p>\n<p>Mit gleich zwei Cellokonzerten ist die Ausnahmesolistin Raphaela Gromes in Andermatt zu erleben. Ausserdem auf dem Programm: die eigens f\u00fcr diesen Anlass vom Swiss Orchestra wiederbelebte 1. Sinfonie des Luzerner Klassikers Schnyder von Wartensee.<\/p>\n&mdash;\t\t\t\t\t\t\t\t<\/div>\n\t\t\t\t<\/div>\n\t\t\t\t<section class=\"elementor-section elementor-inner-section elementor-element elementor-element-5b459e1 elementor-section-full_width elementor-section-height-default elementor-section-height-default\" data-id=\"5b459e1\" data-element_type=\"section\">\n\t\t\t\t\t\t<div class=\"elementor-container elementor-column-gap-no\">\n\t\t\t\t\t<div class=\"elementor-column elementor-col-100 elementor-inner-column elementor-element elementor-element-599d41ac\" data-id=\"599d41ac\" data-element_type=\"column\">\n\t\t\t<div class=\"elementor-widget-wrap elementor-element-populated\">\n\t\t\t\t\t\t<div class=\"elementor-element elementor-element-2e8a5eeb elementor-widget__width-auto elementor-widget elementor-widget-button\" data-id=\"2e8a5eeb\" data-element_type=\"widget\" data-widget_type=\"button.default\">\n\t\t\t\t<div class=\"elementor-widget-container\">\n\t\t\t\t\t\t\t\t\t<div class=\"elementor-button-wrapper\">\n\t\t\t\t\t<a class=\"elementor-button elementor-button-link elementor-size-lg\" href=\"https:\/\/andermattmusic.ch\/de\/event\/spurensuche-schweizer-sinfonik\/\">\n\t\t\t\t\t\t<span class=\"elementor-button-content-wrapper\">\n\t\t\t\t\t\t<span class=\"elementor-button-icon\">\n\t\t\t\t<svg xmlns=\"http:\/\/www.w3.org\/2000\/svg\" xmlns:xlink=\"http:\/\/www.w3.org\/1999\/xlink\" x=\"0px\" y=\"0px\" viewBox=\"0 0 35 35.2\" xml:space=\"preserve\"><path fill=\"currentColor\" d=\"M17.5,0.9C8.387,0.9,1,8.287,1,17.4c0,9.113,7.387,16.5,16.5,16.5S34,26.513,34,17.4 C34,8.287,26.613,0.9,17.5,0.9z M14.3,30l-1.2-1.2l11.1-11.1l-10.9-11l1.3-1.3l12.2,12.2L14.3,30z\"><\/path><\/svg>\t\t\t<\/span>\n\t\t\t\t\t\t\t\t\t<span class=\"elementor-button-text\">Programm<\/span>\n\t\t\t\t\t<\/span>\n\t\t\t\t\t<\/a>\n\t\t\t\t<\/div>\n\t\t\t\t\t\t\t\t<\/div>\n\t\t\t\t<\/div>\n\t\t\t\t\t<\/div>\n\t\t<\/div>\n\t\t\t\t\t<\/div>\n\t\t<\/section>\n\t\t\t\t\t<\/div>\n\t\t<\/div>\n\t\t\t\t\t<\/div>\n\t\t<\/section>\n\t\t\t\t<\/div>\n\t\t\t\t<\/article>\n\t\t\t\t<article id=\"post-7715\" class=\"elementor-post elementor-grid-item ecs-post-loop post-7715 event type-event status-publish has-post-thumbnail hentry\">\n\t\t\t\t<div data-elementor-type=\"loop\" data-elementor-id=\"5729\" class=\"elementor elementor-5729 post-7715 event type-event status-publish has-post-thumbnail hentry\" data-elementor-post-type=\"elementor_library\">\n\t\t\t\t\t<section class=\"elementor-section elementor-top-section elementor-element elementor-element-4acc5669 elementor-section-boxed elementor-section-height-default elementor-section-height-default\" data-id=\"4acc5669\" data-element_type=\"section\">\n\t\t\t\t\t\t<div class=\"elementor-container elementor-column-gap-wide\">\n\t\t\t\t\t<div class=\"elementor-column elementor-col-33 elementor-top-column elementor-element elementor-element-2c329341\" data-id=\"2c329341\" data-element_type=\"column\">\n\t\t\t<div class=\"elementor-widget-wrap elementor-element-populated\">\n\t\t\t\t\t\t<div class=\"elementor-element elementor-element-3327e9c5 elementor-widget elementor-widget-text-editor\" data-id=\"3327e9c5\" data-element_type=\"widget\" data-widget_type=\"text-editor.default\">\n\t\t\t\t<div class=\"elementor-widget-container\">\n\t\t\t\t\t\t\t\t\tSonntag, 24.9.2023\t\t\t\t\t\t\t\t<\/div>\n\t\t\t\t<\/div>\n\t\t\t\t<div class=\"elementor-element elementor-element-2faffde7 elementor-widget elementor-widget-text-editor\" data-id=\"2faffde7\" data-element_type=\"widget\" data-widget_type=\"text-editor.default\">\n\t\t\t\t<div class=\"elementor-widget-container\">\n\t\t\t\t\t\t\t\t\t17.00 Uhr\t\t\t\t\t\t\t\t<\/div>\n\t\t\t\t<\/div>\n\t\t\t\t<div class=\"elementor-element elementor-element-16b635aa elementor-widget elementor-widget-image\" data-id=\"16b635aa\" data-element_type=\"widget\" data-widget_type=\"image.default\">\n\t\t\t\t<div class=\"elementor-widget-container\">\n\t\t\t\t\t\t\t\t\t\t\t\t\t\t\t\t<a href=\"https:\/\/andermattmusic.ch\/de\/event\/glaeuffig\/\">\n\t\t\t\t\t\t\t<img loading=\"lazy\" decoding=\"async\" width=\"700\" height=\"700\" src=\"https:\/\/andermattmusic.ch\/wp-content\/uploads\/2023\/05\/AM_24.09.2023-1-e1683559376280-700x700.jpg\" class=\"attachment-performers_list_image size-performers_list_image wp-image-7953\" alt=\"Gl\u00e4uffig, Andermatt Music\" srcset=\"https:\/\/andermattmusic.ch\/wp-content\/uploads\/2023\/05\/AM_24.09.2023-1-e1683559376280-700x700.jpg 700w, https:\/\/andermattmusic.ch\/wp-content\/uploads\/2023\/05\/AM_24.09.2023-1-e1683559376280-300x300.jpg 300w, https:\/\/andermattmusic.ch\/wp-content\/uploads\/2023\/05\/AM_24.09.2023-1-e1683559376280-150x150.jpg 150w, https:\/\/andermattmusic.ch\/wp-content\/uploads\/2023\/05\/AM_24.09.2023-1-e1683559376280-768x768.jpg 768w, https:\/\/andermattmusic.ch\/wp-content\/uploads\/2023\/05\/AM_24.09.2023-1-e1683559376280.jpg 1020w\" sizes=\"(max-width: 700px) 100vw, 700px\" \/>\t\t\t\t\t\t\t\t<\/a>\n\t\t\t\t\t\t\t\t\t\t\t\t\t\t\t<\/div>\n\t\t\t\t<\/div>\n\t\t\t\t\t<\/div>\n\t\t<\/div>\n\t\t\t\t<div class=\"elementor-column elementor-col-66 elementor-top-column elementor-element elementor-element-79fd2a9d\" data-id=\"79fd2a9d\" data-element_type=\"column\">\n\t\t\t<div class=\"elementor-widget-wrap elementor-element-populated\">\n\t\t\t\t\t\t<div class=\"elementor-element elementor-element-767765d2 elementor-widget elementor-widget-heading\" data-id=\"767765d2\" data-element_type=\"widget\" data-widget_type=\"heading.default\">\n\t\t\t\t<div class=\"elementor-widget-container\">\n\t\t\t\t\t<h2 class=\"elementor-heading-title elementor-size-default\"><a href=\"https:\/\/andermattmusic.ch\/de\/event\/glaeuffig\/\">gl\u00e4uffig<\/a><\/h2>\t\t\t\t<\/div>\n\t\t\t\t<\/div>\n\t\t\t\t<div class=\"elementor-element elementor-element-3d0bc17 elementor-widget elementor-widget-text-editor\" data-id=\"3d0bc17\" data-element_type=\"widget\" data-widget_type=\"text-editor.default\">\n\t\t\t\t<div class=\"elementor-widget-container\">\n\t\t\t\t\t\t\t\t\t<p><strong>NEUE VOLKSMUSIK<\/strong><\/p>\n<p>Gl\u00e4uffig:<br \/>\nMathias Landtwing, Klarinette<br \/>\nFr\u00e4nggi Gehrig, Akkordeon<br \/>\nPirmin Huber, Kontrabass<br \/>\nLukas V. Gernet, Klavier<\/p>\n<p>Exklusiv in Uri: Zum Ausklang des Saison-Er\u00f6ffnungswochenendes feiert die bekannte Formation mit Andermatter Wurzeln die Taufe ihrer neuen CD \u00abMomentum\u00bb. Nicht verpassen!<\/p>\n&mdash;\t\t\t\t\t\t\t\t<\/div>\n\t\t\t\t<\/div>\n\t\t\t\t<section class=\"elementor-section elementor-inner-section elementor-element elementor-element-5b459e1 elementor-section-full_width elementor-section-height-default elementor-section-height-default\" data-id=\"5b459e1\" data-element_type=\"section\">\n\t\t\t\t\t\t<div class=\"elementor-container elementor-column-gap-no\">\n\t\t\t\t\t<div class=\"elementor-column elementor-col-100 elementor-inner-column elementor-element elementor-element-599d41ac\" data-id=\"599d41ac\" data-element_type=\"column\">\n\t\t\t<div class=\"elementor-widget-wrap elementor-element-populated\">\n\t\t\t\t\t\t<div class=\"elementor-element elementor-element-2e8a5eeb elementor-widget__width-auto elementor-widget elementor-widget-button\" data-id=\"2e8a5eeb\" data-element_type=\"widget\" data-widget_type=\"button.default\">\n\t\t\t\t<div class=\"elementor-widget-container\">\n\t\t\t\t\t\t\t\t\t<div class=\"elementor-button-wrapper\">\n\t\t\t\t\t<a class=\"elementor-button elementor-button-link elementor-size-lg\" href=\"https:\/\/andermattmusic.ch\/de\/event\/glaeuffig\/\">\n\t\t\t\t\t\t<span class=\"elementor-button-content-wrapper\">\n\t\t\t\t\t\t<span class=\"elementor-button-icon\">\n\t\t\t\t<svg xmlns=\"http:\/\/www.w3.org\/2000\/svg\" xmlns:xlink=\"http:\/\/www.w3.org\/1999\/xlink\" x=\"0px\" y=\"0px\" viewBox=\"0 0 35 35.2\" xml:space=\"preserve\"><path fill=\"currentColor\" d=\"M17.5,0.9C8.387,0.9,1,8.287,1,17.4c0,9.113,7.387,16.5,16.5,16.5S34,26.513,34,17.4 C34,8.287,26.613,0.9,17.5,0.9z M14.3,30l-1.2-1.2l11.1-11.1l-10.9-11l1.3-1.3l12.2,12.2L14.3,30z\"><\/path><\/svg>\t\t\t<\/span>\n\t\t\t\t\t\t\t\t\t<span class=\"elementor-button-text\">Programm<\/span>\n\t\t\t\t\t<\/span>\n\t\t\t\t\t<\/a>\n\t\t\t\t<\/div>\n\t\t\t\t\t\t\t\t<\/div>\n\t\t\t\t<\/div>\n\t\t\t\t\t<\/div>\n\t\t<\/div>\n\t\t\t\t\t<\/div>\n\t\t<\/section>\n\t\t\t\t\t<\/div>\n\t\t<\/div>\n\t\t\t\t\t<\/div>\n\t\t<\/section>\n\t\t\t\t<\/div>\n\t\t\t\t<\/article>\n\t\t\t\t<article id=\"post-7714\" class=\"elementor-post elementor-grid-item ecs-post-loop post-7714 event type-event status-publish has-post-thumbnail hentry\">\n\t\t\t\t<div data-elementor-type=\"loop\" data-elementor-id=\"5729\" class=\"elementor elementor-5729 post-7714 event type-event status-publish has-post-thumbnail hentry\" data-elementor-post-type=\"elementor_library\">\n\t\t\t\t\t<section class=\"elementor-section elementor-top-section elementor-element elementor-element-4acc5669 elementor-section-boxed elementor-section-height-default elementor-section-height-default\" data-id=\"4acc5669\" data-element_type=\"section\">\n\t\t\t\t\t\t<div class=\"elementor-container elementor-column-gap-wide\">\n\t\t\t\t\t<div class=\"elementor-column elementor-col-33 elementor-top-column elementor-element elementor-element-2c329341\" data-id=\"2c329341\" data-element_type=\"column\">\n\t\t\t<div class=\"elementor-widget-wrap elementor-element-populated\">\n\t\t\t\t\t\t<div class=\"elementor-element elementor-element-3327e9c5 elementor-widget elementor-widget-text-editor\" data-id=\"3327e9c5\" data-element_type=\"widget\" data-widget_type=\"text-editor.default\">\n\t\t\t\t<div class=\"elementor-widget-container\">\n\t\t\t\t\t\t\t\t\tSonntag, 24.9.2023\t\t\t\t\t\t\t\t<\/div>\n\t\t\t\t<\/div>\n\t\t\t\t<div class=\"elementor-element elementor-element-2faffde7 elementor-widget elementor-widget-text-editor\" data-id=\"2faffde7\" data-element_type=\"widget\" data-widget_type=\"text-editor.default\">\n\t\t\t\t<div class=\"elementor-widget-container\">\n\t\t\t\t\t\t\t\t\t11.00 Uhr\t\t\t\t\t\t\t\t<\/div>\n\t\t\t\t<\/div>\n\t\t\t\t<div class=\"elementor-element elementor-element-16b635aa elementor-widget elementor-widget-image\" data-id=\"16b635aa\" data-element_type=\"widget\" data-widget_type=\"image.default\">\n\t\t\t\t<div class=\"elementor-widget-container\">\n\t\t\t\t\t\t\t\t\t\t\t\t\t\t\t\t<a href=\"https:\/\/andermattmusic.ch\/de\/event\/willkommen-zum-dialog\/\">\n\t\t\t\t\t\t\t<img loading=\"lazy\" decoding=\"async\" width=\"700\" height=\"700\" src=\"https:\/\/andermattmusic.ch\/wp-content\/uploads\/2023\/05\/AM_24.09.2023_DIALOG-700x700.jpg\" class=\"attachment-performers_list_image size-performers_list_image wp-image-7892\" alt=\"Vormittag der offenen T\u00fcr, Andermatt Music\" srcset=\"https:\/\/andermattmusic.ch\/wp-content\/uploads\/2023\/05\/AM_24.09.2023_DIALOG-700x700.jpg 700w, https:\/\/andermattmusic.ch\/wp-content\/uploads\/2023\/05\/AM_24.09.2023_DIALOG-150x150.jpg 150w\" sizes=\"(max-width: 700px) 100vw, 700px\" \/>\t\t\t\t\t\t\t\t<\/a>\n\t\t\t\t\t\t\t\t\t\t\t\t\t\t\t<\/div>\n\t\t\t\t<\/div>\n\t\t\t\t\t<\/div>\n\t\t<\/div>\n\t\t\t\t<div class=\"elementor-column elementor-col-66 elementor-top-column elementor-element elementor-element-79fd2a9d\" data-id=\"79fd2a9d\" data-element_type=\"column\">\n\t\t\t<div class=\"elementor-widget-wrap elementor-element-populated\">\n\t\t\t\t\t\t<div class=\"elementor-element elementor-element-767765d2 elementor-widget elementor-widget-heading\" data-id=\"767765d2\" data-element_type=\"widget\" data-widget_type=\"heading.default\">\n\t\t\t\t<div class=\"elementor-widget-container\">\n\t\t\t\t\t<h2 class=\"elementor-heading-title elementor-size-default\"><a href=\"https:\/\/andermattmusic.ch\/de\/event\/willkommen-zum-dialog\/\">willkommen zum dialog<\/a><\/h2>\t\t\t\t<\/div>\n\t\t\t\t<\/div>\n\t\t\t\t<div class=\"elementor-element elementor-element-3d0bc17 elementor-widget elementor-widget-text-editor\" data-id=\"3d0bc17\" data-element_type=\"widget\" data-widget_type=\"text-editor.default\">\n\t\t\t\t<div class=\"elementor-widget-container\">\n\t\t\t\t\t\t\t\t\t<p><strong>VORMITTAG DER OFFENEN T\u00dcR<\/strong><\/p>\n<p>Lena-Lisa W\u00fcstend\u00f6rfer, Intendantin ANDERMATT MUSIC<br \/>\nRaphael Krucker, CEO Andermatt Swiss Alps AG<\/p>\n<p>Trio Sorriso:<br \/>\nLukas Roos, Klarinette<br \/>\nDaniela Roos, Violoncello<br \/>\nPatricia Ulrich, Klavier<\/p>\n<p>ANDERMATT MUSIC stellt sich vor: Werfen Sie einen Blick hinter die Kulissen des Konzertbetriebs, erfahren Sie bei Kaffee und Gipfeli, wie ein Sinfonieorchester funktioniert und was die neue Konzertsaison bietet \u2013 begleitet vom Trio Sorriso mit bekannten Melodien, Musikperlen und Salonmusik. Eintritt frei (um Anmeldung an <a href=\"mailto:info@andermattmusic.ch\">info@andermattmusic.ch<\/a> wird gebeten).<\/p>\n&mdash;\t\t\t\t\t\t\t\t<\/div>\n\t\t\t\t<\/div>\n\t\t\t\t<section class=\"elementor-section elementor-inner-section elementor-element elementor-element-5b459e1 elementor-section-full_width elementor-section-height-default elementor-section-height-default\" data-id=\"5b459e1\" data-element_type=\"section\">\n\t\t\t\t\t\t<div class=\"elementor-container elementor-column-gap-no\">\n\t\t\t\t\t<div class=\"elementor-column elementor-col-100 elementor-inner-column elementor-element elementor-element-599d41ac\" data-id=\"599d41ac\" data-element_type=\"column\">\n\t\t\t<div class=\"elementor-widget-wrap elementor-element-populated\">\n\t\t\t\t\t\t<div class=\"elementor-element elementor-element-2e8a5eeb elementor-widget__width-auto elementor-widget elementor-widget-button\" data-id=\"2e8a5eeb\" data-element_type=\"widget\" data-widget_type=\"button.default\">\n\t\t\t\t<div class=\"elementor-widget-container\">\n\t\t\t\t\t\t\t\t\t<div class=\"elementor-button-wrapper\">\n\t\t\t\t\t<a class=\"elementor-button elementor-button-link elementor-size-lg\" href=\"https:\/\/andermattmusic.ch\/de\/event\/willkommen-zum-dialog\/\">\n\t\t\t\t\t\t<span class=\"elementor-button-content-wrapper\">\n\t\t\t\t\t\t<span class=\"elementor-button-icon\">\n\t\t\t\t<svg xmlns=\"http:\/\/www.w3.org\/2000\/svg\" xmlns:xlink=\"http:\/\/www.w3.org\/1999\/xlink\" x=\"0px\" y=\"0px\" viewBox=\"0 0 35 35.2\" xml:space=\"preserve\"><path fill=\"currentColor\" d=\"M17.5,0.9C8.387,0.9,1,8.287,1,17.4c0,9.113,7.387,16.5,16.5,16.5S34,26.513,34,17.4 C34,8.287,26.613,0.9,17.5,0.9z M14.3,30l-1.2-1.2l11.1-11.1l-10.9-11l1.3-1.3l12.2,12.2L14.3,30z\"><\/path><\/svg>\t\t\t<\/span>\n\t\t\t\t\t\t\t\t\t<span class=\"elementor-button-text\">Programm<\/span>\n\t\t\t\t\t<\/span>\n\t\t\t\t\t<\/a>\n\t\t\t\t<\/div>\n\t\t\t\t\t\t\t\t<\/div>\n\t\t\t\t<\/div>\n\t\t\t\t\t<\/div>\n\t\t<\/div>\n\t\t\t\t\t<\/div>\n\t\t<\/section>\n\t\t\t\t\t<\/div>\n\t\t<\/div>\n\t\t\t\t\t<\/div>\n\t\t<\/section>\n\t\t\t\t<\/div>\n\t\t\t\t<\/article>\n\t\t\t\t<article id=\"post-7713\" class=\"elementor-post elementor-grid-item ecs-post-loop post-7713 event type-event status-publish has-post-thumbnail hentry composer-franz-liszt composer-gioachino-rossini composer-hans-huber composer-richard-wagner\">\n\t\t\t\t<div data-elementor-type=\"loop\" data-elementor-id=\"5729\" class=\"elementor elementor-5729 post-7713 event type-event status-publish has-post-thumbnail hentry composer-franz-liszt composer-gioachino-rossini composer-hans-huber composer-richard-wagner\" data-elementor-post-type=\"elementor_library\">\n\t\t\t\t\t<section class=\"elementor-section elementor-top-section elementor-element elementor-element-4acc5669 elementor-section-boxed elementor-section-height-default elementor-section-height-default\" data-id=\"4acc5669\" data-element_type=\"section\">\n\t\t\t\t\t\t<div class=\"elementor-container elementor-column-gap-wide\">\n\t\t\t\t\t<div class=\"elementor-column elementor-col-33 elementor-top-column elementor-element elementor-element-2c329341\" data-id=\"2c329341\" data-element_type=\"column\">\n\t\t\t<div class=\"elementor-widget-wrap elementor-element-populated\">\n\t\t\t\t\t\t<div class=\"elementor-element elementor-element-3327e9c5 elementor-widget elementor-widget-text-editor\" data-id=\"3327e9c5\" data-element_type=\"widget\" data-widget_type=\"text-editor.default\">\n\t\t\t\t<div class=\"elementor-widget-container\">\n\t\t\t\t\t\t\t\t\tSamstag, 23.9.2023\t\t\t\t\t\t\t\t<\/div>\n\t\t\t\t<\/div>\n\t\t\t\t<div class=\"elementor-element elementor-element-2faffde7 elementor-widget elementor-widget-text-editor\" data-id=\"2faffde7\" data-element_type=\"widget\" data-widget_type=\"text-editor.default\">\n\t\t\t\t<div class=\"elementor-widget-container\">\n\t\t\t\t\t\t\t\t\t19.30 Uhr\t\t\t\t\t\t\t\t<\/div>\n\t\t\t\t<\/div>\n\t\t\t\t<div class=\"elementor-element elementor-element-16b635aa elementor-widget elementor-widget-image\" data-id=\"16b635aa\" data-element_type=\"widget\" data-widget_type=\"image.default\">\n\t\t\t\t<div class=\"elementor-widget-container\">\n\t\t\t\t\t\t\t\t\t\t\t\t\t\t\t\t<a href=\"https:\/\/andermattmusic.ch\/de\/event\/saisoneroeffnung\/\">\n\t\t\t\t\t\t\t<img loading=\"lazy\" decoding=\"async\" width=\"700\" height=\"700\" src=\"https:\/\/andermattmusic.ch\/wp-content\/uploads\/2023\/05\/AM_23.09.2023-700x700.jpg\" class=\"attachment-performers_list_image size-performers_list_image wp-image-7890\" alt=\"Swiss Orchestra, Lena-Lisa W\u00fcstend\u00f6rfer, Magda Amara, Andermatt Music\" srcset=\"https:\/\/andermattmusic.ch\/wp-content\/uploads\/2023\/05\/AM_23.09.2023-700x700.jpg 700w, https:\/\/andermattmusic.ch\/wp-content\/uploads\/2023\/05\/AM_23.09.2023-150x150.jpg 150w\" sizes=\"(max-width: 700px) 100vw, 700px\" \/>\t\t\t\t\t\t\t\t<\/a>\n\t\t\t\t\t\t\t\t\t\t\t\t\t\t\t<\/div>\n\t\t\t\t<\/div>\n\t\t\t\t\t<\/div>\n\t\t<\/div>\n\t\t\t\t<div class=\"elementor-column elementor-col-66 elementor-top-column elementor-element elementor-element-79fd2a9d\" data-id=\"79fd2a9d\" data-element_type=\"column\">\n\t\t\t<div class=\"elementor-widget-wrap elementor-element-populated\">\n\t\t\t\t\t\t<div class=\"elementor-element elementor-element-767765d2 elementor-widget elementor-widget-heading\" data-id=\"767765d2\" data-element_type=\"widget\" data-widget_type=\"heading.default\">\n\t\t\t\t<div class=\"elementor-widget-container\">\n\t\t\t\t\t<h2 class=\"elementor-heading-title elementor-size-default\"><a href=\"https:\/\/andermattmusic.ch\/de\/event\/saisoneroeffnung\/\">saisoner\u00f6ffnung<\/a><\/h2>\t\t\t\t<\/div>\n\t\t\t\t<\/div>\n\t\t\t\t<div class=\"elementor-element elementor-element-3d0bc17 elementor-widget elementor-widget-text-editor\" data-id=\"3d0bc17\" data-element_type=\"widget\" data-widget_type=\"text-editor.default\">\n\t\t\t\t<div class=\"elementor-widget-container\">\n\t\t\t\t\t\t\t\t\t<p><strong>SINFONIEKONZERT<\/strong><\/p>\n<p>Swiss Orchestra<br \/>\nLena-Lisa W\u00fcstend\u00f6rfer, Leitung<br \/>\nMagda Amara, Klavier<\/p>\n<p>Gemeinsam mit Magda Amara und dem 2. Klavierkonzert von Liszt er\u00f6ffnet das Swiss Orchestra unter Lena-Lisa W\u00fcstend\u00f6rfer die neue Saison von ANDERMATT MUSIC.<\/p>\n&mdash;\t\t\t\t\t\t\t\t<\/div>\n\t\t\t\t<\/div>\n\t\t\t\t<section class=\"elementor-section elementor-inner-section elementor-element elementor-element-5b459e1 elementor-section-full_width elementor-section-height-default elementor-section-height-default\" data-id=\"5b459e1\" data-element_type=\"section\">\n\t\t\t\t\t\t<div class=\"elementor-container elementor-column-gap-no\">\n\t\t\t\t\t<div class=\"elementor-column elementor-col-100 elementor-inner-column elementor-element elementor-element-599d41ac\" data-id=\"599d41ac\" data-element_type=\"column\">\n\t\t\t<div class=\"elementor-widget-wrap elementor-element-populated\">\n\t\t\t\t\t\t<div class=\"elementor-element elementor-element-2e8a5eeb elementor-widget__width-auto elementor-widget elementor-widget-button\" data-id=\"2e8a5eeb\" data-element_type=\"widget\" data-widget_type=\"button.default\">\n\t\t\t\t<div class=\"elementor-widget-container\">\n\t\t\t\t\t\t\t\t\t<div class=\"elementor-button-wrapper\">\n\t\t\t\t\t<a class=\"elementor-button elementor-button-link elementor-size-lg\" href=\"https:\/\/andermattmusic.ch\/de\/event\/saisoneroeffnung\/\">\n\t\t\t\t\t\t<span class=\"elementor-button-content-wrapper\">\n\t\t\t\t\t\t<span class=\"elementor-button-icon\">\n\t\t\t\t<svg xmlns=\"http:\/\/www.w3.org\/2000\/svg\" xmlns:xlink=\"http:\/\/www.w3.org\/1999\/xlink\" x=\"0px\" y=\"0px\" viewBox=\"0 0 35 35.2\" xml:space=\"preserve\"><path fill=\"currentColor\" d=\"M17.5,0.9C8.387,0.9,1,8.287,1,17.4c0,9.113,7.387,16.5,16.5,16.5S34,26.513,34,17.4 C34,8.287,26.613,0.9,17.5,0.9z M14.3,30l-1.2-1.2l11.1-11.1l-10.9-11l1.3-1.3l12.2,12.2L14.3,30z\"><\/path><\/svg>\t\t\t<\/span>\n\t\t\t\t\t\t\t\t\t<span class=\"elementor-button-text\">Programm<\/span>\n\t\t\t\t\t<\/span>\n\t\t\t\t\t<\/a>\n\t\t\t\t<\/div>\n\t\t\t\t\t\t\t\t<\/div>\n\t\t\t\t<\/div>\n\t\t\t\t\t<\/div>\n\t\t<\/div>\n\t\t\t\t\t<\/div>\n\t\t<\/section>\n\t\t\t\t\t<\/div>\n\t\t<\/div>\n\t\t\t\t\t<\/div>\n\t\t<\/section>\n\t\t\t\t<\/div>\n\t\t\t\t<\/article>\n\t\t\t\t<article id=\"post-7712\" class=\"elementor-post elementor-grid-item ecs-post-loop post-7712 event type-event status-publish has-post-thumbnail hentry composer-franz-liszt composer-franz-schubert\">\n\t\t\t\t<div data-elementor-type=\"loop\" data-elementor-id=\"5729\" class=\"elementor elementor-5729 post-7712 event type-event status-publish has-post-thumbnail hentry composer-franz-liszt composer-franz-schubert\" data-elementor-post-type=\"elementor_library\">\n\t\t\t\t\t<section class=\"elementor-section elementor-top-section elementor-element elementor-element-4acc5669 elementor-section-boxed elementor-section-height-default elementor-section-height-default\" data-id=\"4acc5669\" data-element_type=\"section\">\n\t\t\t\t\t\t<div class=\"elementor-container elementor-column-gap-wide\">\n\t\t\t\t\t<div class=\"elementor-column elementor-col-33 elementor-top-column elementor-element elementor-element-2c329341\" data-id=\"2c329341\" data-element_type=\"column\">\n\t\t\t<div class=\"elementor-widget-wrap elementor-element-populated\">\n\t\t\t\t\t\t<div class=\"elementor-element elementor-element-3327e9c5 elementor-widget elementor-widget-text-editor\" data-id=\"3327e9c5\" data-element_type=\"widget\" data-widget_type=\"text-editor.default\">\n\t\t\t\t<div class=\"elementor-widget-container\">\n\t\t\t\t\t\t\t\t\tSamstag, 26.8.2023\t\t\t\t\t\t\t\t<\/div>\n\t\t\t\t<\/div>\n\t\t\t\t<div class=\"elementor-element elementor-element-2faffde7 elementor-widget elementor-widget-text-editor\" data-id=\"2faffde7\" data-element_type=\"widget\" data-widget_type=\"text-editor.default\">\n\t\t\t\t<div class=\"elementor-widget-container\">\n\t\t\t\t\t\t\t\t\t19.30 Uhr\t\t\t\t\t\t\t\t<\/div>\n\t\t\t\t<\/div>\n\t\t\t\t<div class=\"elementor-element elementor-element-16b635aa elementor-widget elementor-widget-image\" data-id=\"16b635aa\" data-element_type=\"widget\" data-widget_type=\"image.default\">\n\t\t\t\t<div class=\"elementor-widget-container\">\n\t\t\t\t\t\t\t\t\t\t\t\t\t\t\t\t<a href=\"https:\/\/andermattmusic.ch\/de\/event\/goethes-tell-und-andere-helden\/\">\n\t\t\t\t\t\t\t<img loading=\"lazy\" decoding=\"async\" width=\"700\" height=\"700\" src=\"https:\/\/andermattmusic.ch\/wp-content\/uploads\/2023\/05\/AM_26.08.2023-1-e1683559571255-700x700.jpg\" class=\"attachment-performers_list_image size-performers_list_image wp-image-7955\" alt=\"Julian Pr\u00e9gardien, Daniel Heide, Andermatt Music\" srcset=\"https:\/\/andermattmusic.ch\/wp-content\/uploads\/2023\/05\/AM_26.08.2023-1-e1683559571255-700x700.jpg 700w, https:\/\/andermattmusic.ch\/wp-content\/uploads\/2023\/05\/AM_26.08.2023-1-e1683559571255-300x300.jpg 300w, https:\/\/andermattmusic.ch\/wp-content\/uploads\/2023\/05\/AM_26.08.2023-1-e1683559571255-150x150.jpg 150w, https:\/\/andermattmusic.ch\/wp-content\/uploads\/2023\/05\/AM_26.08.2023-1-e1683559571255-768x768.jpg 768w, https:\/\/andermattmusic.ch\/wp-content\/uploads\/2023\/05\/AM_26.08.2023-1-e1683559571255.jpg 1020w\" sizes=\"(max-width: 700px) 100vw, 700px\" \/>\t\t\t\t\t\t\t\t<\/a>\n\t\t\t\t\t\t\t\t\t\t\t\t\t\t\t<\/div>\n\t\t\t\t<\/div>\n\t\t\t\t\t<\/div>\n\t\t<\/div>\n\t\t\t\t<div class=\"elementor-column elementor-col-66 elementor-top-column elementor-element elementor-element-79fd2a9d\" data-id=\"79fd2a9d\" data-element_type=\"column\">\n\t\t\t<div class=\"elementor-widget-wrap elementor-element-populated\">\n\t\t\t\t\t\t<div class=\"elementor-element elementor-element-767765d2 elementor-widget elementor-widget-heading\" data-id=\"767765d2\" data-element_type=\"widget\" data-widget_type=\"heading.default\">\n\t\t\t\t<div class=\"elementor-widget-container\">\n\t\t\t\t\t<h2 class=\"elementor-heading-title elementor-size-default\"><a href=\"https:\/\/andermattmusic.ch\/de\/event\/goethes-tell-und-andere-helden\/\">goethes tell und andere helden<\/a><\/h2>\t\t\t\t<\/div>\n\t\t\t\t<\/div>\n\t\t\t\t<div class=\"elementor-element elementor-element-3d0bc17 elementor-widget elementor-widget-text-editor\" data-id=\"3d0bc17\" data-element_type=\"widget\" data-widget_type=\"text-editor.default\">\n\t\t\t\t<div class=\"elementor-widget-container\">\n\t\t\t\t\t\t\t\t\t<p><strong>LIEDERABEND IM RAHMEN DER 2. GOETHE TAGE ANDERMATT<\/strong><\/p>\n<p>Julian Pr\u00e9gardien, Tenor<br \/>\nDaniel Heide, Piano<\/p>\n<p>In einem programmatisch eigens f\u00fcr die \u00ab2. Goethe Tage Andermatt\u00bb zusammengestellten Liederabend n\u00e4hern sich Julian Pr\u00e9gardien und Daniel Heide mit Schubert und Liszt den Heldenmythen von Schiller und Goethe.<\/p>\n&mdash;\t\t\t\t\t\t\t\t<\/div>\n\t\t\t\t<\/div>\n\t\t\t\t<section class=\"elementor-section elementor-inner-section elementor-element elementor-element-5b459e1 elementor-section-full_width elementor-section-height-default elementor-section-height-default\" data-id=\"5b459e1\" data-element_type=\"section\">\n\t\t\t\t\t\t<div class=\"elementor-container elementor-column-gap-no\">\n\t\t\t\t\t<div class=\"elementor-column elementor-col-100 elementor-inner-column elementor-element elementor-element-599d41ac\" data-id=\"599d41ac\" data-element_type=\"column\">\n\t\t\t<div class=\"elementor-widget-wrap elementor-element-populated\">\n\t\t\t\t\t\t<div class=\"elementor-element elementor-element-2e8a5eeb elementor-widget__width-auto elementor-widget elementor-widget-button\" data-id=\"2e8a5eeb\" data-element_type=\"widget\" data-widget_type=\"button.default\">\n\t\t\t\t<div class=\"elementor-widget-container\">\n\t\t\t\t\t\t\t\t\t<div class=\"elementor-button-wrapper\">\n\t\t\t\t\t<a class=\"elementor-button elementor-button-link elementor-size-lg\" href=\"https:\/\/andermattmusic.ch\/de\/event\/goethes-tell-und-andere-helden\/\">\n\t\t\t\t\t\t<span class=\"elementor-button-content-wrapper\">\n\t\t\t\t\t\t<span class=\"elementor-button-icon\">\n\t\t\t\t<svg xmlns=\"http:\/\/www.w3.org\/2000\/svg\" xmlns:xlink=\"http:\/\/www.w3.org\/1999\/xlink\" x=\"0px\" y=\"0px\" viewBox=\"0 0 35 35.2\" xml:space=\"preserve\"><path fill=\"currentColor\" d=\"M17.5,0.9C8.387,0.9,1,8.287,1,17.4c0,9.113,7.387,16.5,16.5,16.5S34,26.513,34,17.4 C34,8.287,26.613,0.9,17.5,0.9z M14.3,30l-1.2-1.2l11.1-11.1l-10.9-11l1.3-1.3l12.2,12.2L14.3,30z\"><\/path><\/svg>\t\t\t<\/span>\n\t\t\t\t\t\t\t\t\t<span class=\"elementor-button-text\">Programm<\/span>\n\t\t\t\t\t<\/span>\n\t\t\t\t\t<\/a>\n\t\t\t\t<\/div>\n\t\t\t\t\t\t\t\t<\/div>\n\t\t\t\t<\/div>\n\t\t\t\t\t<\/div>\n\t\t<\/div>\n\t\t\t\t\t<\/div>\n\t\t<\/section>\n\t\t\t\t\t<\/div>\n\t\t<\/div>\n\t\t\t\t\t<\/div>\n\t\t<\/section>\n\t\t\t\t<\/div>\n\t\t\t\t<\/article>\n\t\t\t\t<article id=\"post-6083\" class=\"elementor-post elementor-grid-item ecs-post-loop post-6083 event type-event status-publish has-post-thumbnail hentry\">\n\t\t\t\t<div data-elementor-type=\"loop\" data-elementor-id=\"5729\" class=\"elementor elementor-5729 post-6083 event type-event status-publish has-post-thumbnail hentry\" data-elementor-post-type=\"elementor_library\">\n\t\t\t\t\t<section class=\"elementor-section elementor-top-section elementor-element elementor-element-4acc5669 elementor-section-boxed elementor-section-height-default elementor-section-height-default\" data-id=\"4acc5669\" data-element_type=\"section\">\n\t\t\t\t\t\t<div class=\"elementor-container elementor-column-gap-wide\">\n\t\t\t\t\t<div class=\"elementor-column elementor-col-33 elementor-top-column elementor-element elementor-element-2c329341\" data-id=\"2c329341\" data-element_type=\"column\">\n\t\t\t<div class=\"elementor-widget-wrap elementor-element-populated\">\n\t\t\t\t\t\t<div class=\"elementor-element elementor-element-3327e9c5 elementor-widget elementor-widget-text-editor\" data-id=\"3327e9c5\" data-element_type=\"widget\" data-widget_type=\"text-editor.default\">\n\t\t\t\t<div class=\"elementor-widget-container\">\n\t\t\t\t\t\t\t\t\tSamstag, 1.7.2023\t\t\t\t\t\t\t\t<\/div>\n\t\t\t\t<\/div>\n\t\t\t\t<div class=\"elementor-element elementor-element-2faffde7 elementor-widget elementor-widget-text-editor\" data-id=\"2faffde7\" data-element_type=\"widget\" data-widget_type=\"text-editor.default\">\n\t\t\t\t<div class=\"elementor-widget-container\">\n\t\t\t\t\t\t\t\t\t19.30 Uhr\t\t\t\t\t\t\t\t<\/div>\n\t\t\t\t<\/div>\n\t\t\t\t<div class=\"elementor-element elementor-element-16b635aa elementor-widget elementor-widget-image\" data-id=\"16b635aa\" data-element_type=\"widget\" data-widget_type=\"image.default\">\n\t\t\t\t<div class=\"elementor-widget-container\">\n\t\t\t\t\t\t\t\t\t\t\t\t\t\t\t\t<a href=\"https:\/\/andermattmusic.ch\/de\/event\/stephan-eicher-swiss-orchestra-in-concert\/\">\n\t\t\t\t\t\t\t<img loading=\"lazy\" decoding=\"async\" width=\"700\" height=\"700\" src=\"https:\/\/andermattmusic.ch\/wp-content\/uploads\/2022\/07\/KONZERT_01.07.2023_VARIANTE-700x700.jpg\" class=\"attachment-performers_list_image size-performers_list_image wp-image-6548\" alt=\"\" srcset=\"https:\/\/andermattmusic.ch\/wp-content\/uploads\/2022\/07\/KONZERT_01.07.2023_VARIANTE-700x700.jpg 700w, https:\/\/andermattmusic.ch\/wp-content\/uploads\/2022\/07\/KONZERT_01.07.2023_VARIANTE-150x150.jpg 150w\" sizes=\"(max-width: 700px) 100vw, 700px\" \/>\t\t\t\t\t\t\t\t<\/a>\n\t\t\t\t\t\t\t\t\t\t\t\t\t\t\t<\/div>\n\t\t\t\t<\/div>\n\t\t\t\t\t<\/div>\n\t\t<\/div>\n\t\t\t\t<div class=\"elementor-column elementor-col-66 elementor-top-column elementor-element elementor-element-79fd2a9d\" data-id=\"79fd2a9d\" data-element_type=\"column\">\n\t\t\t<div class=\"elementor-widget-wrap elementor-element-populated\">\n\t\t\t\t\t\t<div class=\"elementor-element elementor-element-767765d2 elementor-widget elementor-widget-heading\" data-id=\"767765d2\" data-element_type=\"widget\" data-widget_type=\"heading.default\">\n\t\t\t\t<div class=\"elementor-widget-container\">\n\t\t\t\t\t<h2 class=\"elementor-heading-title elementor-size-default\"><a href=\"https:\/\/andermattmusic.ch\/de\/event\/stephan-eicher-swiss-orchestra-in-concert\/\">stephan eicher &#038; swiss orchestra in concert<\/a><\/h2>\t\t\t\t<\/div>\n\t\t\t\t<\/div>\n\t\t\t\t<div class=\"elementor-element elementor-element-3d0bc17 elementor-widget elementor-widget-text-editor\" data-id=\"3d0bc17\" data-element_type=\"widget\" data-widget_type=\"text-editor.default\">\n\t\t\t\t<div class=\"elementor-widget-container\">\n\t\t\t\t\t\t\t\t\t<p><strong>KONZERT DER W\u00dcNSCHE<\/strong><\/p>\n<p>Stephan Eicher<br \/>\nSwiss Orchestra<br \/>\nLena-Lisa W\u00fcstend\u00f6rfer, Leitung<\/p>\n<p>Der Ausnahmek\u00fcnstler Stephan Eicher und das Swiss Orchestra erf\u00fcllen sich gegenseitig musikalische W\u00fcnsche und garantieren ein einzigartiges Konzerterlebnis.<\/p>\n&mdash;\t\t\t\t\t\t\t\t<\/div>\n\t\t\t\t<\/div>\n\t\t\t\t<section class=\"elementor-section elementor-inner-section elementor-element elementor-element-5b459e1 elementor-section-full_width elementor-section-height-default elementor-section-height-default\" data-id=\"5b459e1\" data-element_type=\"section\">\n\t\t\t\t\t\t<div class=\"elementor-container elementor-column-gap-no\">\n\t\t\t\t\t<div class=\"elementor-column elementor-col-100 elementor-inner-column elementor-element elementor-element-599d41ac\" data-id=\"599d41ac\" data-element_type=\"column\">\n\t\t\t<div class=\"elementor-widget-wrap elementor-element-populated\">\n\t\t\t\t\t\t<div class=\"elementor-element elementor-element-2e8a5eeb elementor-widget__width-auto elementor-widget elementor-widget-button\" data-id=\"2e8a5eeb\" data-element_type=\"widget\" data-widget_type=\"button.default\">\n\t\t\t\t<div class=\"elementor-widget-container\">\n\t\t\t\t\t\t\t\t\t<div class=\"elementor-button-wrapper\">\n\t\t\t\t\t<a class=\"elementor-button elementor-button-link elementor-size-lg\" href=\"https:\/\/andermattmusic.ch\/de\/event\/stephan-eicher-swiss-orchestra-in-concert\/\">\n\t\t\t\t\t\t<span class=\"elementor-button-content-wrapper\">\n\t\t\t\t\t\t<span class=\"elementor-button-icon\">\n\t\t\t\t<svg xmlns=\"http:\/\/www.w3.org\/2000\/svg\" xmlns:xlink=\"http:\/\/www.w3.org\/1999\/xlink\" x=\"0px\" y=\"0px\" viewBox=\"0 0 35 35.2\" xml:space=\"preserve\"><path fill=\"currentColor\" d=\"M17.5,0.9C8.387,0.9,1,8.287,1,17.4c0,9.113,7.387,16.5,16.5,16.5S34,26.513,34,17.4 C34,8.287,26.613,0.9,17.5,0.9z M14.3,30l-1.2-1.2l11.1-11.1l-10.9-11l1.3-1.3l12.2,12.2L14.3,30z\"><\/path><\/svg>\t\t\t<\/span>\n\t\t\t\t\t\t\t\t\t<span class=\"elementor-button-text\">Programm<\/span>\n\t\t\t\t\t<\/span>\n\t\t\t\t\t<\/a>\n\t\t\t\t<\/div>\n\t\t\t\t\t\t\t\t<\/div>\n\t\t\t\t<\/div>\n\t\t\t\t\t<\/div>\n\t\t<\/div>\n\t\t\t\t\t<\/div>\n\t\t<\/section>\n\t\t\t\t\t<\/div>\n\t\t<\/div>\n\t\t\t\t\t<\/div>\n\t\t<\/section>\n\t\t\t\t<\/div>\n\t\t\t\t<\/article>\n\t\t\t\t<article id=\"post-6078\" class=\"elementor-post elementor-grid-item ecs-post-loop post-6078 event type-event status-publish has-post-thumbnail hentry\">\n\t\t\t\t<div data-elementor-type=\"loop\" data-elementor-id=\"5729\" class=\"elementor elementor-5729 post-6078 event type-event status-publish has-post-thumbnail hentry\" data-elementor-post-type=\"elementor_library\">\n\t\t\t\t\t<section class=\"elementor-section elementor-top-section elementor-element elementor-element-4acc5669 elementor-section-boxed elementor-section-height-default elementor-section-height-default\" data-id=\"4acc5669\" data-element_type=\"section\">\n\t\t\t\t\t\t<div class=\"elementor-container elementor-column-gap-wide\">\n\t\t\t\t\t<div class=\"elementor-column elementor-col-33 elementor-top-column elementor-element elementor-element-2c329341\" data-id=\"2c329341\" data-element_type=\"column\">\n\t\t\t<div class=\"elementor-widget-wrap elementor-element-populated\">\n\t\t\t\t\t\t<div class=\"elementor-element elementor-element-3327e9c5 elementor-widget elementor-widget-text-editor\" data-id=\"3327e9c5\" data-element_type=\"widget\" data-widget_type=\"text-editor.default\">\n\t\t\t\t<div class=\"elementor-widget-container\">\n\t\t\t\t\t\t\t\t\tFreitag, 30.6.2023\t\t\t\t\t\t\t\t<\/div>\n\t\t\t\t<\/div>\n\t\t\t\t<div class=\"elementor-element elementor-element-2faffde7 elementor-widget elementor-widget-text-editor\" data-id=\"2faffde7\" data-element_type=\"widget\" data-widget_type=\"text-editor.default\">\n\t\t\t\t<div class=\"elementor-widget-container\">\n\t\t\t\t\t\t\t\t\t19.30 Uhr\t\t\t\t\t\t\t\t<\/div>\n\t\t\t\t<\/div>\n\t\t\t\t<div class=\"elementor-element elementor-element-16b635aa elementor-widget elementor-widget-image\" data-id=\"16b635aa\" data-element_type=\"widget\" data-widget_type=\"image.default\">\n\t\t\t\t<div class=\"elementor-widget-container\">\n\t\t\t\t\t\t\t\t\t\t\t\t\t\t\t\t<a href=\"https:\/\/andermattmusic.ch\/de\/event\/carte-blanche-fuer-stephan-eicher\/\">\n\t\t\t\t\t\t\t<img loading=\"lazy\" decoding=\"async\" width=\"700\" height=\"700\" src=\"https:\/\/andermattmusic.ch\/wp-content\/uploads\/2022\/06\/STEPHAN_EICHER-1-700x700.jpg\" class=\"attachment-performers_list_image size-performers_list_image wp-image-6177\" alt=\"\" srcset=\"https:\/\/andermattmusic.ch\/wp-content\/uploads\/2022\/06\/STEPHAN_EICHER-1-700x700.jpg 700w, https:\/\/andermattmusic.ch\/wp-content\/uploads\/2022\/06\/STEPHAN_EICHER-1-300x300.jpg 300w, https:\/\/andermattmusic.ch\/wp-content\/uploads\/2022\/06\/STEPHAN_EICHER-1-1024x1024.jpg 1024w, https:\/\/andermattmusic.ch\/wp-content\/uploads\/2022\/06\/STEPHAN_EICHER-1-150x150.jpg 150w, https:\/\/andermattmusic.ch\/wp-content\/uploads\/2022\/06\/STEPHAN_EICHER-1-768x768.jpg 768w, https:\/\/andermattmusic.ch\/wp-content\/uploads\/2022\/06\/STEPHAN_EICHER-1.jpg 1134w\" sizes=\"(max-width: 700px) 100vw, 700px\" \/>\t\t\t\t\t\t\t\t<\/a>\n\t\t\t\t\t\t\t\t\t\t\t\t\t\t\t<\/div>\n\t\t\t\t<\/div>\n\t\t\t\t\t<\/div>\n\t\t<\/div>\n\t\t\t\t<div class=\"elementor-column elementor-col-66 elementor-top-column elementor-element elementor-element-79fd2a9d\" data-id=\"79fd2a9d\" data-element_type=\"column\">\n\t\t\t<div class=\"elementor-widget-wrap elementor-element-populated\">\n\t\t\t\t\t\t<div class=\"elementor-element elementor-element-767765d2 elementor-widget elementor-widget-heading\" data-id=\"767765d2\" data-element_type=\"widget\" data-widget_type=\"heading.default\">\n\t\t\t\t<div class=\"elementor-widget-container\">\n\t\t\t\t\t<h2 class=\"elementor-heading-title elementor-size-default\"><a href=\"https:\/\/andermattmusic.ch\/de\/event\/carte-blanche-fuer-stephan-eicher\/\">carte blanche f\u00fcr stephan eicher<\/a><\/h2>\t\t\t\t<\/div>\n\t\t\t\t<\/div>\n\t\t\t\t<div class=\"elementor-element elementor-element-3d0bc17 elementor-widget elementor-widget-text-editor\" data-id=\"3d0bc17\" data-element_type=\"widget\" data-widget_type=\"text-editor.default\">\n\t\t\t\t<div class=\"elementor-widget-container\">\n\t\t\t\t\t\t\t\t\t<p><strong>KONZERTABEND<\/strong><\/p>\n<p>Stephan Eicher &#038; Band<\/p>\n<p>Stephan Eicher, eine der vielseitigsten und aufregendsten Musikerpers\u00f6nlichkeiten der Schweiz, erh\u00e4lt eine musikalische Carte blanche. Lassen Sie sich \u00fcberraschen!<\/p>\n&mdash;\t\t\t\t\t\t\t\t<\/div>\n\t\t\t\t<\/div>\n\t\t\t\t<section class=\"elementor-section elementor-inner-section elementor-element elementor-element-5b459e1 elementor-section-full_width elementor-section-height-default elementor-section-height-default\" data-id=\"5b459e1\" data-element_type=\"section\">\n\t\t\t\t\t\t<div class=\"elementor-container elementor-column-gap-no\">\n\t\t\t\t\t<div class=\"elementor-column elementor-col-100 elementor-inner-column elementor-element elementor-element-599d41ac\" data-id=\"599d41ac\" data-element_type=\"column\">\n\t\t\t<div class=\"elementor-widget-wrap elementor-element-populated\">\n\t\t\t\t\t\t<div class=\"elementor-element elementor-element-2e8a5eeb elementor-widget__width-auto elementor-widget elementor-widget-button\" data-id=\"2e8a5eeb\" data-element_type=\"widget\" data-widget_type=\"button.default\">\n\t\t\t\t<div class=\"elementor-widget-container\">\n\t\t\t\t\t\t\t\t\t<div class=\"elementor-button-wrapper\">\n\t\t\t\t\t<a class=\"elementor-button elementor-button-link elementor-size-lg\" href=\"https:\/\/andermattmusic.ch\/de\/event\/carte-blanche-fuer-stephan-eicher\/\">\n\t\t\t\t\t\t<span class=\"elementor-button-content-wrapper\">\n\t\t\t\t\t\t<span class=\"elementor-button-icon\">\n\t\t\t\t<svg xmlns=\"http:\/\/www.w3.org\/2000\/svg\" xmlns:xlink=\"http:\/\/www.w3.org\/1999\/xlink\" x=\"0px\" y=\"0px\" viewBox=\"0 0 35 35.2\" xml:space=\"preserve\"><path fill=\"currentColor\" d=\"M17.5,0.9C8.387,0.9,1,8.287,1,17.4c0,9.113,7.387,16.5,16.5,16.5S34,26.513,34,17.4 C34,8.287,26.613,0.9,17.5,0.9z M14.3,30l-1.2-1.2l11.1-11.1l-10.9-11l1.3-1.3l12.2,12.2L14.3,30z\"><\/path><\/svg>\t\t\t<\/span>\n\t\t\t\t\t\t\t\t\t<span class=\"elementor-button-text\">Programm<\/span>\n\t\t\t\t\t<\/span>\n\t\t\t\t\t<\/a>\n\t\t\t\t<\/div>\n\t\t\t\t\t\t\t\t<\/div>\n\t\t\t\t<\/div>\n\t\t\t\t\t<\/div>\n\t\t<\/div>\n\t\t\t\t\t<\/div>\n\t\t<\/section>\n\t\t\t\t\t<\/div>\n\t\t<\/div>\n\t\t\t\t\t<\/div>\n\t\t<\/section>\n\t\t\t\t<\/div>\n\t\t\t\t<\/article>\n\t\t\t\t<article id=\"post-6073\" class=\"elementor-post elementor-grid-item ecs-post-loop post-6073 event type-event status-publish has-post-thumbnail hentry composer-antonio-vivaldi composer-felix-mendelssohn-bartholdy composer-george-templeton-strong composer-hermann-suter\">\n\t\t\t\t<div data-elementor-type=\"loop\" data-elementor-id=\"5729\" class=\"elementor elementor-5729 post-6073 event type-event status-publish has-post-thumbnail hentry composer-antonio-vivaldi composer-felix-mendelssohn-bartholdy composer-george-templeton-strong composer-hermann-suter\" data-elementor-post-type=\"elementor_library\">\n\t\t\t\t\t<section class=\"elementor-section elementor-top-section elementor-element elementor-element-4acc5669 elementor-section-boxed elementor-section-height-default elementor-section-height-default\" data-id=\"4acc5669\" data-element_type=\"section\">\n\t\t\t\t\t\t<div class=\"elementor-container elementor-column-gap-wide\">\n\t\t\t\t\t<div class=\"elementor-column elementor-col-33 elementor-top-column elementor-element elementor-element-2c329341\" data-id=\"2c329341\" data-element_type=\"column\">\n\t\t\t<div class=\"elementor-widget-wrap elementor-element-populated\">\n\t\t\t\t\t\t<div class=\"elementor-element elementor-element-3327e9c5 elementor-widget elementor-widget-text-editor\" data-id=\"3327e9c5\" data-element_type=\"widget\" data-widget_type=\"text-editor.default\">\n\t\t\t\t<div class=\"elementor-widget-container\">\n\t\t\t\t\t\t\t\t\tSonntag, 28.5.2023\t\t\t\t\t\t\t\t<\/div>\n\t\t\t\t<\/div>\n\t\t\t\t<div class=\"elementor-element elementor-element-2faffde7 elementor-widget elementor-widget-text-editor\" data-id=\"2faffde7\" data-element_type=\"widget\" data-widget_type=\"text-editor.default\">\n\t\t\t\t<div class=\"elementor-widget-container\">\n\t\t\t\t\t\t\t\t\t19.30 Uhr\t\t\t\t\t\t\t\t<\/div>\n\t\t\t\t<\/div>\n\t\t\t\t<div class=\"elementor-element elementor-element-16b635aa elementor-widget elementor-widget-image\" data-id=\"16b635aa\" data-element_type=\"widget\" data-widget_type=\"image.default\">\n\t\t\t\t<div class=\"elementor-widget-container\">\n\t\t\t\t\t\t\t\t\t\t\t\t\t\t\t\t<a href=\"https:\/\/andermattmusic.ch\/de\/event\/swiss-dreams\/\">\n\t\t\t\t\t\t\t<img loading=\"lazy\" decoding=\"async\" width=\"700\" height=\"700\" src=\"https:\/\/andermattmusic.ch\/wp-content\/uploads\/2022\/06\/KONZERT_28.05.2023-700x700.jpg\" class=\"attachment-performers_list_image size-performers_list_image wp-image-6117\" alt=\"Michael Barenboim\" srcset=\"https:\/\/andermattmusic.ch\/wp-content\/uploads\/2022\/06\/KONZERT_28.05.2023-700x700.jpg 700w, https:\/\/andermattmusic.ch\/wp-content\/uploads\/2022\/06\/KONZERT_28.05.2023-150x150.jpg 150w\" sizes=\"(max-width: 700px) 100vw, 700px\" \/>\t\t\t\t\t\t\t\t<\/a>\n\t\t\t\t\t\t\t\t\t\t\t\t\t\t\t<\/div>\n\t\t\t\t<\/div>\n\t\t\t\t\t<\/div>\n\t\t<\/div>\n\t\t\t\t<div class=\"elementor-column elementor-col-66 elementor-top-column elementor-element elementor-element-79fd2a9d\" data-id=\"79fd2a9d\" data-element_type=\"column\">\n\t\t\t<div class=\"elementor-widget-wrap elementor-element-populated\">\n\t\t\t\t\t\t<div class=\"elementor-element elementor-element-767765d2 elementor-widget elementor-widget-heading\" data-id=\"767765d2\" data-element_type=\"widget\" data-widget_type=\"heading.default\">\n\t\t\t\t<div class=\"elementor-widget-container\">\n\t\t\t\t\t<h2 class=\"elementor-heading-title elementor-size-default\"><a href=\"https:\/\/andermattmusic.ch\/de\/event\/swiss-dreams\/\">swiss dreams<\/a><\/h2>\t\t\t\t<\/div>\n\t\t\t\t<\/div>\n\t\t\t\t<div class=\"elementor-element elementor-element-3d0bc17 elementor-widget elementor-widget-text-editor\" data-id=\"3d0bc17\" data-element_type=\"widget\" data-widget_type=\"text-editor.default\">\n\t\t\t\t<div class=\"elementor-widget-container\">\n\t\t\t\t\t\t\t\t\t<p><strong>SINFONIEKONZERT<\/strong><\/p>\n<p>Swiss Orchestra<br \/>\nLena-Lisa W\u00fcstend\u00f6rfer, Leitung<br \/>\nMichael Barenboim, Violine<\/p>\n<p>Michael Barenboim und das Swiss Orchestra unter der Leitung von Lena-Lisa W\u00fcstend\u00f6rfer kombinieren Schweizer Trouvaillen und Werke von Vivaldi und Mendelssohn.<\/p>\n&mdash;\t\t\t\t\t\t\t\t<\/div>\n\t\t\t\t<\/div>\n\t\t\t\t<section class=\"elementor-section elementor-inner-section elementor-element elementor-element-5b459e1 elementor-section-full_width elementor-section-height-default elementor-section-height-default\" data-id=\"5b459e1\" data-element_type=\"section\">\n\t\t\t\t\t\t<div class=\"elementor-container elementor-column-gap-no\">\n\t\t\t\t\t<div class=\"elementor-column elementor-col-100 elementor-inner-column elementor-element elementor-element-599d41ac\" data-id=\"599d41ac\" data-element_type=\"column\">\n\t\t\t<div class=\"elementor-widget-wrap elementor-element-populated\">\n\t\t\t\t\t\t<div class=\"elementor-element elementor-element-2e8a5eeb elementor-widget__width-auto elementor-widget elementor-widget-button\" data-id=\"2e8a5eeb\" data-element_type=\"widget\" data-widget_type=\"button.default\">\n\t\t\t\t<div class=\"elementor-widget-container\">\n\t\t\t\t\t\t\t\t\t<div class=\"elementor-button-wrapper\">\n\t\t\t\t\t<a class=\"elementor-button elementor-button-link elementor-size-lg\" href=\"https:\/\/andermattmusic.ch\/de\/event\/swiss-dreams\/\">\n\t\t\t\t\t\t<span class=\"elementor-button-content-wrapper\">\n\t\t\t\t\t\t<span class=\"elementor-button-icon\">\n\t\t\t\t<svg xmlns=\"http:\/\/www.w3.org\/2000\/svg\" xmlns:xlink=\"http:\/\/www.w3.org\/1999\/xlink\" x=\"0px\" y=\"0px\" viewBox=\"0 0 35 35.2\" xml:space=\"preserve\"><path fill=\"currentColor\" d=\"M17.5,0.9C8.387,0.9,1,8.287,1,17.4c0,9.113,7.387,16.5,16.5,16.5S34,26.513,34,17.4 C34,8.287,26.613,0.9,17.5,0.9z M14.3,30l-1.2-1.2l11.1-11.1l-10.9-11l1.3-1.3l12.2,12.2L14.3,30z\"><\/path><\/svg>\t\t\t<\/span>\n\t\t\t\t\t\t\t\t\t<span class=\"elementor-button-text\">Programm<\/span>\n\t\t\t\t\t<\/span>\n\t\t\t\t\t<\/a>\n\t\t\t\t<\/div>\n\t\t\t\t\t\t\t\t<\/div>\n\t\t\t\t<\/div>\n\t\t\t\t\t<\/div>\n\t\t<\/div>\n\t\t\t\t\t<\/div>\n\t\t<\/section>\n\t\t\t\t\t<\/div>\n\t\t<\/div>\n\t\t\t\t\t<\/div>\n\t\t<\/section>\n\t\t\t\t<\/div>\n\t\t\t\t<\/article>\n\t\t\t\t<article id=\"post-6068\" class=\"elementor-post elementor-grid-item ecs-post-loop post-6068 event type-event status-publish has-post-thumbnail hentry composer-giacomo-puccini composer-giuseppe-verdi composer-jules-massenet\">\n\t\t\t\t<div data-elementor-type=\"loop\" data-elementor-id=\"5729\" class=\"elementor elementor-5729 post-6068 event type-event status-publish has-post-thumbnail hentry composer-giacomo-puccini composer-giuseppe-verdi composer-jules-massenet\" data-elementor-post-type=\"elementor_library\">\n\t\t\t\t\t<section class=\"elementor-section elementor-top-section elementor-element elementor-element-4acc5669 elementor-section-boxed elementor-section-height-default elementor-section-height-default\" data-id=\"4acc5669\" data-element_type=\"section\">\n\t\t\t\t\t\t<div class=\"elementor-container elementor-column-gap-wide\">\n\t\t\t\t\t<div class=\"elementor-column elementor-col-33 elementor-top-column elementor-element elementor-element-2c329341\" data-id=\"2c329341\" data-element_type=\"column\">\n\t\t\t<div class=\"elementor-widget-wrap elementor-element-populated\">\n\t\t\t\t\t\t<div class=\"elementor-element elementor-element-3327e9c5 elementor-widget elementor-widget-text-editor\" data-id=\"3327e9c5\" data-element_type=\"widget\" data-widget_type=\"text-editor.default\">\n\t\t\t\t<div class=\"elementor-widget-container\">\n\t\t\t\t\t\t\t\t\tSamstag, 27.5.2023\t\t\t\t\t\t\t\t<\/div>\n\t\t\t\t<\/div>\n\t\t\t\t<div class=\"elementor-element elementor-element-2faffde7 elementor-widget elementor-widget-text-editor\" data-id=\"2faffde7\" data-element_type=\"widget\" data-widget_type=\"text-editor.default\">\n\t\t\t\t<div class=\"elementor-widget-container\">\n\t\t\t\t\t\t\t\t\t19.30 Uhr\t\t\t\t\t\t\t\t<\/div>\n\t\t\t\t<\/div>\n\t\t\t\t<div class=\"elementor-element elementor-element-16b635aa elementor-widget elementor-widget-image\" data-id=\"16b635aa\" data-element_type=\"widget\" data-widget_type=\"image.default\">\n\t\t\t\t<div class=\"elementor-widget-container\">\n\t\t\t\t\t\t\t\t\t\t\t\t\t\t\t\t<a href=\"https:\/\/andermattmusic.ch\/de\/event\/piotr-beczala\/\">\n\t\t\t\t\t\t\t<img loading=\"lazy\" decoding=\"async\" width=\"700\" height=\"700\" src=\"https:\/\/andermattmusic.ch\/wp-content\/uploads\/2023\/05\/MARTIN_MUEHLE-700x700.jpg\" class=\"attachment-performers_list_image size-performers_list_image wp-image-8303\" alt=\"Martin Muehle, Andermatt Music\" srcset=\"https:\/\/andermattmusic.ch\/wp-content\/uploads\/2023\/05\/MARTIN_MUEHLE-700x700.jpg 700w, https:\/\/andermattmusic.ch\/wp-content\/uploads\/2023\/05\/MARTIN_MUEHLE-300x300.jpg 300w, https:\/\/andermattmusic.ch\/wp-content\/uploads\/2023\/05\/MARTIN_MUEHLE-1024x1024.jpg 1024w, https:\/\/andermattmusic.ch\/wp-content\/uploads\/2023\/05\/MARTIN_MUEHLE-150x150.jpg 150w, https:\/\/andermattmusic.ch\/wp-content\/uploads\/2023\/05\/MARTIN_MUEHLE-768x768.jpg 768w, https:\/\/andermattmusic.ch\/wp-content\/uploads\/2023\/05\/MARTIN_MUEHLE.jpg 1134w\" sizes=\"(max-width: 700px) 100vw, 700px\" \/>\t\t\t\t\t\t\t\t<\/a>\n\t\t\t\t\t\t\t\t\t\t\t\t\t\t\t<\/div>\n\t\t\t\t<\/div>\n\t\t\t\t\t<\/div>\n\t\t<\/div>\n\t\t\t\t<div class=\"elementor-column elementor-col-66 elementor-top-column elementor-element elementor-element-79fd2a9d\" data-id=\"79fd2a9d\" data-element_type=\"column\">\n\t\t\t<div class=\"elementor-widget-wrap elementor-element-populated\">\n\t\t\t\t\t\t<div class=\"elementor-element elementor-element-767765d2 elementor-widget elementor-widget-heading\" data-id=\"767765d2\" data-element_type=\"widget\" data-widget_type=\"heading.default\">\n\t\t\t\t<div class=\"elementor-widget-container\">\n\t\t\t\t\t<h2 class=\"elementor-heading-title elementor-size-default\"><a href=\"https:\/\/andermattmusic.ch\/de\/event\/piotr-beczala\/\">piotr beczala<\/a><\/h2>\t\t\t\t<\/div>\n\t\t\t\t<\/div>\n\t\t\t\t<div class=\"elementor-element elementor-element-3d0bc17 elementor-widget elementor-widget-text-editor\" data-id=\"3d0bc17\" data-element_type=\"widget\" data-widget_type=\"text-editor.default\">\n\t\t\t\t<div class=\"elementor-widget-container\">\n\t\t\t\t\t\t\t\t\t<p><strong>OPERNGALA<\/strong><\/p>\n<p>Martin Muehle, Tenor<br \/>\nSylvia D&#8217;Eramo, Sopran<br \/>\nSwiss Orchestra<br \/>\nLena-Lisa W\u00fcstend\u00f6rfer, Leitung<\/p>\n<p>Piotr Beczala ist leider erkrankt und kann sein Konzert in der Andermatt Konzerthalle am 27. Mai kurzfristig nicht singen. Wir bedauern dies sehr, w\u00fcnschen ihm gute Besserung und freuen uns ungemein, dass wir Ihnen an seiner Stelle einen ebenfalls weltweit bekannten Tenor allererster G\u00fcte pr\u00e4sentieren d\u00fcrfen: Mit Martin Muehle \u00fcbernimmt ein Tenor, der sich insbesondere durch seine dramatische Intensit\u00e4t und sein stimmliches K\u00f6nnen in den anspruchsvollsten Tenorrollen auszeichnet.<\/p>\n&mdash;\t\t\t\t\t\t\t\t<\/div>\n\t\t\t\t<\/div>\n\t\t\t\t<section class=\"elementor-section elementor-inner-section elementor-element elementor-element-5b459e1 elementor-section-full_width elementor-section-height-default elementor-section-height-default\" data-id=\"5b459e1\" data-element_type=\"section\">\n\t\t\t\t\t\t<div class=\"elementor-container elementor-column-gap-no\">\n\t\t\t\t\t<div class=\"elementor-column elementor-col-100 elementor-inner-column elementor-element elementor-element-599d41ac\" data-id=\"599d41ac\" data-element_type=\"column\">\n\t\t\t<div class=\"elementor-widget-wrap elementor-element-populated\">\n\t\t\t\t\t\t<div class=\"elementor-element elementor-element-2e8a5eeb elementor-widget__width-auto elementor-widget elementor-widget-button\" data-id=\"2e8a5eeb\" data-element_type=\"widget\" data-widget_type=\"button.default\">\n\t\t\t\t<div class=\"elementor-widget-container\">\n\t\t\t\t\t\t\t\t\t<div class=\"elementor-button-wrapper\">\n\t\t\t\t\t<a class=\"elementor-button elementor-button-link elementor-size-lg\" href=\"https:\/\/andermattmusic.ch\/de\/event\/piotr-beczala\/\">\n\t\t\t\t\t\t<span class=\"elementor-button-content-wrapper\">\n\t\t\t\t\t\t<span class=\"elementor-button-icon\">\n\t\t\t\t<svg xmlns=\"http:\/\/www.w3.org\/2000\/svg\" xmlns:xlink=\"http:\/\/www.w3.org\/1999\/xlink\" x=\"0px\" y=\"0px\" viewBox=\"0 0 35 35.2\" xml:space=\"preserve\"><path fill=\"currentColor\" d=\"M17.5,0.9C8.387,0.9,1,8.287,1,17.4c0,9.113,7.387,16.5,16.5,16.5S34,26.513,34,17.4 C34,8.287,26.613,0.9,17.5,0.9z M14.3,30l-1.2-1.2l11.1-11.1l-10.9-11l1.3-1.3l12.2,12.2L14.3,30z\"><\/path><\/svg>\t\t\t<\/span>\n\t\t\t\t\t\t\t\t\t<span class=\"elementor-button-text\">Programm<\/span>\n\t\t\t\t\t<\/span>\n\t\t\t\t\t<\/a>\n\t\t\t\t<\/div>\n\t\t\t\t\t\t\t\t<\/div>\n\t\t\t\t<\/div>\n\t\t\t\t\t<\/div>\n\t\t<\/div>\n\t\t\t\t\t<\/div>\n\t\t<\/section>\n\t\t\t\t\t<\/div>\n\t\t<\/div>\n\t\t\t\t\t<\/div>\n\t\t<\/section>\n\t\t\t\t<\/div>\n\t\t\t\t<\/article>\n\t\t\t\t<article id=\"post-6063\" class=\"elementor-post elementor-grid-item ecs-post-loop post-6063 event type-event status-publish has-post-thumbnail hentry composer-igor-strawinsky\">\n\t\t\t\t<div data-elementor-type=\"loop\" data-elementor-id=\"5729\" class=\"elementor elementor-5729 post-6063 event type-event status-publish has-post-thumbnail hentry composer-igor-strawinsky\" data-elementor-post-type=\"elementor_library\">\n\t\t\t\t\t<section class=\"elementor-section elementor-top-section elementor-element elementor-element-4acc5669 elementor-section-boxed elementor-section-height-default elementor-section-height-default\" data-id=\"4acc5669\" data-element_type=\"section\">\n\t\t\t\t\t\t<div class=\"elementor-container elementor-column-gap-wide\">\n\t\t\t\t\t<div class=\"elementor-column elementor-col-33 elementor-top-column elementor-element elementor-element-2c329341\" data-id=\"2c329341\" data-element_type=\"column\">\n\t\t\t<div class=\"elementor-widget-wrap elementor-element-populated\">\n\t\t\t\t\t\t<div class=\"elementor-element elementor-element-3327e9c5 elementor-widget elementor-widget-text-editor\" data-id=\"3327e9c5\" data-element_type=\"widget\" data-widget_type=\"text-editor.default\">\n\t\t\t\t<div class=\"elementor-widget-container\">\n\t\t\t\t\t\t\t\t\tSonntag, 9.4.2023\t\t\t\t\t\t\t\t<\/div>\n\t\t\t\t<\/div>\n\t\t\t\t<div class=\"elementor-element elementor-element-2faffde7 elementor-widget elementor-widget-text-editor\" data-id=\"2faffde7\" data-element_type=\"widget\" data-widget_type=\"text-editor.default\">\n\t\t\t\t<div class=\"elementor-widget-container\">\n\t\t\t\t\t\t\t\t\t16.30 Uhr\t\t\t\t\t\t\t\t<\/div>\n\t\t\t\t<\/div>\n\t\t\t\t<div class=\"elementor-element elementor-element-16b635aa elementor-widget elementor-widget-image\" data-id=\"16b635aa\" data-element_type=\"widget\" data-widget_type=\"image.default\">\n\t\t\t\t<div class=\"elementor-widget-container\">\n\t\t\t\t\t\t\t\t\t\t\t\t\t\t\t\t<a href=\"https:\/\/andermattmusic.ch\/de\/event\/die-geschichte-vom-soldaten\/\">\n\t\t\t\t\t\t\t<img loading=\"lazy\" decoding=\"async\" width=\"700\" height=\"700\" src=\"https:\/\/andermattmusic.ch\/wp-content\/uploads\/2022\/06\/KONZERT_09.04.2023-700x700.jpg\" class=\"attachment-performers_list_image size-performers_list_image wp-image-6095\" alt=\"Andri Schenardi\" srcset=\"https:\/\/andermattmusic.ch\/wp-content\/uploads\/2022\/06\/KONZERT_09.04.2023-700x700.jpg 700w, https:\/\/andermattmusic.ch\/wp-content\/uploads\/2022\/06\/KONZERT_09.04.2023-150x150.jpg 150w\" sizes=\"(max-width: 700px) 100vw, 700px\" \/>\t\t\t\t\t\t\t\t<\/a>\n\t\t\t\t\t\t\t\t\t\t\t\t\t\t\t<\/div>\n\t\t\t\t<\/div>\n\t\t\t\t\t<\/div>\n\t\t<\/div>\n\t\t\t\t<div class=\"elementor-column elementor-col-66 elementor-top-column elementor-element elementor-element-79fd2a9d\" data-id=\"79fd2a9d\" data-element_type=\"column\">\n\t\t\t<div class=\"elementor-widget-wrap elementor-element-populated\">\n\t\t\t\t\t\t<div class=\"elementor-element elementor-element-767765d2 elementor-widget elementor-widget-heading\" data-id=\"767765d2\" data-element_type=\"widget\" data-widget_type=\"heading.default\">\n\t\t\t\t<div class=\"elementor-widget-container\">\n\t\t\t\t\t<h2 class=\"elementor-heading-title elementor-size-default\"><a href=\"https:\/\/andermattmusic.ch\/de\/event\/die-geschichte-vom-soldaten\/\">die geschichte vom soldaten<\/a><\/h2>\t\t\t\t<\/div>\n\t\t\t\t<\/div>\n\t\t\t\t<div class=\"elementor-element elementor-element-3d0bc17 elementor-widget elementor-widget-text-editor\" data-id=\"3d0bc17\" data-element_type=\"widget\" data-widget_type=\"text-editor.default\">\n\t\t\t\t<div class=\"elementor-widget-container\">\n\t\t\t\t\t\t\t\t\t<p><strong>MUSIKTHEATER F\u00dcR KLEINES ENSEMBLE<\/strong><\/p>\n<p>Solist*innen des Swiss Orchestra<br \/>\nLena-Lisa W\u00fcstend\u00f6rfer, Leitung<br \/>\nAndri Schenardi, Schauspieler<\/p>\n<p>Der Altdorfer Schauspieler Andri Schenardi und Mitglieder des Swiss Orchestra erz\u00e4hlen ein altes M\u00e4rchen von einer Geige, einem Zauberbuch, vom Teufel und von der Verheissung des grossen Reichtums.<\/p>\n&mdash;\t\t\t\t\t\t\t\t<\/div>\n\t\t\t\t<\/div>\n\t\t\t\t<section class=\"elementor-section elementor-inner-section elementor-element elementor-element-5b459e1 elementor-section-full_width elementor-section-height-default elementor-section-height-default\" data-id=\"5b459e1\" data-element_type=\"section\">\n\t\t\t\t\t\t<div class=\"elementor-container elementor-column-gap-no\">\n\t\t\t\t\t<div class=\"elementor-column elementor-col-100 elementor-inner-column elementor-element elementor-element-599d41ac\" data-id=\"599d41ac\" data-element_type=\"column\">\n\t\t\t<div class=\"elementor-widget-wrap elementor-element-populated\">\n\t\t\t\t\t\t<div class=\"elementor-element elementor-element-2e8a5eeb elementor-widget__width-auto elementor-widget elementor-widget-button\" data-id=\"2e8a5eeb\" data-element_type=\"widget\" data-widget_type=\"button.default\">\n\t\t\t\t<div class=\"elementor-widget-container\">\n\t\t\t\t\t\t\t\t\t<div class=\"elementor-button-wrapper\">\n\t\t\t\t\t<a class=\"elementor-button elementor-button-link elementor-size-lg\" href=\"https:\/\/andermattmusic.ch\/de\/event\/die-geschichte-vom-soldaten\/\">\n\t\t\t\t\t\t<span class=\"elementor-button-content-wrapper\">\n\t\t\t\t\t\t<span class=\"elementor-button-icon\">\n\t\t\t\t<svg xmlns=\"http:\/\/www.w3.org\/2000\/svg\" xmlns:xlink=\"http:\/\/www.w3.org\/1999\/xlink\" x=\"0px\" y=\"0px\" viewBox=\"0 0 35 35.2\" xml:space=\"preserve\"><path fill=\"currentColor\" d=\"M17.5,0.9C8.387,0.9,1,8.287,1,17.4c0,9.113,7.387,16.5,16.5,16.5S34,26.513,34,17.4 C34,8.287,26.613,0.9,17.5,0.9z M14.3,30l-1.2-1.2l11.1-11.1l-10.9-11l1.3-1.3l12.2,12.2L14.3,30z\"><\/path><\/svg>\t\t\t<\/span>\n\t\t\t\t\t\t\t\t\t<span class=\"elementor-button-text\">Programm<\/span>\n\t\t\t\t\t<\/span>\n\t\t\t\t\t<\/a>\n\t\t\t\t<\/div>\n\t\t\t\t\t\t\t\t<\/div>\n\t\t\t\t<\/div>\n\t\t\t\t\t<\/div>\n\t\t<\/div>\n\t\t\t\t\t<\/div>\n\t\t<\/section>\n\t\t\t\t\t<\/div>\n\t\t<\/div>\n\t\t\t\t\t<\/div>\n\t\t<\/section>\n\t\t\t\t<\/div>\n\t\t\t\t<\/article>\n\t\t\t\t<article id=\"post-6058\" class=\"elementor-post elementor-grid-item ecs-post-loop post-6058 event type-event status-publish has-post-thumbnail hentry\">\n\t\t\t\t<div data-elementor-type=\"loop\" data-elementor-id=\"5729\" class=\"elementor elementor-5729 post-6058 event type-event status-publish has-post-thumbnail hentry\" data-elementor-post-type=\"elementor_library\">\n\t\t\t\t\t<section class=\"elementor-section elementor-top-section elementor-element elementor-element-4acc5669 elementor-section-boxed elementor-section-height-default elementor-section-height-default\" data-id=\"4acc5669\" data-element_type=\"section\">\n\t\t\t\t\t\t<div class=\"elementor-container elementor-column-gap-wide\">\n\t\t\t\t\t<div class=\"elementor-column elementor-col-33 elementor-top-column elementor-element elementor-element-2c329341\" data-id=\"2c329341\" data-element_type=\"column\">\n\t\t\t<div class=\"elementor-widget-wrap elementor-element-populated\">\n\t\t\t\t\t\t<div class=\"elementor-element elementor-element-3327e9c5 elementor-widget elementor-widget-text-editor\" data-id=\"3327e9c5\" data-element_type=\"widget\" data-widget_type=\"text-editor.default\">\n\t\t\t\t<div class=\"elementor-widget-container\">\n\t\t\t\t\t\t\t\t\tSamstag, 8.4.2023\t\t\t\t\t\t\t\t<\/div>\n\t\t\t\t<\/div>\n\t\t\t\t<div class=\"elementor-element elementor-element-2faffde7 elementor-widget elementor-widget-text-editor\" data-id=\"2faffde7\" data-element_type=\"widget\" data-widget_type=\"text-editor.default\">\n\t\t\t\t<div class=\"elementor-widget-container\">\n\t\t\t\t\t\t\t\t\t17.30 Uhr\t\t\t\t\t\t\t\t<\/div>\n\t\t\t\t<\/div>\n\t\t\t\t<div class=\"elementor-element elementor-element-16b635aa elementor-widget elementor-widget-image\" data-id=\"16b635aa\" data-element_type=\"widget\" data-widget_type=\"image.default\">\n\t\t\t\t<div class=\"elementor-widget-container\">\n\t\t\t\t\t\t\t\t\t\t\t\t\t\t\t\t<a href=\"https:\/\/andermattmusic.ch\/de\/event\/schaebyschigg\/\">\n\t\t\t\t\t\t\t<img loading=\"lazy\" decoding=\"async\" width=\"700\" height=\"700\" src=\"https:\/\/andermattmusic.ch\/wp-content\/uploads\/2022\/06\/KONZERT_08.04.2023-700x700.jpg\" class=\"attachment-performers_list_image size-performers_list_image wp-image-6093\" alt=\"Sch\u00e4byschigg\" srcset=\"https:\/\/andermattmusic.ch\/wp-content\/uploads\/2022\/06\/KONZERT_08.04.2023-700x700.jpg 700w, https:\/\/andermattmusic.ch\/wp-content\/uploads\/2022\/06\/KONZERT_08.04.2023-150x150.jpg 150w\" sizes=\"(max-width: 700px) 100vw, 700px\" \/>\t\t\t\t\t\t\t\t<\/a>\n\t\t\t\t\t\t\t\t\t\t\t\t\t\t\t<\/div>\n\t\t\t\t<\/div>\n\t\t\t\t\t<\/div>\n\t\t<\/div>\n\t\t\t\t<div class=\"elementor-column elementor-col-66 elementor-top-column elementor-element elementor-element-79fd2a9d\" data-id=\"79fd2a9d\" data-element_type=\"column\">\n\t\t\t<div class=\"elementor-widget-wrap elementor-element-populated\">\n\t\t\t\t\t\t<div class=\"elementor-element elementor-element-767765d2 elementor-widget elementor-widget-heading\" data-id=\"767765d2\" data-element_type=\"widget\" data-widget_type=\"heading.default\">\n\t\t\t\t<div class=\"elementor-widget-container\">\n\t\t\t\t\t<h2 class=\"elementor-heading-title elementor-size-default\"><a href=\"https:\/\/andermattmusic.ch\/de\/event\/schaebyschigg\/\">sch\u00e4byschigg<\/a><\/h2>\t\t\t\t<\/div>\n\t\t\t\t<\/div>\n\t\t\t\t<div class=\"elementor-element elementor-element-3d0bc17 elementor-widget elementor-widget-text-editor\" data-id=\"3d0bc17\" data-element_type=\"widget\" data-widget_type=\"text-editor.default\">\n\t\t\t\t<div class=\"elementor-widget-container\">\n\t\t\t\t\t\t\t\t\t<p><strong>NEUE VOLKSMUSIK<\/strong><\/p>\n<p>Sch\u00e4byschigg:<br \/>\nDavid Jud, Klarinette<br \/>\nGuillermo Casillas, Trompete<br \/>\nFabian Jud, Trompete<br \/>\nJ\u00e9r\u00f4me M\u00fcller, Basstrompete<br \/>\nTobi Zwyer, Tuba<\/p>\n<p>Bei Sch\u00e4byschigg ist der Bandname durch und durch Programm: Zeitlose Musik mit traditioneller Besetzung, aber modern interpretiert.<\/p>\n&mdash;\t\t\t\t\t\t\t\t<\/div>\n\t\t\t\t<\/div>\n\t\t\t\t<section class=\"elementor-section elementor-inner-section elementor-element elementor-element-5b459e1 elementor-section-full_width elementor-section-height-default elementor-section-height-default\" data-id=\"5b459e1\" data-element_type=\"section\">\n\t\t\t\t\t\t<div class=\"elementor-container elementor-column-gap-no\">\n\t\t\t\t\t<div class=\"elementor-column elementor-col-100 elementor-inner-column elementor-element elementor-element-599d41ac\" data-id=\"599d41ac\" data-element_type=\"column\">\n\t\t\t<div class=\"elementor-widget-wrap elementor-element-populated\">\n\t\t\t\t\t\t<div class=\"elementor-element elementor-element-2e8a5eeb elementor-widget__width-auto elementor-widget elementor-widget-button\" data-id=\"2e8a5eeb\" data-element_type=\"widget\" data-widget_type=\"button.default\">\n\t\t\t\t<div class=\"elementor-widget-container\">\n\t\t\t\t\t\t\t\t\t<div class=\"elementor-button-wrapper\">\n\t\t\t\t\t<a class=\"elementor-button elementor-button-link elementor-size-lg\" href=\"https:\/\/andermattmusic.ch\/de\/event\/schaebyschigg\/\">\n\t\t\t\t\t\t<span class=\"elementor-button-content-wrapper\">\n\t\t\t\t\t\t<span class=\"elementor-button-icon\">\n\t\t\t\t<svg xmlns=\"http:\/\/www.w3.org\/2000\/svg\" xmlns:xlink=\"http:\/\/www.w3.org\/1999\/xlink\" x=\"0px\" y=\"0px\" viewBox=\"0 0 35 35.2\" xml:space=\"preserve\"><path fill=\"currentColor\" d=\"M17.5,0.9C8.387,0.9,1,8.287,1,17.4c0,9.113,7.387,16.5,16.5,16.5S34,26.513,34,17.4 C34,8.287,26.613,0.9,17.5,0.9z M14.3,30l-1.2-1.2l11.1-11.1l-10.9-11l1.3-1.3l12.2,12.2L14.3,30z\"><\/path><\/svg>\t\t\t<\/span>\n\t\t\t\t\t\t\t\t\t<span class=\"elementor-button-text\">Programm<\/span>\n\t\t\t\t\t<\/span>\n\t\t\t\t\t<\/a>\n\t\t\t\t<\/div>\n\t\t\t\t\t\t\t\t<\/div>\n\t\t\t\t<\/div>\n\t\t\t\t\t<\/div>\n\t\t<\/div>\n\t\t\t\t\t<\/div>\n\t\t<\/section>\n\t\t\t\t\t<\/div>\n\t\t<\/div>\n\t\t\t\t\t<\/div>\n\t\t<\/section>\n\t\t\t\t<\/div>\n\t\t\t\t<\/article>\n\t\t\t\t<article id=\"post-6050\" class=\"elementor-post elementor-grid-item ecs-post-loop post-6050 event type-event status-publish has-post-thumbnail hentry composer-camille-saint-saens\">\n\t\t\t\t<div data-elementor-type=\"loop\" data-elementor-id=\"5729\" class=\"elementor elementor-5729 post-6050 event type-event status-publish has-post-thumbnail hentry composer-camille-saint-saens\" data-elementor-post-type=\"elementor_library\">\n\t\t\t\t\t<section class=\"elementor-section elementor-top-section elementor-element elementor-element-4acc5669 elementor-section-boxed elementor-section-height-default elementor-section-height-default\" data-id=\"4acc5669\" data-element_type=\"section\">\n\t\t\t\t\t\t<div class=\"elementor-container elementor-column-gap-wide\">\n\t\t\t\t\t<div class=\"elementor-column elementor-col-33 elementor-top-column elementor-element elementor-element-2c329341\" data-id=\"2c329341\" data-element_type=\"column\">\n\t\t\t<div class=\"elementor-widget-wrap elementor-element-populated\">\n\t\t\t\t\t\t<div class=\"elementor-element elementor-element-3327e9c5 elementor-widget elementor-widget-text-editor\" data-id=\"3327e9c5\" data-element_type=\"widget\" data-widget_type=\"text-editor.default\">\n\t\t\t\t<div class=\"elementor-widget-container\">\n\t\t\t\t\t\t\t\t\tSonntag, 19.3.2023\t\t\t\t\t\t\t\t<\/div>\n\t\t\t\t<\/div>\n\t\t\t\t<div class=\"elementor-element elementor-element-2faffde7 elementor-widget elementor-widget-text-editor\" data-id=\"2faffde7\" data-element_type=\"widget\" data-widget_type=\"text-editor.default\">\n\t\t\t\t<div class=\"elementor-widget-container\">\n\t\t\t\t\t\t\t\t\t16.00 Uhr\t\t\t\t\t\t\t\t<\/div>\n\t\t\t\t<\/div>\n\t\t\t\t<div class=\"elementor-element elementor-element-16b635aa elementor-widget elementor-widget-image\" data-id=\"16b635aa\" data-element_type=\"widget\" data-widget_type=\"image.default\">\n\t\t\t\t<div class=\"elementor-widget-container\">\n\t\t\t\t\t\t\t\t\t\t\t\t\t\t\t\t<a href=\"https:\/\/andermattmusic.ch\/de\/event\/karneval-der-tiere\/\">\n\t\t\t\t\t\t\t<img loading=\"lazy\" decoding=\"async\" width=\"700\" height=\"700\" src=\"https:\/\/andermattmusic.ch\/wp-content\/uploads\/2022\/06\/KONZERT_19.03.2023-700x700.jpg\" class=\"attachment-performers_list_image size-performers_list_image wp-image-6107\" alt=\"Karneval der Tiere\" srcset=\"https:\/\/andermattmusic.ch\/wp-content\/uploads\/2022\/06\/KONZERT_19.03.2023-700x700.jpg 700w, https:\/\/andermattmusic.ch\/wp-content\/uploads\/2022\/06\/KONZERT_19.03.2023-150x150.jpg 150w\" sizes=\"(max-width: 700px) 100vw, 700px\" \/>\t\t\t\t\t\t\t\t<\/a>\n\t\t\t\t\t\t\t\t\t\t\t\t\t\t\t<\/div>\n\t\t\t\t<\/div>\n\t\t\t\t\t<\/div>\n\t\t<\/div>\n\t\t\t\t<div class=\"elementor-column elementor-col-66 elementor-top-column elementor-element elementor-element-79fd2a9d\" data-id=\"79fd2a9d\" data-element_type=\"column\">\n\t\t\t<div class=\"elementor-widget-wrap elementor-element-populated\">\n\t\t\t\t\t\t<div class=\"elementor-element elementor-element-767765d2 elementor-widget elementor-widget-heading\" data-id=\"767765d2\" data-element_type=\"widget\" data-widget_type=\"heading.default\">\n\t\t\t\t<div class=\"elementor-widget-container\">\n\t\t\t\t\t<h2 class=\"elementor-heading-title elementor-size-default\"><a href=\"https:\/\/andermattmusic.ch\/de\/event\/karneval-der-tiere\/\">karneval der tiere<\/a><\/h2>\t\t\t\t<\/div>\n\t\t\t\t<\/div>\n\t\t\t\t<div class=\"elementor-element elementor-element-3d0bc17 elementor-widget elementor-widget-text-editor\" data-id=\"3d0bc17\" data-element_type=\"widget\" data-widget_type=\"text-editor.default\">\n\t\t\t\t<div class=\"elementor-widget-container\">\n\t\t\t\t\t\t\t\t\t<p><strong>FAMILIENKONZERT<\/strong><\/p>\n<p>Swiss Orchestra<br \/>\nRaphael Immoos, Leitung<br \/>\nJoseph-Maurice Weder, Klavier<br \/>\nAglaia Graf, Klavier<br \/>\nBernhard Russi, Erz\u00e4hler<br \/>\nSch\u00fcler*innen der Musikschule Uri und der Talentf\u00f6rderung Musik Kanton Luzern<\/p>\n<p>In Kooperation mit der Musikschule Uri und der Talentf\u00f6rderung Musik Kanton Luzern veranstaltet ANDERMATT MUSIC ein Generationen \u00fcbergreifendes Familienkonzert. Mit dabei sind das Swiss Orchestra und Bernhard Russi als Erz\u00e4hler.<\/p>\n&mdash;\t\t\t\t\t\t\t\t<\/div>\n\t\t\t\t<\/div>\n\t\t\t\t<section class=\"elementor-section elementor-inner-section elementor-element elementor-element-5b459e1 elementor-section-full_width elementor-section-height-default elementor-section-height-default\" data-id=\"5b459e1\" data-element_type=\"section\">\n\t\t\t\t\t\t<div class=\"elementor-container elementor-column-gap-no\">\n\t\t\t\t\t<div class=\"elementor-column elementor-col-100 elementor-inner-column elementor-element elementor-element-599d41ac\" data-id=\"599d41ac\" data-element_type=\"column\">\n\t\t\t<div class=\"elementor-widget-wrap elementor-element-populated\">\n\t\t\t\t\t\t<div class=\"elementor-element elementor-element-2e8a5eeb elementor-widget__width-auto elementor-widget elementor-widget-button\" data-id=\"2e8a5eeb\" data-element_type=\"widget\" data-widget_type=\"button.default\">\n\t\t\t\t<div class=\"elementor-widget-container\">\n\t\t\t\t\t\t\t\t\t<div class=\"elementor-button-wrapper\">\n\t\t\t\t\t<a class=\"elementor-button elementor-button-link elementor-size-lg\" href=\"https:\/\/andermattmusic.ch\/de\/event\/karneval-der-tiere\/\">\n\t\t\t\t\t\t<span class=\"elementor-button-content-wrapper\">\n\t\t\t\t\t\t<span class=\"elementor-button-icon\">\n\t\t\t\t<svg xmlns=\"http:\/\/www.w3.org\/2000\/svg\" xmlns:xlink=\"http:\/\/www.w3.org\/1999\/xlink\" x=\"0px\" y=\"0px\" viewBox=\"0 0 35 35.2\" xml:space=\"preserve\"><path fill=\"currentColor\" d=\"M17.5,0.9C8.387,0.9,1,8.287,1,17.4c0,9.113,7.387,16.5,16.5,16.5S34,26.513,34,17.4 C34,8.287,26.613,0.9,17.5,0.9z M14.3,30l-1.2-1.2l11.1-11.1l-10.9-11l1.3-1.3l12.2,12.2L14.3,30z\"><\/path><\/svg>\t\t\t<\/span>\n\t\t\t\t\t\t\t\t\t<span class=\"elementor-button-text\">Programm<\/span>\n\t\t\t\t\t<\/span>\n\t\t\t\t\t<\/a>\n\t\t\t\t<\/div>\n\t\t\t\t\t\t\t\t<\/div>\n\t\t\t\t<\/div>\n\t\t\t\t\t<\/div>\n\t\t<\/div>\n\t\t\t\t\t<\/div>\n\t\t<\/section>\n\t\t\t\t\t<\/div>\n\t\t<\/div>\n\t\t\t\t\t<\/div>\n\t\t<\/section>\n\t\t\t\t<\/div>\n\t\t\t\t<\/article>\n\t\t\t\t<article id=\"post-6046\" class=\"elementor-post elementor-grid-item ecs-post-loop post-6046 event type-event status-publish has-post-thumbnail hentry composer-antonin-dvorak composer-edouard-dupuy composer-maurice-ravel\">\n\t\t\t\t<div data-elementor-type=\"loop\" data-elementor-id=\"5729\" class=\"elementor elementor-5729 post-6046 event type-event status-publish has-post-thumbnail hentry composer-antonin-dvorak composer-edouard-dupuy composer-maurice-ravel\" data-elementor-post-type=\"elementor_library\">\n\t\t\t\t\t<section class=\"elementor-section elementor-top-section elementor-element elementor-element-4acc5669 elementor-section-boxed elementor-section-height-default elementor-section-height-default\" data-id=\"4acc5669\" data-element_type=\"section\">\n\t\t\t\t\t\t<div class=\"elementor-container elementor-column-gap-wide\">\n\t\t\t\t\t<div class=\"elementor-column elementor-col-33 elementor-top-column elementor-element elementor-element-2c329341\" data-id=\"2c329341\" data-element_type=\"column\">\n\t\t\t<div class=\"elementor-widget-wrap elementor-element-populated\">\n\t\t\t\t\t\t<div class=\"elementor-element elementor-element-3327e9c5 elementor-widget elementor-widget-text-editor\" data-id=\"3327e9c5\" data-element_type=\"widget\" data-widget_type=\"text-editor.default\">\n\t\t\t\t<div class=\"elementor-widget-container\">\n\t\t\t\t\t\t\t\t\tSamstag, 18.3.2023\t\t\t\t\t\t\t\t<\/div>\n\t\t\t\t<\/div>\n\t\t\t\t<div class=\"elementor-element elementor-element-2faffde7 elementor-widget elementor-widget-text-editor\" data-id=\"2faffde7\" data-element_type=\"widget\" data-widget_type=\"text-editor.default\">\n\t\t\t\t<div class=\"elementor-widget-container\">\n\t\t\t\t\t\t\t\t\t19.30 Uhr\t\t\t\t\t\t\t\t<\/div>\n\t\t\t\t<\/div>\n\t\t\t\t<div class=\"elementor-element elementor-element-16b635aa elementor-widget elementor-widget-image\" data-id=\"16b635aa\" data-element_type=\"widget\" data-widget_type=\"image.default\">\n\t\t\t\t<div class=\"elementor-widget-container\">\n\t\t\t\t\t\t\t\t\t\t\t\t\t\t\t\t<a href=\"https:\/\/andermattmusic.ch\/de\/event\/ensemble-lairchet\/\">\n\t\t\t\t\t\t\t<img loading=\"lazy\" decoding=\"async\" width=\"700\" height=\"700\" src=\"https:\/\/andermattmusic.ch\/wp-content\/uploads\/2022\/07\/KONZERT_18.03.2023_VARIANTE-700x700.jpg\" class=\"attachment-performers_list_image size-performers_list_image wp-image-6550\" alt=\"\" srcset=\"https:\/\/andermattmusic.ch\/wp-content\/uploads\/2022\/07\/KONZERT_18.03.2023_VARIANTE-700x700.jpg 700w, https:\/\/andermattmusic.ch\/wp-content\/uploads\/2022\/07\/KONZERT_18.03.2023_VARIANTE-150x150.jpg 150w\" sizes=\"(max-width: 700px) 100vw, 700px\" \/>\t\t\t\t\t\t\t\t<\/a>\n\t\t\t\t\t\t\t\t\t\t\t\t\t\t\t<\/div>\n\t\t\t\t<\/div>\n\t\t\t\t\t<\/div>\n\t\t<\/div>\n\t\t\t\t<div class=\"elementor-column elementor-col-66 elementor-top-column elementor-element elementor-element-79fd2a9d\" data-id=\"79fd2a9d\" data-element_type=\"column\">\n\t\t\t<div class=\"elementor-widget-wrap elementor-element-populated\">\n\t\t\t\t\t\t<div class=\"elementor-element elementor-element-767765d2 elementor-widget elementor-widget-heading\" data-id=\"767765d2\" data-element_type=\"widget\" data-widget_type=\"heading.default\">\n\t\t\t\t<div class=\"elementor-widget-container\">\n\t\t\t\t\t<h2 class=\"elementor-heading-title elementor-size-default\"><a href=\"https:\/\/andermattmusic.ch\/de\/event\/ensemble-lairchet\/\">ensemble l&#8217;airchet<\/a><\/h2>\t\t\t\t<\/div>\n\t\t\t\t<\/div>\n\t\t\t\t<div class=\"elementor-element elementor-element-3d0bc17 elementor-widget elementor-widget-text-editor\" data-id=\"3d0bc17\" data-element_type=\"widget\" data-widget_type=\"text-editor.default\">\n\t\t\t\t<div class=\"elementor-widget-container\">\n\t\t\t\t\t\t\t\t\t<p><strong>KAMMERMUSIK<\/strong><\/p>\n<p>Ensemble l&#8217;Airchet:<br \/>\nFrederic S\u00e1nchez Mu\u00f1oz, Fl\u00f6te<br \/>\nSherniyaz Mussakhan, Violine<br \/>\nJana Ozolina, Violine<br \/>\nLech Antonio Uszynski, Viola<br \/>\nGunta \u0100bele, Violoncello<\/p>\n<p>Das Ensemble \u00abl&#8217;Airchet\u00bb, bestehend aus Mitgliedern des Swiss Orchestra, entdeckt den Schweizer Edouard Dupuy, taucht Ravel in neue Klangfarben und erfreut mit einem Klassiker von Dvo\u0159\u00e1k.<\/p>\n&mdash;\t\t\t\t\t\t\t\t<\/div>\n\t\t\t\t<\/div>\n\t\t\t\t<section class=\"elementor-section elementor-inner-section elementor-element elementor-element-5b459e1 elementor-section-full_width elementor-section-height-default elementor-section-height-default\" data-id=\"5b459e1\" data-element_type=\"section\">\n\t\t\t\t\t\t<div class=\"elementor-container elementor-column-gap-no\">\n\t\t\t\t\t<div class=\"elementor-column elementor-col-100 elementor-inner-column elementor-element elementor-element-599d41ac\" data-id=\"599d41ac\" data-element_type=\"column\">\n\t\t\t<div class=\"elementor-widget-wrap elementor-element-populated\">\n\t\t\t\t\t\t<div class=\"elementor-element elementor-element-2e8a5eeb elementor-widget__width-auto elementor-widget elementor-widget-button\" data-id=\"2e8a5eeb\" data-element_type=\"widget\" data-widget_type=\"button.default\">\n\t\t\t\t<div class=\"elementor-widget-container\">\n\t\t\t\t\t\t\t\t\t<div class=\"elementor-button-wrapper\">\n\t\t\t\t\t<a class=\"elementor-button elementor-button-link elementor-size-lg\" href=\"https:\/\/andermattmusic.ch\/de\/event\/ensemble-lairchet\/\">\n\t\t\t\t\t\t<span class=\"elementor-button-content-wrapper\">\n\t\t\t\t\t\t<span class=\"elementor-button-icon\">\n\t\t\t\t<svg xmlns=\"http:\/\/www.w3.org\/2000\/svg\" xmlns:xlink=\"http:\/\/www.w3.org\/1999\/xlink\" x=\"0px\" y=\"0px\" viewBox=\"0 0 35 35.2\" xml:space=\"preserve\"><path fill=\"currentColor\" d=\"M17.5,0.9C8.387,0.9,1,8.287,1,17.4c0,9.113,7.387,16.5,16.5,16.5S34,26.513,34,17.4 C34,8.287,26.613,0.9,17.5,0.9z M14.3,30l-1.2-1.2l11.1-11.1l-10.9-11l1.3-1.3l12.2,12.2L14.3,30z\"><\/path><\/svg>\t\t\t<\/span>\n\t\t\t\t\t\t\t\t\t<span class=\"elementor-button-text\">Programm<\/span>\n\t\t\t\t\t<\/span>\n\t\t\t\t\t<\/a>\n\t\t\t\t<\/div>\n\t\t\t\t\t\t\t\t<\/div>\n\t\t\t\t<\/div>\n\t\t\t\t\t<\/div>\n\t\t<\/div>\n\t\t\t\t\t<\/div>\n\t\t<\/section>\n\t\t\t\t\t<\/div>\n\t\t<\/div>\n\t\t\t\t\t<\/div>\n\t\t<\/section>\n\t\t\t\t<\/div>\n\t\t\t\t<\/article>\n\t\t\t\t<article id=\"post-6040\" class=\"elementor-post elementor-grid-item ecs-post-loop post-6040 event type-event status-publish has-post-thumbnail hentry\">\n\t\t\t\t<div data-elementor-type=\"loop\" data-elementor-id=\"5729\" class=\"elementor elementor-5729 post-6040 event type-event status-publish has-post-thumbnail hentry\" data-elementor-post-type=\"elementor_library\">\n\t\t\t\t\t<section class=\"elementor-section elementor-top-section elementor-element elementor-element-4acc5669 elementor-section-boxed elementor-section-height-default elementor-section-height-default\" data-id=\"4acc5669\" data-element_type=\"section\">\n\t\t\t\t\t\t<div class=\"elementor-container elementor-column-gap-wide\">\n\t\t\t\t\t<div class=\"elementor-column elementor-col-33 elementor-top-column elementor-element elementor-element-2c329341\" data-id=\"2c329341\" data-element_type=\"column\">\n\t\t\t<div class=\"elementor-widget-wrap elementor-element-populated\">\n\t\t\t\t\t\t<div class=\"elementor-element elementor-element-3327e9c5 elementor-widget elementor-widget-text-editor\" data-id=\"3327e9c5\" data-element_type=\"widget\" data-widget_type=\"text-editor.default\">\n\t\t\t\t<div class=\"elementor-widget-container\">\n\t\t\t\t\t\t\t\t\tSonntag, 19.2.2023\t\t\t\t\t\t\t\t<\/div>\n\t\t\t\t<\/div>\n\t\t\t\t<div class=\"elementor-element elementor-element-2faffde7 elementor-widget elementor-widget-text-editor\" data-id=\"2faffde7\" data-element_type=\"widget\" data-widget_type=\"text-editor.default\">\n\t\t\t\t<div class=\"elementor-widget-container\">\n\t\t\t\t\t\t\t\t\t16.30 Uhr\t\t\t\t\t\t\t\t<\/div>\n\t\t\t\t<\/div>\n\t\t\t\t<div class=\"elementor-element elementor-element-16b635aa elementor-widget elementor-widget-image\" data-id=\"16b635aa\" data-element_type=\"widget\" data-widget_type=\"image.default\">\n\t\t\t\t<div class=\"elementor-widget-container\">\n\t\t\t\t\t\t\t\t\t\t\t\t\t\t\t\t<a href=\"https:\/\/andermattmusic.ch\/de\/event\/eiger-moench-urschwyz\/\">\n\t\t\t\t\t\t\t<img loading=\"lazy\" decoding=\"async\" width=\"700\" height=\"700\" src=\"https:\/\/andermattmusic.ch\/wp-content\/uploads\/2022\/06\/EIGER_MOENCH_UND_URSCHWYZ-700x700.jpg\" class=\"attachment-performers_list_image size-performers_list_image wp-image-6137\" alt=\"Eiger M\u00f6nch &amp; UrSchwyz\" srcset=\"https:\/\/andermattmusic.ch\/wp-content\/uploads\/2022\/06\/EIGER_MOENCH_UND_URSCHWYZ-700x700.jpg 700w, https:\/\/andermattmusic.ch\/wp-content\/uploads\/2022\/06\/EIGER_MOENCH_UND_URSCHWYZ-300x300.jpg 300w, https:\/\/andermattmusic.ch\/wp-content\/uploads\/2022\/06\/EIGER_MOENCH_UND_URSCHWYZ-1024x1024.jpg 1024w, https:\/\/andermattmusic.ch\/wp-content\/uploads\/2022\/06\/EIGER_MOENCH_UND_URSCHWYZ-150x150.jpg 150w, https:\/\/andermattmusic.ch\/wp-content\/uploads\/2022\/06\/EIGER_MOENCH_UND_URSCHWYZ-768x768.jpg 768w, https:\/\/andermattmusic.ch\/wp-content\/uploads\/2022\/06\/EIGER_MOENCH_UND_URSCHWYZ.jpg 1134w\" sizes=\"(max-width: 700px) 100vw, 700px\" \/>\t\t\t\t\t\t\t\t<\/a>\n\t\t\t\t\t\t\t\t\t\t\t\t\t\t\t<\/div>\n\t\t\t\t<\/div>\n\t\t\t\t\t<\/div>\n\t\t<\/div>\n\t\t\t\t<div class=\"elementor-column elementor-col-66 elementor-top-column elementor-element elementor-element-79fd2a9d\" data-id=\"79fd2a9d\" data-element_type=\"column\">\n\t\t\t<div class=\"elementor-widget-wrap elementor-element-populated\">\n\t\t\t\t\t\t<div class=\"elementor-element elementor-element-767765d2 elementor-widget elementor-widget-heading\" data-id=\"767765d2\" data-element_type=\"widget\" data-widget_type=\"heading.default\">\n\t\t\t\t<div class=\"elementor-widget-container\">\n\t\t\t\t\t<h2 class=\"elementor-heading-title elementor-size-default\"><a href=\"https:\/\/andermattmusic.ch\/de\/event\/eiger-moench-urschwyz\/\">eiger m\u00f6nch &#038; urschwyz<\/a><\/h2>\t\t\t\t<\/div>\n\t\t\t\t<\/div>\n\t\t\t\t<div class=\"elementor-element elementor-element-3d0bc17 elementor-widget elementor-widget-text-editor\" data-id=\"3d0bc17\" data-element_type=\"widget\" data-widget_type=\"text-editor.default\">\n\t\t\t\t<div class=\"elementor-widget-container\">\n\t\t\t\t\t\t\t\t\t<p><strong>NEUE VOLKSMUSIK<\/strong><\/p>\n<p>Eiger M\u00f6nch &#038; UrSchwyz:<br \/>\nMaria Gehrig, Violine<br \/>\nHanna Landolt, Violine<br \/>\nKristina\u00a0Brunner, Cello &#038; Schwyzer\u00f6rgeli<br \/>\nEvelyn\u00a0Brunner, Kontrabass<\/p>\n<p>G\u00e4ste:<br \/>\nDani H\u00e4usler, Klarinette<br \/>\nFr\u00e4nggi Gehrig, Akkordeon<\/p>\n<p>Vier junge Musikerinnen um Maria Gehrig lassen den Streicherfolk wieder so richtig aufleben. Unterst\u00fctzt wird Eiger M\u00f6nch &#038; UrSchwyz von Dani H\u00e4usler (Klarinette) und Fr\u00e4nggi Gehrig (Akkordeon).<\/p>\n&mdash;\t\t\t\t\t\t\t\t<\/div>\n\t\t\t\t<\/div>\n\t\t\t\t<section class=\"elementor-section elementor-inner-section elementor-element elementor-element-5b459e1 elementor-section-full_width elementor-section-height-default elementor-section-height-default\" data-id=\"5b459e1\" data-element_type=\"section\">\n\t\t\t\t\t\t<div class=\"elementor-container elementor-column-gap-no\">\n\t\t\t\t\t<div class=\"elementor-column elementor-col-100 elementor-inner-column elementor-element elementor-element-599d41ac\" data-id=\"599d41ac\" data-element_type=\"column\">\n\t\t\t<div class=\"elementor-widget-wrap elementor-element-populated\">\n\t\t\t\t\t\t<div class=\"elementor-element elementor-element-2e8a5eeb elementor-widget__width-auto elementor-widget elementor-widget-button\" data-id=\"2e8a5eeb\" data-element_type=\"widget\" data-widget_type=\"button.default\">\n\t\t\t\t<div class=\"elementor-widget-container\">\n\t\t\t\t\t\t\t\t\t<div class=\"elementor-button-wrapper\">\n\t\t\t\t\t<a class=\"elementor-button elementor-button-link elementor-size-lg\" href=\"https:\/\/andermattmusic.ch\/de\/event\/eiger-moench-urschwyz\/\">\n\t\t\t\t\t\t<span class=\"elementor-button-content-wrapper\">\n\t\t\t\t\t\t<span class=\"elementor-button-icon\">\n\t\t\t\t<svg xmlns=\"http:\/\/www.w3.org\/2000\/svg\" xmlns:xlink=\"http:\/\/www.w3.org\/1999\/xlink\" x=\"0px\" y=\"0px\" viewBox=\"0 0 35 35.2\" xml:space=\"preserve\"><path fill=\"currentColor\" d=\"M17.5,0.9C8.387,0.9,1,8.287,1,17.4c0,9.113,7.387,16.5,16.5,16.5S34,26.513,34,17.4 C34,8.287,26.613,0.9,17.5,0.9z M14.3,30l-1.2-1.2l11.1-11.1l-10.9-11l1.3-1.3l12.2,12.2L14.3,30z\"><\/path><\/svg>\t\t\t<\/span>\n\t\t\t\t\t\t\t\t\t<span class=\"elementor-button-text\">Programm<\/span>\n\t\t\t\t\t<\/span>\n\t\t\t\t\t<\/a>\n\t\t\t\t<\/div>\n\t\t\t\t\t\t\t\t<\/div>\n\t\t\t\t<\/div>\n\t\t\t\t\t<\/div>\n\t\t<\/div>\n\t\t\t\t\t<\/div>\n\t\t<\/section>\n\t\t\t\t\t<\/div>\n\t\t<\/div>\n\t\t\t\t\t<\/div>\n\t\t<\/section>\n\t\t\t\t<\/div>\n\t\t\t\t<\/article>\n\t\t\t\t<article id=\"post-6035\" class=\"elementor-post elementor-grid-item ecs-post-loop post-6035 event type-event status-publish has-post-thumbnail hentry composer-fanny-hensel composer-felix-mendelssohn-bartholdy composer-giacomo-puccini composer-samuel-barber\">\n\t\t\t\t<div data-elementor-type=\"loop\" data-elementor-id=\"5729\" class=\"elementor elementor-5729 post-6035 event type-event status-publish has-post-thumbnail hentry composer-fanny-hensel composer-felix-mendelssohn-bartholdy composer-giacomo-puccini composer-samuel-barber\" data-elementor-post-type=\"elementor_library\">\n\t\t\t\t\t<section class=\"elementor-section elementor-top-section elementor-element elementor-element-4acc5669 elementor-section-boxed elementor-section-height-default elementor-section-height-default\" data-id=\"4acc5669\" data-element_type=\"section\">\n\t\t\t\t\t\t<div class=\"elementor-container elementor-column-gap-wide\">\n\t\t\t\t\t<div class=\"elementor-column elementor-col-33 elementor-top-column elementor-element elementor-element-2c329341\" data-id=\"2c329341\" data-element_type=\"column\">\n\t\t\t<div class=\"elementor-widget-wrap elementor-element-populated\">\n\t\t\t\t\t\t<div class=\"elementor-element elementor-element-3327e9c5 elementor-widget elementor-widget-text-editor\" data-id=\"3327e9c5\" data-element_type=\"widget\" data-widget_type=\"text-editor.default\">\n\t\t\t\t<div class=\"elementor-widget-container\">\n\t\t\t\t\t\t\t\t\tSamstag, 18.2.2023\t\t\t\t\t\t\t\t<\/div>\n\t\t\t\t<\/div>\n\t\t\t\t<div class=\"elementor-element elementor-element-2faffde7 elementor-widget elementor-widget-text-editor\" data-id=\"2faffde7\" data-element_type=\"widget\" data-widget_type=\"text-editor.default\">\n\t\t\t\t<div class=\"elementor-widget-container\">\n\t\t\t\t\t\t\t\t\t19.30 Uhr\t\t\t\t\t\t\t\t<\/div>\n\t\t\t\t<\/div>\n\t\t\t\t<div class=\"elementor-element elementor-element-16b635aa elementor-widget elementor-widget-image\" data-id=\"16b635aa\" data-element_type=\"widget\" data-widget_type=\"image.default\">\n\t\t\t\t<div class=\"elementor-widget-container\">\n\t\t\t\t\t\t\t\t\t\t\t\t\t\t\t\t<a href=\"https:\/\/andermattmusic.ch\/de\/event\/philharmonisches-streichquartett\/\">\n\t\t\t\t\t\t\t<img loading=\"lazy\" decoding=\"async\" width=\"700\" height=\"700\" src=\"https:\/\/andermattmusic.ch\/wp-content\/uploads\/2022\/06\/KONZERT_18.02.2023-700x700.jpg\" class=\"attachment-performers_list_image size-performers_list_image wp-image-6101\" alt=\"Philharmonisches Streichquartett\" srcset=\"https:\/\/andermattmusic.ch\/wp-content\/uploads\/2022\/06\/KONZERT_18.02.2023-700x700.jpg 700w, https:\/\/andermattmusic.ch\/wp-content\/uploads\/2022\/06\/KONZERT_18.02.2023-150x150.jpg 150w\" sizes=\"(max-width: 700px) 100vw, 700px\" \/>\t\t\t\t\t\t\t\t<\/a>\n\t\t\t\t\t\t\t\t\t\t\t\t\t\t\t<\/div>\n\t\t\t\t<\/div>\n\t\t\t\t\t<\/div>\n\t\t<\/div>\n\t\t\t\t<div class=\"elementor-column elementor-col-66 elementor-top-column elementor-element elementor-element-79fd2a9d\" data-id=\"79fd2a9d\" data-element_type=\"column\">\n\t\t\t<div class=\"elementor-widget-wrap elementor-element-populated\">\n\t\t\t\t\t\t<div class=\"elementor-element elementor-element-767765d2 elementor-widget elementor-widget-heading\" data-id=\"767765d2\" data-element_type=\"widget\" data-widget_type=\"heading.default\">\n\t\t\t\t<div class=\"elementor-widget-container\">\n\t\t\t\t\t<h2 class=\"elementor-heading-title elementor-size-default\"><a href=\"https:\/\/andermattmusic.ch\/de\/event\/philharmonisches-streichquartett\/\">philharmonisches streichquartett der berliner philharmoniker<\/a><\/h2>\t\t\t\t<\/div>\n\t\t\t\t<\/div>\n\t\t\t\t<div class=\"elementor-element elementor-element-3d0bc17 elementor-widget elementor-widget-text-editor\" data-id=\"3d0bc17\" data-element_type=\"widget\" data-widget_type=\"text-editor.default\">\n\t\t\t\t<div class=\"elementor-widget-container\">\n\t\t\t\t\t\t\t\t\t<p><strong>WELTKLASSE KAMMERMUSIK<\/strong><\/p>\n<p>Philharmonisches Streichquartett der Berliner Philharmoniker:<br \/>\nHelena Madoka Berg, Violine<br \/>\nDorian Xhoxhi, Violine<br \/>\nNaoko Shimizu, Viola<br \/>\nChristoph Heesch, Cello<\/p>\n<p>Das Philharmonische Streichquartett, bestehend aus Musiker*innen der weltbekannten Berliner Philharmoniker, widmen sich in einem ber\u00fchrenden Konzert den sch\u00f6nsten Trauer-Momenten der Musikgeschichte.<\/p>\n&mdash;\t\t\t\t\t\t\t\t<\/div>\n\t\t\t\t<\/div>\n\t\t\t\t<section class=\"elementor-section elementor-inner-section elementor-element elementor-element-5b459e1 elementor-section-full_width elementor-section-height-default elementor-section-height-default\" data-id=\"5b459e1\" data-element_type=\"section\">\n\t\t\t\t\t\t<div class=\"elementor-container elementor-column-gap-no\">\n\t\t\t\t\t<div class=\"elementor-column elementor-col-100 elementor-inner-column elementor-element elementor-element-599d41ac\" data-id=\"599d41ac\" data-element_type=\"column\">\n\t\t\t<div class=\"elementor-widget-wrap elementor-element-populated\">\n\t\t\t\t\t\t<div class=\"elementor-element elementor-element-2e8a5eeb elementor-widget__width-auto elementor-widget elementor-widget-button\" data-id=\"2e8a5eeb\" data-element_type=\"widget\" data-widget_type=\"button.default\">\n\t\t\t\t<div class=\"elementor-widget-container\">\n\t\t\t\t\t\t\t\t\t<div class=\"elementor-button-wrapper\">\n\t\t\t\t\t<a class=\"elementor-button elementor-button-link elementor-size-lg\" href=\"https:\/\/andermattmusic.ch\/de\/event\/philharmonisches-streichquartett\/\">\n\t\t\t\t\t\t<span class=\"elementor-button-content-wrapper\">\n\t\t\t\t\t\t<span class=\"elementor-button-icon\">\n\t\t\t\t<svg xmlns=\"http:\/\/www.w3.org\/2000\/svg\" xmlns:xlink=\"http:\/\/www.w3.org\/1999\/xlink\" x=\"0px\" y=\"0px\" viewBox=\"0 0 35 35.2\" xml:space=\"preserve\"><path fill=\"currentColor\" d=\"M17.5,0.9C8.387,0.9,1,8.287,1,17.4c0,9.113,7.387,16.5,16.5,16.5S34,26.513,34,17.4 C34,8.287,26.613,0.9,17.5,0.9z M14.3,30l-1.2-1.2l11.1-11.1l-10.9-11l1.3-1.3l12.2,12.2L14.3,30z\"><\/path><\/svg>\t\t\t<\/span>\n\t\t\t\t\t\t\t\t\t<span class=\"elementor-button-text\">Programm<\/span>\n\t\t\t\t\t<\/span>\n\t\t\t\t\t<\/a>\n\t\t\t\t<\/div>\n\t\t\t\t\t\t\t\t<\/div>\n\t\t\t\t<\/div>\n\t\t\t\t\t<\/div>\n\t\t<\/div>\n\t\t\t\t\t<\/div>\n\t\t<\/section>\n\t\t\t\t\t<\/div>\n\t\t<\/div>\n\t\t\t\t\t<\/div>\n\t\t<\/section>\n\t\t\t\t<\/div>\n\t\t\t\t<\/article>\n\t\t\t\t<article id=\"post-6027\" class=\"elementor-post elementor-grid-item ecs-post-loop post-6027 event type-event status-publish has-post-thumbnail hentry composer-camille-saint-saens composer-gustav-mahler composer-hans-huber composer-johann-strauss-sohn composer-johann-strauss-vater composer-joseph-lauber composer-jules-massenet composer-richard-strauss composer-sergei-rachmaninow\">\n\t\t\t\t<div data-elementor-type=\"loop\" data-elementor-id=\"5729\" class=\"elementor elementor-5729 post-6027 event type-event status-publish has-post-thumbnail hentry composer-camille-saint-saens composer-gustav-mahler composer-hans-huber composer-johann-strauss-sohn composer-johann-strauss-vater composer-joseph-lauber composer-jules-massenet composer-richard-strauss composer-sergei-rachmaninow\" data-elementor-post-type=\"elementor_library\">\n\t\t\t\t\t<section class=\"elementor-section elementor-top-section elementor-element elementor-element-4acc5669 elementor-section-boxed elementor-section-height-default elementor-section-height-default\" data-id=\"4acc5669\" data-element_type=\"section\">\n\t\t\t\t\t\t<div class=\"elementor-container elementor-column-gap-wide\">\n\t\t\t\t\t<div class=\"elementor-column elementor-col-33 elementor-top-column elementor-element elementor-element-2c329341\" data-id=\"2c329341\" data-element_type=\"column\">\n\t\t\t<div class=\"elementor-widget-wrap elementor-element-populated\">\n\t\t\t\t\t\t<div class=\"elementor-element elementor-element-3327e9c5 elementor-widget elementor-widget-text-editor\" data-id=\"3327e9c5\" data-element_type=\"widget\" data-widget_type=\"text-editor.default\">\n\t\t\t\t<div class=\"elementor-widget-container\">\n\t\t\t\t\t\t\t\t\tSonntag, 1.1.2023\t\t\t\t\t\t\t\t<\/div>\n\t\t\t\t<\/div>\n\t\t\t\t<div class=\"elementor-element elementor-element-2faffde7 elementor-widget elementor-widget-text-editor\" data-id=\"2faffde7\" data-element_type=\"widget\" data-widget_type=\"text-editor.default\">\n\t\t\t\t<div class=\"elementor-widget-container\">\n\t\t\t\t\t\t\t\t\t16.30 Uhr\t\t\t\t\t\t\t\t<\/div>\n\t\t\t\t<\/div>\n\t\t\t\t<div class=\"elementor-element elementor-element-16b635aa elementor-widget elementor-widget-image\" data-id=\"16b635aa\" data-element_type=\"widget\" data-widget_type=\"image.default\">\n\t\t\t\t<div class=\"elementor-widget-container\">\n\t\t\t\t\t\t\t\t\t\t\t\t\t\t\t\t<a href=\"https:\/\/andermattmusic.ch\/de\/event\/neujahrskonzert-belle-epoque-suisse\/\">\n\t\t\t\t\t\t\t<img loading=\"lazy\" decoding=\"async\" width=\"700\" height=\"700\" src=\"https:\/\/andermattmusic.ch\/wp-content\/uploads\/2022\/07\/KONZERT_01.01.2023_VARIANTE-700x700.jpg\" class=\"attachment-performers_list_image size-performers_list_image wp-image-6546\" alt=\"\" srcset=\"https:\/\/andermattmusic.ch\/wp-content\/uploads\/2022\/07\/KONZERT_01.01.2023_VARIANTE-700x700.jpg 700w, https:\/\/andermattmusic.ch\/wp-content\/uploads\/2022\/07\/KONZERT_01.01.2023_VARIANTE-150x150.jpg 150w\" sizes=\"(max-width: 700px) 100vw, 700px\" \/>\t\t\t\t\t\t\t\t<\/a>\n\t\t\t\t\t\t\t\t\t\t\t\t\t\t\t<\/div>\n\t\t\t\t<\/div>\n\t\t\t\t\t<\/div>\n\t\t<\/div>\n\t\t\t\t<div class=\"elementor-column elementor-col-66 elementor-top-column elementor-element elementor-element-79fd2a9d\" data-id=\"79fd2a9d\" data-element_type=\"column\">\n\t\t\t<div class=\"elementor-widget-wrap elementor-element-populated\">\n\t\t\t\t\t\t<div class=\"elementor-element elementor-element-767765d2 elementor-widget elementor-widget-heading\" data-id=\"767765d2\" data-element_type=\"widget\" data-widget_type=\"heading.default\">\n\t\t\t\t<div class=\"elementor-widget-container\">\n\t\t\t\t\t<h2 class=\"elementor-heading-title elementor-size-default\"><a href=\"https:\/\/andermattmusic.ch\/de\/event\/neujahrskonzert-belle-epoque-suisse\/\">neujahrskonzert \u00abbelle \u00e9poque suisse\u00bb<\/a><\/h2>\t\t\t\t<\/div>\n\t\t\t\t<\/div>\n\t\t\t\t<div class=\"elementor-element elementor-element-3d0bc17 elementor-widget elementor-widget-text-editor\" data-id=\"3d0bc17\" data-element_type=\"widget\" data-widget_type=\"text-editor.default\">\n\t\t\t\t<div class=\"elementor-widget-container\">\n\t\t\t\t\t\t\t\t\t<p><strong>SINFONIEKONZERT<\/strong><\/p>\n<p>Swiss Orchestra<br \/>\nLena-Lisa W\u00fcstend\u00f6rfer, Leitung<br \/>\nLena Kiepenheuer, Sopran<br \/>\nAlexander Boldachev, Harfe<br \/>\nSherniyaz Mussakhan, Violine<\/p>\n<p>Traumhaft, \u00fcberraschend und mit virtuosen Solisten startet das Swiss Orchestra mit Ihnen ins neue Jahr 2023.<\/p>\n&mdash;\t\t\t\t\t\t\t\t<\/div>\n\t\t\t\t<\/div>\n\t\t\t\t<section class=\"elementor-section elementor-inner-section elementor-element elementor-element-5b459e1 elementor-section-full_width elementor-section-height-default elementor-section-height-default\" data-id=\"5b459e1\" data-element_type=\"section\">\n\t\t\t\t\t\t<div class=\"elementor-container elementor-column-gap-no\">\n\t\t\t\t\t<div class=\"elementor-column elementor-col-100 elementor-inner-column elementor-element elementor-element-599d41ac\" data-id=\"599d41ac\" data-element_type=\"column\">\n\t\t\t<div class=\"elementor-widget-wrap elementor-element-populated\">\n\t\t\t\t\t\t<div class=\"elementor-element elementor-element-2e8a5eeb elementor-widget__width-auto elementor-widget elementor-widget-button\" data-id=\"2e8a5eeb\" data-element_type=\"widget\" data-widget_type=\"button.default\">\n\t\t\t\t<div class=\"elementor-widget-container\">\n\t\t\t\t\t\t\t\t\t<div class=\"elementor-button-wrapper\">\n\t\t\t\t\t<a class=\"elementor-button elementor-button-link elementor-size-lg\" href=\"https:\/\/andermattmusic.ch\/de\/event\/neujahrskonzert-belle-epoque-suisse\/\">\n\t\t\t\t\t\t<span class=\"elementor-button-content-wrapper\">\n\t\t\t\t\t\t<span class=\"elementor-button-icon\">\n\t\t\t\t<svg xmlns=\"http:\/\/www.w3.org\/2000\/svg\" xmlns:xlink=\"http:\/\/www.w3.org\/1999\/xlink\" x=\"0px\" y=\"0px\" viewBox=\"0 0 35 35.2\" xml:space=\"preserve\"><path fill=\"currentColor\" d=\"M17.5,0.9C8.387,0.9,1,8.287,1,17.4c0,9.113,7.387,16.5,16.5,16.5S34,26.513,34,17.4 C34,8.287,26.613,0.9,17.5,0.9z M14.3,30l-1.2-1.2l11.1-11.1l-10.9-11l1.3-1.3l12.2,12.2L14.3,30z\"><\/path><\/svg>\t\t\t<\/span>\n\t\t\t\t\t\t\t\t\t<span class=\"elementor-button-text\">Programm<\/span>\n\t\t\t\t\t<\/span>\n\t\t\t\t\t<\/a>\n\t\t\t\t<\/div>\n\t\t\t\t\t\t\t\t<\/div>\n\t\t\t\t<\/div>\n\t\t\t\t\t<\/div>\n\t\t<\/div>\n\t\t\t\t\t<\/div>\n\t\t<\/section>\n\t\t\t\t\t<\/div>\n\t\t<\/div>\n\t\t\t\t\t<\/div>\n\t\t<\/section>\n\t\t\t\t<\/div>\n\t\t\t\t<\/article>\n\t\t\t\t<article id=\"post-6023\" class=\"elementor-post elementor-grid-item ecs-post-loop post-6023 event type-event status-publish has-post-thumbnail hentry composer-astor-piazzolla composer-bela-bartok composer-chris-hazell composer-enrique-crespo composer-georg-friedrich-haendel composer-giuseppe-verdi composer-jean-philippe-rameau composer-johann-sebastian-bach\">\n\t\t\t\t<div data-elementor-type=\"loop\" data-elementor-id=\"5729\" class=\"elementor elementor-5729 post-6023 event type-event status-publish has-post-thumbnail hentry composer-astor-piazzolla composer-bela-bartok composer-chris-hazell composer-enrique-crespo composer-georg-friedrich-haendel composer-giuseppe-verdi composer-jean-philippe-rameau composer-johann-sebastian-bach\" data-elementor-post-type=\"elementor_library\">\n\t\t\t\t\t<section class=\"elementor-section elementor-top-section elementor-element elementor-element-4acc5669 elementor-section-boxed elementor-section-height-default elementor-section-height-default\" data-id=\"4acc5669\" data-element_type=\"section\">\n\t\t\t\t\t\t<div class=\"elementor-container elementor-column-gap-wide\">\n\t\t\t\t\t<div class=\"elementor-column elementor-col-33 elementor-top-column elementor-element elementor-element-2c329341\" data-id=\"2c329341\" data-element_type=\"column\">\n\t\t\t<div class=\"elementor-widget-wrap elementor-element-populated\">\n\t\t\t\t\t\t<div class=\"elementor-element elementor-element-3327e9c5 elementor-widget elementor-widget-text-editor\" data-id=\"3327e9c5\" data-element_type=\"widget\" data-widget_type=\"text-editor.default\">\n\t\t\t\t<div class=\"elementor-widget-container\">\n\t\t\t\t\t\t\t\t\tMittwoch, 28.12.2022\t\t\t\t\t\t\t\t<\/div>\n\t\t\t\t<\/div>\n\t\t\t\t<div class=\"elementor-element elementor-element-2faffde7 elementor-widget elementor-widget-text-editor\" data-id=\"2faffde7\" data-element_type=\"widget\" data-widget_type=\"text-editor.default\">\n\t\t\t\t<div class=\"elementor-widget-container\">\n\t\t\t\t\t\t\t\t\t19.30 Uhr\t\t\t\t\t\t\t\t<\/div>\n\t\t\t\t<\/div>\n\t\t\t\t<div class=\"elementor-element elementor-element-16b635aa elementor-widget elementor-widget-image\" data-id=\"16b635aa\" data-element_type=\"widget\" data-widget_type=\"image.default\">\n\t\t\t\t<div class=\"elementor-widget-container\">\n\t\t\t\t\t\t\t\t\t\t\t\t\t\t\t\t<a href=\"https:\/\/andermattmusic.ch\/de\/event\/brass-ensemble-des-royal-concertgebouw-orchestra\/\">\n\t\t\t\t\t\t\t<img loading=\"lazy\" decoding=\"async\" width=\"700\" height=\"700\" src=\"https:\/\/andermattmusic.ch\/wp-content\/uploads\/2022\/06\/KONZERT_28.12.2022-700x700.jpg\" class=\"attachment-performers_list_image size-performers_list_image wp-image-6119\" alt=\"Brass Ensemble des Royal Concertgebouw Orchestra\" srcset=\"https:\/\/andermattmusic.ch\/wp-content\/uploads\/2022\/06\/KONZERT_28.12.2022-700x700.jpg 700w, https:\/\/andermattmusic.ch\/wp-content\/uploads\/2022\/06\/KONZERT_28.12.2022-150x150.jpg 150w\" sizes=\"(max-width: 700px) 100vw, 700px\" \/>\t\t\t\t\t\t\t\t<\/a>\n\t\t\t\t\t\t\t\t\t\t\t\t\t\t\t<\/div>\n\t\t\t\t<\/div>\n\t\t\t\t\t<\/div>\n\t\t<\/div>\n\t\t\t\t<div class=\"elementor-column elementor-col-66 elementor-top-column elementor-element elementor-element-79fd2a9d\" data-id=\"79fd2a9d\" data-element_type=\"column\">\n\t\t\t<div class=\"elementor-widget-wrap elementor-element-populated\">\n\t\t\t\t\t\t<div class=\"elementor-element elementor-element-767765d2 elementor-widget elementor-widget-heading\" data-id=\"767765d2\" data-element_type=\"widget\" data-widget_type=\"heading.default\">\n\t\t\t\t<div class=\"elementor-widget-container\">\n\t\t\t\t\t<h2 class=\"elementor-heading-title elementor-size-default\"><a href=\"https:\/\/andermattmusic.ch\/de\/event\/brass-ensemble-des-royal-concertgebouw-orchestra\/\">brass ensemble des royal concertgebouw orchestra<\/a><\/h2>\t\t\t\t<\/div>\n\t\t\t\t<\/div>\n\t\t\t\t<div class=\"elementor-element elementor-element-3d0bc17 elementor-widget elementor-widget-text-editor\" data-id=\"3d0bc17\" data-element_type=\"widget\" data-widget_type=\"text-editor.default\">\n\t\t\t\t<div class=\"elementor-widget-container\">\n\t\t\t\t\t\t\t\t\t<p><strong>WELTKLASSE BRASS<\/strong><\/p>\n<p>Brass Ensemble des Royal Concertgebouw Orchestra:<br \/>\nOmar Tomasoni, Miroslav Petkov, Bert Langenkamp, Jacco Groenendijk, Trompete<br \/>\nLaurens Woudenberg, Fons Verspaandonk, Horn<br \/>\nJ\u00f6rgen van Rijen, Bart Claessens, Nico Schippers, Martin Schippers, Posaune<br \/>\nPerry Hoogendijk, Tuba<\/p>\n<p>Die Blechbl\u00e4ser des Royal Concertgebouw Orchestra Amsterdam faszinieren mit virtuosem Spiel und mitreissender Musik.<\/p>\n&mdash;\t\t\t\t\t\t\t\t<\/div>\n\t\t\t\t<\/div>\n\t\t\t\t<section class=\"elementor-section elementor-inner-section elementor-element elementor-element-5b459e1 elementor-section-full_width elementor-section-height-default elementor-section-height-default\" data-id=\"5b459e1\" data-element_type=\"section\">\n\t\t\t\t\t\t<div class=\"elementor-container elementor-column-gap-no\">\n\t\t\t\t\t<div class=\"elementor-column elementor-col-100 elementor-inner-column elementor-element elementor-element-599d41ac\" data-id=\"599d41ac\" data-element_type=\"column\">\n\t\t\t<div class=\"elementor-widget-wrap elementor-element-populated\">\n\t\t\t\t\t\t<div class=\"elementor-element elementor-element-2e8a5eeb elementor-widget__width-auto elementor-widget elementor-widget-button\" data-id=\"2e8a5eeb\" data-element_type=\"widget\" data-widget_type=\"button.default\">\n\t\t\t\t<div class=\"elementor-widget-container\">\n\t\t\t\t\t\t\t\t\t<div class=\"elementor-button-wrapper\">\n\t\t\t\t\t<a class=\"elementor-button elementor-button-link elementor-size-lg\" href=\"https:\/\/andermattmusic.ch\/de\/event\/brass-ensemble-des-royal-concertgebouw-orchestra\/\">\n\t\t\t\t\t\t<span class=\"elementor-button-content-wrapper\">\n\t\t\t\t\t\t<span class=\"elementor-button-icon\">\n\t\t\t\t<svg xmlns=\"http:\/\/www.w3.org\/2000\/svg\" xmlns:xlink=\"http:\/\/www.w3.org\/1999\/xlink\" x=\"0px\" y=\"0px\" viewBox=\"0 0 35 35.2\" xml:space=\"preserve\"><path fill=\"currentColor\" d=\"M17.5,0.9C8.387,0.9,1,8.287,1,17.4c0,9.113,7.387,16.5,16.5,16.5S34,26.513,34,17.4 C34,8.287,26.613,0.9,17.5,0.9z M14.3,30l-1.2-1.2l11.1-11.1l-10.9-11l1.3-1.3l12.2,12.2L14.3,30z\"><\/path><\/svg>\t\t\t<\/span>\n\t\t\t\t\t\t\t\t\t<span class=\"elementor-button-text\">Programm<\/span>\n\t\t\t\t\t<\/span>\n\t\t\t\t\t<\/a>\n\t\t\t\t<\/div>\n\t\t\t\t\t\t\t\t<\/div>\n\t\t\t\t<\/div>\n\t\t\t\t\t<\/div>\n\t\t<\/div>\n\t\t\t\t\t<\/div>\n\t\t<\/section>\n\t\t\t\t\t<\/div>\n\t\t<\/div>\n\t\t\t\t\t<\/div>\n\t\t<\/section>\n\t\t\t\t<\/div>\n\t\t\t\t<\/article>\n\t\t\t\t<article id=\"post-6016\" class=\"elementor-post elementor-grid-item ecs-post-loop post-6016 event type-event status-publish has-post-thumbnail hentry\">\n\t\t\t\t<div data-elementor-type=\"loop\" data-elementor-id=\"5729\" class=\"elementor elementor-5729 post-6016 event type-event status-publish has-post-thumbnail hentry\" data-elementor-post-type=\"elementor_library\">\n\t\t\t\t\t<section class=\"elementor-section elementor-top-section elementor-element elementor-element-4acc5669 elementor-section-boxed elementor-section-height-default elementor-section-height-default\" data-id=\"4acc5669\" data-element_type=\"section\">\n\t\t\t\t\t\t<div class=\"elementor-container elementor-column-gap-wide\">\n\t\t\t\t\t<div class=\"elementor-column elementor-col-33 elementor-top-column elementor-element elementor-element-2c329341\" data-id=\"2c329341\" data-element_type=\"column\">\n\t\t\t<div class=\"elementor-widget-wrap elementor-element-populated\">\n\t\t\t\t\t\t<div class=\"elementor-element elementor-element-3327e9c5 elementor-widget elementor-widget-text-editor\" data-id=\"3327e9c5\" data-element_type=\"widget\" data-widget_type=\"text-editor.default\">\n\t\t\t\t<div class=\"elementor-widget-container\">\n\t\t\t\t\t\t\t\t\tDienstag, 27.12.2022\t\t\t\t\t\t\t\t<\/div>\n\t\t\t\t<\/div>\n\t\t\t\t<div class=\"elementor-element elementor-element-2faffde7 elementor-widget elementor-widget-text-editor\" data-id=\"2faffde7\" data-element_type=\"widget\" data-widget_type=\"text-editor.default\">\n\t\t\t\t<div class=\"elementor-widget-container\">\n\t\t\t\t\t\t\t\t\t19.30 Uhr\t\t\t\t\t\t\t\t<\/div>\n\t\t\t\t<\/div>\n\t\t\t\t<div class=\"elementor-element elementor-element-16b635aa elementor-widget elementor-widget-image\" data-id=\"16b635aa\" data-element_type=\"widget\" data-widget_type=\"image.default\">\n\t\t\t\t<div class=\"elementor-widget-container\">\n\t\t\t\t\t\t\t\t\t\t\t\t\t\t\t\t<a href=\"https:\/\/andermattmusic.ch\/de\/event\/helvetikuss\/\">\n\t\t\t\t\t\t\t<img loading=\"lazy\" decoding=\"async\" width=\"700\" height=\"700\" src=\"https:\/\/andermattmusic.ch\/wp-content\/uploads\/2022\/06\/KONZERT_27.12.2022-700x700.jpg\" class=\"attachment-performers_list_image size-performers_list_image wp-image-6115\" alt=\"Helvetikuss\" srcset=\"https:\/\/andermattmusic.ch\/wp-content\/uploads\/2022\/06\/KONZERT_27.12.2022-700x700.jpg 700w, https:\/\/andermattmusic.ch\/wp-content\/uploads\/2022\/06\/KONZERT_27.12.2022-150x150.jpg 150w\" sizes=\"(max-width: 700px) 100vw, 700px\" \/>\t\t\t\t\t\t\t\t<\/a>\n\t\t\t\t\t\t\t\t\t\t\t\t\t\t\t<\/div>\n\t\t\t\t<\/div>\n\t\t\t\t\t<\/div>\n\t\t<\/div>\n\t\t\t\t<div class=\"elementor-column elementor-col-66 elementor-top-column elementor-element elementor-element-79fd2a9d\" data-id=\"79fd2a9d\" data-element_type=\"column\">\n\t\t\t<div class=\"elementor-widget-wrap elementor-element-populated\">\n\t\t\t\t\t\t<div class=\"elementor-element elementor-element-767765d2 elementor-widget elementor-widget-heading\" data-id=\"767765d2\" data-element_type=\"widget\" data-widget_type=\"heading.default\">\n\t\t\t\t<div class=\"elementor-widget-container\">\n\t\t\t\t\t<h2 class=\"elementor-heading-title elementor-size-default\"><a href=\"https:\/\/andermattmusic.ch\/de\/event\/helvetikuss\/\">helvetikuss<\/a><\/h2>\t\t\t\t<\/div>\n\t\t\t\t<\/div>\n\t\t\t\t<div class=\"elementor-element elementor-element-3d0bc17 elementor-widget elementor-widget-text-editor\" data-id=\"3d0bc17\" data-element_type=\"widget\" data-widget_type=\"text-editor.default\">\n\t\t\t\t<div class=\"elementor-widget-container\">\n\t\t\t\t\t\t\t\t\t<p><strong>NEUE VOLKSMUSIK<\/strong><\/p>\n<p>Helvetikuss:<br \/>\nMathias Landtwing, Bandleader, Klarinetten<br \/>\nKristina Brunner, Cello, Schwyzer\u00f6rgeli<br \/>\nSimone Felber, Gesang<br \/>\nLaurent Girard, Keys<br \/>\nPirmin Huber, Bass<br \/>\nAndreas Gabriel, Geige<br \/>\nJwan Steiner, Drum, Perkussion<\/p>\n<p>Der Innerschweizer Bandleader und Klarinettist Mathias Landtwing \u00fcberrascht mit seinem Ensemble \u00abHelvetikuss\u00bb mit traditionellen Kl\u00e4ngen in frischem Gewand.<\/p>\n&mdash;\t\t\t\t\t\t\t\t<\/div>\n\t\t\t\t<\/div>\n\t\t\t\t<section class=\"elementor-section elementor-inner-section elementor-element elementor-element-5b459e1 elementor-section-full_width elementor-section-height-default elementor-section-height-default\" data-id=\"5b459e1\" data-element_type=\"section\">\n\t\t\t\t\t\t<div class=\"elementor-container elementor-column-gap-no\">\n\t\t\t\t\t<div class=\"elementor-column elementor-col-100 elementor-inner-column elementor-element elementor-element-599d41ac\" data-id=\"599d41ac\" data-element_type=\"column\">\n\t\t\t<div class=\"elementor-widget-wrap elementor-element-populated\">\n\t\t\t\t\t\t<div class=\"elementor-element elementor-element-2e8a5eeb elementor-widget__width-auto elementor-widget elementor-widget-button\" data-id=\"2e8a5eeb\" data-element_type=\"widget\" data-widget_type=\"button.default\">\n\t\t\t\t<div class=\"elementor-widget-container\">\n\t\t\t\t\t\t\t\t\t<div class=\"elementor-button-wrapper\">\n\t\t\t\t\t<a class=\"elementor-button elementor-button-link elementor-size-lg\" href=\"https:\/\/andermattmusic.ch\/de\/event\/helvetikuss\/\">\n\t\t\t\t\t\t<span class=\"elementor-button-content-wrapper\">\n\t\t\t\t\t\t<span class=\"elementor-button-icon\">\n\t\t\t\t<svg xmlns=\"http:\/\/www.w3.org\/2000\/svg\" xmlns:xlink=\"http:\/\/www.w3.org\/1999\/xlink\" x=\"0px\" y=\"0px\" viewBox=\"0 0 35 35.2\" xml:space=\"preserve\"><path fill=\"currentColor\" d=\"M17.5,0.9C8.387,0.9,1,8.287,1,17.4c0,9.113,7.387,16.5,16.5,16.5S34,26.513,34,17.4 C34,8.287,26.613,0.9,17.5,0.9z M14.3,30l-1.2-1.2l11.1-11.1l-10.9-11l1.3-1.3l12.2,12.2L14.3,30z\"><\/path><\/svg>\t\t\t<\/span>\n\t\t\t\t\t\t\t\t\t<span class=\"elementor-button-text\">Programm<\/span>\n\t\t\t\t\t<\/span>\n\t\t\t\t\t<\/a>\n\t\t\t\t<\/div>\n\t\t\t\t\t\t\t\t<\/div>\n\t\t\t\t<\/div>\n\t\t\t\t\t<\/div>\n\t\t<\/div>\n\t\t\t\t\t<\/div>\n\t\t<\/section>\n\t\t\t\t\t<\/div>\n\t\t<\/div>\n\t\t\t\t\t<\/div>\n\t\t<\/section>\n\t\t\t\t<\/div>\n\t\t\t\t<\/article>\n\t\t\t\t<article id=\"post-6011\" class=\"elementor-post elementor-grid-item ecs-post-loop post-6011 event type-event status-publish has-post-thumbnail hentry composer-franz-xaver-joseph-peter-schnyder-von-wartensee composer-joseph-franz-xaver-dominik-stalder composer-joseph-haydn composer-ludwig-van-beethoven\">\n\t\t\t\t<div data-elementor-type=\"loop\" data-elementor-id=\"5729\" class=\"elementor elementor-5729 post-6011 event type-event status-publish has-post-thumbnail hentry composer-franz-xaver-joseph-peter-schnyder-von-wartensee composer-joseph-franz-xaver-dominik-stalder composer-joseph-haydn composer-ludwig-van-beethoven\" data-elementor-post-type=\"elementor_library\">\n\t\t\t\t\t<section class=\"elementor-section elementor-top-section elementor-element elementor-element-4acc5669 elementor-section-boxed elementor-section-height-default elementor-section-height-default\" data-id=\"4acc5669\" data-element_type=\"section\">\n\t\t\t\t\t\t<div class=\"elementor-container elementor-column-gap-wide\">\n\t\t\t\t\t<div class=\"elementor-column elementor-col-33 elementor-top-column elementor-element elementor-element-2c329341\" data-id=\"2c329341\" data-element_type=\"column\">\n\t\t\t<div class=\"elementor-widget-wrap elementor-element-populated\">\n\t\t\t\t\t\t<div class=\"elementor-element elementor-element-3327e9c5 elementor-widget elementor-widget-text-editor\" data-id=\"3327e9c5\" data-element_type=\"widget\" data-widget_type=\"text-editor.default\">\n\t\t\t\t<div class=\"elementor-widget-container\">\n\t\t\t\t\t\t\t\t\tSamstag, 26.11.2022\t\t\t\t\t\t\t\t<\/div>\n\t\t\t\t<\/div>\n\t\t\t\t<div class=\"elementor-element elementor-element-2faffde7 elementor-widget elementor-widget-text-editor\" data-id=\"2faffde7\" data-element_type=\"widget\" data-widget_type=\"text-editor.default\">\n\t\t\t\t<div class=\"elementor-widget-container\">\n\t\t\t\t\t\t\t\t\t19.30 Uhr\t\t\t\t\t\t\t\t<\/div>\n\t\t\t\t<\/div>\n\t\t\t\t<div class=\"elementor-element elementor-element-16b635aa elementor-widget elementor-widget-image\" data-id=\"16b635aa\" data-element_type=\"widget\" data-widget_type=\"image.default\">\n\t\t\t\t<div class=\"elementor-widget-container\">\n\t\t\t\t\t\t\t\t\t\t\t\t\t\t\t\t<a href=\"https:\/\/andermattmusic.ch\/de\/event\/klassiker-swiss-made\/\">\n\t\t\t\t\t\t\t<img loading=\"lazy\" decoding=\"async\" width=\"700\" height=\"700\" src=\"https:\/\/andermattmusic.ch\/wp-content\/uploads\/2022\/06\/KONZERT_26.11.2022-700x700.jpg\" class=\"attachment-performers_list_image size-performers_list_image wp-image-6111\" alt=\"Swiss Orchestra, Viviane Chassot\" srcset=\"https:\/\/andermattmusic.ch\/wp-content\/uploads\/2022\/06\/KONZERT_26.11.2022-700x700.jpg 700w, https:\/\/andermattmusic.ch\/wp-content\/uploads\/2022\/06\/KONZERT_26.11.2022-150x150.jpg 150w\" sizes=\"(max-width: 700px) 100vw, 700px\" \/>\t\t\t\t\t\t\t\t<\/a>\n\t\t\t\t\t\t\t\t\t\t\t\t\t\t\t<\/div>\n\t\t\t\t<\/div>\n\t\t\t\t\t<\/div>\n\t\t<\/div>\n\t\t\t\t<div class=\"elementor-column elementor-col-66 elementor-top-column elementor-element elementor-element-79fd2a9d\" data-id=\"79fd2a9d\" data-element_type=\"column\">\n\t\t\t<div class=\"elementor-widget-wrap elementor-element-populated\">\n\t\t\t\t\t\t<div class=\"elementor-element elementor-element-767765d2 elementor-widget elementor-widget-heading\" data-id=\"767765d2\" data-element_type=\"widget\" data-widget_type=\"heading.default\">\n\t\t\t\t<div class=\"elementor-widget-container\">\n\t\t\t\t\t<h2 class=\"elementor-heading-title elementor-size-default\"><a href=\"https:\/\/andermattmusic.ch\/de\/event\/klassiker-swiss-made\/\">klassiker swiss made<\/a><\/h2>\t\t\t\t<\/div>\n\t\t\t\t<\/div>\n\t\t\t\t<div class=\"elementor-element elementor-element-3d0bc17 elementor-widget elementor-widget-text-editor\" data-id=\"3d0bc17\" data-element_type=\"widget\" data-widget_type=\"text-editor.default\">\n\t\t\t\t<div class=\"elementor-widget-container\">\n\t\t\t\t\t\t\t\t\t<p><strong>SINFONIEKONZERT<\/strong><\/p>\n<p>Swiss Orchestra<br \/>\nLena-Lisa W\u00fcstend\u00f6rfer, Leitung<br \/>\nViviane Chassot, Akkordeon<\/p>\n<p>Beethovens 8. Sinfonie und Haydns Konzert in D-Dur in einer Fassung f\u00fcr Akkordeon, gespielt von Viviane Chassot, begegnen Wiederentdeckungen der Luzerner Klassiker Joseph Stalder und Franz Xaver Schnyder von Wartensee.<\/p>\n&mdash;\t\t\t\t\t\t\t\t<\/div>\n\t\t\t\t<\/div>\n\t\t\t\t<section class=\"elementor-section elementor-inner-section elementor-element elementor-element-5b459e1 elementor-section-full_width elementor-section-height-default elementor-section-height-default\" data-id=\"5b459e1\" data-element_type=\"section\">\n\t\t\t\t\t\t<div class=\"elementor-container elementor-column-gap-no\">\n\t\t\t\t\t<div class=\"elementor-column elementor-col-100 elementor-inner-column elementor-element elementor-element-599d41ac\" data-id=\"599d41ac\" data-element_type=\"column\">\n\t\t\t<div class=\"elementor-widget-wrap elementor-element-populated\">\n\t\t\t\t\t\t<div class=\"elementor-element elementor-element-2e8a5eeb elementor-widget__width-auto elementor-widget elementor-widget-button\" data-id=\"2e8a5eeb\" data-element_type=\"widget\" data-widget_type=\"button.default\">\n\t\t\t\t<div class=\"elementor-widget-container\">\n\t\t\t\t\t\t\t\t\t<div class=\"elementor-button-wrapper\">\n\t\t\t\t\t<a class=\"elementor-button elementor-button-link elementor-size-lg\" href=\"https:\/\/andermattmusic.ch\/de\/event\/klassiker-swiss-made\/\">\n\t\t\t\t\t\t<span class=\"elementor-button-content-wrapper\">\n\t\t\t\t\t\t<span class=\"elementor-button-icon\">\n\t\t\t\t<svg xmlns=\"http:\/\/www.w3.org\/2000\/svg\" xmlns:xlink=\"http:\/\/www.w3.org\/1999\/xlink\" x=\"0px\" y=\"0px\" viewBox=\"0 0 35 35.2\" xml:space=\"preserve\"><path fill=\"currentColor\" d=\"M17.5,0.9C8.387,0.9,1,8.287,1,17.4c0,9.113,7.387,16.5,16.5,16.5S34,26.513,34,17.4 C34,8.287,26.613,0.9,17.5,0.9z M14.3,30l-1.2-1.2l11.1-11.1l-10.9-11l1.3-1.3l12.2,12.2L14.3,30z\"><\/path><\/svg>\t\t\t<\/span>\n\t\t\t\t\t\t\t\t\t<span class=\"elementor-button-text\">Programm<\/span>\n\t\t\t\t\t<\/span>\n\t\t\t\t\t<\/a>\n\t\t\t\t<\/div>\n\t\t\t\t\t\t\t\t<\/div>\n\t\t\t\t<\/div>\n\t\t\t\t\t<\/div>\n\t\t<\/div>\n\t\t\t\t\t<\/div>\n\t\t<\/section>\n\t\t\t\t\t<\/div>\n\t\t<\/div>\n\t\t\t\t\t<\/div>\n\t\t<\/section>\n\t\t\t\t<\/div>\n\t\t\t\t<\/article>\n\t\t\t\t<article id=\"post-6002\" class=\"elementor-post elementor-grid-item ecs-post-loop post-6002 event type-event status-publish has-post-thumbnail hentry composer-antonin-dvorak composer-joaquin-rodrigo composer-manuel-de-falla\">\n\t\t\t\t<div data-elementor-type=\"loop\" data-elementor-id=\"5729\" class=\"elementor elementor-5729 post-6002 event type-event status-publish has-post-thumbnail hentry composer-antonin-dvorak composer-joaquin-rodrigo composer-manuel-de-falla\" data-elementor-post-type=\"elementor_library\">\n\t\t\t\t\t<section class=\"elementor-section elementor-top-section elementor-element elementor-element-4acc5669 elementor-section-boxed elementor-section-height-default elementor-section-height-default\" data-id=\"4acc5669\" data-element_type=\"section\">\n\t\t\t\t\t\t<div class=\"elementor-container elementor-column-gap-wide\">\n\t\t\t\t\t<div class=\"elementor-column elementor-col-33 elementor-top-column elementor-element elementor-element-2c329341\" data-id=\"2c329341\" data-element_type=\"column\">\n\t\t\t<div class=\"elementor-widget-wrap elementor-element-populated\">\n\t\t\t\t\t\t<div class=\"elementor-element elementor-element-3327e9c5 elementor-widget elementor-widget-text-editor\" data-id=\"3327e9c5\" data-element_type=\"widget\" data-widget_type=\"text-editor.default\">\n\t\t\t\t<div class=\"elementor-widget-container\">\n\t\t\t\t\t\t\t\t\tSamstag, 29.10.2022\t\t\t\t\t\t\t\t<\/div>\n\t\t\t\t<\/div>\n\t\t\t\t<div class=\"elementor-element elementor-element-2faffde7 elementor-widget elementor-widget-text-editor\" data-id=\"2faffde7\" data-element_type=\"widget\" data-widget_type=\"text-editor.default\">\n\t\t\t\t<div class=\"elementor-widget-container\">\n\t\t\t\t\t\t\t\t\t19.30 Uhr\t\t\t\t\t\t\t\t<\/div>\n\t\t\t\t<\/div>\n\t\t\t\t<div class=\"elementor-element elementor-element-16b635aa elementor-widget elementor-widget-image\" data-id=\"16b635aa\" data-element_type=\"widget\" data-widget_type=\"image.default\">\n\t\t\t\t<div class=\"elementor-widget-container\">\n\t\t\t\t\t\t\t\t\t\t\t\t\t\t\t\t<a href=\"https:\/\/andermattmusic.ch\/de\/event\/orquesta-de-la-comunidad-de-madrid\/\">\n\t\t\t\t\t\t\t<img loading=\"lazy\" decoding=\"async\" width=\"700\" height=\"700\" src=\"https:\/\/andermattmusic.ch\/wp-content\/uploads\/2022\/06\/KONZERT_29.10.2022-700x700.jpg\" class=\"attachment-performers_list_image size-performers_list_image wp-image-6121\" alt=\"Orquesta de la Comunidad de Madrid, Marzena Diakun, Pablo S\u00e1inz-Villegas, Andermatt Music\" srcset=\"https:\/\/andermattmusic.ch\/wp-content\/uploads\/2022\/06\/KONZERT_29.10.2022-700x700.jpg 700w, https:\/\/andermattmusic.ch\/wp-content\/uploads\/2022\/06\/KONZERT_29.10.2022-150x150.jpg 150w\" sizes=\"(max-width: 700px) 100vw, 700px\" \/>\t\t\t\t\t\t\t\t<\/a>\n\t\t\t\t\t\t\t\t\t\t\t\t\t\t\t<\/div>\n\t\t\t\t<\/div>\n\t\t\t\t\t<\/div>\n\t\t<\/div>\n\t\t\t\t<div class=\"elementor-column elementor-col-66 elementor-top-column elementor-element elementor-element-79fd2a9d\" data-id=\"79fd2a9d\" data-element_type=\"column\">\n\t\t\t<div class=\"elementor-widget-wrap elementor-element-populated\">\n\t\t\t\t\t\t<div class=\"elementor-element elementor-element-767765d2 elementor-widget elementor-widget-heading\" data-id=\"767765d2\" data-element_type=\"widget\" data-widget_type=\"heading.default\">\n\t\t\t\t<div class=\"elementor-widget-container\">\n\t\t\t\t\t<h2 class=\"elementor-heading-title elementor-size-default\"><a href=\"https:\/\/andermattmusic.ch\/de\/event\/orquesta-de-la-comunidad-de-madrid\/\">orquesta de la comunidad de madrid<\/a><\/h2>\t\t\t\t<\/div>\n\t\t\t\t<\/div>\n\t\t\t\t<div class=\"elementor-element elementor-element-3d0bc17 elementor-widget elementor-widget-text-editor\" data-id=\"3d0bc17\" data-element_type=\"widget\" data-widget_type=\"text-editor.default\">\n\t\t\t\t<div class=\"elementor-widget-container\">\n\t\t\t\t\t\t\t\t\t<p><strong>SINFONIEKONZERT<\/strong><\/p>\n<p>Orquesta de la Comunidad de Madrid<br \/>\nMarzena Diakun, Leitung<br \/>\nPablo S\u00e1inz-Villegas, Gitarre<\/p>\n<p>Das Orquesta de la Comunidad de Madrid, Marzena Diakun (Leitung) und Pablo S\u00e1inz-Villegas (Gitarre) berauschen mit Spanischen Klassikern wie \u00abEl amor brujo\u00bb von Manuel de Falla und grosser Sinfonik.<\/p>\n&mdash;\t\t\t\t\t\t\t\t<\/div>\n\t\t\t\t<\/div>\n\t\t\t\t<section class=\"elementor-section elementor-inner-section elementor-element elementor-element-5b459e1 elementor-section-full_width elementor-section-height-default elementor-section-height-default\" data-id=\"5b459e1\" data-element_type=\"section\">\n\t\t\t\t\t\t<div class=\"elementor-container elementor-column-gap-no\">\n\t\t\t\t\t<div class=\"elementor-column elementor-col-100 elementor-inner-column elementor-element elementor-element-599d41ac\" data-id=\"599d41ac\" data-element_type=\"column\">\n\t\t\t<div class=\"elementor-widget-wrap elementor-element-populated\">\n\t\t\t\t\t\t<div class=\"elementor-element elementor-element-2e8a5eeb elementor-widget__width-auto elementor-widget elementor-widget-button\" data-id=\"2e8a5eeb\" data-element_type=\"widget\" data-widget_type=\"button.default\">\n\t\t\t\t<div class=\"elementor-widget-container\">\n\t\t\t\t\t\t\t\t\t<div class=\"elementor-button-wrapper\">\n\t\t\t\t\t<a class=\"elementor-button elementor-button-link elementor-size-lg\" href=\"https:\/\/andermattmusic.ch\/de\/event\/orquesta-de-la-comunidad-de-madrid\/\">\n\t\t\t\t\t\t<span class=\"elementor-button-content-wrapper\">\n\t\t\t\t\t\t<span class=\"elementor-button-icon\">\n\t\t\t\t<svg xmlns=\"http:\/\/www.w3.org\/2000\/svg\" xmlns:xlink=\"http:\/\/www.w3.org\/1999\/xlink\" x=\"0px\" y=\"0px\" viewBox=\"0 0 35 35.2\" xml:space=\"preserve\"><path fill=\"currentColor\" d=\"M17.5,0.9C8.387,0.9,1,8.287,1,17.4c0,9.113,7.387,16.5,16.5,16.5S34,26.513,34,17.4 C34,8.287,26.613,0.9,17.5,0.9z M14.3,30l-1.2-1.2l11.1-11.1l-10.9-11l1.3-1.3l12.2,12.2L14.3,30z\"><\/path><\/svg>\t\t\t<\/span>\n\t\t\t\t\t\t\t\t\t<span class=\"elementor-button-text\">Programm<\/span>\n\t\t\t\t\t<\/span>\n\t\t\t\t\t<\/a>\n\t\t\t\t<\/div>\n\t\t\t\t\t\t\t\t<\/div>\n\t\t\t\t<\/div>\n\t\t\t\t\t<\/div>\n\t\t<\/div>\n\t\t\t\t\t<\/div>\n\t\t<\/section>\n\t\t\t\t\t<\/div>\n\t\t<\/div>\n\t\t\t\t\t<\/div>\n\t\t<\/section>\n\t\t\t\t<\/div>\n\t\t\t\t<\/article>\n\t\t\t\t<article id=\"post-5999\" class=\"elementor-post elementor-grid-item ecs-post-loop post-5999 event type-event status-publish has-post-thumbnail hentry composer-felix-mendelssohn-bartholdy composer-franz-schubert composer-robert-schumann\">\n\t\t\t\t<div data-elementor-type=\"loop\" data-elementor-id=\"5729\" class=\"elementor elementor-5729 post-5999 event type-event status-publish has-post-thumbnail hentry composer-felix-mendelssohn-bartholdy composer-franz-schubert composer-robert-schumann\" data-elementor-post-type=\"elementor_library\">\n\t\t\t\t\t<section class=\"elementor-section elementor-top-section elementor-element elementor-element-4acc5669 elementor-section-boxed elementor-section-height-default elementor-section-height-default\" data-id=\"4acc5669\" data-element_type=\"section\">\n\t\t\t\t\t\t<div class=\"elementor-container elementor-column-gap-wide\">\n\t\t\t\t\t<div class=\"elementor-column elementor-col-33 elementor-top-column elementor-element elementor-element-2c329341\" data-id=\"2c329341\" data-element_type=\"column\">\n\t\t\t<div class=\"elementor-widget-wrap elementor-element-populated\">\n\t\t\t\t\t\t<div class=\"elementor-element elementor-element-3327e9c5 elementor-widget elementor-widget-text-editor\" data-id=\"3327e9c5\" data-element_type=\"widget\" data-widget_type=\"text-editor.default\">\n\t\t\t\t<div class=\"elementor-widget-container\">\n\t\t\t\t\t\t\t\t\tSamstag, 22.10.2022\t\t\t\t\t\t\t\t<\/div>\n\t\t\t\t<\/div>\n\t\t\t\t<div class=\"elementor-element elementor-element-2faffde7 elementor-widget elementor-widget-text-editor\" data-id=\"2faffde7\" data-element_type=\"widget\" data-widget_type=\"text-editor.default\">\n\t\t\t\t<div class=\"elementor-widget-container\">\n\t\t\t\t\t\t\t\t\t19.30 Uhr\t\t\t\t\t\t\t\t<\/div>\n\t\t\t\t<\/div>\n\t\t\t\t<div class=\"elementor-element elementor-element-16b635aa elementor-widget elementor-widget-image\" data-id=\"16b635aa\" data-element_type=\"widget\" data-widget_type=\"image.default\">\n\t\t\t\t<div class=\"elementor-widget-container\">\n\t\t\t\t\t\t\t\t\t\t\t\t\t\t\t\t<a href=\"https:\/\/andermattmusic.ch\/de\/event\/forellenquintett-oder-soll-es-tod-bedeuten\/\">\n\t\t\t\t\t\t\t<img loading=\"lazy\" decoding=\"async\" width=\"700\" height=\"700\" src=\"https:\/\/andermattmusic.ch\/wp-content\/uploads\/2022\/06\/KONZERT_22.10.2022-700x700.jpg\" class=\"attachment-performers_list_image size-performers_list_image wp-image-6109\" alt=\"Jerusalem Chamber Music Festival Ensemble, Andermatt Music\" srcset=\"https:\/\/andermattmusic.ch\/wp-content\/uploads\/2022\/06\/KONZERT_22.10.2022-700x700.jpg 700w, https:\/\/andermattmusic.ch\/wp-content\/uploads\/2022\/06\/KONZERT_22.10.2022-150x150.jpg 150w\" sizes=\"(max-width: 700px) 100vw, 700px\" \/>\t\t\t\t\t\t\t\t<\/a>\n\t\t\t\t\t\t\t\t\t\t\t\t\t\t\t<\/div>\n\t\t\t\t<\/div>\n\t\t\t\t\t<\/div>\n\t\t<\/div>\n\t\t\t\t<div class=\"elementor-column elementor-col-66 elementor-top-column elementor-element elementor-element-79fd2a9d\" data-id=\"79fd2a9d\" data-element_type=\"column\">\n\t\t\t<div class=\"elementor-widget-wrap elementor-element-populated\">\n\t\t\t\t\t\t<div class=\"elementor-element elementor-element-767765d2 elementor-widget elementor-widget-heading\" data-id=\"767765d2\" data-element_type=\"widget\" data-widget_type=\"heading.default\">\n\t\t\t\t<div class=\"elementor-widget-container\">\n\t\t\t\t\t<h2 class=\"elementor-heading-title elementor-size-default\"><a href=\"https:\/\/andermattmusic.ch\/de\/event\/forellenquintett-oder-soll-es-tod-bedeuten\/\">forellenquintett \u2013 oder soll es tod bedeuten?<\/a><\/h2>\t\t\t\t<\/div>\n\t\t\t\t<\/div>\n\t\t\t\t<div class=\"elementor-element elementor-element-3d0bc17 elementor-widget elementor-widget-text-editor\" data-id=\"3d0bc17\" data-element_type=\"widget\" data-widget_type=\"text-editor.default\">\n\t\t\t\t<div class=\"elementor-widget-container\">\n\t\t\t\t\t\t\t\t\t<p><strong>KAMMERMUSIK<\/strong><\/p>\n<p>Jerusalem Chamber Music Festival Ensemble:<br \/>\nMojca Erdmann, Sopran<br \/>\nMichael Barenboim, Violine<br \/>\nMohamed Hiber, Violine<br \/>\nSara Ferrandez, Viola<br \/>\nGerard Causs\u00e9, Viola<br \/>\nAstrig Siranossian, Cello<br \/>\nIvan Karizna, Cello<br \/>\nNabil Shehata, Kontrabass<br \/>\nPablo Barrag\u00e1n, Klarinette<br \/>\nElena Bashkirova, Piano<\/p>\n<p>Das Jerusalem Chamber Music Festival Ensemble um Elena Bashkirova, Mojca Erdmann und Michael Barenboim spielen Werke der grossen Romantiker Schubert, Mendelssohn und Schumann.<\/p>\n&mdash;\t\t\t\t\t\t\t\t<\/div>\n\t\t\t\t<\/div>\n\t\t\t\t<section class=\"elementor-section elementor-inner-section elementor-element elementor-element-5b459e1 elementor-section-full_width elementor-section-height-default elementor-section-height-default\" data-id=\"5b459e1\" data-element_type=\"section\">\n\t\t\t\t\t\t<div class=\"elementor-container elementor-column-gap-no\">\n\t\t\t\t\t<div class=\"elementor-column elementor-col-100 elementor-inner-column elementor-element elementor-element-599d41ac\" data-id=\"599d41ac\" data-element_type=\"column\">\n\t\t\t<div class=\"elementor-widget-wrap elementor-element-populated\">\n\t\t\t\t\t\t<div class=\"elementor-element elementor-element-2e8a5eeb elementor-widget__width-auto elementor-widget elementor-widget-button\" data-id=\"2e8a5eeb\" data-element_type=\"widget\" data-widget_type=\"button.default\">\n\t\t\t\t<div class=\"elementor-widget-container\">\n\t\t\t\t\t\t\t\t\t<div class=\"elementor-button-wrapper\">\n\t\t\t\t\t<a class=\"elementor-button elementor-button-link elementor-size-lg\" href=\"https:\/\/andermattmusic.ch\/de\/event\/forellenquintett-oder-soll-es-tod-bedeuten\/\">\n\t\t\t\t\t\t<span class=\"elementor-button-content-wrapper\">\n\t\t\t\t\t\t<span class=\"elementor-button-icon\">\n\t\t\t\t<svg xmlns=\"http:\/\/www.w3.org\/2000\/svg\" xmlns:xlink=\"http:\/\/www.w3.org\/1999\/xlink\" x=\"0px\" y=\"0px\" viewBox=\"0 0 35 35.2\" xml:space=\"preserve\"><path fill=\"currentColor\" d=\"M17.5,0.9C8.387,0.9,1,8.287,1,17.4c0,9.113,7.387,16.5,16.5,16.5S34,26.513,34,17.4 C34,8.287,26.613,0.9,17.5,0.9z M14.3,30l-1.2-1.2l11.1-11.1l-10.9-11l1.3-1.3l12.2,12.2L14.3,30z\"><\/path><\/svg>\t\t\t<\/span>\n\t\t\t\t\t\t\t\t\t<span class=\"elementor-button-text\">Programm<\/span>\n\t\t\t\t\t<\/span>\n\t\t\t\t\t<\/a>\n\t\t\t\t<\/div>\n\t\t\t\t\t\t\t\t<\/div>\n\t\t\t\t<\/div>\n\t\t\t\t\t<\/div>\n\t\t<\/div>\n\t\t\t\t\t<\/div>\n\t\t<\/section>\n\t\t\t\t\t<\/div>\n\t\t<\/div>\n\t\t\t\t\t<\/div>\n\t\t<\/section>\n\t\t\t\t<\/div>\n\t\t\t\t<\/article>\n\t\t\t\t<article id=\"post-5993\" class=\"elementor-post elementor-grid-item ecs-post-loop post-5993 event type-event status-publish has-post-thumbnail hentry composer-gioachino-rossini composer-johannes-brahms\">\n\t\t\t\t<div data-elementor-type=\"loop\" data-elementor-id=\"5729\" class=\"elementor elementor-5729 post-5993 event type-event status-publish has-post-thumbnail hentry composer-gioachino-rossini composer-johannes-brahms\" data-elementor-post-type=\"elementor_library\">\n\t\t\t\t\t<section class=\"elementor-section elementor-top-section elementor-element elementor-element-4acc5669 elementor-section-boxed elementor-section-height-default elementor-section-height-default\" data-id=\"4acc5669\" data-element_type=\"section\">\n\t\t\t\t\t\t<div class=\"elementor-container elementor-column-gap-wide\">\n\t\t\t\t\t<div class=\"elementor-column elementor-col-33 elementor-top-column elementor-element elementor-element-2c329341\" data-id=\"2c329341\" data-element_type=\"column\">\n\t\t\t<div class=\"elementor-widget-wrap elementor-element-populated\">\n\t\t\t\t\t\t<div class=\"elementor-element elementor-element-3327e9c5 elementor-widget elementor-widget-text-editor\" data-id=\"3327e9c5\" data-element_type=\"widget\" data-widget_type=\"text-editor.default\">\n\t\t\t\t<div class=\"elementor-widget-container\">\n\t\t\t\t\t\t\t\t\tFreitag, 21.10.2022\t\t\t\t\t\t\t\t<\/div>\n\t\t\t\t<\/div>\n\t\t\t\t<div class=\"elementor-element elementor-element-2faffde7 elementor-widget elementor-widget-text-editor\" data-id=\"2faffde7\" data-element_type=\"widget\" data-widget_type=\"text-editor.default\">\n\t\t\t\t<div class=\"elementor-widget-container\">\n\t\t\t\t\t\t\t\t\t19.30 Uhr\t\t\t\t\t\t\t\t<\/div>\n\t\t\t\t<\/div>\n\t\t\t\t<div class=\"elementor-element elementor-element-16b635aa elementor-widget elementor-widget-image\" data-id=\"16b635aa\" data-element_type=\"widget\" data-widget_type=\"image.default\">\n\t\t\t\t<div class=\"elementor-widget-container\">\n\t\t\t\t\t\t\t\t\t\t\t\t\t\t\t\t<a href=\"https:\/\/andermattmusic.ch\/de\/event\/jerusalem-chamber-music-festival-ensemble\/\">\n\t\t\t\t\t\t\t<img loading=\"lazy\" decoding=\"async\" width=\"700\" height=\"700\" src=\"https:\/\/andermattmusic.ch\/wp-content\/uploads\/2022\/07\/KONZERT_21.10.2022-700x700.jpg\" class=\"attachment-performers_list_image size-performers_list_image wp-image-6552\" alt=\"Jerusalem Chamber Music Festival Ensemble\" srcset=\"https:\/\/andermattmusic.ch\/wp-content\/uploads\/2022\/07\/KONZERT_21.10.2022-700x700.jpg 700w, https:\/\/andermattmusic.ch\/wp-content\/uploads\/2022\/07\/KONZERT_21.10.2022-150x150.jpg 150w\" sizes=\"(max-width: 700px) 100vw, 700px\" \/>\t\t\t\t\t\t\t\t<\/a>\n\t\t\t\t\t\t\t\t\t\t\t\t\t\t\t<\/div>\n\t\t\t\t<\/div>\n\t\t\t\t\t<\/div>\n\t\t<\/div>\n\t\t\t\t<div class=\"elementor-column elementor-col-66 elementor-top-column elementor-element elementor-element-79fd2a9d\" data-id=\"79fd2a9d\" data-element_type=\"column\">\n\t\t\t<div class=\"elementor-widget-wrap elementor-element-populated\">\n\t\t\t\t\t\t<div class=\"elementor-element elementor-element-767765d2 elementor-widget elementor-widget-heading\" data-id=\"767765d2\" data-element_type=\"widget\" data-widget_type=\"heading.default\">\n\t\t\t\t<div class=\"elementor-widget-container\">\n\t\t\t\t\t<h2 class=\"elementor-heading-title elementor-size-default\"><a href=\"https:\/\/andermattmusic.ch\/de\/event\/jerusalem-chamber-music-festival-ensemble\/\">jerusalem chamber music festival ensemble<\/a><\/h2>\t\t\t\t<\/div>\n\t\t\t\t<\/div>\n\t\t\t\t<div class=\"elementor-element elementor-element-3d0bc17 elementor-widget elementor-widget-text-editor\" data-id=\"3d0bc17\" data-element_type=\"widget\" data-widget_type=\"text-editor.default\">\n\t\t\t\t<div class=\"elementor-widget-container\">\n\t\t\t\t\t\t\t\t\t<p><strong>KAMMERMUSIK<\/strong><\/p>\n<p>Jerusalem Chamber Music Festival Ensemble:<br \/>\nMichael Barenboim, Violine<br \/>\nMohamed Hiber, Violine<br \/>\nGerard Causs\u00e9, Viola<br \/>\nSara Ferrandez, Viola<br \/>\nAstrig Siranossian, Cello<br \/>\nIvan Karizna, Cello<br \/>\nNabil Shehata, Kontrabass<br \/>\nPablo Barrag\u00e1n, Klarinette<br \/>\nElena Bashkirova, Klavier<\/p>\n<p>Von Hunden und Nachtigallen. Elena Bashkirova (Klavier) pr\u00e4sentiert mit ihrem Jerusalem Chamber Music Festival Ensemble Werke von Rossini und Brahms.<\/p>\n&mdash;\t\t\t\t\t\t\t\t<\/div>\n\t\t\t\t<\/div>\n\t\t\t\t<section class=\"elementor-section elementor-inner-section elementor-element elementor-element-5b459e1 elementor-section-full_width elementor-section-height-default elementor-section-height-default\" data-id=\"5b459e1\" data-element_type=\"section\">\n\t\t\t\t\t\t<div class=\"elementor-container elementor-column-gap-no\">\n\t\t\t\t\t<div class=\"elementor-column elementor-col-100 elementor-inner-column elementor-element elementor-element-599d41ac\" data-id=\"599d41ac\" data-element_type=\"column\">\n\t\t\t<div class=\"elementor-widget-wrap elementor-element-populated\">\n\t\t\t\t\t\t<div class=\"elementor-element elementor-element-2e8a5eeb elementor-widget__width-auto elementor-widget elementor-widget-button\" data-id=\"2e8a5eeb\" data-element_type=\"widget\" data-widget_type=\"button.default\">\n\t\t\t\t<div class=\"elementor-widget-container\">\n\t\t\t\t\t\t\t\t\t<div class=\"elementor-button-wrapper\">\n\t\t\t\t\t<a class=\"elementor-button elementor-button-link elementor-size-lg\" href=\"https:\/\/andermattmusic.ch\/de\/event\/jerusalem-chamber-music-festival-ensemble\/\">\n\t\t\t\t\t\t<span class=\"elementor-button-content-wrapper\">\n\t\t\t\t\t\t<span class=\"elementor-button-icon\">\n\t\t\t\t<svg xmlns=\"http:\/\/www.w3.org\/2000\/svg\" xmlns:xlink=\"http:\/\/www.w3.org\/1999\/xlink\" x=\"0px\" y=\"0px\" viewBox=\"0 0 35 35.2\" xml:space=\"preserve\"><path fill=\"currentColor\" d=\"M17.5,0.9C8.387,0.9,1,8.287,1,17.4c0,9.113,7.387,16.5,16.5,16.5S34,26.513,34,17.4 C34,8.287,26.613,0.9,17.5,0.9z M14.3,30l-1.2-1.2l11.1-11.1l-10.9-11l1.3-1.3l12.2,12.2L14.3,30z\"><\/path><\/svg>\t\t\t<\/span>\n\t\t\t\t\t\t\t\t\t<span class=\"elementor-button-text\">Programm<\/span>\n\t\t\t\t\t<\/span>\n\t\t\t\t\t<\/a>\n\t\t\t\t<\/div>\n\t\t\t\t\t\t\t\t<\/div>\n\t\t\t\t<\/div>\n\t\t\t\t\t<\/div>\n\t\t<\/div>\n\t\t\t\t\t<\/div>\n\t\t<\/section>\n\t\t\t\t\t<\/div>\n\t\t<\/div>\n\t\t\t\t\t<\/div>\n\t\t<\/section>\n\t\t\t\t<\/div>\n\t\t\t\t<\/article>\n\t\t\t\t<article id=\"post-5983\" class=\"elementor-post elementor-grid-item ecs-post-loop post-5983 event type-event status-publish has-post-thumbnail hentry\">\n\t\t\t\t<div data-elementor-type=\"loop\" data-elementor-id=\"5729\" class=\"elementor elementor-5729 post-5983 event type-event status-publish has-post-thumbnail hentry\" data-elementor-post-type=\"elementor_library\">\n\t\t\t\t\t<section class=\"elementor-section elementor-top-section elementor-element elementor-element-4acc5669 elementor-section-boxed elementor-section-height-default elementor-section-height-default\" data-id=\"4acc5669\" data-element_type=\"section\">\n\t\t\t\t\t\t<div class=\"elementor-container elementor-column-gap-wide\">\n\t\t\t\t\t<div class=\"elementor-column elementor-col-33 elementor-top-column elementor-element elementor-element-2c329341\" data-id=\"2c329341\" data-element_type=\"column\">\n\t\t\t<div class=\"elementor-widget-wrap elementor-element-populated\">\n\t\t\t\t\t\t<div class=\"elementor-element elementor-element-3327e9c5 elementor-widget elementor-widget-text-editor\" data-id=\"3327e9c5\" data-element_type=\"widget\" data-widget_type=\"text-editor.default\">\n\t\t\t\t<div class=\"elementor-widget-container\">\n\t\t\t\t\t\t\t\t\tSamstag, 10.9.2022\t\t\t\t\t\t\t\t<\/div>\n\t\t\t\t<\/div>\n\t\t\t\t<div class=\"elementor-element elementor-element-2faffde7 elementor-widget elementor-widget-text-editor\" data-id=\"2faffde7\" data-element_type=\"widget\" data-widget_type=\"text-editor.default\">\n\t\t\t\t<div class=\"elementor-widget-container\">\n\t\t\t\t\t\t\t\t\t20.00 Uhr\t\t\t\t\t\t\t\t<\/div>\n\t\t\t\t<\/div>\n\t\t\t\t<div class=\"elementor-element elementor-element-16b635aa elementor-widget elementor-widget-image\" data-id=\"16b635aa\" data-element_type=\"widget\" data-widget_type=\"image.default\">\n\t\t\t\t<div class=\"elementor-widget-container\">\n\t\t\t\t\t\t\t\t\t\t\t\t\t\t\t\t<a href=\"https:\/\/andermattmusic.ch\/de\/event\/allstar-symphony\/\">\n\t\t\t\t\t\t\t<img loading=\"lazy\" decoding=\"async\" width=\"700\" height=\"700\" src=\"https:\/\/andermattmusic.ch\/wp-content\/uploads\/2022\/06\/KONZERT_10.09.2022-700x700.jpg\" class=\"attachment-performers_list_image size-performers_list_image wp-image-6097\" alt=\"The Bash, Sina, Adrian Stern, Kunz, Michael von der Heide, Swiss Orchestra\" srcset=\"https:\/\/andermattmusic.ch\/wp-content\/uploads\/2022\/06\/KONZERT_10.09.2022-700x700.jpg 700w, https:\/\/andermattmusic.ch\/wp-content\/uploads\/2022\/06\/KONZERT_10.09.2022-150x150.jpg 150w\" sizes=\"(max-width: 700px) 100vw, 700px\" \/>\t\t\t\t\t\t\t\t<\/a>\n\t\t\t\t\t\t\t\t\t\t\t\t\t\t\t<\/div>\n\t\t\t\t<\/div>\n\t\t\t\t\t<\/div>\n\t\t<\/div>\n\t\t\t\t<div class=\"elementor-column elementor-col-66 elementor-top-column elementor-element elementor-element-79fd2a9d\" data-id=\"79fd2a9d\" data-element_type=\"column\">\n\t\t\t<div class=\"elementor-widget-wrap elementor-element-populated\">\n\t\t\t\t\t\t<div class=\"elementor-element elementor-element-767765d2 elementor-widget elementor-widget-heading\" data-id=\"767765d2\" data-element_type=\"widget\" data-widget_type=\"heading.default\">\n\t\t\t\t<div class=\"elementor-widget-container\">\n\t\t\t\t\t<h2 class=\"elementor-heading-title elementor-size-default\"><a href=\"https:\/\/andermattmusic.ch\/de\/event\/allstar-symphony\/\">allstar symphony<\/a><\/h2>\t\t\t\t<\/div>\n\t\t\t\t<\/div>\n\t\t\t\t<div class=\"elementor-element elementor-element-3d0bc17 elementor-widget elementor-widget-text-editor\" data-id=\"3d0bc17\" data-element_type=\"widget\" data-widget_type=\"text-editor.default\">\n\t\t\t\t<div class=\"elementor-widget-container\">\n\t\t\t\t\t\t\t\t\t<p><strong>THE BASH GOES SYMPHONIC<\/strong><\/p>\n<p>Sina, Adrian Stern, Kunz, Michael von der Heide<br \/>\nSwiss Orchestra<br \/>\nLena-Lisa W\u00fcstend\u00f6rfer, Leitung<\/p>\n<p>Adrian Stern, Sina, Kunz und Michael von der Heide musizieren am \u00abThe Bash Festival Andermatt\u00bb erstmals gemeinsam mit dem Swiss Orchestra unter Lena-Lisa W\u00fcstend\u00f6rfer.<\/p>\n&mdash;\t\t\t\t\t\t\t\t<\/div>\n\t\t\t\t<\/div>\n\t\t\t\t<section class=\"elementor-section elementor-inner-section elementor-element elementor-element-5b459e1 elementor-section-full_width elementor-section-height-default elementor-section-height-default\" data-id=\"5b459e1\" data-element_type=\"section\">\n\t\t\t\t\t\t<div class=\"elementor-container elementor-column-gap-no\">\n\t\t\t\t\t<div class=\"elementor-column elementor-col-100 elementor-inner-column elementor-element elementor-element-599d41ac\" data-id=\"599d41ac\" data-element_type=\"column\">\n\t\t\t<div class=\"elementor-widget-wrap elementor-element-populated\">\n\t\t\t\t\t\t<div class=\"elementor-element elementor-element-2e8a5eeb elementor-widget__width-auto elementor-widget elementor-widget-button\" data-id=\"2e8a5eeb\" data-element_type=\"widget\" data-widget_type=\"button.default\">\n\t\t\t\t<div class=\"elementor-widget-container\">\n\t\t\t\t\t\t\t\t\t<div class=\"elementor-button-wrapper\">\n\t\t\t\t\t<a class=\"elementor-button elementor-button-link elementor-size-lg\" href=\"https:\/\/andermattmusic.ch\/de\/event\/allstar-symphony\/\">\n\t\t\t\t\t\t<span class=\"elementor-button-content-wrapper\">\n\t\t\t\t\t\t<span class=\"elementor-button-icon\">\n\t\t\t\t<svg xmlns=\"http:\/\/www.w3.org\/2000\/svg\" xmlns:xlink=\"http:\/\/www.w3.org\/1999\/xlink\" x=\"0px\" y=\"0px\" viewBox=\"0 0 35 35.2\" xml:space=\"preserve\"><path fill=\"currentColor\" d=\"M17.5,0.9C8.387,0.9,1,8.287,1,17.4c0,9.113,7.387,16.5,16.5,16.5S34,26.513,34,17.4 C34,8.287,26.613,0.9,17.5,0.9z M14.3,30l-1.2-1.2l11.1-11.1l-10.9-11l1.3-1.3l12.2,12.2L14.3,30z\"><\/path><\/svg>\t\t\t<\/span>\n\t\t\t\t\t\t\t\t\t<span class=\"elementor-button-text\">Programm<\/span>\n\t\t\t\t\t<\/span>\n\t\t\t\t\t<\/a>\n\t\t\t\t<\/div>\n\t\t\t\t\t\t\t\t<\/div>\n\t\t\t\t<\/div>\n\t\t\t\t\t<\/div>\n\t\t<\/div>\n\t\t\t\t\t<\/div>\n\t\t<\/section>\n\t\t\t\t\t<\/div>\n\t\t<\/div>\n\t\t\t\t\t<\/div>\n\t\t<\/section>\n\t\t\t\t<\/div>\n\t\t\t\t<\/article>\n\t\t\t\t<article id=\"post-5972\" class=\"elementor-post elementor-grid-item ecs-post-loop post-5972 event type-event status-publish has-post-thumbnail hentry composer-franz-schubert\">\n\t\t\t\t<div data-elementor-type=\"loop\" data-elementor-id=\"5729\" class=\"elementor elementor-5729 post-5972 event type-event status-publish has-post-thumbnail hentry composer-franz-schubert\" data-elementor-post-type=\"elementor_library\">\n\t\t\t\t\t<section class=\"elementor-section elementor-top-section elementor-element elementor-element-4acc5669 elementor-section-boxed elementor-section-height-default elementor-section-height-default\" data-id=\"4acc5669\" data-element_type=\"section\">\n\t\t\t\t\t\t<div class=\"elementor-container elementor-column-gap-wide\">\n\t\t\t\t\t<div class=\"elementor-column elementor-col-33 elementor-top-column elementor-element elementor-element-2c329341\" data-id=\"2c329341\" data-element_type=\"column\">\n\t\t\t<div class=\"elementor-widget-wrap elementor-element-populated\">\n\t\t\t\t\t\t<div class=\"elementor-element elementor-element-3327e9c5 elementor-widget elementor-widget-text-editor\" data-id=\"3327e9c5\" data-element_type=\"widget\" data-widget_type=\"text-editor.default\">\n\t\t\t\t<div class=\"elementor-widget-container\">\n\t\t\t\t\t\t\t\t\tSamstag, 13.8.2022\t\t\t\t\t\t\t\t<\/div>\n\t\t\t\t<\/div>\n\t\t\t\t<div class=\"elementor-element elementor-element-2faffde7 elementor-widget elementor-widget-text-editor\" data-id=\"2faffde7\" data-element_type=\"widget\" data-widget_type=\"text-editor.default\">\n\t\t\t\t<div class=\"elementor-widget-container\">\n\t\t\t\t\t\t\t\t\t19.30 Uhr\t\t\t\t\t\t\t\t<\/div>\n\t\t\t\t<\/div>\n\t\t\t\t<div class=\"elementor-element elementor-element-16b635aa elementor-widget elementor-widget-image\" data-id=\"16b635aa\" data-element_type=\"widget\" data-widget_type=\"image.default\">\n\t\t\t\t<div class=\"elementor-widget-container\">\n\t\t\t\t\t\t\t\t\t\t\t\t\t\t\t\t<a href=\"https:\/\/andermattmusic.ch\/de\/event\/von-herzen-zu-herzen\/\">\n\t\t\t\t\t\t\t<img loading=\"lazy\" decoding=\"async\" width=\"700\" height=\"700\" src=\"https:\/\/andermattmusic.ch\/wp-content\/uploads\/2022\/06\/KONZERT_13.08.2022-700x700.jpg\" class=\"attachment-performers_list_image size-performers_list_image wp-image-6099\" alt=\"Mauro Peter, Joseph Middleton, Goethe Tage Andermatt\" srcset=\"https:\/\/andermattmusic.ch\/wp-content\/uploads\/2022\/06\/KONZERT_13.08.2022-700x700.jpg 700w, https:\/\/andermattmusic.ch\/wp-content\/uploads\/2022\/06\/KONZERT_13.08.2022-150x150.jpg 150w\" sizes=\"(max-width: 700px) 100vw, 700px\" \/>\t\t\t\t\t\t\t\t<\/a>\n\t\t\t\t\t\t\t\t\t\t\t\t\t\t\t<\/div>\n\t\t\t\t<\/div>\n\t\t\t\t\t<\/div>\n\t\t<\/div>\n\t\t\t\t<div class=\"elementor-column elementor-col-66 elementor-top-column elementor-element elementor-element-79fd2a9d\" data-id=\"79fd2a9d\" data-element_type=\"column\">\n\t\t\t<div class=\"elementor-widget-wrap elementor-element-populated\">\n\t\t\t\t\t\t<div class=\"elementor-element elementor-element-767765d2 elementor-widget elementor-widget-heading\" data-id=\"767765d2\" data-element_type=\"widget\" data-widget_type=\"heading.default\">\n\t\t\t\t<div class=\"elementor-widget-container\">\n\t\t\t\t\t<h2 class=\"elementor-heading-title elementor-size-default\"><a href=\"https:\/\/andermattmusic.ch\/de\/event\/von-herzen-zu-herzen\/\">\u00abvon herzen zu herzen\u00bb<\/a><\/h2>\t\t\t\t<\/div>\n\t\t\t\t<\/div>\n\t\t\t\t<div class=\"elementor-element elementor-element-3d0bc17 elementor-widget elementor-widget-text-editor\" data-id=\"3d0bc17\" data-element_type=\"widget\" data-widget_type=\"text-editor.default\">\n\t\t\t\t<div class=\"elementor-widget-container\">\n\t\t\t\t\t\t\t\t\t<p><strong>LIEDERABEND MIT SCHUBERTS GOETHE-VERTONUNGEN<\/strong><\/p>\n<p>Mauro Peter, Tenor<br \/>\nJoseph Middleton, Klavier<\/p>\n<p>Der Luzerner Tenor Mauro Peter und Joseph Middleton (Klavier) pr\u00e4sentieren anl\u00e4sslich der ersten <a href=\"https:\/\/andermattmusic.ch\/de\/goethe-tage-andermatt\/\">\u00abGoethe Tage Andermatt\u00bb<\/a> Goethe-Vertonungen von Franz Schubert, die zu den H\u00f6hepunkten der Liedkunst \u00fcberhaupt geh\u00f6ren.<\/p>\n<p>Um 16.30 Uhr findet eine Podiumsdiskussion mit spannenden Pers\u00f6nlichkeiten zu Goethes Gotthardreisen statt (im Ticketpreis inbegriffen). Weitere Informationen zu den \u00abGoethe Tagen Andermatt\u00bb finden sie <a href=\"https:\/\/andermattmusic.ch\/de\/goethe-tage-andermatt\/\">hier<\/a>.<\/p>\n&mdash;\t\t\t\t\t\t\t\t<\/div>\n\t\t\t\t<\/div>\n\t\t\t\t<section class=\"elementor-section elementor-inner-section elementor-element elementor-element-5b459e1 elementor-section-full_width elementor-section-height-default elementor-section-height-default\" data-id=\"5b459e1\" data-element_type=\"section\">\n\t\t\t\t\t\t<div class=\"elementor-container elementor-column-gap-no\">\n\t\t\t\t\t<div class=\"elementor-column elementor-col-100 elementor-inner-column elementor-element elementor-element-599d41ac\" data-id=\"599d41ac\" data-element_type=\"column\">\n\t\t\t<div class=\"elementor-widget-wrap elementor-element-populated\">\n\t\t\t\t\t\t<div class=\"elementor-element elementor-element-2e8a5eeb elementor-widget__width-auto elementor-widget elementor-widget-button\" data-id=\"2e8a5eeb\" data-element_type=\"widget\" data-widget_type=\"button.default\">\n\t\t\t\t<div class=\"elementor-widget-container\">\n\t\t\t\t\t\t\t\t\t<div class=\"elementor-button-wrapper\">\n\t\t\t\t\t<a class=\"elementor-button elementor-button-link elementor-size-lg\" href=\"https:\/\/andermattmusic.ch\/de\/event\/von-herzen-zu-herzen\/\">\n\t\t\t\t\t\t<span class=\"elementor-button-content-wrapper\">\n\t\t\t\t\t\t<span class=\"elementor-button-icon\">\n\t\t\t\t<svg xmlns=\"http:\/\/www.w3.org\/2000\/svg\" xmlns:xlink=\"http:\/\/www.w3.org\/1999\/xlink\" x=\"0px\" y=\"0px\" viewBox=\"0 0 35 35.2\" xml:space=\"preserve\"><path fill=\"currentColor\" d=\"M17.5,0.9C8.387,0.9,1,8.287,1,17.4c0,9.113,7.387,16.5,16.5,16.5S34,26.513,34,17.4 C34,8.287,26.613,0.9,17.5,0.9z M14.3,30l-1.2-1.2l11.1-11.1l-10.9-11l1.3-1.3l12.2,12.2L14.3,30z\"><\/path><\/svg>\t\t\t<\/span>\n\t\t\t\t\t\t\t\t\t<span class=\"elementor-button-text\">Programm<\/span>\n\t\t\t\t\t<\/span>\n\t\t\t\t\t<\/a>\n\t\t\t\t<\/div>\n\t\t\t\t\t\t\t\t<\/div>\n\t\t\t\t<\/div>\n\t\t\t\t\t<\/div>\n\t\t<\/div>\n\t\t\t\t\t<\/div>\n\t\t<\/section>\n\t\t\t\t\t<\/div>\n\t\t<\/div>\n\t\t\t\t\t<\/div>\n\t\t<\/section>\n\t\t\t\t<\/div>\n\t\t\t\t<\/article>\n\t\t\t\t<article id=\"post-3068\" class=\"elementor-post elementor-grid-item ecs-post-loop post-3068 event type-event status-publish has-post-thumbnail hentry\">\n\t\t\t\t<div data-elementor-type=\"loop\" data-elementor-id=\"5729\" class=\"elementor elementor-5729 post-3068 event type-event status-publish has-post-thumbnail hentry\" data-elementor-post-type=\"elementor_library\">\n\t\t\t\t\t<section class=\"elementor-section elementor-top-section elementor-element elementor-element-4acc5669 elementor-section-boxed elementor-section-height-default elementor-section-height-default\" data-id=\"4acc5669\" data-element_type=\"section\">\n\t\t\t\t\t\t<div class=\"elementor-container elementor-column-gap-wide\">\n\t\t\t\t\t<div class=\"elementor-column elementor-col-33 elementor-top-column elementor-element elementor-element-2c329341\" data-id=\"2c329341\" data-element_type=\"column\">\n\t\t\t<div class=\"elementor-widget-wrap elementor-element-populated\">\n\t\t\t\t\t\t<div class=\"elementor-element elementor-element-3327e9c5 elementor-widget elementor-widget-text-editor\" data-id=\"3327e9c5\" data-element_type=\"widget\" data-widget_type=\"text-editor.default\">\n\t\t\t\t<div class=\"elementor-widget-container\">\n\t\t\t\t\t\t\t\t\tSamstag, 23.7.2022\t\t\t\t\t\t\t\t<\/div>\n\t\t\t\t<\/div>\n\t\t\t\t<div class=\"elementor-element elementor-element-2faffde7 elementor-widget elementor-widget-text-editor\" data-id=\"2faffde7\" data-element_type=\"widget\" data-widget_type=\"text-editor.default\">\n\t\t\t\t<div class=\"elementor-widget-container\">\n\t\t\t\t\t\t\t\t\t19.30 Uhr\t\t\t\t\t\t\t\t<\/div>\n\t\t\t\t<\/div>\n\t\t\t\t<div class=\"elementor-element elementor-element-16b635aa elementor-widget elementor-widget-image\" data-id=\"16b635aa\" data-element_type=\"widget\" data-widget_type=\"image.default\">\n\t\t\t\t<div class=\"elementor-widget-container\">\n\t\t\t\t\t\t\t\t\t\t\t\t\t\t\t\t<a href=\"https:\/\/andermattmusic.ch\/de\/event\/alpengluehen\/\">\n\t\t\t\t\t\t\t<img loading=\"lazy\" decoding=\"async\" width=\"700\" height=\"700\" src=\"https:\/\/andermattmusic.ch\/wp-content\/uploads\/2021\/11\/AM_DREAMSCAPE_23.07.2022_squared-700x700.jpg\" class=\"attachment-performers_list_image size-performers_list_image wp-image-3247\" alt=\"\" srcset=\"https:\/\/andermattmusic.ch\/wp-content\/uploads\/2021\/11\/AM_DREAMSCAPE_23.07.2022_squared-700x700.jpg 700w, https:\/\/andermattmusic.ch\/wp-content\/uploads\/2021\/11\/AM_DREAMSCAPE_23.07.2022_squared-300x300.jpg 300w, https:\/\/andermattmusic.ch\/wp-content\/uploads\/2021\/11\/AM_DREAMSCAPE_23.07.2022_squared-1024x1024.jpg 1024w, https:\/\/andermattmusic.ch\/wp-content\/uploads\/2021\/11\/AM_DREAMSCAPE_23.07.2022_squared-150x150.jpg 150w, https:\/\/andermattmusic.ch\/wp-content\/uploads\/2021\/11\/AM_DREAMSCAPE_23.07.2022_squared-768x768.jpg 768w, https:\/\/andermattmusic.ch\/wp-content\/uploads\/2021\/11\/AM_DREAMSCAPE_23.07.2022_squared.jpg 1063w\" sizes=\"(max-width: 700px) 100vw, 700px\" \/>\t\t\t\t\t\t\t\t<\/a>\n\t\t\t\t\t\t\t\t\t\t\t\t\t\t\t<\/div>\n\t\t\t\t<\/div>\n\t\t\t\t\t<\/div>\n\t\t<\/div>\n\t\t\t\t<div class=\"elementor-column elementor-col-66 elementor-top-column elementor-element elementor-element-79fd2a9d\" data-id=\"79fd2a9d\" data-element_type=\"column\">\n\t\t\t<div class=\"elementor-widget-wrap elementor-element-populated\">\n\t\t\t\t\t\t<div class=\"elementor-element elementor-element-767765d2 elementor-widget elementor-widget-heading\" data-id=\"767765d2\" data-element_type=\"widget\" data-widget_type=\"heading.default\">\n\t\t\t\t<div class=\"elementor-widget-container\">\n\t\t\t\t\t<h2 class=\"elementor-heading-title elementor-size-default\"><a href=\"https:\/\/andermattmusic.ch\/de\/event\/alpengluehen\/\">alpengl\u00fchen<\/a><\/h2>\t\t\t\t<\/div>\n\t\t\t\t<\/div>\n\t\t\t\t<div class=\"elementor-element elementor-element-3d0bc17 elementor-widget elementor-widget-text-editor\" data-id=\"3d0bc17\" data-element_type=\"widget\" data-widget_type=\"text-editor.default\">\n\t\t\t\t<div class=\"elementor-widget-container\">\n\t\t\t\t\t\t\t\t\t<p><strong>KAMMERMUSIK MIT DEM AZAHAR ENSEMBLE<\/strong><\/p>\n<p>Feurige Interpretationen, frischer Wind, der Duft von Orangenbl\u00fcten \u2013 das Bl\u00e4serquintett aus Mitgliedern des Swiss Orchestra wirbelt mit seinem furiosen Programm durch die Andermatt Konzerthalle und bringt mit bekannten Klassikern, einer Schweizer Trouvaille und temperamentvoller Musik aus Spanien die Alpen zum Gl\u00fchen.<\/p>\n&mdash;\t\t\t\t\t\t\t\t<\/div>\n\t\t\t\t<\/div>\n\t\t\t\t<section class=\"elementor-section elementor-inner-section elementor-element elementor-element-5b459e1 elementor-section-full_width elementor-section-height-default elementor-section-height-default\" data-id=\"5b459e1\" data-element_type=\"section\">\n\t\t\t\t\t\t<div class=\"elementor-container elementor-column-gap-no\">\n\t\t\t\t\t<div class=\"elementor-column elementor-col-100 elementor-inner-column elementor-element elementor-element-599d41ac\" data-id=\"599d41ac\" data-element_type=\"column\">\n\t\t\t<div class=\"elementor-widget-wrap elementor-element-populated\">\n\t\t\t\t\t\t<div class=\"elementor-element elementor-element-2e8a5eeb elementor-widget__width-auto elementor-widget elementor-widget-button\" data-id=\"2e8a5eeb\" data-element_type=\"widget\" data-widget_type=\"button.default\">\n\t\t\t\t<div class=\"elementor-widget-container\">\n\t\t\t\t\t\t\t\t\t<div class=\"elementor-button-wrapper\">\n\t\t\t\t\t<a class=\"elementor-button elementor-button-link elementor-size-lg\" href=\"https:\/\/andermattmusic.ch\/de\/event\/alpengluehen\/\">\n\t\t\t\t\t\t<span class=\"elementor-button-content-wrapper\">\n\t\t\t\t\t\t<span class=\"elementor-button-icon\">\n\t\t\t\t<svg xmlns=\"http:\/\/www.w3.org\/2000\/svg\" xmlns:xlink=\"http:\/\/www.w3.org\/1999\/xlink\" x=\"0px\" y=\"0px\" viewBox=\"0 0 35 35.2\" xml:space=\"preserve\"><path fill=\"currentColor\" d=\"M17.5,0.9C8.387,0.9,1,8.287,1,17.4c0,9.113,7.387,16.5,16.5,16.5S34,26.513,34,17.4 C34,8.287,26.613,0.9,17.5,0.9z M14.3,30l-1.2-1.2l11.1-11.1l-10.9-11l1.3-1.3l12.2,12.2L14.3,30z\"><\/path><\/svg>\t\t\t<\/span>\n\t\t\t\t\t\t\t\t\t<span class=\"elementor-button-text\">Programm<\/span>\n\t\t\t\t\t<\/span>\n\t\t\t\t\t<\/a>\n\t\t\t\t<\/div>\n\t\t\t\t\t\t\t\t<\/div>\n\t\t\t\t<\/div>\n\t\t\t\t\t<\/div>\n\t\t<\/div>\n\t\t\t\t\t<\/div>\n\t\t<\/section>\n\t\t\t\t\t<\/div>\n\t\t<\/div>\n\t\t\t\t\t<\/div>\n\t\t<\/section>\n\t\t\t\t<\/div>\n\t\t\t\t<\/article>\n\t\t\t\t<article id=\"post-1927\" class=\"elementor-post elementor-grid-item ecs-post-loop post-1927 event type-event status-publish has-post-thumbnail hentry composer-joachim-raff composer-johannes-brahms\">\n\t\t\t\t<div data-elementor-type=\"loop\" data-elementor-id=\"5729\" class=\"elementor elementor-5729 post-1927 event type-event status-publish has-post-thumbnail hentry composer-joachim-raff composer-johannes-brahms\" data-elementor-post-type=\"elementor_library\">\n\t\t\t\t\t<section class=\"elementor-section elementor-top-section elementor-element elementor-element-4acc5669 elementor-section-boxed elementor-section-height-default elementor-section-height-default\" data-id=\"4acc5669\" data-element_type=\"section\">\n\t\t\t\t\t\t<div class=\"elementor-container elementor-column-gap-wide\">\n\t\t\t\t\t<div class=\"elementor-column elementor-col-33 elementor-top-column elementor-element elementor-element-2c329341\" data-id=\"2c329341\" data-element_type=\"column\">\n\t\t\t<div class=\"elementor-widget-wrap elementor-element-populated\">\n\t\t\t\t\t\t<div class=\"elementor-element elementor-element-3327e9c5 elementor-widget elementor-widget-text-editor\" data-id=\"3327e9c5\" data-element_type=\"widget\" data-widget_type=\"text-editor.default\">\n\t\t\t\t<div class=\"elementor-widget-container\">\n\t\t\t\t\t\t\t\t\tSonntag, 3.7.2022\t\t\t\t\t\t\t\t<\/div>\n\t\t\t\t<\/div>\n\t\t\t\t<div class=\"elementor-element elementor-element-2faffde7 elementor-widget elementor-widget-text-editor\" data-id=\"2faffde7\" data-element_type=\"widget\" data-widget_type=\"text-editor.default\">\n\t\t\t\t<div class=\"elementor-widget-container\">\n\t\t\t\t\t\t\t\t\t16.30 Uhr\t\t\t\t\t\t\t\t<\/div>\n\t\t\t\t<\/div>\n\t\t\t\t<div class=\"elementor-element elementor-element-16b635aa elementor-widget elementor-widget-image\" data-id=\"16b635aa\" data-element_type=\"widget\" data-widget_type=\"image.default\">\n\t\t\t\t<div class=\"elementor-widget-container\">\n\t\t\t\t\t\t\t\t\t\t\t\t\t\t\t\t<a href=\"https:\/\/andermattmusic.ch\/de\/event\/romantische-perspektiven\/\">\n\t\t\t\t\t\t\t<img loading=\"lazy\" decoding=\"async\" width=\"700\" height=\"700\" src=\"https:\/\/andermattmusic.ch\/wp-content\/uploads\/2021\/10\/AM_DREAMSCAPES_03.07.2022_squared-700x700.jpg\" class=\"attachment-performers_list_image size-performers_list_image wp-image-3241\" alt=\"\" srcset=\"https:\/\/andermattmusic.ch\/wp-content\/uploads\/2021\/10\/AM_DREAMSCAPES_03.07.2022_squared-700x700.jpg 700w, https:\/\/andermattmusic.ch\/wp-content\/uploads\/2021\/10\/AM_DREAMSCAPES_03.07.2022_squared-300x300.jpg 300w, https:\/\/andermattmusic.ch\/wp-content\/uploads\/2021\/10\/AM_DREAMSCAPES_03.07.2022_squared-1024x1024.jpg 1024w, https:\/\/andermattmusic.ch\/wp-content\/uploads\/2021\/10\/AM_DREAMSCAPES_03.07.2022_squared-150x150.jpg 150w, https:\/\/andermattmusic.ch\/wp-content\/uploads\/2021\/10\/AM_DREAMSCAPES_03.07.2022_squared-768x768.jpg 768w, https:\/\/andermattmusic.ch\/wp-content\/uploads\/2021\/10\/AM_DREAMSCAPES_03.07.2022_squared.jpg 1063w\" sizes=\"(max-width: 700px) 100vw, 700px\" \/>\t\t\t\t\t\t\t\t<\/a>\n\t\t\t\t\t\t\t\t\t\t\t\t\t\t\t<\/div>\n\t\t\t\t<\/div>\n\t\t\t\t\t<\/div>\n\t\t<\/div>\n\t\t\t\t<div class=\"elementor-column elementor-col-66 elementor-top-column elementor-element elementor-element-79fd2a9d\" data-id=\"79fd2a9d\" data-element_type=\"column\">\n\t\t\t<div class=\"elementor-widget-wrap elementor-element-populated\">\n\t\t\t\t\t\t<div class=\"elementor-element elementor-element-767765d2 elementor-widget elementor-widget-heading\" data-id=\"767765d2\" data-element_type=\"widget\" data-widget_type=\"heading.default\">\n\t\t\t\t<div class=\"elementor-widget-container\">\n\t\t\t\t\t<h2 class=\"elementor-heading-title elementor-size-default\"><a href=\"https:\/\/andermattmusic.ch\/de\/event\/romantische-perspektiven\/\">romantische perspektiven<\/a><\/h2>\t\t\t\t<\/div>\n\t\t\t\t<\/div>\n\t\t\t\t<div class=\"elementor-element elementor-element-3d0bc17 elementor-widget elementor-widget-text-editor\" data-id=\"3d0bc17\" data-element_type=\"widget\" data-widget_type=\"text-editor.default\">\n\t\t\t\t<div class=\"elementor-widget-container\">\n\t\t\t\t\t\t\t\t\t<p><strong>KAMMERMUSIK MIT DEM EnsembLesAlpes<br \/>\n<\/strong><\/p>\n<p>Zwei unterschiedliche Werke f\u00fcr die aussergew\u00f6hnliche Gattung Streichsextett von Johannes Brahms und Joachim Raff.<\/p>\n&mdash;\t\t\t\t\t\t\t\t<\/div>\n\t\t\t\t<\/div>\n\t\t\t\t<section class=\"elementor-section elementor-inner-section elementor-element elementor-element-5b459e1 elementor-section-full_width elementor-section-height-default elementor-section-height-default\" data-id=\"5b459e1\" data-element_type=\"section\">\n\t\t\t\t\t\t<div class=\"elementor-container elementor-column-gap-no\">\n\t\t\t\t\t<div class=\"elementor-column elementor-col-100 elementor-inner-column elementor-element elementor-element-599d41ac\" data-id=\"599d41ac\" data-element_type=\"column\">\n\t\t\t<div class=\"elementor-widget-wrap elementor-element-populated\">\n\t\t\t\t\t\t<div class=\"elementor-element elementor-element-2e8a5eeb elementor-widget__width-auto elementor-widget elementor-widget-button\" data-id=\"2e8a5eeb\" data-element_type=\"widget\" data-widget_type=\"button.default\">\n\t\t\t\t<div class=\"elementor-widget-container\">\n\t\t\t\t\t\t\t\t\t<div class=\"elementor-button-wrapper\">\n\t\t\t\t\t<a class=\"elementor-button elementor-button-link elementor-size-lg\" href=\"https:\/\/andermattmusic.ch\/de\/event\/romantische-perspektiven\/\">\n\t\t\t\t\t\t<span class=\"elementor-button-content-wrapper\">\n\t\t\t\t\t\t<span class=\"elementor-button-icon\">\n\t\t\t\t<svg xmlns=\"http:\/\/www.w3.org\/2000\/svg\" xmlns:xlink=\"http:\/\/www.w3.org\/1999\/xlink\" x=\"0px\" y=\"0px\" viewBox=\"0 0 35 35.2\" xml:space=\"preserve\"><path fill=\"currentColor\" d=\"M17.5,0.9C8.387,0.9,1,8.287,1,17.4c0,9.113,7.387,16.5,16.5,16.5S34,26.513,34,17.4 C34,8.287,26.613,0.9,17.5,0.9z M14.3,30l-1.2-1.2l11.1-11.1l-10.9-11l1.3-1.3l12.2,12.2L14.3,30z\"><\/path><\/svg>\t\t\t<\/span>\n\t\t\t\t\t\t\t\t\t<span class=\"elementor-button-text\">Programm<\/span>\n\t\t\t\t\t<\/span>\n\t\t\t\t\t<\/a>\n\t\t\t\t<\/div>\n\t\t\t\t\t\t\t\t<\/div>\n\t\t\t\t<\/div>\n\t\t\t\t\t<\/div>\n\t\t<\/div>\n\t\t\t\t\t<\/div>\n\t\t<\/section>\n\t\t\t\t\t<\/div>\n\t\t<\/div>\n\t\t\t\t\t<\/div>\n\t\t<\/section>\n\t\t\t\t<\/div>\n\t\t\t\t<\/article>\n\t\t\t\t<article id=\"post-1920\" class=\"elementor-post elementor-grid-item ecs-post-loop post-1920 event type-event status-publish has-post-thumbnail hentry composer-joachim-raff composer-paul-huber composer-paul-juon composer-piotr-iljitsch-tschaikowski composer-wolfgang-amadeus-mozart\">\n\t\t\t\t<div data-elementor-type=\"loop\" data-elementor-id=\"5729\" class=\"elementor elementor-5729 post-1920 event type-event status-publish has-post-thumbnail hentry composer-joachim-raff composer-paul-huber composer-paul-juon composer-piotr-iljitsch-tschaikowski composer-wolfgang-amadeus-mozart\" data-elementor-post-type=\"elementor_library\">\n\t\t\t\t\t<section class=\"elementor-section elementor-top-section elementor-element elementor-element-4acc5669 elementor-section-boxed elementor-section-height-default elementor-section-height-default\" data-id=\"4acc5669\" data-element_type=\"section\">\n\t\t\t\t\t\t<div class=\"elementor-container elementor-column-gap-wide\">\n\t\t\t\t\t<div class=\"elementor-column elementor-col-33 elementor-top-column elementor-element elementor-element-2c329341\" data-id=\"2c329341\" data-element_type=\"column\">\n\t\t\t<div class=\"elementor-widget-wrap elementor-element-populated\">\n\t\t\t\t\t\t<div class=\"elementor-element elementor-element-3327e9c5 elementor-widget elementor-widget-text-editor\" data-id=\"3327e9c5\" data-element_type=\"widget\" data-widget_type=\"text-editor.default\">\n\t\t\t\t<div class=\"elementor-widget-container\">\n\t\t\t\t\t\t\t\t\tSamstag, 2.7.2022\t\t\t\t\t\t\t\t<\/div>\n\t\t\t\t<\/div>\n\t\t\t\t<div class=\"elementor-element elementor-element-2faffde7 elementor-widget elementor-widget-text-editor\" data-id=\"2faffde7\" data-element_type=\"widget\" data-widget_type=\"text-editor.default\">\n\t\t\t\t<div class=\"elementor-widget-container\">\n\t\t\t\t\t\t\t\t\t19.30 Uhr\t\t\t\t\t\t\t\t<\/div>\n\t\t\t\t<\/div>\n\t\t\t\t<div class=\"elementor-element elementor-element-16b635aa elementor-widget elementor-widget-image\" data-id=\"16b635aa\" data-element_type=\"widget\" data-widget_type=\"image.default\">\n\t\t\t\t<div class=\"elementor-widget-container\">\n\t\t\t\t\t\t\t\t\t\t\t\t\t\t\t\t<a href=\"https:\/\/andermattmusic.ch\/de\/event\/surprisingly-swiss\/\">\n\t\t\t\t\t\t\t<img loading=\"lazy\" decoding=\"async\" width=\"700\" height=\"700\" src=\"https:\/\/andermattmusic.ch\/wp-content\/uploads\/2021\/10\/AM_DREAMSCAPES_02.07.2022_squared-700x700.jpg\" class=\"attachment-performers_list_image size-performers_list_image wp-image-3239\" alt=\"\" srcset=\"https:\/\/andermattmusic.ch\/wp-content\/uploads\/2021\/10\/AM_DREAMSCAPES_02.07.2022_squared-700x700.jpg 700w, https:\/\/andermattmusic.ch\/wp-content\/uploads\/2021\/10\/AM_DREAMSCAPES_02.07.2022_squared-300x300.jpg 300w, https:\/\/andermattmusic.ch\/wp-content\/uploads\/2021\/10\/AM_DREAMSCAPES_02.07.2022_squared-1024x1024.jpg 1024w, https:\/\/andermattmusic.ch\/wp-content\/uploads\/2021\/10\/AM_DREAMSCAPES_02.07.2022_squared-150x150.jpg 150w, https:\/\/andermattmusic.ch\/wp-content\/uploads\/2021\/10\/AM_DREAMSCAPES_02.07.2022_squared-768x768.jpg 768w, https:\/\/andermattmusic.ch\/wp-content\/uploads\/2021\/10\/AM_DREAMSCAPES_02.07.2022_squared.jpg 1063w\" sizes=\"(max-width: 700px) 100vw, 700px\" \/>\t\t\t\t\t\t\t\t<\/a>\n\t\t\t\t\t\t\t\t\t\t\t\t\t\t\t<\/div>\n\t\t\t\t<\/div>\n\t\t\t\t\t<\/div>\n\t\t<\/div>\n\t\t\t\t<div class=\"elementor-column elementor-col-66 elementor-top-column elementor-element elementor-element-79fd2a9d\" data-id=\"79fd2a9d\" data-element_type=\"column\">\n\t\t\t<div class=\"elementor-widget-wrap elementor-element-populated\">\n\t\t\t\t\t\t<div class=\"elementor-element elementor-element-767765d2 elementor-widget elementor-widget-heading\" data-id=\"767765d2\" data-element_type=\"widget\" data-widget_type=\"heading.default\">\n\t\t\t\t<div class=\"elementor-widget-container\">\n\t\t\t\t\t<h2 class=\"elementor-heading-title elementor-size-default\"><a href=\"https:\/\/andermattmusic.ch\/de\/event\/surprisingly-swiss\/\">surprise schweizer sinfonik<\/a><\/h2>\t\t\t\t<\/div>\n\t\t\t\t<\/div>\n\t\t\t\t<div class=\"elementor-element elementor-element-3d0bc17 elementor-widget elementor-widget-text-editor\" data-id=\"3d0bc17\" data-element_type=\"widget\" data-widget_type=\"text-editor.default\">\n\t\t\t\t<div class=\"elementor-widget-container\">\n\t\t\t\t\t\t\t\t\t<p><strong>SINFONIEKONZERT<\/strong><\/p>\n<p>Swiss Orchestra<br \/>\nLena-Lisa W\u00fcstend\u00f6rfer, Leitung<br \/>\nChristoph Pf\u00e4ndler, Hackbrett<\/p>\n<p>Das dritte Saisonkonzert des Swiss Orchestra heisst: ein selten aufgef\u00fchrter Gassenhauer, eine Schweizer Komposition, die es auf die Titanic geschafft hat, die Verschr\u00e4nkung von Russland und der Schweiz sowie ein Hackbrett auf Abwegen.<\/p>\n&mdash;\t\t\t\t\t\t\t\t<\/div>\n\t\t\t\t<\/div>\n\t\t\t\t<section class=\"elementor-section elementor-inner-section elementor-element elementor-element-5b459e1 elementor-section-full_width elementor-section-height-default elementor-section-height-default\" data-id=\"5b459e1\" data-element_type=\"section\">\n\t\t\t\t\t\t<div class=\"elementor-container elementor-column-gap-no\">\n\t\t\t\t\t<div class=\"elementor-column elementor-col-100 elementor-inner-column elementor-element elementor-element-599d41ac\" data-id=\"599d41ac\" data-element_type=\"column\">\n\t\t\t<div class=\"elementor-widget-wrap elementor-element-populated\">\n\t\t\t\t\t\t<div class=\"elementor-element elementor-element-2e8a5eeb elementor-widget__width-auto elementor-widget elementor-widget-button\" data-id=\"2e8a5eeb\" data-element_type=\"widget\" data-widget_type=\"button.default\">\n\t\t\t\t<div class=\"elementor-widget-container\">\n\t\t\t\t\t\t\t\t\t<div class=\"elementor-button-wrapper\">\n\t\t\t\t\t<a class=\"elementor-button elementor-button-link elementor-size-lg\" href=\"https:\/\/andermattmusic.ch\/de\/event\/surprisingly-swiss\/\">\n\t\t\t\t\t\t<span class=\"elementor-button-content-wrapper\">\n\t\t\t\t\t\t<span class=\"elementor-button-icon\">\n\t\t\t\t<svg xmlns=\"http:\/\/www.w3.org\/2000\/svg\" xmlns:xlink=\"http:\/\/www.w3.org\/1999\/xlink\" x=\"0px\" y=\"0px\" viewBox=\"0 0 35 35.2\" xml:space=\"preserve\"><path fill=\"currentColor\" d=\"M17.5,0.9C8.387,0.9,1,8.287,1,17.4c0,9.113,7.387,16.5,16.5,16.5S34,26.513,34,17.4 C34,8.287,26.613,0.9,17.5,0.9z M14.3,30l-1.2-1.2l11.1-11.1l-10.9-11l1.3-1.3l12.2,12.2L14.3,30z\"><\/path><\/svg>\t\t\t<\/span>\n\t\t\t\t\t\t\t\t\t<span class=\"elementor-button-text\">Programm<\/span>\n\t\t\t\t\t<\/span>\n\t\t\t\t\t<\/a>\n\t\t\t\t<\/div>\n\t\t\t\t\t\t\t\t<\/div>\n\t\t\t\t<\/div>\n\t\t\t\t\t<\/div>\n\t\t<\/div>\n\t\t\t\t\t<\/div>\n\t\t<\/section>\n\t\t\t\t\t<\/div>\n\t\t<\/div>\n\t\t\t\t\t<\/div>\n\t\t<\/section>\n\t\t\t\t<\/div>\n\t\t\t\t<\/article>\n\t\t\t\t<article id=\"post-3071\" class=\"elementor-post elementor-grid-item ecs-post-loop post-3071 event type-event status-publish has-post-thumbnail hentry\">\n\t\t\t\t<div data-elementor-type=\"loop\" data-elementor-id=\"5729\" class=\"elementor elementor-5729 post-3071 event type-event status-publish has-post-thumbnail hentry\" data-elementor-post-type=\"elementor_library\">\n\t\t\t\t\t<section class=\"elementor-section elementor-top-section elementor-element elementor-element-4acc5669 elementor-section-boxed elementor-section-height-default elementor-section-height-default\" data-id=\"4acc5669\" data-element_type=\"section\">\n\t\t\t\t\t\t<div class=\"elementor-container elementor-column-gap-wide\">\n\t\t\t\t\t<div class=\"elementor-column elementor-col-33 elementor-top-column elementor-element elementor-element-2c329341\" data-id=\"2c329341\" data-element_type=\"column\">\n\t\t\t<div class=\"elementor-widget-wrap elementor-element-populated\">\n\t\t\t\t\t\t<div class=\"elementor-element elementor-element-3327e9c5 elementor-widget elementor-widget-text-editor\" data-id=\"3327e9c5\" data-element_type=\"widget\" data-widget_type=\"text-editor.default\">\n\t\t\t\t<div class=\"elementor-widget-container\">\n\t\t\t\t\t\t\t\t\tSamstag, 4.6.2022\t\t\t\t\t\t\t\t<\/div>\n\t\t\t\t<\/div>\n\t\t\t\t<div class=\"elementor-element elementor-element-2faffde7 elementor-widget elementor-widget-text-editor\" data-id=\"2faffde7\" data-element_type=\"widget\" data-widget_type=\"text-editor.default\">\n\t\t\t\t<div class=\"elementor-widget-container\">\n\t\t\t\t\t\t\t\t\t19.30 Uhr\t\t\t\t\t\t\t\t<\/div>\n\t\t\t\t<\/div>\n\t\t\t\t<div class=\"elementor-element elementor-element-16b635aa elementor-widget elementor-widget-image\" data-id=\"16b635aa\" data-element_type=\"widget\" data-widget_type=\"image.default\">\n\t\t\t\t<div class=\"elementor-widget-container\">\n\t\t\t\t\t\t\t\t\t\t\t\t\t\t\t\t<a href=\"https:\/\/andermattmusic.ch\/de\/event\/camerata-des-royal-concertgebouw-orchestra\/\">\n\t\t\t\t\t\t\t<img loading=\"lazy\" decoding=\"async\" width=\"700\" height=\"700\" src=\"https:\/\/andermattmusic.ch\/wp-content\/uploads\/2021\/11\/AM_DREAMSCAPE_04.06.2022_squared-700x700.jpg\" class=\"attachment-performers_list_image size-performers_list_image wp-image-3249\" alt=\"\" srcset=\"https:\/\/andermattmusic.ch\/wp-content\/uploads\/2021\/11\/AM_DREAMSCAPE_04.06.2022_squared-700x700.jpg 700w, https:\/\/andermattmusic.ch\/wp-content\/uploads\/2021\/11\/AM_DREAMSCAPE_04.06.2022_squared-300x300.jpg 300w, https:\/\/andermattmusic.ch\/wp-content\/uploads\/2021\/11\/AM_DREAMSCAPE_04.06.2022_squared-1024x1024.jpg 1024w, https:\/\/andermattmusic.ch\/wp-content\/uploads\/2021\/11\/AM_DREAMSCAPE_04.06.2022_squared-150x150.jpg 150w, https:\/\/andermattmusic.ch\/wp-content\/uploads\/2021\/11\/AM_DREAMSCAPE_04.06.2022_squared-768x768.jpg 768w, https:\/\/andermattmusic.ch\/wp-content\/uploads\/2021\/11\/AM_DREAMSCAPE_04.06.2022_squared.jpg 1063w\" sizes=\"(max-width: 700px) 100vw, 700px\" \/>\t\t\t\t\t\t\t\t<\/a>\n\t\t\t\t\t\t\t\t\t\t\t\t\t\t\t<\/div>\n\t\t\t\t<\/div>\n\t\t\t\t\t<\/div>\n\t\t<\/div>\n\t\t\t\t<div class=\"elementor-column elementor-col-66 elementor-top-column elementor-element elementor-element-79fd2a9d\" data-id=\"79fd2a9d\" data-element_type=\"column\">\n\t\t\t<div class=\"elementor-widget-wrap elementor-element-populated\">\n\t\t\t\t\t\t<div class=\"elementor-element elementor-element-767765d2 elementor-widget elementor-widget-heading\" data-id=\"767765d2\" data-element_type=\"widget\" data-widget_type=\"heading.default\">\n\t\t\t\t<div class=\"elementor-widget-container\">\n\t\t\t\t\t<h2 class=\"elementor-heading-title elementor-size-default\"><a href=\"https:\/\/andermattmusic.ch\/de\/event\/camerata-des-royal-concertgebouw-orchestra\/\">camerata rco (royal concertgebouw orchestra)<\/a><\/h2>\t\t\t\t<\/div>\n\t\t\t\t<\/div>\n\t\t\t\t<div class=\"elementor-element elementor-element-3d0bc17 elementor-widget elementor-widget-text-editor\" data-id=\"3d0bc17\" data-element_type=\"widget\" data-widget_type=\"text-editor.default\">\n\t\t\t\t<div class=\"elementor-widget-container\">\n\t\t\t\t\t\t\t\t\t<p><strong>GROSSE KAMMERSINFONIK<\/strong><\/p>\n<p>Mit der Camerata RCO (Royal Concertgebouw Orchestra Amsterdam) wird es k\u00f6niglich: Im Gep\u00e4ck haben die zehn Instrumentalist*innen grosse Kammermusikwerke von Wolfgang Amadeus Mozart und Anton Bruckner.<\/p>\n&mdash;\t\t\t\t\t\t\t\t<\/div>\n\t\t\t\t<\/div>\n\t\t\t\t<section class=\"elementor-section elementor-inner-section elementor-element elementor-element-5b459e1 elementor-section-full_width elementor-section-height-default elementor-section-height-default\" data-id=\"5b459e1\" data-element_type=\"section\">\n\t\t\t\t\t\t<div class=\"elementor-container elementor-column-gap-no\">\n\t\t\t\t\t<div class=\"elementor-column elementor-col-100 elementor-inner-column elementor-element elementor-element-599d41ac\" data-id=\"599d41ac\" data-element_type=\"column\">\n\t\t\t<div class=\"elementor-widget-wrap elementor-element-populated\">\n\t\t\t\t\t\t<div class=\"elementor-element elementor-element-2e8a5eeb elementor-widget__width-auto elementor-widget elementor-widget-button\" data-id=\"2e8a5eeb\" data-element_type=\"widget\" data-widget_type=\"button.default\">\n\t\t\t\t<div class=\"elementor-widget-container\">\n\t\t\t\t\t\t\t\t\t<div class=\"elementor-button-wrapper\">\n\t\t\t\t\t<a class=\"elementor-button elementor-button-link elementor-size-lg\" href=\"https:\/\/andermattmusic.ch\/de\/event\/camerata-des-royal-concertgebouw-orchestra\/\">\n\t\t\t\t\t\t<span class=\"elementor-button-content-wrapper\">\n\t\t\t\t\t\t<span class=\"elementor-button-icon\">\n\t\t\t\t<svg xmlns=\"http:\/\/www.w3.org\/2000\/svg\" xmlns:xlink=\"http:\/\/www.w3.org\/1999\/xlink\" x=\"0px\" y=\"0px\" viewBox=\"0 0 35 35.2\" xml:space=\"preserve\"><path fill=\"currentColor\" d=\"M17.5,0.9C8.387,0.9,1,8.287,1,17.4c0,9.113,7.387,16.5,16.5,16.5S34,26.513,34,17.4 C34,8.287,26.613,0.9,17.5,0.9z M14.3,30l-1.2-1.2l11.1-11.1l-10.9-11l1.3-1.3l12.2,12.2L14.3,30z\"><\/path><\/svg>\t\t\t<\/span>\n\t\t\t\t\t\t\t\t\t<span class=\"elementor-button-text\">Programm<\/span>\n\t\t\t\t\t<\/span>\n\t\t\t\t\t<\/a>\n\t\t\t\t<\/div>\n\t\t\t\t\t\t\t\t<\/div>\n\t\t\t\t<\/div>\n\t\t\t\t\t<\/div>\n\t\t<\/div>\n\t\t\t\t\t<\/div>\n\t\t<\/section>\n\t\t\t\t\t<\/div>\n\t\t<\/div>\n\t\t\t\t\t<\/div>\n\t\t<\/section>\n\t\t\t\t<\/div>\n\t\t\t\t<\/article>\n\t\t\t\t<article id=\"post-226\" class=\"elementor-post elementor-grid-item ecs-post-loop post-226 event type-event status-publish has-post-thumbnail hentry composer-frank-martin composer-johann-carl-eschmann composer-johannes-brahms\">\n\t\t\t\t<div data-elementor-type=\"loop\" data-elementor-id=\"5729\" class=\"elementor elementor-5729 post-226 event type-event status-publish has-post-thumbnail hentry composer-frank-martin composer-johann-carl-eschmann composer-johannes-brahms\" data-elementor-post-type=\"elementor_library\">\n\t\t\t\t\t<section class=\"elementor-section elementor-top-section elementor-element elementor-element-4acc5669 elementor-section-boxed elementor-section-height-default elementor-section-height-default\" data-id=\"4acc5669\" data-element_type=\"section\">\n\t\t\t\t\t\t<div class=\"elementor-container elementor-column-gap-wide\">\n\t\t\t\t\t<div class=\"elementor-column elementor-col-33 elementor-top-column elementor-element elementor-element-2c329341\" data-id=\"2c329341\" data-element_type=\"column\">\n\t\t\t<div class=\"elementor-widget-wrap elementor-element-populated\">\n\t\t\t\t\t\t<div class=\"elementor-element elementor-element-3327e9c5 elementor-widget elementor-widget-text-editor\" data-id=\"3327e9c5\" data-element_type=\"widget\" data-widget_type=\"text-editor.default\">\n\t\t\t\t<div class=\"elementor-widget-container\">\n\t\t\t\t\t\t\t\t\tSonntag, 22.5.2022\t\t\t\t\t\t\t\t<\/div>\n\t\t\t\t<\/div>\n\t\t\t\t<div class=\"elementor-element elementor-element-2faffde7 elementor-widget elementor-widget-text-editor\" data-id=\"2faffde7\" data-element_type=\"widget\" data-widget_type=\"text-editor.default\">\n\t\t\t\t<div class=\"elementor-widget-container\">\n\t\t\t\t\t\t\t\t\t17.00 Uhr\t\t\t\t\t\t\t\t<\/div>\n\t\t\t\t<\/div>\n\t\t\t\t<div class=\"elementor-element elementor-element-16b635aa elementor-widget elementor-widget-image\" data-id=\"16b635aa\" data-element_type=\"widget\" data-widget_type=\"image.default\">\n\t\t\t\t<div class=\"elementor-widget-container\">\n\t\t\t\t\t\t\t\t\t\t\t\t\t\t\t\t<a href=\"https:\/\/andermattmusic.ch\/de\/event\/schweizer-sinfonik-im-fokus\/\">\n\t\t\t\t\t\t\t<img loading=\"lazy\" decoding=\"async\" width=\"700\" height=\"700\" src=\"https:\/\/andermattmusic.ch\/wp-content\/uploads\/2021\/09\/AM_DREAMSCAPES_22.05.2022_squared-700x700.jpg\" class=\"attachment-performers_list_image size-performers_list_image wp-image-3230\" alt=\"\" srcset=\"https:\/\/andermattmusic.ch\/wp-content\/uploads\/2021\/09\/AM_DREAMSCAPES_22.05.2022_squared-700x700.jpg 700w, https:\/\/andermattmusic.ch\/wp-content\/uploads\/2021\/09\/AM_DREAMSCAPES_22.05.2022_squared-300x300.jpg 300w, https:\/\/andermattmusic.ch\/wp-content\/uploads\/2021\/09\/AM_DREAMSCAPES_22.05.2022_squared-1024x1024.jpg 1024w, https:\/\/andermattmusic.ch\/wp-content\/uploads\/2021\/09\/AM_DREAMSCAPES_22.05.2022_squared-150x150.jpg 150w, https:\/\/andermattmusic.ch\/wp-content\/uploads\/2021\/09\/AM_DREAMSCAPES_22.05.2022_squared-768x768.jpg 768w, https:\/\/andermattmusic.ch\/wp-content\/uploads\/2021\/09\/AM_DREAMSCAPES_22.05.2022_squared.jpg 1063w\" sizes=\"(max-width: 700px) 100vw, 700px\" \/>\t\t\t\t\t\t\t\t<\/a>\n\t\t\t\t\t\t\t\t\t\t\t\t\t\t\t<\/div>\n\t\t\t\t<\/div>\n\t\t\t\t\t<\/div>\n\t\t<\/div>\n\t\t\t\t<div class=\"elementor-column elementor-col-66 elementor-top-column elementor-element elementor-element-79fd2a9d\" data-id=\"79fd2a9d\" data-element_type=\"column\">\n\t\t\t<div class=\"elementor-widget-wrap elementor-element-populated\">\n\t\t\t\t\t\t<div class=\"elementor-element elementor-element-767765d2 elementor-widget elementor-widget-heading\" data-id=\"767765d2\" data-element_type=\"widget\" data-widget_type=\"heading.default\">\n\t\t\t\t<div class=\"elementor-widget-container\">\n\t\t\t\t\t<h2 class=\"elementor-heading-title elementor-size-default\"><a href=\"https:\/\/andermattmusic.ch\/de\/event\/schweizer-sinfonik-im-fokus\/\">schweizer sinfonik im fokus<\/a><\/h2>\t\t\t\t<\/div>\n\t\t\t\t<\/div>\n\t\t\t\t<div class=\"elementor-element elementor-element-3d0bc17 elementor-widget elementor-widget-text-editor\" data-id=\"3d0bc17\" data-element_type=\"widget\" data-widget_type=\"text-editor.default\">\n\t\t\t\t<div class=\"elementor-widget-container\">\n\t\t\t\t\t\t\t\t\t<p><strong>SINFONIEKONZERT<\/strong><\/p>\n<p>Swiss Orchestra<br \/>\nLena-Lisa W\u00fcstend\u00f6rfer, Leitung<br \/>\nHeinz Holliger, Oboe<br \/>\nAlice Belugou, Harfe<br \/>\nSpecial Guests: Fr\u00e4nggi und Maria Gehrig<\/p>\n<p>Exklusives Gipfeltreffen: Ein Highlight von Brahms begegnet den Schweizer Sinfonikern Johann Carl Eschmann und Frank Martin.<\/p>\n&mdash;\t\t\t\t\t\t\t\t<\/div>\n\t\t\t\t<\/div>\n\t\t\t\t<section class=\"elementor-section elementor-inner-section elementor-element elementor-element-5b459e1 elementor-section-full_width elementor-section-height-default elementor-section-height-default\" data-id=\"5b459e1\" data-element_type=\"section\">\n\t\t\t\t\t\t<div class=\"elementor-container elementor-column-gap-no\">\n\t\t\t\t\t<div class=\"elementor-column elementor-col-100 elementor-inner-column elementor-element elementor-element-599d41ac\" data-id=\"599d41ac\" data-element_type=\"column\">\n\t\t\t<div class=\"elementor-widget-wrap elementor-element-populated\">\n\t\t\t\t\t\t<div class=\"elementor-element elementor-element-2e8a5eeb elementor-widget__width-auto elementor-widget elementor-widget-button\" data-id=\"2e8a5eeb\" data-element_type=\"widget\" data-widget_type=\"button.default\">\n\t\t\t\t<div class=\"elementor-widget-container\">\n\t\t\t\t\t\t\t\t\t<div class=\"elementor-button-wrapper\">\n\t\t\t\t\t<a class=\"elementor-button elementor-button-link elementor-size-lg\" href=\"https:\/\/andermattmusic.ch\/de\/event\/schweizer-sinfonik-im-fokus\/\">\n\t\t\t\t\t\t<span class=\"elementor-button-content-wrapper\">\n\t\t\t\t\t\t<span class=\"elementor-button-icon\">\n\t\t\t\t<svg xmlns=\"http:\/\/www.w3.org\/2000\/svg\" xmlns:xlink=\"http:\/\/www.w3.org\/1999\/xlink\" x=\"0px\" y=\"0px\" viewBox=\"0 0 35 35.2\" xml:space=\"preserve\"><path fill=\"currentColor\" d=\"M17.5,0.9C8.387,0.9,1,8.287,1,17.4c0,9.113,7.387,16.5,16.5,16.5S34,26.513,34,17.4 C34,8.287,26.613,0.9,17.5,0.9z M14.3,30l-1.2-1.2l11.1-11.1l-10.9-11l1.3-1.3l12.2,12.2L14.3,30z\"><\/path><\/svg>\t\t\t<\/span>\n\t\t\t\t\t\t\t\t\t<span class=\"elementor-button-text\">Programm<\/span>\n\t\t\t\t\t<\/span>\n\t\t\t\t\t<\/a>\n\t\t\t\t<\/div>\n\t\t\t\t\t\t\t\t<\/div>\n\t\t\t\t<\/div>\n\t\t\t\t\t<\/div>\n\t\t<\/div>\n\t\t\t\t\t<\/div>\n\t\t<\/section>\n\t\t\t\t\t<\/div>\n\t\t<\/div>\n\t\t\t\t\t<\/div>\n\t\t<\/section>\n\t\t\t\t<\/div>\n\t\t\t\t<\/article>\n\t\t\t\t<article id=\"post-1914\" class=\"elementor-post elementor-grid-item ecs-post-loop post-1914 event type-event status-publish has-post-thumbnail hentry composer-sergei-prokofjew\">\n\t\t\t\t<div data-elementor-type=\"loop\" data-elementor-id=\"5729\" class=\"elementor elementor-5729 post-1914 event type-event status-publish has-post-thumbnail hentry composer-sergei-prokofjew\" data-elementor-post-type=\"elementor_library\">\n\t\t\t\t\t<section class=\"elementor-section elementor-top-section elementor-element elementor-element-4acc5669 elementor-section-boxed elementor-section-height-default elementor-section-height-default\" data-id=\"4acc5669\" data-element_type=\"section\">\n\t\t\t\t\t\t<div class=\"elementor-container elementor-column-gap-wide\">\n\t\t\t\t\t<div class=\"elementor-column elementor-col-33 elementor-top-column elementor-element elementor-element-2c329341\" data-id=\"2c329341\" data-element_type=\"column\">\n\t\t\t<div class=\"elementor-widget-wrap elementor-element-populated\">\n\t\t\t\t\t\t<div class=\"elementor-element elementor-element-3327e9c5 elementor-widget elementor-widget-text-editor\" data-id=\"3327e9c5\" data-element_type=\"widget\" data-widget_type=\"text-editor.default\">\n\t\t\t\t<div class=\"elementor-widget-container\">\n\t\t\t\t\t\t\t\t\tSonntag, 17.4.2022\t\t\t\t\t\t\t\t<\/div>\n\t\t\t\t<\/div>\n\t\t\t\t<div class=\"elementor-element elementor-element-2faffde7 elementor-widget elementor-widget-text-editor\" data-id=\"2faffde7\" data-element_type=\"widget\" data-widget_type=\"text-editor.default\">\n\t\t\t\t<div class=\"elementor-widget-container\">\n\t\t\t\t\t\t\t\t\t16.00 Uhr\t\t\t\t\t\t\t\t<\/div>\n\t\t\t\t<\/div>\n\t\t\t\t<div class=\"elementor-element elementor-element-16b635aa elementor-widget elementor-widget-image\" data-id=\"16b635aa\" data-element_type=\"widget\" data-widget_type=\"image.default\">\n\t\t\t\t<div class=\"elementor-widget-container\">\n\t\t\t\t\t\t\t\t\t\t\t\t\t\t\t\t<a href=\"https:\/\/andermattmusic.ch\/de\/event\/peter-und-der-wolf\/\">\n\t\t\t\t\t\t\t<img loading=\"lazy\" decoding=\"async\" width=\"700\" height=\"700\" src=\"https:\/\/andermattmusic.ch\/wp-content\/uploads\/2021\/10\/AM_DREAMSCAPES_17.05.2022_squared-700x700.jpg\" class=\"attachment-performers_list_image size-performers_list_image wp-image-3237\" alt=\"\" srcset=\"https:\/\/andermattmusic.ch\/wp-content\/uploads\/2021\/10\/AM_DREAMSCAPES_17.05.2022_squared-700x700.jpg 700w, https:\/\/andermattmusic.ch\/wp-content\/uploads\/2021\/10\/AM_DREAMSCAPES_17.05.2022_squared-300x300.jpg 300w, https:\/\/andermattmusic.ch\/wp-content\/uploads\/2021\/10\/AM_DREAMSCAPES_17.05.2022_squared-1024x1024.jpg 1024w, https:\/\/andermattmusic.ch\/wp-content\/uploads\/2021\/10\/AM_DREAMSCAPES_17.05.2022_squared-150x150.jpg 150w, https:\/\/andermattmusic.ch\/wp-content\/uploads\/2021\/10\/AM_DREAMSCAPES_17.05.2022_squared-768x768.jpg 768w, https:\/\/andermattmusic.ch\/wp-content\/uploads\/2021\/10\/AM_DREAMSCAPES_17.05.2022_squared.jpg 1063w\" sizes=\"(max-width: 700px) 100vw, 700px\" \/>\t\t\t\t\t\t\t\t<\/a>\n\t\t\t\t\t\t\t\t\t\t\t\t\t\t\t<\/div>\n\t\t\t\t<\/div>\n\t\t\t\t\t<\/div>\n\t\t<\/div>\n\t\t\t\t<div class=\"elementor-column elementor-col-66 elementor-top-column elementor-element elementor-element-79fd2a9d\" data-id=\"79fd2a9d\" data-element_type=\"column\">\n\t\t\t<div class=\"elementor-widget-wrap elementor-element-populated\">\n\t\t\t\t\t\t<div class=\"elementor-element elementor-element-767765d2 elementor-widget elementor-widget-heading\" data-id=\"767765d2\" data-element_type=\"widget\" data-widget_type=\"heading.default\">\n\t\t\t\t<div class=\"elementor-widget-container\">\n\t\t\t\t\t<h2 class=\"elementor-heading-title elementor-size-default\"><a href=\"https:\/\/andermattmusic.ch\/de\/event\/peter-und-der-wolf\/\">\u00abpeter und der wolf\u00bb<\/a><\/h2>\t\t\t\t<\/div>\n\t\t\t\t<\/div>\n\t\t\t\t<div class=\"elementor-element elementor-element-3d0bc17 elementor-widget elementor-widget-text-editor\" data-id=\"3d0bc17\" data-element_type=\"widget\" data-widget_type=\"text-editor.default\">\n\t\t\t\t<div class=\"elementor-widget-container\">\n\t\t\t\t\t\t\t\t\t<p><strong>FAMILIENKONZERT<\/strong><\/p>\n<p>Swiss Orchestra<br \/>\nLena-Lisa W\u00fcstend\u00f6rfer, Leitung<br \/>\nBernhard Russi, Erz\u00e4hler<\/p>\n<p>Sergei Prokofjew musikalisches M\u00e4rchen mit Bernhard Russi als Erz\u00e4hler.<\/p>\n&mdash;\t\t\t\t\t\t\t\t<\/div>\n\t\t\t\t<\/div>\n\t\t\t\t<section class=\"elementor-section elementor-inner-section elementor-element elementor-element-5b459e1 elementor-section-full_width elementor-section-height-default elementor-section-height-default\" data-id=\"5b459e1\" data-element_type=\"section\">\n\t\t\t\t\t\t<div class=\"elementor-container elementor-column-gap-no\">\n\t\t\t\t\t<div class=\"elementor-column elementor-col-100 elementor-inner-column elementor-element elementor-element-599d41ac\" data-id=\"599d41ac\" data-element_type=\"column\">\n\t\t\t<div class=\"elementor-widget-wrap elementor-element-populated\">\n\t\t\t\t\t\t<div class=\"elementor-element elementor-element-2e8a5eeb elementor-widget__width-auto elementor-widget elementor-widget-button\" data-id=\"2e8a5eeb\" data-element_type=\"widget\" data-widget_type=\"button.default\">\n\t\t\t\t<div class=\"elementor-widget-container\">\n\t\t\t\t\t\t\t\t\t<div class=\"elementor-button-wrapper\">\n\t\t\t\t\t<a class=\"elementor-button elementor-button-link elementor-size-lg\" href=\"https:\/\/andermattmusic.ch\/de\/event\/peter-und-der-wolf\/\">\n\t\t\t\t\t\t<span class=\"elementor-button-content-wrapper\">\n\t\t\t\t\t\t<span class=\"elementor-button-icon\">\n\t\t\t\t<svg xmlns=\"http:\/\/www.w3.org\/2000\/svg\" xmlns:xlink=\"http:\/\/www.w3.org\/1999\/xlink\" x=\"0px\" y=\"0px\" viewBox=\"0 0 35 35.2\" xml:space=\"preserve\"><path fill=\"currentColor\" d=\"M17.5,0.9C8.387,0.9,1,8.287,1,17.4c0,9.113,7.387,16.5,16.5,16.5S34,26.513,34,17.4 C34,8.287,26.613,0.9,17.5,0.9z M14.3,30l-1.2-1.2l11.1-11.1l-10.9-11l1.3-1.3l12.2,12.2L14.3,30z\"><\/path><\/svg>\t\t\t<\/span>\n\t\t\t\t\t\t\t\t\t<span class=\"elementor-button-text\">Programm<\/span>\n\t\t\t\t\t<\/span>\n\t\t\t\t\t<\/a>\n\t\t\t\t<\/div>\n\t\t\t\t\t\t\t\t<\/div>\n\t\t\t\t<\/div>\n\t\t\t\t\t<\/div>\n\t\t<\/div>\n\t\t\t\t\t<\/div>\n\t\t<\/section>\n\t\t\t\t\t<\/div>\n\t\t<\/div>\n\t\t\t\t\t<\/div>\n\t\t<\/section>\n\t\t\t\t<\/div>\n\t\t\t\t<\/article>\n\t\t\t\t<article id=\"post-3061\" class=\"elementor-post elementor-grid-item ecs-post-loop post-3061 event type-event status-publish has-post-thumbnail hentry\">\n\t\t\t\t<div data-elementor-type=\"loop\" data-elementor-id=\"5729\" class=\"elementor elementor-5729 post-3061 event type-event status-publish has-post-thumbnail hentry\" data-elementor-post-type=\"elementor_library\">\n\t\t\t\t\t<section class=\"elementor-section elementor-top-section elementor-element elementor-element-4acc5669 elementor-section-boxed elementor-section-height-default elementor-section-height-default\" data-id=\"4acc5669\" data-element_type=\"section\">\n\t\t\t\t\t\t<div class=\"elementor-container elementor-column-gap-wide\">\n\t\t\t\t\t<div class=\"elementor-column elementor-col-33 elementor-top-column elementor-element elementor-element-2c329341\" data-id=\"2c329341\" data-element_type=\"column\">\n\t\t\t<div class=\"elementor-widget-wrap elementor-element-populated\">\n\t\t\t\t\t\t<div class=\"elementor-element elementor-element-3327e9c5 elementor-widget elementor-widget-text-editor\" data-id=\"3327e9c5\" data-element_type=\"widget\" data-widget_type=\"text-editor.default\">\n\t\t\t\t<div class=\"elementor-widget-container\">\n\t\t\t\t\t\t\t\t\tSamstag, 12.3.2022\t\t\t\t\t\t\t\t<\/div>\n\t\t\t\t<\/div>\n\t\t\t\t<div class=\"elementor-element elementor-element-2faffde7 elementor-widget elementor-widget-text-editor\" data-id=\"2faffde7\" data-element_type=\"widget\" data-widget_type=\"text-editor.default\">\n\t\t\t\t<div class=\"elementor-widget-container\">\n\t\t\t\t\t\t\t\t\t19.30 Uhr\t\t\t\t\t\t\t\t<\/div>\n\t\t\t\t<\/div>\n\t\t\t\t<div class=\"elementor-element elementor-element-16b635aa elementor-widget elementor-widget-image\" data-id=\"16b635aa\" data-element_type=\"widget\" data-widget_type=\"image.default\">\n\t\t\t\t<div class=\"elementor-widget-container\">\n\t\t\t\t\t\t\t\t\t\t\t\t\t\t\t\t<a href=\"https:\/\/andermattmusic.ch\/de\/event\/luzia-von-wyl-ensemble\/\">\n\t\t\t\t\t\t\t<img loading=\"lazy\" decoding=\"async\" width=\"700\" height=\"700\" src=\"https:\/\/andermattmusic.ch\/wp-content\/uploads\/2021\/11\/AM_DREAMSCAPES_12.03.2022_squared-700x700.jpg\" class=\"attachment-performers_list_image size-performers_list_image wp-image-3245\" alt=\"\" srcset=\"https:\/\/andermattmusic.ch\/wp-content\/uploads\/2021\/11\/AM_DREAMSCAPES_12.03.2022_squared-700x700.jpg 700w, https:\/\/andermattmusic.ch\/wp-content\/uploads\/2021\/11\/AM_DREAMSCAPES_12.03.2022_squared-300x300.jpg 300w, https:\/\/andermattmusic.ch\/wp-content\/uploads\/2021\/11\/AM_DREAMSCAPES_12.03.2022_squared-1024x1024.jpg 1024w, https:\/\/andermattmusic.ch\/wp-content\/uploads\/2021\/11\/AM_DREAMSCAPES_12.03.2022_squared-150x150.jpg 150w, https:\/\/andermattmusic.ch\/wp-content\/uploads\/2021\/11\/AM_DREAMSCAPES_12.03.2022_squared-768x768.jpg 768w, https:\/\/andermattmusic.ch\/wp-content\/uploads\/2021\/11\/AM_DREAMSCAPES_12.03.2022_squared.jpg 1063w\" sizes=\"(max-width: 700px) 100vw, 700px\" \/>\t\t\t\t\t\t\t\t<\/a>\n\t\t\t\t\t\t\t\t\t\t\t\t\t\t\t<\/div>\n\t\t\t\t<\/div>\n\t\t\t\t\t<\/div>\n\t\t<\/div>\n\t\t\t\t<div class=\"elementor-column elementor-col-66 elementor-top-column elementor-element elementor-element-79fd2a9d\" data-id=\"79fd2a9d\" data-element_type=\"column\">\n\t\t\t<div class=\"elementor-widget-wrap elementor-element-populated\">\n\t\t\t\t\t\t<div class=\"elementor-element elementor-element-767765d2 elementor-widget elementor-widget-heading\" data-id=\"767765d2\" data-element_type=\"widget\" data-widget_type=\"heading.default\">\n\t\t\t\t<div class=\"elementor-widget-container\">\n\t\t\t\t\t<h2 class=\"elementor-heading-title elementor-size-default\"><a href=\"https:\/\/andermattmusic.ch\/de\/event\/luzia-von-wyl-ensemble\/\">luzia von wyl ensemble<\/a><\/h2>\t\t\t\t<\/div>\n\t\t\t\t<\/div>\n\t\t\t\t<div class=\"elementor-element elementor-element-3d0bc17 elementor-widget elementor-widget-text-editor\" data-id=\"3d0bc17\" data-element_type=\"widget\" data-widget_type=\"text-editor.default\">\n\t\t\t\t<div class=\"elementor-widget-container\">\n\t\t\t\t\t\t\t\t\t<p><strong>CLASSICAL-INSPIRED JAZZ<\/strong><\/p>\n<p>Das Luzia von Wyl Ensemble pr\u00e4sentiert erstmals St\u00fccke ihrer neuen CD. Wohin k\u00f6nnte das Bergprogramm des Ensembles besser passen als nach Andermatt mit seinem h\u00f6chstgelegenen Konzertsaal der Schweiz?<\/p>\n&mdash;\t\t\t\t\t\t\t\t<\/div>\n\t\t\t\t<\/div>\n\t\t\t\t<section class=\"elementor-section elementor-inner-section elementor-element elementor-element-5b459e1 elementor-section-full_width elementor-section-height-default elementor-section-height-default\" data-id=\"5b459e1\" data-element_type=\"section\">\n\t\t\t\t\t\t<div class=\"elementor-container elementor-column-gap-no\">\n\t\t\t\t\t<div class=\"elementor-column elementor-col-100 elementor-inner-column elementor-element elementor-element-599d41ac\" data-id=\"599d41ac\" data-element_type=\"column\">\n\t\t\t<div class=\"elementor-widget-wrap elementor-element-populated\">\n\t\t\t\t\t\t<div class=\"elementor-element elementor-element-2e8a5eeb elementor-widget__width-auto elementor-widget elementor-widget-button\" data-id=\"2e8a5eeb\" data-element_type=\"widget\" data-widget_type=\"button.default\">\n\t\t\t\t<div class=\"elementor-widget-container\">\n\t\t\t\t\t\t\t\t\t<div class=\"elementor-button-wrapper\">\n\t\t\t\t\t<a class=\"elementor-button elementor-button-link elementor-size-lg\" href=\"https:\/\/andermattmusic.ch\/de\/event\/luzia-von-wyl-ensemble\/\">\n\t\t\t\t\t\t<span class=\"elementor-button-content-wrapper\">\n\t\t\t\t\t\t<span class=\"elementor-button-icon\">\n\t\t\t\t<svg xmlns=\"http:\/\/www.w3.org\/2000\/svg\" xmlns:xlink=\"http:\/\/www.w3.org\/1999\/xlink\" x=\"0px\" y=\"0px\" viewBox=\"0 0 35 35.2\" xml:space=\"preserve\"><path fill=\"currentColor\" d=\"M17.5,0.9C8.387,0.9,1,8.287,1,17.4c0,9.113,7.387,16.5,16.5,16.5S34,26.513,34,17.4 C34,8.287,26.613,0.9,17.5,0.9z M14.3,30l-1.2-1.2l11.1-11.1l-10.9-11l1.3-1.3l12.2,12.2L14.3,30z\"><\/path><\/svg>\t\t\t<\/span>\n\t\t\t\t\t\t\t\t\t<span class=\"elementor-button-text\">Programm<\/span>\n\t\t\t\t\t<\/span>\n\t\t\t\t\t<\/a>\n\t\t\t\t<\/div>\n\t\t\t\t\t\t\t\t<\/div>\n\t\t\t\t<\/div>\n\t\t\t\t\t<\/div>\n\t\t<\/div>\n\t\t\t\t\t<\/div>\n\t\t<\/section>\n\t\t\t\t\t<\/div>\n\t\t<\/div>\n\t\t\t\t\t<\/div>\n\t\t<\/section>\n\t\t\t\t<\/div>\n\t\t\t\t<\/article>\n\t\t\t\t<article id=\"post-1839\" class=\"elementor-post elementor-grid-item ecs-post-loop post-1839 event type-event status-publish has-post-thumbnail hentry\">\n\t\t\t\t<div data-elementor-type=\"loop\" data-elementor-id=\"5729\" class=\"elementor elementor-5729 post-1839 event type-event status-publish has-post-thumbnail hentry\" data-elementor-post-type=\"elementor_library\">\n\t\t\t\t\t<section class=\"elementor-section elementor-top-section elementor-element elementor-element-4acc5669 elementor-section-boxed elementor-section-height-default elementor-section-height-default\" data-id=\"4acc5669\" data-element_type=\"section\">\n\t\t\t\t\t\t<div class=\"elementor-container elementor-column-gap-wide\">\n\t\t\t\t\t<div class=\"elementor-column elementor-col-33 elementor-top-column elementor-element elementor-element-2c329341\" data-id=\"2c329341\" data-element_type=\"column\">\n\t\t\t<div class=\"elementor-widget-wrap elementor-element-populated\">\n\t\t\t\t\t\t<div class=\"elementor-element elementor-element-3327e9c5 elementor-widget elementor-widget-text-editor\" data-id=\"3327e9c5\" data-element_type=\"widget\" data-widget_type=\"text-editor.default\">\n\t\t\t\t<div class=\"elementor-widget-container\">\n\t\t\t\t\t\t\t\t\tSonntag, 6.2.2022\t\t\t\t\t\t\t\t<\/div>\n\t\t\t\t<\/div>\n\t\t\t\t<div class=\"elementor-element elementor-element-2faffde7 elementor-widget elementor-widget-text-editor\" data-id=\"2faffde7\" data-element_type=\"widget\" data-widget_type=\"text-editor.default\">\n\t\t\t\t<div class=\"elementor-widget-container\">\n\t\t\t\t\t\t\t\t\t16.30 Uhr\t\t\t\t\t\t\t\t<\/div>\n\t\t\t\t<\/div>\n\t\t\t\t<div class=\"elementor-element elementor-element-16b635aa elementor-widget elementor-widget-image\" data-id=\"16b635aa\" data-element_type=\"widget\" data-widget_type=\"image.default\">\n\t\t\t\t<div class=\"elementor-widget-container\">\n\t\t\t\t\t\t\t\t\t\t\t\t\t\t\t\t<a href=\"https:\/\/andermattmusic.ch\/de\/event\/glaeuffig-and-friends\/\">\n\t\t\t\t\t\t\t<img loading=\"lazy\" decoding=\"async\" width=\"700\" height=\"700\" src=\"https:\/\/andermattmusic.ch\/wp-content\/uploads\/2021\/10\/AM_DREAMSCAPES_06.02.2022_squared-700x700.jpg\" class=\"attachment-performers_list_image size-performers_list_image wp-image-3235\" alt=\"\" srcset=\"https:\/\/andermattmusic.ch\/wp-content\/uploads\/2021\/10\/AM_DREAMSCAPES_06.02.2022_squared-700x700.jpg 700w, https:\/\/andermattmusic.ch\/wp-content\/uploads\/2021\/10\/AM_DREAMSCAPES_06.02.2022_squared-300x300.jpg 300w, https:\/\/andermattmusic.ch\/wp-content\/uploads\/2021\/10\/AM_DREAMSCAPES_06.02.2022_squared-1024x1024.jpg 1024w, https:\/\/andermattmusic.ch\/wp-content\/uploads\/2021\/10\/AM_DREAMSCAPES_06.02.2022_squared-150x150.jpg 150w, https:\/\/andermattmusic.ch\/wp-content\/uploads\/2021\/10\/AM_DREAMSCAPES_06.02.2022_squared-768x768.jpg 768w, https:\/\/andermattmusic.ch\/wp-content\/uploads\/2021\/10\/AM_DREAMSCAPES_06.02.2022_squared.jpg 1063w\" sizes=\"(max-width: 700px) 100vw, 700px\" \/>\t\t\t\t\t\t\t\t<\/a>\n\t\t\t\t\t\t\t\t\t\t\t\t\t\t\t<\/div>\n\t\t\t\t<\/div>\n\t\t\t\t\t<\/div>\n\t\t<\/div>\n\t\t\t\t<div class=\"elementor-column elementor-col-66 elementor-top-column elementor-element elementor-element-79fd2a9d\" data-id=\"79fd2a9d\" data-element_type=\"column\">\n\t\t\t<div class=\"elementor-widget-wrap elementor-element-populated\">\n\t\t\t\t\t\t<div class=\"elementor-element elementor-element-767765d2 elementor-widget elementor-widget-heading\" data-id=\"767765d2\" data-element_type=\"widget\" data-widget_type=\"heading.default\">\n\t\t\t\t<div class=\"elementor-widget-container\">\n\t\t\t\t\t<h2 class=\"elementor-heading-title elementor-size-default\"><a href=\"https:\/\/andermattmusic.ch\/de\/event\/glaeuffig-and-friends\/\">gl\u00e4uffig &#038; friends<\/a><\/h2>\t\t\t\t<\/div>\n\t\t\t\t<\/div>\n\t\t\t\t<div class=\"elementor-element elementor-element-3d0bc17 elementor-widget elementor-widget-text-editor\" data-id=\"3d0bc17\" data-element_type=\"widget\" data-widget_type=\"text-editor.default\">\n\t\t\t\t<div class=\"elementor-widget-container\">\n\t\t\t\t\t\t\t\t\t<p><strong>\u00abSTUBETE\u00bb IM KONZERTSAAL<\/strong><\/p>\n<p>Die Urner Formation \u00abGl\u00e4uffig\u00bb gibt ein Heimspiel mit Freunden in der Konzerthalle Andermatt und entf\u00fchrt in die Welt der traditionellen bis neuen Volksmusik.<\/p>\n&mdash;\t\t\t\t\t\t\t\t<\/div>\n\t\t\t\t<\/div>\n\t\t\t\t<section class=\"elementor-section elementor-inner-section elementor-element elementor-element-5b459e1 elementor-section-full_width elementor-section-height-default elementor-section-height-default\" data-id=\"5b459e1\" data-element_type=\"section\">\n\t\t\t\t\t\t<div class=\"elementor-container elementor-column-gap-no\">\n\t\t\t\t\t<div class=\"elementor-column elementor-col-100 elementor-inner-column elementor-element elementor-element-599d41ac\" data-id=\"599d41ac\" data-element_type=\"column\">\n\t\t\t<div class=\"elementor-widget-wrap elementor-element-populated\">\n\t\t\t\t\t\t<div class=\"elementor-element elementor-element-2e8a5eeb elementor-widget__width-auto elementor-widget elementor-widget-button\" data-id=\"2e8a5eeb\" data-element_type=\"widget\" data-widget_type=\"button.default\">\n\t\t\t\t<div class=\"elementor-widget-container\">\n\t\t\t\t\t\t\t\t\t<div class=\"elementor-button-wrapper\">\n\t\t\t\t\t<a class=\"elementor-button elementor-button-link elementor-size-lg\" href=\"https:\/\/andermattmusic.ch\/de\/event\/glaeuffig-and-friends\/\">\n\t\t\t\t\t\t<span class=\"elementor-button-content-wrapper\">\n\t\t\t\t\t\t<span class=\"elementor-button-icon\">\n\t\t\t\t<svg xmlns=\"http:\/\/www.w3.org\/2000\/svg\" xmlns:xlink=\"http:\/\/www.w3.org\/1999\/xlink\" x=\"0px\" y=\"0px\" viewBox=\"0 0 35 35.2\" xml:space=\"preserve\"><path fill=\"currentColor\" d=\"M17.5,0.9C8.387,0.9,1,8.287,1,17.4c0,9.113,7.387,16.5,16.5,16.5S34,26.513,34,17.4 C34,8.287,26.613,0.9,17.5,0.9z M14.3,30l-1.2-1.2l11.1-11.1l-10.9-11l1.3-1.3l12.2,12.2L14.3,30z\"><\/path><\/svg>\t\t\t<\/span>\n\t\t\t\t\t\t\t\t\t<span class=\"elementor-button-text\">Programm<\/span>\n\t\t\t\t\t<\/span>\n\t\t\t\t\t<\/a>\n\t\t\t\t<\/div>\n\t\t\t\t\t\t\t\t<\/div>\n\t\t\t\t<\/div>\n\t\t\t\t\t<\/div>\n\t\t<\/div>\n\t\t\t\t\t<\/div>\n\t\t<\/section>\n\t\t\t\t\t<\/div>\n\t\t<\/div>\n\t\t\t\t\t<\/div>\n\t\t<\/section>\n\t\t\t\t<\/div>\n\t\t\t\t<\/article>\n\t\t\t\t<article id=\"post-1819\" class=\"elementor-post elementor-grid-item ecs-post-loop post-1819 event type-event status-publish has-post-thumbnail hentry composer-claude-debussy composer-erik-satie composer-frederic-chopin composer-robert-schumann composer-valentin-silvestrov\">\n\t\t\t\t<div data-elementor-type=\"loop\" data-elementor-id=\"5729\" class=\"elementor elementor-5729 post-1819 event type-event status-publish has-post-thumbnail hentry composer-claude-debussy composer-erik-satie composer-frederic-chopin composer-robert-schumann composer-valentin-silvestrov\" data-elementor-post-type=\"elementor_library\">\n\t\t\t\t\t<section class=\"elementor-section elementor-top-section elementor-element elementor-element-4acc5669 elementor-section-boxed elementor-section-height-default elementor-section-height-default\" data-id=\"4acc5669\" data-element_type=\"section\">\n\t\t\t\t\t\t<div class=\"elementor-container elementor-column-gap-wide\">\n\t\t\t\t\t<div class=\"elementor-column elementor-col-33 elementor-top-column elementor-element elementor-element-2c329341\" data-id=\"2c329341\" data-element_type=\"column\">\n\t\t\t<div class=\"elementor-widget-wrap elementor-element-populated\">\n\t\t\t\t\t\t<div class=\"elementor-element elementor-element-3327e9c5 elementor-widget elementor-widget-text-editor\" data-id=\"3327e9c5\" data-element_type=\"widget\" data-widget_type=\"text-editor.default\">\n\t\t\t\t<div class=\"elementor-widget-container\">\n\t\t\t\t\t\t\t\t\tSamstag, 5.2.2022\t\t\t\t\t\t\t\t<\/div>\n\t\t\t\t<\/div>\n\t\t\t\t<div class=\"elementor-element elementor-element-2faffde7 elementor-widget elementor-widget-text-editor\" data-id=\"2faffde7\" data-element_type=\"widget\" data-widget_type=\"text-editor.default\">\n\t\t\t\t<div class=\"elementor-widget-container\">\n\t\t\t\t\t\t\t\t\t19.30 Uhr\t\t\t\t\t\t\t\t<\/div>\n\t\t\t\t<\/div>\n\t\t\t\t<div class=\"elementor-element elementor-element-16b635aa elementor-widget elementor-widget-image\" data-id=\"16b635aa\" data-element_type=\"widget\" data-widget_type=\"image.default\">\n\t\t\t\t<div class=\"elementor-widget-container\">\n\t\t\t\t\t\t\t\t\t\t\t\t\t\t\t\t<a href=\"https:\/\/andermattmusic.ch\/de\/event\/helene-grimaud\/\">\n\t\t\t\t\t\t\t<img loading=\"lazy\" decoding=\"async\" width=\"700\" height=\"700\" src=\"https:\/\/andermattmusic.ch\/wp-content\/uploads\/2021\/10\/AM_DREAMSCAPES_05.02.2022_squared-700x700.jpg\" class=\"attachment-performers_list_image size-performers_list_image wp-image-3233\" alt=\"\" srcset=\"https:\/\/andermattmusic.ch\/wp-content\/uploads\/2021\/10\/AM_DREAMSCAPES_05.02.2022_squared-700x700.jpg 700w, https:\/\/andermattmusic.ch\/wp-content\/uploads\/2021\/10\/AM_DREAMSCAPES_05.02.2022_squared-300x300.jpg 300w, https:\/\/andermattmusic.ch\/wp-content\/uploads\/2021\/10\/AM_DREAMSCAPES_05.02.2022_squared-1024x1024.jpg 1024w, https:\/\/andermattmusic.ch\/wp-content\/uploads\/2021\/10\/AM_DREAMSCAPES_05.02.2022_squared-150x150.jpg 150w, https:\/\/andermattmusic.ch\/wp-content\/uploads\/2021\/10\/AM_DREAMSCAPES_05.02.2022_squared-768x768.jpg 768w, https:\/\/andermattmusic.ch\/wp-content\/uploads\/2021\/10\/AM_DREAMSCAPES_05.02.2022_squared.jpg 1063w\" sizes=\"(max-width: 700px) 100vw, 700px\" \/>\t\t\t\t\t\t\t\t<\/a>\n\t\t\t\t\t\t\t\t\t\t\t\t\t\t\t<\/div>\n\t\t\t\t<\/div>\n\t\t\t\t\t<\/div>\n\t\t<\/div>\n\t\t\t\t<div class=\"elementor-column elementor-col-66 elementor-top-column elementor-element elementor-element-79fd2a9d\" data-id=\"79fd2a9d\" data-element_type=\"column\">\n\t\t\t<div class=\"elementor-widget-wrap elementor-element-populated\">\n\t\t\t\t\t\t<div class=\"elementor-element elementor-element-767765d2 elementor-widget elementor-widget-heading\" data-id=\"767765d2\" data-element_type=\"widget\" data-widget_type=\"heading.default\">\n\t\t\t\t<div class=\"elementor-widget-container\">\n\t\t\t\t\t<h2 class=\"elementor-heading-title elementor-size-default\"><a href=\"https:\/\/andermattmusic.ch\/de\/event\/helene-grimaud\/\">h\u00e9l\u00e8ne grimaud<\/a><\/h2>\t\t\t\t<\/div>\n\t\t\t\t<\/div>\n\t\t\t\t<div class=\"elementor-element elementor-element-3d0bc17 elementor-widget elementor-widget-text-editor\" data-id=\"3d0bc17\" data-element_type=\"widget\" data-widget_type=\"text-editor.default\">\n\t\t\t\t<div class=\"elementor-widget-container\">\n\t\t\t\t\t\t\t\t\t<p><strong>SOLISTENABEND DER EXTRAKLASSE<br \/>\n<\/strong><\/p>\n<p>Die Starpianistin H\u00e9l\u00e8ne Grimaud spielt Musik von Claude Debussy \u00fcber Erik Satie bis zu Fr\u00e9d\u00e9ric Chopin und Robert Schumann.<\/p>\n&mdash;\t\t\t\t\t\t\t\t<\/div>\n\t\t\t\t<\/div>\n\t\t\t\t<section class=\"elementor-section elementor-inner-section elementor-element elementor-element-5b459e1 elementor-section-full_width elementor-section-height-default elementor-section-height-default\" data-id=\"5b459e1\" data-element_type=\"section\">\n\t\t\t\t\t\t<div class=\"elementor-container elementor-column-gap-no\">\n\t\t\t\t\t<div class=\"elementor-column elementor-col-100 elementor-inner-column elementor-element elementor-element-599d41ac\" data-id=\"599d41ac\" data-element_type=\"column\">\n\t\t\t<div class=\"elementor-widget-wrap elementor-element-populated\">\n\t\t\t\t\t\t<div class=\"elementor-element elementor-element-2e8a5eeb elementor-widget__width-auto elementor-widget elementor-widget-button\" data-id=\"2e8a5eeb\" data-element_type=\"widget\" data-widget_type=\"button.default\">\n\t\t\t\t<div class=\"elementor-widget-container\">\n\t\t\t\t\t\t\t\t\t<div class=\"elementor-button-wrapper\">\n\t\t\t\t\t<a class=\"elementor-button elementor-button-link elementor-size-lg\" href=\"https:\/\/andermattmusic.ch\/de\/event\/helene-grimaud\/\">\n\t\t\t\t\t\t<span class=\"elementor-button-content-wrapper\">\n\t\t\t\t\t\t<span class=\"elementor-button-icon\">\n\t\t\t\t<svg xmlns=\"http:\/\/www.w3.org\/2000\/svg\" xmlns:xlink=\"http:\/\/www.w3.org\/1999\/xlink\" x=\"0px\" y=\"0px\" viewBox=\"0 0 35 35.2\" xml:space=\"preserve\"><path fill=\"currentColor\" d=\"M17.5,0.9C8.387,0.9,1,8.287,1,17.4c0,9.113,7.387,16.5,16.5,16.5S34,26.513,34,17.4 C34,8.287,26.613,0.9,17.5,0.9z M14.3,30l-1.2-1.2l11.1-11.1l-10.9-11l1.3-1.3l12.2,12.2L14.3,30z\"><\/path><\/svg>\t\t\t<\/span>\n\t\t\t\t\t\t\t\t\t<span class=\"elementor-button-text\">Programm<\/span>\n\t\t\t\t\t<\/span>\n\t\t\t\t\t<\/a>\n\t\t\t\t<\/div>\n\t\t\t\t\t\t\t\t<\/div>\n\t\t\t\t<\/div>\n\t\t\t\t\t<\/div>\n\t\t<\/div>\n\t\t\t\t\t<\/div>\n\t\t<\/section>\n\t\t\t\t\t<\/div>\n\t\t<\/div>\n\t\t\t\t\t<\/div>\n\t\t<\/section>\n\t\t\t\t<\/div>\n\t\t\t\t<\/article>\n\t\t\t\t<article id=\"post-5466\" class=\"elementor-post elementor-grid-item ecs-post-loop post-5466 event type-event status-publish has-post-thumbnail hentry composer-franz-xaver-joseph-peter-schnyder-von-wartensee composer-ludwig-van-beethoven composer-wolfgang-amadeus-mozart\">\n\t\t\t\t<div data-elementor-type=\"loop\" data-elementor-id=\"5729\" class=\"elementor elementor-5729 post-5466 event type-event status-publish has-post-thumbnail hentry composer-franz-xaver-joseph-peter-schnyder-von-wartensee composer-ludwig-van-beethoven composer-wolfgang-amadeus-mozart\" data-elementor-post-type=\"elementor_library\">\n\t\t\t\t\t<section class=\"elementor-section elementor-top-section elementor-element elementor-element-4acc5669 elementor-section-boxed elementor-section-height-default elementor-section-height-default\" data-id=\"4acc5669\" data-element_type=\"section\">\n\t\t\t\t\t\t<div class=\"elementor-container elementor-column-gap-wide\">\n\t\t\t\t\t<div class=\"elementor-column elementor-col-33 elementor-top-column elementor-element elementor-element-2c329341\" data-id=\"2c329341\" data-element_type=\"column\">\n\t\t\t<div class=\"elementor-widget-wrap elementor-element-populated\">\n\t\t\t\t\t\t<div class=\"elementor-element elementor-element-3327e9c5 elementor-widget elementor-widget-text-editor\" data-id=\"3327e9c5\" data-element_type=\"widget\" data-widget_type=\"text-editor.default\">\n\t\t\t\t<div class=\"elementor-widget-container\">\n\t\t\t\t\t\t\t\t\tFreitag, 4.2.2022\t\t\t\t\t\t\t\t<\/div>\n\t\t\t\t<\/div>\n\t\t\t\t<div class=\"elementor-element elementor-element-2faffde7 elementor-widget elementor-widget-text-editor\" data-id=\"2faffde7\" data-element_type=\"widget\" data-widget_type=\"text-editor.default\">\n\t\t\t\t<div class=\"elementor-widget-container\">\n\t\t\t\t\t\t\t\t\t19.30 Uhr\t\t\t\t\t\t\t\t<\/div>\n\t\t\t\t<\/div>\n\t\t\t\t<div class=\"elementor-element elementor-element-16b635aa elementor-widget elementor-widget-image\" data-id=\"16b635aa\" data-element_type=\"widget\" data-widget_type=\"image.default\">\n\t\t\t\t<div class=\"elementor-widget-container\">\n\t\t\t\t\t\t\t\t\t\t\t\t\t\t\t\t<a href=\"https:\/\/andermattmusic.ch\/de\/event\/auftakt-mit-dem-swiss-orchestra-copy\/\">\n\t\t\t\t\t\t\t<img loading=\"lazy\" decoding=\"async\" width=\"700\" height=\"700\" src=\"https:\/\/andermattmusic.ch\/wp-content\/uploads\/2021\/11\/AM_DREAMSCAPES_04.02.2022_squared-700x700.jpg\" class=\"attachment-performers_list_image size-performers_list_image wp-image-3243\" alt=\"\" srcset=\"https:\/\/andermattmusic.ch\/wp-content\/uploads\/2021\/11\/AM_DREAMSCAPES_04.02.2022_squared-700x700.jpg 700w, https:\/\/andermattmusic.ch\/wp-content\/uploads\/2021\/11\/AM_DREAMSCAPES_04.02.2022_squared-300x300.jpg 300w, https:\/\/andermattmusic.ch\/wp-content\/uploads\/2021\/11\/AM_DREAMSCAPES_04.02.2022_squared-1024x1024.jpg 1024w, https:\/\/andermattmusic.ch\/wp-content\/uploads\/2021\/11\/AM_DREAMSCAPES_04.02.2022_squared-150x150.jpg 150w, https:\/\/andermattmusic.ch\/wp-content\/uploads\/2021\/11\/AM_DREAMSCAPES_04.02.2022_squared-768x768.jpg 768w, https:\/\/andermattmusic.ch\/wp-content\/uploads\/2021\/11\/AM_DREAMSCAPES_04.02.2022_squared.jpg 1063w\" sizes=\"(max-width: 700px) 100vw, 700px\" \/>\t\t\t\t\t\t\t\t<\/a>\n\t\t\t\t\t\t\t\t\t\t\t\t\t\t\t<\/div>\n\t\t\t\t<\/div>\n\t\t\t\t\t<\/div>\n\t\t<\/div>\n\t\t\t\t<div class=\"elementor-column elementor-col-66 elementor-top-column elementor-element elementor-element-79fd2a9d\" data-id=\"79fd2a9d\" data-element_type=\"column\">\n\t\t\t<div class=\"elementor-widget-wrap elementor-element-populated\">\n\t\t\t\t\t\t<div class=\"elementor-element elementor-element-767765d2 elementor-widget elementor-widget-heading\" data-id=\"767765d2\" data-element_type=\"widget\" data-widget_type=\"heading.default\">\n\t\t\t\t<div class=\"elementor-widget-container\">\n\t\t\t\t\t<h2 class=\"elementor-heading-title elementor-size-default\"><a href=\"https:\/\/andermattmusic.ch\/de\/event\/auftakt-mit-dem-swiss-orchestra-copy\/\">auftakt mit dem swiss orchestra<\/a><\/h2>\t\t\t\t<\/div>\n\t\t\t\t<\/div>\n\t\t\t\t<div class=\"elementor-element elementor-element-3d0bc17 elementor-widget elementor-widget-text-editor\" data-id=\"3d0bc17\" data-element_type=\"widget\" data-widget_type=\"text-editor.default\">\n\t\t\t\t<div class=\"elementor-widget-container\">\n\t\t\t\t\t\t\t\t\t<p><strong>SINFONIEKONZERT<\/strong><\/p>\n<p>Swiss Orchestra<br \/>\nLena-Lisa W\u00fcstend\u00f6rfer, Leitung<br \/>\nAlina Pogostkina, Violine<\/p>\n<p>Zum Auftakt l\u00e4sst das Residenzorchester ber\u00fchmte Highlights von Mozart und Beethoven sowie eine Trouvaille der Schweizer Klassik erklingen.<\/p>\n&mdash;\t\t\t\t\t\t\t\t<\/div>\n\t\t\t\t<\/div>\n\t\t\t\t<section class=\"elementor-section elementor-inner-section elementor-element elementor-element-5b459e1 elementor-section-full_width elementor-section-height-default elementor-section-height-default\" data-id=\"5b459e1\" data-element_type=\"section\">\n\t\t\t\t\t\t<div class=\"elementor-container elementor-column-gap-no\">\n\t\t\t\t\t<div class=\"elementor-column elementor-col-100 elementor-inner-column elementor-element elementor-element-599d41ac\" data-id=\"599d41ac\" data-element_type=\"column\">\n\t\t\t<div class=\"elementor-widget-wrap elementor-element-populated\">\n\t\t\t\t\t\t<div class=\"elementor-element elementor-element-2e8a5eeb elementor-widget__width-auto elementor-widget elementor-widget-button\" data-id=\"2e8a5eeb\" data-element_type=\"widget\" data-widget_type=\"button.default\">\n\t\t\t\t<div class=\"elementor-widget-container\">\n\t\t\t\t\t\t\t\t\t<div class=\"elementor-button-wrapper\">\n\t\t\t\t\t<a class=\"elementor-button elementor-button-link elementor-size-lg\" href=\"https:\/\/andermattmusic.ch\/de\/event\/auftakt-mit-dem-swiss-orchestra-copy\/\">\n\t\t\t\t\t\t<span class=\"elementor-button-content-wrapper\">\n\t\t\t\t\t\t<span class=\"elementor-button-icon\">\n\t\t\t\t<svg xmlns=\"http:\/\/www.w3.org\/2000\/svg\" xmlns:xlink=\"http:\/\/www.w3.org\/1999\/xlink\" x=\"0px\" y=\"0px\" viewBox=\"0 0 35 35.2\" xml:space=\"preserve\"><path fill=\"currentColor\" d=\"M17.5,0.9C8.387,0.9,1,8.287,1,17.4c0,9.113,7.387,16.5,16.5,16.5S34,26.513,34,17.4 C34,8.287,26.613,0.9,17.5,0.9z M14.3,30l-1.2-1.2l11.1-11.1l-10.9-11l1.3-1.3l12.2,12.2L14.3,30z\"><\/path><\/svg>\t\t\t<\/span>\n\t\t\t\t\t\t\t\t\t<span class=\"elementor-button-text\">Programm<\/span>\n\t\t\t\t\t<\/span>\n\t\t\t\t\t<\/a>\n\t\t\t\t<\/div>\n\t\t\t\t\t\t\t\t<\/div>\n\t\t\t\t<\/div>\n\t\t\t\t\t<\/div>\n\t\t<\/div>\n\t\t\t\t\t<\/div>\n\t\t<\/section>\n\t\t\t\t\t<\/div>\n\t\t<\/div>\n\t\t\t\t\t<\/div>\n\t\t<\/section>\n\t\t\t\t<\/div>\n\t\t\t\t<\/article>\n\t\t\t\t<\/div>\n\t\t\t\t\t\t<\/div>\n\t\t\t\t<\/div>\n\t\t\t\t\t<\/div>\n\t\t<\/div>\n\t\t\t\t\t<\/div>\n\t\t<\/section>\n\t\t\t\t<\/div>\n\t\t","protected":false},"excerpt":{"rendered":"","protected":false},"author":1,"featured_media":0,"parent":1491,"menu_order":0,"comment_status":"closed","ping_status":"closed","template":"","meta":{"_acf_changed":false,"content-type":"","footnotes":""},"class_list":["post-5680","page","type-page","status-publish","hentry"],"acf":[],"yoast_head":"<!-- This site is optimized with the Yoast SEO plugin v27.4 - https:\/\/yoast.com\/product\/yoast-seo-wordpress\/ -->\n<title>Konzertarchiv - Andermatt Music<\/title>\n<meta name=\"robots\" content=\"index, follow, max-snippet:-1, max-image-preview:large, max-video-preview:-1\" \/>\n<link rel=\"canonical\" href=\"https:\/\/andermattmusic.ch\/de\/medien\/konzertarchiv\/\" \/>\n<meta property=\"og:locale\" content=\"de_DE\" \/>\n<meta property=\"og:type\" content=\"article\" \/>\n<meta property=\"og:title\" content=\"Konzertarchiv - Andermatt Music\" \/>\n<meta property=\"og:url\" content=\"https:\/\/andermattmusic.ch\/de\/medien\/konzertarchiv\/\" \/>\n<meta property=\"og:site_name\" content=\"Andermatt Music\" \/>\n<meta property=\"article:modified_time\" content=\"2022-02-21T16:56:23+00:00\" \/>\n<meta name=\"twitter:card\" content=\"summary_large_image\" \/>\n<meta name=\"twitter:label1\" content=\"Gesch\u00e4tzte Lesezeit\" \/>\n\t<meta name=\"twitter:data1\" content=\"6\u00a0Minuten\" \/>\n<script type=\"application\/ld+json\" class=\"yoast-schema-graph\">{\"@context\":\"https:\\\/\\\/schema.org\",\"@graph\":[{\"@type\":\"WebPage\",\"@id\":\"https:\\\/\\\/andermattmusic.ch\\\/de\\\/medien\\\/konzertarchiv\\\/\",\"url\":\"https:\\\/\\\/andermattmusic.ch\\\/de\\\/medien\\\/konzertarchiv\\\/\",\"name\":\"Konzertarchiv - Andermatt Music\",\"isPartOf\":{\"@id\":\"https:\\\/\\\/andermattmusic.ch\\\/de\\\/#website\"},\"datePublished\":\"2022-02-21T15:39:41+00:00\",\"dateModified\":\"2022-02-21T16:56:23+00:00\",\"breadcrumb\":{\"@id\":\"https:\\\/\\\/andermattmusic.ch\\\/de\\\/medien\\\/konzertarchiv\\\/#breadcrumb\"},\"inLanguage\":\"de\",\"potentialAction\":[{\"@type\":\"ReadAction\",\"target\":[\"https:\\\/\\\/andermattmusic.ch\\\/de\\\/medien\\\/konzertarchiv\\\/\"]}]},{\"@type\":\"BreadcrumbList\",\"@id\":\"https:\\\/\\\/andermattmusic.ch\\\/de\\\/medien\\\/konzertarchiv\\\/#breadcrumb\",\"itemListElement\":[{\"@type\":\"ListItem\",\"position\":1,\"name\":\"Startseite\",\"item\":\"https:\\\/\\\/andermattmusic.ch\\\/de\\\/\"},{\"@type\":\"ListItem\",\"position\":2,\"name\":\"Medien\",\"item\":\"https:\\\/\\\/andermattmusic.ch\\\/de\\\/medien\\\/\"},{\"@type\":\"ListItem\",\"position\":3,\"name\":\"Konzertarchiv\"}]},{\"@type\":\"WebSite\",\"@id\":\"https:\\\/\\\/andermattmusic.ch\\\/de\\\/#website\",\"url\":\"https:\\\/\\\/andermattmusic.ch\\\/de\\\/\",\"name\":\"Andermatt Music\",\"description\":\"\",\"publisher\":{\"@id\":\"https:\\\/\\\/andermattmusic.ch\\\/de\\\/#organization\"},\"potentialAction\":[{\"@type\":\"SearchAction\",\"target\":{\"@type\":\"EntryPoint\",\"urlTemplate\":\"https:\\\/\\\/andermattmusic.ch\\\/de\\\/?s={search_term_string}\"},\"query-input\":{\"@type\":\"PropertyValueSpecification\",\"valueRequired\":true,\"valueName\":\"search_term_string\"}}],\"inLanguage\":\"de\"},{\"@type\":\"Organization\",\"@id\":\"https:\\\/\\\/andermattmusic.ch\\\/de\\\/#organization\",\"name\":\"Andermatt Music\",\"url\":\"https:\\\/\\\/andermattmusic.ch\\\/de\\\/\",\"logo\":{\"@type\":\"ImageObject\",\"inLanguage\":\"de\",\"@id\":\"https:\\\/\\\/andermattmusic.ch\\\/de\\\/#\\\/schema\\\/logo\\\/image\\\/\",\"url\":\"https:\\\/\\\/andermattmusic.ch\\\/wp-content\\\/uploads\\\/2021\\\/11\\\/ANDERMATT_MUSIC-01.svg\",\"contentUrl\":\"https:\\\/\\\/andermattmusic.ch\\\/wp-content\\\/uploads\\\/2021\\\/11\\\/ANDERMATT_MUSIC-01.svg\",\"width\":512,\"height\":512,\"caption\":\"Andermatt Music\"},\"image\":{\"@id\":\"https:\\\/\\\/andermattmusic.ch\\\/de\\\/#\\\/schema\\\/logo\\\/image\\\/\"}}]}<\/script>\n<!-- \/ Yoast SEO plugin. -->","yoast_head_json":{"title":"Konzertarchiv - Andermatt Music","robots":{"index":"index","follow":"follow","max-snippet":"max-snippet:-1","max-image-preview":"max-image-preview:large","max-video-preview":"max-video-preview:-1"},"canonical":"https:\/\/andermattmusic.ch\/de\/medien\/konzertarchiv\/","og_locale":"de_DE","og_type":"article","og_title":"Konzertarchiv - Andermatt Music","og_url":"https:\/\/andermattmusic.ch\/de\/medien\/konzertarchiv\/","og_site_name":"Andermatt Music","article_modified_time":"2022-02-21T16:56:23+00:00","twitter_card":"summary_large_image","twitter_misc":{"Gesch\u00e4tzte Lesezeit":"6\u00a0Minuten"},"schema":{"@context":"https:\/\/schema.org","@graph":[{"@type":"WebPage","@id":"https:\/\/andermattmusic.ch\/de\/medien\/konzertarchiv\/","url":"https:\/\/andermattmusic.ch\/de\/medien\/konzertarchiv\/","name":"Konzertarchiv - Andermatt Music","isPartOf":{"@id":"https:\/\/andermattmusic.ch\/de\/#website"},"datePublished":"2022-02-21T15:39:41+00:00","dateModified":"2022-02-21T16:56:23+00:00","breadcrumb":{"@id":"https:\/\/andermattmusic.ch\/de\/medien\/konzertarchiv\/#breadcrumb"},"inLanguage":"de","potentialAction":[{"@type":"ReadAction","target":["https:\/\/andermattmusic.ch\/de\/medien\/konzertarchiv\/"]}]},{"@type":"BreadcrumbList","@id":"https:\/\/andermattmusic.ch\/de\/medien\/konzertarchiv\/#breadcrumb","itemListElement":[{"@type":"ListItem","position":1,"name":"Startseite","item":"https:\/\/andermattmusic.ch\/de\/"},{"@type":"ListItem","position":2,"name":"Medien","item":"https:\/\/andermattmusic.ch\/de\/medien\/"},{"@type":"ListItem","position":3,"name":"Konzertarchiv"}]},{"@type":"WebSite","@id":"https:\/\/andermattmusic.ch\/de\/#website","url":"https:\/\/andermattmusic.ch\/de\/","name":"Andermatt Music","description":"","publisher":{"@id":"https:\/\/andermattmusic.ch\/de\/#organization"},"potentialAction":[{"@type":"SearchAction","target":{"@type":"EntryPoint","urlTemplate":"https:\/\/andermattmusic.ch\/de\/?s={search_term_string}"},"query-input":{"@type":"PropertyValueSpecification","valueRequired":true,"valueName":"search_term_string"}}],"inLanguage":"de"},{"@type":"Organization","@id":"https:\/\/andermattmusic.ch\/de\/#organization","name":"Andermatt Music","url":"https:\/\/andermattmusic.ch\/de\/","logo":{"@type":"ImageObject","inLanguage":"de","@id":"https:\/\/andermattmusic.ch\/de\/#\/schema\/logo\/image\/","url":"https:\/\/andermattmusic.ch\/wp-content\/uploads\/2021\/11\/ANDERMATT_MUSIC-01.svg","contentUrl":"https:\/\/andermattmusic.ch\/wp-content\/uploads\/2021\/11\/ANDERMATT_MUSIC-01.svg","width":512,"height":512,"caption":"Andermatt Music"},"image":{"@id":"https:\/\/andermattmusic.ch\/de\/#\/schema\/logo\/image\/"}}]}},"_links":{"self":[{"href":"https:\/\/andermattmusic.ch\/de\/wp-json\/wp\/v2\/pages\/5680","targetHints":{"allow":["GET"]}}],"collection":[{"href":"https:\/\/andermattmusic.ch\/de\/wp-json\/wp\/v2\/pages"}],"about":[{"href":"https:\/\/andermattmusic.ch\/de\/wp-json\/wp\/v2\/types\/page"}],"author":[{"embeddable":true,"href":"https:\/\/andermattmusic.ch\/de\/wp-json\/wp\/v2\/users\/1"}],"replies":[{"embeddable":true,"href":"https:\/\/andermattmusic.ch\/de\/wp-json\/wp\/v2\/comments?post=5680"}],"version-history":[{"count":10,"href":"https:\/\/andermattmusic.ch\/de\/wp-json\/wp\/v2\/pages\/5680\/revisions"}],"predecessor-version":[{"id":5741,"href":"https:\/\/andermattmusic.ch\/de\/wp-json\/wp\/v2\/pages\/5680\/revisions\/5741"}],"up":[{"embeddable":true,"href":"https:\/\/andermattmusic.ch\/de\/wp-json\/wp\/v2\/pages\/1491"}],"wp:attachment":[{"href":"https:\/\/andermattmusic.ch\/de\/wp-json\/wp\/v2\/media?parent=5680"}],"curies":[{"name":"wp","href":"https:\/\/api.w.org\/{rel}","templated":true}]}}